{"id":11931,"date":"2022-07-28T08:36:29","date_gmt":"2022-07-28T08:36:29","guid":{"rendered":"https:\/\/fseneca.es\/secyt22\/?post_type=actividad&#038;p=11931"},"modified":"2022-07-28T08:36:29","modified_gmt":"2022-07-28T08:36:29","slug":"la-vuelta-al-mundo-en-un-tablero","status":"publish","type":"actividad","link":"https:\/\/fseneca.es\/secyt22\/actividad\/la-vuelta-al-mundo-en-un-tablero\/","title":{"rendered":"La vuelta al mundo en un tablero"},"content":{"rendered":"<p><span lang=\"es-ES-u-co-trad\">En esta actividad, el profesorafo y el alumnado del Grado en Estudios Franceses de la UMU<\/span> proponen un juego de la Oca personalizado con personajes y escenas de la c\u00e9lebre novela de Julio Verne <em>La vuelta al mundo en 80 d\u00edas<\/em>. 2 jugadores m\u00ednimo, 4 m\u00e1ximo.<\/p>\n","protected":false},"author":86,"featured_media":0,"template":"","acf":[],"yoast_head":"<!-- This site is optimized with the Yoast SEO plugin v19.7.1 - https:\/\/yoast.com\/wordpress\/plugins\/seo\/ -->\n<title>La vuelta al mundo en un tablero - SeCyT&#039;22<\/title>\n<meta name=\"robots\" content=\"index, follow, max-snippet:-1, max-image-preview:large, max-video-preview:-1\" \/>\n<link rel=\"canonical\" href=\"https:\/\/fseneca.es\/secyt22\/actividad\/la-vuelta-al-mundo-en-un-tablero\/\" \/>\n<meta property=\"og:locale\" content=\"es_ES\" \/>\n<meta property=\"og:type\" content=\"article\" \/>\n<meta property=\"og:title\" content=\"La vuelta al mundo en un tablero - SeCyT&#039;22\" \/>\n<meta property=\"og:description\" content=\"En esta actividad, el profesorafo y el alumnado del Grado en Estudios Franceses de la UMU proponen un juego de la Oca personalizado con personajes y escenas de la c\u00e9lebre novela de Julio Verne La vuelta al mundo en 80 d\u00edas. 2 jugadores m\u00ednimo, 4 m\u00e1ximo.\" \/>\n<meta property=\"og:url\" content=\"https:\/\/fseneca.es\/secyt22\/actividad\/la-vuelta-al-mundo-en-un-tablero\/\" \/>\n<meta property=\"og:site_name\" content=\"SeCyT&#039;22\" \/>\n<meta name=\"twitter:card\" content=\"summary_large_image\" \/>\n<script type=\"application\/ld+json\" class=\"yoast-schema-graph\">{\"@context\":\"https:\/\/schema.org\",\"@graph\":[{\"@type\":\"WebPage\",\"@id\":\"https:\/\/fseneca.es\/secyt22\/actividad\/la-vuelta-al-mundo-en-un-tablero\/\",\"url\":\"https:\/\/fseneca.es\/secyt22\/actividad\/la-vuelta-al-mundo-en-un-tablero\/\",\"name\":\"La vuelta al mundo en un tablero - SeCyT&#039;22\",\"isPartOf\":{\"@id\":\"https:\/\/fseneca.es\/secyt22\/#website\"},\"datePublished\":\"2022-07-28T08:36:29+00:00\",\"dateModified\":\"2022-07-28T08:36:29+00:00\",\"breadcrumb\":{\"@id\":\"https:\/\/fseneca.es\/secyt22\/actividad\/la-vuelta-al-mundo-en-un-tablero\/#breadcrumb\"},\"inLanguage\":\"es\",\"potentialAction\":[{\"@type\":\"ReadAction\",\"target\":[\"https:\/\/fseneca.es\/secyt22\/actividad\/la-vuelta-al-mundo-en-un-tablero\/\"]}]},{\"@type\":\"BreadcrumbList\",\"@id\":\"https:\/\/fseneca.es\/secyt22\/actividad\/la-vuelta-al-mundo-en-un-tablero\/#breadcrumb\",\"itemListElement\":[{\"@type\":\"ListItem\",\"position\":1,\"name\":\"Portada\",\"item\":\"https:\/\/fseneca.es\/secyt22\/\"},{\"@type\":\"ListItem\",\"position\":2,\"name\":\"La vuelta al mundo en un tablero\"}]},{\"@type\":\"WebSite\",\"@id\":\"https:\/\/fseneca.es\/secyt22\/#website\",\"url\":\"https:\/\/fseneca.es\/secyt22\/\",\"name\":\"SeCyT&#039;22\",\"description\":\"Semana de la Ciencia y la Tecnolog\u00eda 2022\",\"potentialAction\":[{\"@type\":\"SearchAction\",\"target\":{\"@type\":\"EntryPoint\",\"urlTemplate\":\"https:\/\/fseneca.es\/secyt22\/?s={search_term_string}\"},\"query-input\":\"required name=search_term_string\"}],\"inLanguage\":\"es\"}]}<\/script>\n<!-- \/ Yoast SEO plugin. -->","yoast_head_json":{"title":"La vuelta al mundo en un tablero - SeCyT&#039;22","robots":{"index":"index","follow":"follow","max-snippet":"max-snippet:-1","max-image-preview":"max-image-preview:large","max-video-preview":"max-video-preview:-1"},"canonical":"https:\/\/fseneca.es\/secyt22\/actividad\/la-vuelta-al-mundo-en-un-tablero\/","og_locale":"es_ES","og_type":"article","og_title":"La vuelta al mundo en un tablero - SeCyT&#039;22","og_description":"En esta actividad, el profesorafo y el alumnado del Grado en Estudios Franceses de la UMU proponen un juego de la Oca personalizado con personajes y escenas de la c\u00e9lebre novela de Julio Verne La vuelta al mundo en 80 d\u00edas. 2 jugadores m\u00ednimo, 4 m\u00e1ximo.","og_url":"https:\/\/fseneca.es\/secyt22\/actividad\/la-vuelta-al-mundo-en-un-tablero\/","og_site_name":"SeCyT&#039;22","twitter_card":"summary_large_image","schema":{"@context":"https:\/\/schema.org","@graph":[{"@type":"WebPage","@id":"https:\/\/fseneca.es\/secyt22\/actividad\/la-vuelta-al-mundo-en-un-tablero\/","url":"https:\/\/fseneca.es\/secyt22\/actividad\/la-vuelta-al-mundo-en-un-tablero\/","name":"La vuelta al mundo en un tablero - SeCyT&#039;22","isPartOf":{"@id":"https:\/\/fseneca.es\/secyt22\/#website"},"datePublished":"2022-07-28T08:36:29+00:00","dateModified":"2022-07-28T08:36:29+00:00","breadcrumb":{"@id":"https:\/\/fseneca.es\/secyt22\/actividad\/la-vuelta-al-mundo-en-un-tablero\/#breadcrumb"},"inLanguage":"es","potentialAction":[{"@type":"ReadAction","target":["https:\/\/fseneca.es\/secyt22\/actividad\/la-vuelta-al-mundo-en-un-tablero\/"]}]},{"@type":"BreadcrumbList","@id":"https:\/\/fseneca.es\/secyt22\/actividad\/la-vuelta-al-mundo-en-un-tablero\/#breadcrumb","itemListElement":[{"@type":"ListItem","position":1,"name":"Portada","item":"https:\/\/fseneca.es\/secyt22\/"},{"@type":"ListItem","position":2,"name":"La vuelta al mundo en un tablero"}]},{"@type":"WebSite","@id":"https:\/\/fseneca.es\/secyt22\/#website","url":"https:\/\/fseneca.es\/secyt22\/","name":"SeCyT&#039;22","description":"Semana de la Ciencia y la Tecnolog\u00eda 2022","potentialAction":[{"@type":"SearchAction","target":{"@type":"EntryPoint","urlTemplate":"https:\/\/fseneca.es\/secyt22\/?s={search_term_string}"},"query-input":"required name=search_term_string"}],"inLanguage":"es"}]}},"_links":{"self":[{"href":"https:\/\/fseneca.es\/secyt22\/wp-json\/wp\/v2\/actividad\/11931"}],"collection":[{"href":"https:\/\/fseneca.es\/secyt22\/wp-json\/wp\/v2\/actividad"}],"about":[{"href":"https:\/\/fseneca.es\/secyt22\/wp-json\/wp\/v2\/types\/actividad"}],"author":[{"embeddable":true,"href":"https:\/\/fseneca.es\/secyt22\/wp-json\/wp\/v2\/users\/86"}],"wp:attachment":[{"href":"https:\/\/fseneca.es\/secyt22\/wp-json\/wp\/v2\/media?parent=11931"}],"curies":[{"name":"wp","href":"https:\/\/api.w.org\/{rel}","templated":true}]}}