{"id":11933,"date":"2022-07-28T08:26:10","date_gmt":"2022-07-28T08:26:10","guid":{"rendered":"https:\/\/fseneca.es\/secyt22\/?post_type=actividad&#038;p=11933"},"modified":"2022-07-28T08:26:10","modified_gmt":"2022-07-28T08:26:10","slug":"cartografia-de-las-cientificas-y-los-cientificos-italianos-mas-relevantes","status":"publish","type":"actividad","link":"https:\/\/fseneca.es\/secyt22\/actividad\/cartografia-de-las-cientificas-y-los-cientificos-italianos-mas-relevantes\/","title":{"rendered":"Cartograf\u00eda de las cient\u00edficas y los cient\u00edficos italianos m\u00e1s relevantes"},"content":{"rendered":"<p><span lang=\"es-ES\">En esta actividad propuesta por <span lang=\"es-ES-u-co-trad\">el profesorafo y el alumnado del Grado en Estudios Franceses de la UMU<\/span>, los participantes leer\u00e1n una breve descripci\u00f3n en el reverso de una foto\/ilustraci\u00f3n de una cient\u00edfica\/cient\u00edfico, as\u00ed como de los aspectos m\u00e1s relevantes de su trayectoria. Adem\u00e1s, se dar\u00e1n una serie de pistas sobre su lugar de nacimiento. Los participantes, tras leer esas pistas, deber\u00e1n situar a cada cient\u00edfica\/o en su regi\u00f3n natal.<\/span><\/p>\n","protected":false},"author":86,"featured_media":0,"template":"","acf":[],"yoast_head":"<!-- This site is optimized with the Yoast SEO plugin v19.7.1 - https:\/\/yoast.com\/wordpress\/plugins\/seo\/ -->\n<title>Cartograf\u00eda de las cient\u00edficas y los cient\u00edficos italianos m\u00e1s relevantes - SeCyT&#039;22<\/title>\n<meta name=\"robots\" content=\"index, follow, max-snippet:-1, max-image-preview:large, max-video-preview:-1\" \/>\n<link rel=\"canonical\" href=\"https:\/\/fseneca.es\/secyt22\/actividad\/cartografia-de-las-cientificas-y-los-cientificos-italianos-mas-relevantes\/\" \/>\n<meta property=\"og:locale\" content=\"es_ES\" \/>\n<meta property=\"og:type\" content=\"article\" \/>\n<meta property=\"og:title\" content=\"Cartograf\u00eda de las cient\u00edficas y los cient\u00edficos italianos m\u00e1s relevantes - SeCyT&#039;22\" \/>\n<meta property=\"og:description\" content=\"En esta actividad propuesta por el profesorafo y el alumnado del Grado en Estudios Franceses de la UMU, los participantes leer\u00e1n una breve descripci\u00f3n en el reverso de una foto\/ilustraci\u00f3n de una cient\u00edfica\/cient\u00edfico, as\u00ed como de los aspectos m\u00e1s relevantes de su trayectoria. Adem\u00e1s, se dar\u00e1n una serie de pistas sobre su lugar de nacimiento. [&hellip;]\" \/>\n<meta property=\"og:url\" content=\"https:\/\/fseneca.es\/secyt22\/actividad\/cartografia-de-las-cientificas-y-los-cientificos-italianos-mas-relevantes\/\" \/>\n<meta property=\"og:site_name\" content=\"SeCyT&#039;22\" \/>\n<meta name=\"twitter:card\" content=\"summary_large_image\" \/>\n<script type=\"application\/ld+json\" class=\"yoast-schema-graph\">{\"@context\":\"https:\/\/schema.org\",\"@graph\":[{\"@type\":\"WebPage\",\"@id\":\"https:\/\/fseneca.es\/secyt22\/actividad\/cartografia-de-las-cientificas-y-los-cientificos-italianos-mas-relevantes\/\",\"url\":\"https:\/\/fseneca.es\/secyt22\/actividad\/cartografia-de-las-cientificas-y-los-cientificos-italianos-mas-relevantes\/\",\"name\":\"Cartograf\u00eda de las cient\u00edficas y los cient\u00edficos italianos m\u00e1s relevantes - SeCyT&#039;22\",\"isPartOf\":{\"@id\":\"https:\/\/fseneca.es\/secyt22\/#website\"},\"datePublished\":\"2022-07-28T08:26:10+00:00\",\"dateModified\":\"2022-07-28T08:26:10+00:00\",\"breadcrumb\":{\"@id\":\"https:\/\/fseneca.es\/secyt22\/actividad\/cartografia-de-las-cientificas-y-los-cientificos-italianos-mas-relevantes\/#breadcrumb\"},\"inLanguage\":\"es\",\"potentialAction\":[{\"@type\":\"ReadAction\",\"target\":[\"https:\/\/fseneca.es\/secyt22\/actividad\/cartografia-de-las-cientificas-y-los-cientificos-italianos-mas-relevantes\/\"]}]},{\"@type\":\"BreadcrumbList\",\"@id\":\"https:\/\/fseneca.es\/secyt22\/actividad\/cartografia-de-las-cientificas-y-los-cientificos-italianos-mas-relevantes\/#breadcrumb\",\"itemListElement\":[{\"@type\":\"ListItem\",\"position\":1,\"name\":\"Portada\",\"item\":\"https:\/\/fseneca.es\/secyt22\/\"},{\"@type\":\"ListItem\",\"position\":2,\"name\":\"Cartograf\u00eda de las cient\u00edficas y los cient\u00edficos italianos m\u00e1s relevantes\"}]},{\"@type\":\"WebSite\",\"@id\":\"https:\/\/fseneca.es\/secyt22\/#website\",\"url\":\"https:\/\/fseneca.es\/secyt22\/\",\"name\":\"SeCyT&#039;22\",\"description\":\"Semana de la Ciencia y la Tecnolog\u00eda 2022\",\"potentialAction\":[{\"@type\":\"SearchAction\",\"target\":{\"@type\":\"EntryPoint\",\"urlTemplate\":\"https:\/\/fseneca.es\/secyt22\/?s={search_term_string}\"},\"query-input\":\"required name=search_term_string\"}],\"inLanguage\":\"es\"}]}<\/script>\n<!-- \/ Yoast SEO plugin. -->","yoast_head_json":{"title":"Cartograf\u00eda de las cient\u00edficas y los cient\u00edficos italianos m\u00e1s relevantes - SeCyT&#039;22","robots":{"index":"index","follow":"follow","max-snippet":"max-snippet:-1","max-image-preview":"max-image-preview:large","max-video-preview":"max-video-preview:-1"},"canonical":"https:\/\/fseneca.es\/secyt22\/actividad\/cartografia-de-las-cientificas-y-los-cientificos-italianos-mas-relevantes\/","og_locale":"es_ES","og_type":"article","og_title":"Cartograf\u00eda de las cient\u00edficas y los cient\u00edficos italianos m\u00e1s relevantes - SeCyT&#039;22","og_description":"En esta actividad propuesta por el profesorafo y el alumnado del Grado en Estudios Franceses de la UMU, los participantes leer\u00e1n una breve descripci\u00f3n en el reverso de una foto\/ilustraci\u00f3n de una cient\u00edfica\/cient\u00edfico, as\u00ed como de los aspectos m\u00e1s relevantes de su trayectoria. Adem\u00e1s, se dar\u00e1n una serie de pistas sobre su lugar de nacimiento. [&hellip;]","og_url":"https:\/\/fseneca.es\/secyt22\/actividad\/cartografia-de-las-cientificas-y-los-cientificos-italianos-mas-relevantes\/","og_site_name":"SeCyT&#039;22","twitter_card":"summary_large_image","schema":{"@context":"https:\/\/schema.org","@graph":[{"@type":"WebPage","@id":"https:\/\/fseneca.es\/secyt22\/actividad\/cartografia-de-las-cientificas-y-los-cientificos-italianos-mas-relevantes\/","url":"https:\/\/fseneca.es\/secyt22\/actividad\/cartografia-de-las-cientificas-y-los-cientificos-italianos-mas-relevantes\/","name":"Cartograf\u00eda de las cient\u00edficas y los cient\u00edficos italianos m\u00e1s relevantes - SeCyT&#039;22","isPartOf":{"@id":"https:\/\/fseneca.es\/secyt22\/#website"},"datePublished":"2022-07-28T08:26:10+00:00","dateModified":"2022-07-28T08:26:10+00:00","breadcrumb":{"@id":"https:\/\/fseneca.es\/secyt22\/actividad\/cartografia-de-las-cientificas-y-los-cientificos-italianos-mas-relevantes\/#breadcrumb"},"inLanguage":"es","potentialAction":[{"@type":"ReadAction","target":["https:\/\/fseneca.es\/secyt22\/actividad\/cartografia-de-las-cientificas-y-los-cientificos-italianos-mas-relevantes\/"]}]},{"@type":"BreadcrumbList","@id":"https:\/\/fseneca.es\/secyt22\/actividad\/cartografia-de-las-cientificas-y-los-cientificos-italianos-mas-relevantes\/#breadcrumb","itemListElement":[{"@type":"ListItem","position":1,"name":"Portada","item":"https:\/\/fseneca.es\/secyt22\/"},{"@type":"ListItem","position":2,"name":"Cartograf\u00eda de las cient\u00edficas y los cient\u00edficos italianos m\u00e1s relevantes"}]},{"@type":"WebSite","@id":"https:\/\/fseneca.es\/secyt22\/#website","url":"https:\/\/fseneca.es\/secyt22\/","name":"SeCyT&#039;22","description":"Semana de la Ciencia y la Tecnolog\u00eda 2022","potentialAction":[{"@type":"SearchAction","target":{"@type":"EntryPoint","urlTemplate":"https:\/\/fseneca.es\/secyt22\/?s={search_term_string}"},"query-input":"required name=search_term_string"}],"inLanguage":"es"}]}},"_links":{"self":[{"href":"https:\/\/fseneca.es\/secyt22\/wp-json\/wp\/v2\/actividad\/11933"}],"collection":[{"href":"https:\/\/fseneca.es\/secyt22\/wp-json\/wp\/v2\/actividad"}],"about":[{"href":"https:\/\/fseneca.es\/secyt22\/wp-json\/wp\/v2\/types\/actividad"}],"author":[{"embeddable":true,"href":"https:\/\/fseneca.es\/secyt22\/wp-json\/wp\/v2\/users\/86"}],"wp:attachment":[{"href":"https:\/\/fseneca.es\/secyt22\/wp-json\/wp\/v2\/media?parent=11933"}],"curies":[{"name":"wp","href":"https:\/\/api.w.org\/{rel}","templated":true}]}}