{"id":11937,"date":"2022-07-28T08:03:12","date_gmt":"2022-07-28T08:03:12","guid":{"rendered":"https:\/\/fseneca.es\/secyt22\/?post_type=actividad&#038;p=11937"},"modified":"2022-07-28T08:03:12","modified_gmt":"2022-07-28T08:03:12","slug":"sabios-y-sabias-de-murcia","status":"publish","type":"actividad","link":"https:\/\/fseneca.es\/secyt22\/actividad\/sabios-y-sabias-de-murcia\/","title":{"rendered":"Sabios y sabias de Murcia"},"content":{"rendered":"<p class=\"western\" lang=\"en-US\" align=\"justify\"><span lang=\"es-ES-u-co-trad\"><span lang=\"es-AR\">El objetivo principal de esta actividad es dar a conocer hombres y mujeres sabios y sabias de la Regi\u00f3n de Murcia de la \u00e9poca araboisl\u00e1mica, centr\u00e1ndonos en la cultura del conocimiento desde todas las ramas del saber de nuestro legado com\u00fan dentro de la idea de culturas de continuidad y el \u00e1rabe como lengua vehicular<\/span><\/span><span lang=\"es-ES-u-co-trad\"><span lang=\"es-AR\">.<\/span><\/span><\/p>\n<p class=\"western\" lang=\"en-US\" align=\"justify\"><span lang=\"es-ES-u-co-trad\"><span lang=\"es-AR\">El profesorafo y el alumnado del Grado en Estudios Franceses de la UMU realizar\u00e1n una exposici\u00f3n de portadas de libros de dichos sabios y sabias y se vizualizar\u00e1 extractos audiovisuales de algunos de ellos, con fondo musical \u00e1rabe andalus\u00ed. <\/span><\/span><\/p>\n<p class=\"western\" lang=\"en-US\" align=\"justify\"><span lang=\"es-ES-u-co-trad\"><span lang=\"es-AR\">En este contexto se propondr\u00e1 al p\u00fablico un juego donde habr\u00e1 una serie de sobres que contienen citas de dichos sabios y sabias (en lengua \u00e1rabe, en caligraf\u00eda \u00e1rabe, incluyendo su traducci\u00f3n al castellano) con elementos indicadores de las tem\u00e1ticas de cada una de sus obras (terminolog\u00eda com\u00fan entre el t\u00edtulo y la cita u otros). <\/span><\/span><\/p>\n<p class=\"western\" lang=\"en-US\" align=\"justify\"><span lang=\"es-ES-u-co-trad\"><span lang=\"es-AR\">La din\u00e1mica del juego consistir\u00e1 en el reconocimiento de dichos autores y de sus obras a trav\u00e9s de las citas an\u00f3nimas puestas a disposici\u00f3n de los visitantes en formato sobres u otro modo sencillo de ofrecer el material.<\/span><\/span><\/p>\n<p class=\"western\" lang=\"en-US\" align=\"justify\"><span lang=\"es-ES-u-co-trad\"><span lang=\"es-AR\">Los participantes tendr\u00e1n que relacionar la cita que le toque con una de las portadas de libros ya expuestas de la que proceda, bas\u00e1ndose en el t\u00edtulo de cada una de estas obras.<\/span><\/span><\/p>\n<p lang=\"es-ES-u-co-trad\" align=\"justify\"><span lang=\"es-ES-u-co-trad\"><span lang=\"es-AR\">Se trata, as\u00ed, de un reconocimiento y un conocimiento a su vez de y a los autores y autoras que configuran el sustrato de una \u00e9poca hist\u00f3rica extensa y esencial de nuestra cultura y al mismo tiempo identificar el \u00e1rabe como lengua de inter\u00e9s interdisciplinar y como lengua de sabidur\u00eda y ciencia.<\/span><\/span><\/p>\n","protected":false},"author":86,"featured_media":0,"template":"","acf":[],"yoast_head":"<!-- This site is optimized with the Yoast SEO plugin v19.7.1 - https:\/\/yoast.com\/wordpress\/plugins\/seo\/ -->\n<title>Sabios y sabias de Murcia - SeCyT&#039;22<\/title>\n<meta name=\"robots\" content=\"index, follow, max-snippet:-1, max-image-preview:large, max-video-preview:-1\" \/>\n<link rel=\"canonical\" href=\"https:\/\/fseneca.es\/secyt22\/actividad\/sabios-y-sabias-de-murcia\/\" \/>\n<meta property=\"og:locale\" content=\"es_ES\" \/>\n<meta property=\"og:type\" content=\"article\" \/>\n<meta property=\"og:title\" content=\"Sabios y sabias de Murcia - SeCyT&#039;22\" \/>\n<meta property=\"og:description\" content=\"El objetivo principal de esta actividad es dar a conocer hombres y mujeres sabios y sabias de la Regi\u00f3n de Murcia de la \u00e9poca araboisl\u00e1mica, centr\u00e1ndonos en la cultura del conocimiento desde todas las ramas del saber de nuestro legado com\u00fan dentro de la idea de culturas de continuidad y el \u00e1rabe como lengua vehicular. [&hellip;]\" \/>\n<meta property=\"og:url\" content=\"https:\/\/fseneca.es\/secyt22\/actividad\/sabios-y-sabias-de-murcia\/\" \/>\n<meta property=\"og:site_name\" content=\"SeCyT&#039;22\" \/>\n<meta name=\"twitter:card\" content=\"summary_large_image\" \/>\n<meta name=\"twitter:label1\" content=\"Tiempo de lectura\" \/>\n\t<meta name=\"twitter:data1\" content=\"1 minuto\" \/>\n<script type=\"application\/ld+json\" class=\"yoast-schema-graph\">{\"@context\":\"https:\/\/schema.org\",\"@graph\":[{\"@type\":\"WebPage\",\"@id\":\"https:\/\/fseneca.es\/secyt22\/actividad\/sabios-y-sabias-de-murcia\/\",\"url\":\"https:\/\/fseneca.es\/secyt22\/actividad\/sabios-y-sabias-de-murcia\/\",\"name\":\"Sabios y sabias de Murcia - SeCyT&#039;22\",\"isPartOf\":{\"@id\":\"https:\/\/fseneca.es\/secyt22\/#website\"},\"datePublished\":\"2022-07-28T08:03:12+00:00\",\"dateModified\":\"2022-07-28T08:03:12+00:00\",\"breadcrumb\":{\"@id\":\"https:\/\/fseneca.es\/secyt22\/actividad\/sabios-y-sabias-de-murcia\/#breadcrumb\"},\"inLanguage\":\"es\",\"potentialAction\":[{\"@type\":\"ReadAction\",\"target\":[\"https:\/\/fseneca.es\/secyt22\/actividad\/sabios-y-sabias-de-murcia\/\"]}]},{\"@type\":\"BreadcrumbList\",\"@id\":\"https:\/\/fseneca.es\/secyt22\/actividad\/sabios-y-sabias-de-murcia\/#breadcrumb\",\"itemListElement\":[{\"@type\":\"ListItem\",\"position\":1,\"name\":\"Portada\",\"item\":\"https:\/\/fseneca.es\/secyt22\/\"},{\"@type\":\"ListItem\",\"position\":2,\"name\":\"Sabios y sabias de Murcia\"}]},{\"@type\":\"WebSite\",\"@id\":\"https:\/\/fseneca.es\/secyt22\/#website\",\"url\":\"https:\/\/fseneca.es\/secyt22\/\",\"name\":\"SeCyT&#039;22\",\"description\":\"Semana de la Ciencia y la Tecnolog\u00eda 2022\",\"potentialAction\":[{\"@type\":\"SearchAction\",\"target\":{\"@type\":\"EntryPoint\",\"urlTemplate\":\"https:\/\/fseneca.es\/secyt22\/?s={search_term_string}\"},\"query-input\":\"required name=search_term_string\"}],\"inLanguage\":\"es\"}]}<\/script>\n<!-- \/ Yoast SEO plugin. -->","yoast_head_json":{"title":"Sabios y sabias de Murcia - SeCyT&#039;22","robots":{"index":"index","follow":"follow","max-snippet":"max-snippet:-1","max-image-preview":"max-image-preview:large","max-video-preview":"max-video-preview:-1"},"canonical":"https:\/\/fseneca.es\/secyt22\/actividad\/sabios-y-sabias-de-murcia\/","og_locale":"es_ES","og_type":"article","og_title":"Sabios y sabias de Murcia - SeCyT&#039;22","og_description":"El objetivo principal de esta actividad es dar a conocer hombres y mujeres sabios y sabias de la Regi\u00f3n de Murcia de la \u00e9poca araboisl\u00e1mica, centr\u00e1ndonos en la cultura del conocimiento desde todas las ramas del saber de nuestro legado com\u00fan dentro de la idea de culturas de continuidad y el \u00e1rabe como lengua vehicular. [&hellip;]","og_url":"https:\/\/fseneca.es\/secyt22\/actividad\/sabios-y-sabias-de-murcia\/","og_site_name":"SeCyT&#039;22","twitter_card":"summary_large_image","twitter_misc":{"Tiempo de lectura":"1 minuto"},"schema":{"@context":"https:\/\/schema.org","@graph":[{"@type":"WebPage","@id":"https:\/\/fseneca.es\/secyt22\/actividad\/sabios-y-sabias-de-murcia\/","url":"https:\/\/fseneca.es\/secyt22\/actividad\/sabios-y-sabias-de-murcia\/","name":"Sabios y sabias de Murcia - SeCyT&#039;22","isPartOf":{"@id":"https:\/\/fseneca.es\/secyt22\/#website"},"datePublished":"2022-07-28T08:03:12+00:00","dateModified":"2022-07-28T08:03:12+00:00","breadcrumb":{"@id":"https:\/\/fseneca.es\/secyt22\/actividad\/sabios-y-sabias-de-murcia\/#breadcrumb"},"inLanguage":"es","potentialAction":[{"@type":"ReadAction","target":["https:\/\/fseneca.es\/secyt22\/actividad\/sabios-y-sabias-de-murcia\/"]}]},{"@type":"BreadcrumbList","@id":"https:\/\/fseneca.es\/secyt22\/actividad\/sabios-y-sabias-de-murcia\/#breadcrumb","itemListElement":[{"@type":"ListItem","position":1,"name":"Portada","item":"https:\/\/fseneca.es\/secyt22\/"},{"@type":"ListItem","position":2,"name":"Sabios y sabias de Murcia"}]},{"@type":"WebSite","@id":"https:\/\/fseneca.es\/secyt22\/#website","url":"https:\/\/fseneca.es\/secyt22\/","name":"SeCyT&#039;22","description":"Semana de la Ciencia y la Tecnolog\u00eda 2022","potentialAction":[{"@type":"SearchAction","target":{"@type":"EntryPoint","urlTemplate":"https:\/\/fseneca.es\/secyt22\/?s={search_term_string}"},"query-input":"required name=search_term_string"}],"inLanguage":"es"}]}},"_links":{"self":[{"href":"https:\/\/fseneca.es\/secyt22\/wp-json\/wp\/v2\/actividad\/11937"}],"collection":[{"href":"https:\/\/fseneca.es\/secyt22\/wp-json\/wp\/v2\/actividad"}],"about":[{"href":"https:\/\/fseneca.es\/secyt22\/wp-json\/wp\/v2\/types\/actividad"}],"author":[{"embeddable":true,"href":"https:\/\/fseneca.es\/secyt22\/wp-json\/wp\/v2\/users\/86"}],"wp:attachment":[{"href":"https:\/\/fseneca.es\/secyt22\/wp-json\/wp\/v2\/media?parent=11937"}],"curies":[{"name":"wp","href":"https:\/\/api.w.org\/{rel}","templated":true}]}}