{"id":13292,"date":"2022-10-17T10:15:39","date_gmt":"2022-10-17T10:15:39","guid":{"rendered":"https:\/\/fseneca.es\/secyt22\/?post_type=actividad&#038;p=13292"},"modified":"2022-10-17T12:48:39","modified_gmt":"2022-10-17T12:48:39","slug":"upct-solar-team-prototipo-electrico-ultraeficiente%ef%bf%bc","status":"publish","type":"actividad","link":"https:\/\/fseneca.es\/secyt22\/actividad\/upct-solar-team-prototipo-electrico-ultraeficiente%ef%bf%bc\/","title":{"rendered":"UPCT Solar Team: prototipo el\u00e9ctrico ultraeficiente\ufffc"},"content":{"rendered":"","protected":false},"author":87,"featured_media":0,"template":"","acf":[],"yoast_head":"<!-- This site is optimized with the Yoast SEO plugin v19.7.1 - https:\/\/yoast.com\/wordpress\/plugins\/seo\/ -->\n<title>UPCT Solar Team: prototipo el\u00e9ctrico ultraeficiente\ufffc - SeCyT&#039;22<\/title>\n<meta name=\"description\" content=\"El UPCT Solar Team llevar\u00e1 su prototipo a la SeCyT&#039;22 para dar a conocer c\u00f3mo se desarrollan los veh\u00edculos ultraeficientes.\" \/>\n<meta name=\"robots\" content=\"index, follow, max-snippet:-1, max-image-preview:large, max-video-preview:-1\" \/>\n<link rel=\"canonical\" href=\"https:\/\/fseneca.es\/secyt22\/actividad\/upct-solar-team-prototipo-electrico-ultraeficiente\ufffc\/\" \/>\n<meta property=\"og:locale\" content=\"es_ES\" \/>\n<meta property=\"og:type\" content=\"article\" \/>\n<meta property=\"og:title\" content=\"UPCT Solar Team: prototipo el\u00e9ctrico ultraeficiente\ufffc - SeCyT&#039;22\" \/>\n<meta property=\"og:description\" content=\"El UPCT Solar Team llevar\u00e1 su prototipo a la SeCyT&#039;22 para dar a conocer c\u00f3mo se desarrollan los veh\u00edculos ultraeficientes.\" \/>\n<meta property=\"og:url\" content=\"https:\/\/fseneca.es\/secyt22\/actividad\/upct-solar-team-prototipo-electrico-ultraeficiente\ufffc\/\" \/>\n<meta property=\"og:site_name\" content=\"SeCyT&#039;22\" \/>\n<meta property=\"article:modified_time\" content=\"2022-10-17T12:48:39+00:00\" \/>\n<meta name=\"twitter:card\" content=\"summary_large_image\" \/>\n<script type=\"application\/ld+json\" class=\"yoast-schema-graph\">{\"@context\":\"https:\/\/schema.org\",\"@graph\":[{\"@type\":\"WebPage\",\"@id\":\"https:\/\/fseneca.es\/secyt22\/actividad\/upct-solar-team-prototipo-electrico-ultraeficiente%ef%bf%bc\/\",\"url\":\"https:\/\/fseneca.es\/secyt22\/actividad\/upct-solar-team-prototipo-electrico-ultraeficiente%ef%bf%bc\/\",\"name\":\"UPCT Solar Team: prototipo el\u00e9ctrico ultraeficiente\ufffc - SeCyT&#039;22\",\"isPartOf\":{\"@id\":\"https:\/\/fseneca.es\/secyt22\/#website\"},\"datePublished\":\"2022-10-17T10:15:39+00:00\",\"dateModified\":\"2022-10-17T12:48:39+00:00\",\"description\":\"El UPCT Solar Team llevar\u00e1 su prototipo a la SeCyT'22 para dar a conocer c\u00f3mo se desarrollan los veh\u00edculos ultraeficientes.\",\"breadcrumb\":{\"@id\":\"https:\/\/fseneca.es\/secyt22\/actividad\/upct-solar-team-prototipo-electrico-ultraeficiente%ef%bf%bc\/#breadcrumb\"},\"inLanguage\":\"es\",\"potentialAction\":[{\"@type\":\"ReadAction\",\"target\":[\"https:\/\/fseneca.es\/secyt22\/actividad\/upct-solar-team-prototipo-electrico-ultraeficiente%ef%bf%bc\/\"]}]},{\"@type\":\"BreadcrumbList\",\"@id\":\"https:\/\/fseneca.es\/secyt22\/actividad\/upct-solar-team-prototipo-electrico-ultraeficiente%ef%bf%bc\/#breadcrumb\",\"itemListElement\":[{\"@type\":\"ListItem\",\"position\":1,\"name\":\"Portada\",\"item\":\"https:\/\/fseneca.es\/secyt22\/\"},{\"@type\":\"ListItem\",\"position\":2,\"name\":\"UPCT Solar Team: prototipo el\u00e9ctrico ultraeficiente\ufffc\"}]},{\"@type\":\"WebSite\",\"@id\":\"https:\/\/fseneca.es\/secyt22\/#website\",\"url\":\"https:\/\/fseneca.es\/secyt22\/\",\"name\":\"SeCyT&#039;22\",\"description\":\"Semana de la Ciencia y la Tecnolog\u00eda 2022\",\"potentialAction\":[{\"@type\":\"SearchAction\",\"target\":{\"@type\":\"EntryPoint\",\"urlTemplate\":\"https:\/\/fseneca.es\/secyt22\/?s={search_term_string}\"},\"query-input\":\"required name=search_term_string\"}],\"inLanguage\":\"es\"}]}<\/script>\n<!-- \/ Yoast SEO plugin. -->","yoast_head_json":{"title":"UPCT Solar Team: prototipo el\u00e9ctrico ultraeficiente\ufffc - SeCyT&#039;22","description":"El UPCT Solar Team llevar\u00e1 su prototipo a la SeCyT'22 para dar a conocer c\u00f3mo se desarrollan los veh\u00edculos ultraeficientes.","robots":{"index":"index","follow":"follow","max-snippet":"max-snippet:-1","max-image-preview":"max-image-preview:large","max-video-preview":"max-video-preview:-1"},"canonical":"https:\/\/fseneca.es\/secyt22\/actividad\/upct-solar-team-prototipo-electrico-ultraeficiente\ufffc\/","og_locale":"es_ES","og_type":"article","og_title":"UPCT Solar Team: prototipo el\u00e9ctrico ultraeficiente\ufffc - SeCyT&#039;22","og_description":"El UPCT Solar Team llevar\u00e1 su prototipo a la SeCyT'22 para dar a conocer c\u00f3mo se desarrollan los veh\u00edculos ultraeficientes.","og_url":"https:\/\/fseneca.es\/secyt22\/actividad\/upct-solar-team-prototipo-electrico-ultraeficiente\ufffc\/","og_site_name":"SeCyT&#039;22","article_modified_time":"2022-10-17T12:48:39+00:00","twitter_card":"summary_large_image","schema":{"@context":"https:\/\/schema.org","@graph":[{"@type":"WebPage","@id":"https:\/\/fseneca.es\/secyt22\/actividad\/upct-solar-team-prototipo-electrico-ultraeficiente%ef%bf%bc\/","url":"https:\/\/fseneca.es\/secyt22\/actividad\/upct-solar-team-prototipo-electrico-ultraeficiente%ef%bf%bc\/","name":"UPCT Solar Team: prototipo el\u00e9ctrico ultraeficiente\ufffc - SeCyT&#039;22","isPartOf":{"@id":"https:\/\/fseneca.es\/secyt22\/#website"},"datePublished":"2022-10-17T10:15:39+00:00","dateModified":"2022-10-17T12:48:39+00:00","description":"El UPCT Solar Team llevar\u00e1 su prototipo a la SeCyT'22 para dar a conocer c\u00f3mo se desarrollan los veh\u00edculos ultraeficientes.","breadcrumb":{"@id":"https:\/\/fseneca.es\/secyt22\/actividad\/upct-solar-team-prototipo-electrico-ultraeficiente%ef%bf%bc\/#breadcrumb"},"inLanguage":"es","potentialAction":[{"@type":"ReadAction","target":["https:\/\/fseneca.es\/secyt22\/actividad\/upct-solar-team-prototipo-electrico-ultraeficiente%ef%bf%bc\/"]}]},{"@type":"BreadcrumbList","@id":"https:\/\/fseneca.es\/secyt22\/actividad\/upct-solar-team-prototipo-electrico-ultraeficiente%ef%bf%bc\/#breadcrumb","itemListElement":[{"@type":"ListItem","position":1,"name":"Portada","item":"https:\/\/fseneca.es\/secyt22\/"},{"@type":"ListItem","position":2,"name":"UPCT Solar Team: prototipo el\u00e9ctrico ultraeficiente\ufffc"}]},{"@type":"WebSite","@id":"https:\/\/fseneca.es\/secyt22\/#website","url":"https:\/\/fseneca.es\/secyt22\/","name":"SeCyT&#039;22","description":"Semana de la Ciencia y la Tecnolog\u00eda 2022","potentialAction":[{"@type":"SearchAction","target":{"@type":"EntryPoint","urlTemplate":"https:\/\/fseneca.es\/secyt22\/?s={search_term_string}"},"query-input":"required name=search_term_string"}],"inLanguage":"es"}]}},"_links":{"self":[{"href":"https:\/\/fseneca.es\/secyt22\/wp-json\/wp\/v2\/actividad\/13292"}],"collection":[{"href":"https:\/\/fseneca.es\/secyt22\/wp-json\/wp\/v2\/actividad"}],"about":[{"href":"https:\/\/fseneca.es\/secyt22\/wp-json\/wp\/v2\/types\/actividad"}],"author":[{"embeddable":true,"href":"https:\/\/fseneca.es\/secyt22\/wp-json\/wp\/v2\/users\/87"}],"wp:attachment":[{"href":"https:\/\/fseneca.es\/secyt22\/wp-json\/wp\/v2\/media?parent=13292"}],"curies":[{"name":"wp","href":"https:\/\/api.w.org\/{rel}","templated":true}]}}