{"id":9895,"date":"2019-10-08T11:26:09","date_gmt":"2019-10-08T11:26:09","guid":{"rendered":"http:\/\/fseneca.es\/secyt19\/?page_id=9895"},"modified":"2022-10-20T10:56:21","modified_gmt":"2022-10-20T10:56:21","slug":"secyt2019","status":"publish","type":"page","link":"https:\/\/fseneca.es\/secyt22\/","title":{"rendered":"Inicio"},"content":{"rendered":"\t\t<div data-elementor-type=\"wp-page\" data-elementor-id=\"9895\" class=\"elementor elementor-9895\">\n\t\t\t\t\t\t<div class=\"elementor-inner\">\n\t\t\t\t<div class=\"elementor-section-wrap\">\n\t\t\t\t\t\t\t\t\t<section class=\"elementor-section elementor-top-section elementor-element elementor-element-59bf8428 elementor-section-stretched elementor-section-full_width elementor-section-height-default elementor-section-height-default\" data-id=\"59bf8428\" data-element_type=\"section\" data-settings=\"{&quot;stretch_section&quot;:&quot;section-stretched&quot;,&quot;background_background&quot;:&quot;classic&quot;}\">\n\t\t\t\t\t\t<div class=\"elementor-container elementor-column-gap-default\">\n\t\t\t\t\t\t\t<div class=\"elementor-row\">\n\t\t\t\t\t<div class=\"elementor-column elementor-col-100 elementor-top-column elementor-element elementor-element-3688b89b\" data-id=\"3688b89b\" data-element_type=\"column\">\n\t\t\t<div class=\"elementor-column-wrap elementor-element-populated\">\n\t\t\t\t\t\t\t<div class=\"elementor-widget-wrap\">\n\t\t\t\t\t\t<div class=\"elementor-element elementor-element-15566c8c marquee elementor-widget elementor-widget-heading\" data-id=\"15566c8c\" data-element_type=\"widget\" data-widget_type=\"heading.default\">\n\t\t\t\t<div class=\"elementor-widget-container\">\n\t\t\t<div class=\"elementor-heading-title elementor-size-default\">Semana de la ciencia y la tecnolog\u00eda de la Regi\u00f3n de Murcia 2022 | 21, 22 y 23 de octubre | Jard\u00edn bot\u00e1nico del Malec\u00f3n | #Secyt22<\/div>\t\t<\/div>\n\t\t\t\t<\/div>\n\t\t\t\t\t\t<\/div>\n\t\t\t\t\t<\/div>\n\t\t<\/div>\n\t\t\t\t\t\t\t\t<\/div>\n\t\t\t\t\t<\/div>\n\t\t<\/section>\n\t\t\t\t<section class=\"elementor-section elementor-top-section elementor-element elementor-element-560fe0d0 elementor-section-stretched elementor-section-full_width elementor-section-height-default elementor-section-height-default\" data-id=\"560fe0d0\" data-element_type=\"section\" data-settings=\"{&quot;stretch_section&quot;:&quot;section-stretched&quot;}\">\n\t\t\t\t\t\t<div class=\"elementor-container elementor-column-gap-default\">\n\t\t\t\t\t\t\t<div class=\"elementor-row\">\n\t\t\t\t\t<div class=\"elementor-column elementor-col-100 elementor-top-column elementor-element elementor-element-1441bc2e\" data-id=\"1441bc2e\" data-element_type=\"column\">\n\t\t\t<div class=\"elementor-column-wrap elementor-element-populated\">\n\t\t\t\t\t\t\t<div class=\"elementor-widget-wrap\">\n\t\t\t\t\t\t<div class=\"elementor-element elementor-element-770b52cd elementor--v-position-top elementor--h-position-center elementor-arrows-position-inside elementor-widget elementor-widget-slides\" data-id=\"770b52cd\" data-element_type=\"widget\" data-settings=\"{&quot;navigation&quot;:&quot;arrows&quot;,&quot;autoplay_speed&quot;:7500,&quot;autoplay&quot;:&quot;yes&quot;,&quot;pause_on_hover&quot;:&quot;yes&quot;,&quot;pause_on_interaction&quot;:&quot;yes&quot;,&quot;infinite&quot;:&quot;yes&quot;,&quot;transition&quot;:&quot;slide&quot;,&quot;transition_speed&quot;:500}\" data-widget_type=\"slides.default\">\n\t\t\t\t<div class=\"elementor-widget-container\">\n\t\t\t\t\t<div class=\"elementor-swiper\">\n\t\t\t<div class=\"elementor-slides-wrapper elementor-main-swiper swiper-container\" dir=\"ltr\" data-animation=\"fadeInUp\">\n\t\t\t\t<div class=\"swiper-wrapper elementor-slides\">\n\t\t\t\t\t\t\t\t\t\t<div class=\"elementor-repeater-item-c130667 swiper-slide\"><div class=\"swiper-slide-bg\"><\/div><div class=\"swiper-slide-inner\" ><div class=\"swiper-slide-contents\"><div class=\"elementor-slide-description\"><div class=\"elementor-element elementor-element-2dfac9e elementor-aspect-ratio-169 elementor-widget elementor-widget-video\" data-id=\"2dfac9e\" data-element_type=\"widget\" data-settings=\"{&quot;lightbox&quot;:&quot;yes&quot;,&quot;aspect_ratio&quot;:&quot;169&quot;}\" data-widget_type=\"video.default\">\n\t\t\t\t<div class=\"elementor-widget-container\">\n\t\t\t\t\t<div class=\"elementor-wrapper elementor-open-lightbox\">\n\t\t\t\t\t\t\t<div class=\"elementor-custom-embed-image-overlay\" data-elementor-open-lightbox=\"yes\" data-elementor-lightbox=\"{&quot;type&quot;:&quot;video&quot;,&quot;videoType&quot;:&quot;youtube&quot;,&quot;url&quot;:&quot;https:\\\/\\\/www.youtube.com\\\/embed\\\/OEFyP_3R1r8?feature=oembed&amp;start&amp;end&amp;wmode=opaque&amp;loop=0&amp;controls=1&amp;mute=0&amp;rel=0&amp;modestbranding=0&quot;,&quot;modalOptions&quot;:{&quot;id&quot;:&quot;elementor-lightbox-2dfac9e&quot;,&quot;entranceAnimation&quot;:&quot;&quot;,&quot;entranceAnimation_tablet&quot;:&quot;&quot;,&quot;entranceAnimation_mobile&quot;:&quot;&quot;,&quot;videoAspectRatio&quot;:&quot;169&quot;}}\">\n\t\t\t\t\t\t\t\t\t\t\t<img src=\"http:\/\/fseneca.es\/secyt19\/wp-content\/plugins\/elementor\/assets\/images\/placeholder.png\" title=\"\" alt=\"\">\t\t\t\t\t\t\t\t\t\t\t\t\t\t\t\t<div class=\"elementor-custom-embed-play\" role=\"button\">\n\t\t\t\t\t\t\t<i class=\"eicon-play\" aria-hidden=\"true\"><\/i>\n\t\t\t\t\t\t\t<span class=\"elementor-screen-only\">Reproducir v\u00eddeo<\/span>\n\t\t\t\t\t\t<\/div>\n\t\t\t\t\t\t\t\t\t<\/div>\n\t\t\t\t\t<\/div>\n\t\t\t\t<\/div>\n\t\t\t\t<\/div><\/div><\/div><\/div><\/div>\t\t\t\t<\/div>\n\t\t\t\t\t\t\t<\/div>\n\t\t<\/div>\n\t\t\t\t<\/div>\n\t\t\t\t<\/div>\n\t\t\t\t\t\t<\/div>\n\t\t\t\t\t<\/div>\n\t\t<\/div>\n\t\t\t\t\t\t\t\t<\/div>\n\t\t\t\t\t<\/div>\n\t\t<\/section>\n\t\t\t\t<section class=\"elementor-section elementor-top-section elementor-element elementor-element-d1c2f6a elementor-section-full_width elementor-section-height-default elementor-section-height-default\" data-id=\"d1c2f6a\" data-element_type=\"section\">\n\t\t\t\t\t\t<div class=\"elementor-container elementor-column-gap-no\">\n\t\t\t\t\t\t\t<div class=\"elementor-row\">\n\t\t\t\t\t<div class=\"elementor-column elementor-col-25 elementor-top-column elementor-element elementor-element-2ffead0\" data-id=\"2ffead0\" data-element_type=\"column\">\n\t\t\t<div class=\"elementor-column-wrap elementor-element-populated\">\n\t\t\t\t\t\t\t<div class=\"elementor-widget-wrap\">\n\t\t\t\t\t\t<div class=\"elementor-element elementor-element-51d2513 elementor-cta--skin-cover elementor-animated-content elementor-bg-transform elementor-bg-transform-zoom-in elementor-widget elementor-widget-call-to-action\" data-id=\"51d2513\" data-element_type=\"widget\" data-widget_type=\"call-to-action.default\">\n\t\t\t\t<div class=\"elementor-widget-container\">\n\t\t\t\t\t<a class=\"elementor-cta\" href=\"https:\/\/fseneca.es\/secyt22\/actividades-cartagena\/\">\n\t\t\t\t\t<div class=\"elementor-cta__bg-wrapper\">\n\t\t\t\t<div class=\"elementor-cta__bg elementor-bg\" style=\"background-image: url(https:\/\/fseneca.es\/secyt22\/wp-content\/uploads\/2022\/09\/Patrullero-Infanta-Cristina-1-1024x527.jpg);\"><\/div>\n\t\t\t\t<div class=\"elementor-cta__bg-overlay\"><\/div>\n\t\t\t<\/div>\n\t\t\t\t\t\t\t<div class=\"elementor-cta__content\">\n\t\t\t\t\n\t\t\t\t<h2 class=\"elementor-cta__title elementor-cta__content-item elementor-content-item elementor-animated-item--grow\">ACTIVIDADES<br> EN CARTAGENA<\/h2>\n\t\t\t\t\n\t\t\t\t\t\t\t\t\t<div class=\"elementor-cta__button-wrapper elementor-cta__content-item elementor-content-item elementor-animated-item--grow\">\n\t\t\t\t\t<span class=\"elementor-cta__button elementor-button elementor-size-sm\">\n\t\t\t\t\t\t+\t\t\t\t\t<\/span>\n\t\t\t\t\t<\/div>\n\t\t\t\t\t\t\t<\/div>\n\t\t\t\t\t\t<\/a>\n\t\t\t\t<\/div>\n\t\t\t\t<\/div>\n\t\t\t\t\t\t<\/div>\n\t\t\t\t\t<\/div>\n\t\t<\/div>\n\t\t\t\t<div class=\"elementor-column elementor-col-25 elementor-top-column elementor-element elementor-element-332a414\" data-id=\"332a414\" data-element_type=\"column\">\n\t\t\t<div class=\"elementor-column-wrap elementor-element-populated\">\n\t\t\t\t\t\t\t<div class=\"elementor-widget-wrap\">\n\t\t\t\t\t\t<div class=\"elementor-element elementor-element-ab89afd elementor-cta--skin-cover elementor-animated-content elementor-bg-transform elementor-bg-transform-zoom-in elementor-widget elementor-widget-call-to-action\" data-id=\"ab89afd\" data-element_type=\"widget\" data-widget_type=\"call-to-action.default\">\n\t\t\t\t<div class=\"elementor-widget-container\">\n\t\t\t\t\t<a class=\"elementor-cta\" href=\"https:\/\/fseneca.es\/secyt22\/fun-with-maths-con-david-meseguer\/\">\n\t\t\t\t\t<div class=\"elementor-cta__bg-wrapper\">\n\t\t\t\t<div class=\"elementor-cta__bg elementor-bg\" style=\"background-image: url(https:\/\/fseneca.es\/secyt22\/wp-content\/uploads\/2022\/09\/AlfonsoDuran-Secyt-2019_DSC7206-1-1024x683.jpg);\"><\/div>\n\t\t\t\t<div class=\"elementor-cta__bg-overlay\"><\/div>\n\t\t\t<\/div>\n\t\t\t\t\t\t\t<div class=\"elementor-cta__content\">\n\t\t\t\t\n\t\t\t\t<h2 class=\"elementor-cta__title elementor-cta__content-item elementor-content-item elementor-animated-item--grow\">FUN WITH MATHS<\/h2>\n\t\t\t\t\t\t\t\t\t<div class=\"elementor-cta__description elementor-cta__content-item elementor-content-item elementor-animated-item--grow\">\n\t\t\t\t\t\tCON DAVID MESEGUER\t\t\t\t\t<\/div>\n\t\t\t\t\n\t\t\t\t\t\t\t\t\t<div class=\"elementor-cta__button-wrapper elementor-cta__content-item elementor-content-item elementor-animated-item--grow\">\n\t\t\t\t\t<span class=\"elementor-cta__button elementor-button elementor-size-sm\">\n\t\t\t\t\t\t+\t\t\t\t\t<\/span>\n\t\t\t\t\t<\/div>\n\t\t\t\t\t\t\t<\/div>\n\t\t\t\t\t\t<\/a>\n\t\t\t\t<\/div>\n\t\t\t\t<\/div>\n\t\t\t\t\t\t<\/div>\n\t\t\t\t\t<\/div>\n\t\t<\/div>\n\t\t\t\t<div class=\"elementor-column elementor-col-25 elementor-top-column elementor-element elementor-element-22061d9\" data-id=\"22061d9\" data-element_type=\"column\">\n\t\t\t<div class=\"elementor-column-wrap elementor-element-populated\">\n\t\t\t\t\t\t\t<div class=\"elementor-widget-wrap\">\n\t\t\t\t\t\t<div class=\"elementor-element elementor-element-af9b971 elementor-cta--skin-cover elementor-animated-content elementor-bg-transform elementor-bg-transform-zoom-in elementor-widget elementor-widget-call-to-action\" data-id=\"af9b971\" data-element_type=\"widget\" data-widget_type=\"call-to-action.default\">\n\t\t\t\t<div class=\"elementor-widget-container\">\n\t\t\t\t\t<a class=\"elementor-cta\" href=\"https:\/\/fseneca.es\/secyt22\/ciencia-solidaria\/\">\n\t\t\t\t\t<div class=\"elementor-cta__bg-wrapper\">\n\t\t\t\t<div class=\"elementor-cta__bg elementor-bg\" style=\"background-image: url(https:\/\/fseneca.es\/secyt22\/wp-content\/uploads\/2022\/10\/ciencia-solidaria-1024x683.jpg);\"><\/div>\n\t\t\t\t<div class=\"elementor-cta__bg-overlay\"><\/div>\n\t\t\t<\/div>\n\t\t\t\t\t\t\t<div class=\"elementor-cta__content\">\n\t\t\t\t\n\t\t\t\t<h2 class=\"elementor-cta__title elementor-cta__content-item elementor-content-item elementor-animated-item--grow\">CIENCIA <br> SOLIDARIA<\/h2>\n\t\t\t\t\n\t\t\t\t\t\t\t\t\t<div class=\"elementor-cta__button-wrapper elementor-cta__content-item elementor-content-item elementor-animated-item--grow\">\n\t\t\t\t\t<span class=\"elementor-cta__button elementor-button elementor-size-sm\">\n\t\t\t\t\t\t+\t\t\t\t\t<\/span>\n\t\t\t\t\t<\/div>\n\t\t\t\t\t\t\t<\/div>\n\t\t\t\t\t\t<\/a>\n\t\t\t\t<\/div>\n\t\t\t\t<\/div>\n\t\t\t\t\t\t<\/div>\n\t\t\t\t\t<\/div>\n\t\t<\/div>\n\t\t\t\t<div class=\"elementor-column elementor-col-25 elementor-top-column elementor-element elementor-element-67bb9c7\" data-id=\"67bb9c7\" data-element_type=\"column\">\n\t\t\t<div class=\"elementor-column-wrap elementor-element-populated\">\n\t\t\t\t\t\t\t<div class=\"elementor-widget-wrap\">\n\t\t\t\t\t\t<div class=\"elementor-element elementor-element-a1ab9f3 elementor-cta--skin-cover elementor-animated-content elementor-bg-transform elementor-bg-transform-zoom-in elementor-widget elementor-widget-call-to-action\" data-id=\"a1ab9f3\" data-element_type=\"widget\" data-widget_type=\"call-to-action.default\">\n\t\t\t\t<div class=\"elementor-widget-container\">\n\t\t\t\t\t<a class=\"elementor-cta\" href=\"https:\/\/www.youtube.com\/user\/fsenecaorg\">\n\t\t\t\t\t<div class=\"elementor-cta__bg-wrapper\">\n\t\t\t\t<div class=\"elementor-cta__bg elementor-bg\" style=\"background-image: url(https:\/\/fseneca.es\/secyt22\/wp-content\/uploads\/2022\/10\/Streaming-SECYT-1-1024x1024.png);\"><\/div>\n\t\t\t\t<div class=\"elementor-cta__bg-overlay\"><\/div>\n\t\t\t<\/div>\n\t\t\t\t\t\t\t<div class=\"elementor-cta__content\">\n\t\t\t\t\n\t\t\t\t<h2 class=\"elementor-cta__title elementor-cta__content-item elementor-content-item elementor-animated-item--grow\"> STREAMING<BR> SECYT22<\/h2>\n\t\t\t\t\n\t\t\t\t\t\t\t\t\t<div class=\"elementor-cta__button-wrapper elementor-cta__content-item elementor-content-item elementor-animated-item--grow\">\n\t\t\t\t\t<span class=\"elementor-cta__button elementor-button elementor-size-sm\">\n\t\t\t\t\t\t+\t\t\t\t\t<\/span>\n\t\t\t\t\t<\/div>\n\t\t\t\t\t\t\t<\/div>\n\t\t\t\t\t\t<\/a>\n\t\t\t\t<\/div>\n\t\t\t\t<\/div>\n\t\t\t\t\t\t<\/div>\n\t\t\t\t\t<\/div>\n\t\t<\/div>\n\t\t\t\t\t\t\t\t<\/div>\n\t\t\t\t\t<\/div>\n\t\t<\/section>\n\t\t\t\t<section class=\"elementor-section elementor-top-section elementor-element elementor-element-1ad77c01 elementor-section-stretched elementor-section-full_width elementor-section-height-min-height elementor-section-height-default elementor-section-items-middle\" data-id=\"1ad77c01\" data-element_type=\"section\" data-settings=\"{&quot;stretch_section&quot;:&quot;section-stretched&quot;,&quot;background_background&quot;:&quot;classic&quot;}\">\n\t\t\t\t\t\t\t<div class=\"elementor-background-overlay\"><\/div>\n\t\t\t\t\t\t\t<div class=\"elementor-container elementor-column-gap-default\">\n\t\t\t\t\t\t\t<div class=\"elementor-row\">\n\t\t\t\t\t<div class=\"elementor-column elementor-col-100 elementor-top-column elementor-element elementor-element-7e197cfd\" data-id=\"7e197cfd\" data-element_type=\"column\">\n\t\t\t<div class=\"elementor-column-wrap elementor-element-populated\">\n\t\t\t\t\t\t\t<div class=\"elementor-widget-wrap\">\n\t\t\t\t\t\t<div class=\"elementor-element elementor-element-246f26b3 elementor-widget elementor-widget-heading\" data-id=\"246f26b3\" data-element_type=\"widget\" data-widget_type=\"heading.default\">\n\t\t\t\t<div class=\"elementor-widget-container\">\n\t\t\t<div class=\"elementor-heading-title elementor-size-default\"><a href=\"http:\/\/id-9931\">Actividades<\/a><\/div>\t\t<\/div>\n\t\t\t\t<\/div>\n\t\t\t\t<section class=\"elementor-section elementor-inner-section elementor-element elementor-element-315e87df elementor-section-full_width elementor-section-height-default elementor-section-height-default\" data-id=\"315e87df\" data-element_type=\"section\">\n\t\t\t\t\t\t<div class=\"elementor-container elementor-column-gap-default\">\n\t\t\t\t\t\t\t<div class=\"elementor-row\">\n\t\t\t\t\t<div class=\"elementor-column elementor-col-25 elementor-inner-column elementor-element elementor-element-451fd8f1\" data-id=\"451fd8f1\" data-element_type=\"column\" data-settings=\"{&quot;background_background&quot;:&quot;classic&quot;}\">\n\t\t\t<div class=\"elementor-column-wrap elementor-element-populated\">\n\t\t\t\t\t\t\t<div class=\"elementor-widget-wrap\">\n\t\t\t\t\t\t<div class=\"elementor-element elementor-element-584f799e elementor-button-align-start elementor-widget elementor-widget-form\" data-id=\"584f799e\" data-element_type=\"widget\" data-settings=\"{&quot;step_next_label&quot;:&quot;Siguiente&quot;,&quot;step_previous_label&quot;:&quot;Anterior&quot;,&quot;button_width&quot;:&quot;100&quot;,&quot;step_type&quot;:&quot;number_text&quot;,&quot;step_icon_shape&quot;:&quot;circle&quot;}\" data-widget_type=\"form.default\">\n\t\t\t\t<div class=\"elementor-widget-container\">\n\t\t\t\t\t<form class=\"elementor-form\" method=\"post\" id=\"filter\" name=\"Nuevo Formulario\">\n\t\t\t<input type=\"hidden\" name=\"post_id\" value=\"9895\"\/>\n\t\t\t<input type=\"hidden\" name=\"form_id\" value=\"584f799e\"\/>\n\t\t\t<input type=\"hidden\" name=\"referer_title\" value=\"SeCyT&#039;22\" \/>\n\n\t\t\t\n\t\t\t<div class=\"elementor-form-fields-wrapper elementor-labels-\">\n\t\t\t\t\t\t\t\t<div class=\"elementor-field-type-select elementor-field-group elementor-column elementor-field-group-name elementor-col-100\">\n\t\t\t\t\t\t\t\t\t\t\t\t<label for=\"form-field-name\" class=\"elementor-field-label elementor-screen-only\">\n\t\t\t\t\t\t\t\tParticipante\t\t\t\t\t\t\t<\/label>\n\t\t\t\t\t\t\t\t<div class=\"elementor-field elementor-select-wrapper \">\n\t\t\t<select name=\"form_fields[name]\" id=\"form-field-name\" class=\"elementor-field-textual elementor-size-sm\">\n\t\t\t\t\t\t\t\t\t<option value=\"Participante\">Participante<\/option>\n\t\t\t\t\t\t\t<\/select>\n\t\t<\/div>\n\t\t\t\t\t\t<\/div>\n\t\t\t\t\t\t\t\t<div class=\"elementor-field-type-select elementor-field-group elementor-column elementor-field-group-field_1 elementor-col-100\">\n\t\t\t\t\t\t\t\t\t\t\t\t<label for=\"form-field-field_1\" class=\"elementor-field-label elementor-screen-only\">\n\t\t\t\t\t\t\t\tP\u00fablico\t\t\t\t\t\t\t<\/label>\n\t\t\t\t\t\t\t\t<div class=\"elementor-field elementor-select-wrapper \">\n\t\t\t<select name=\"form_fields[field_1]\" id=\"form-field-field_1\" class=\"elementor-field-textual elementor-size-sm\">\n\t\t\t\t\t\t\t\t\t<option value=\"all\">P\u00fablico<\/option>\n\t\t\t\t\t\t\t\t\t<option value=\"infantil\">Educaci\u00f3n Infantil (de 3 a 5 a\u00f1os)<\/option>\n\t\t\t\t\t\t\t\t\t<option value=\"primaria\">Educaci\u00f3n Primaria (de 6 a 12 a\u00f1os)<\/option>\n\t\t\t\t\t\t\t\t\t<option value=\"eso\">ESO (de 13 a 16 a\u00f1os)<\/option>\n\t\t\t\t\t\t\t\t\t<option value=\"bachiller\">Bachiller y Ciclos Formativos<\/option>\n\t\t\t\t\t\t\t\t\t<option value=\"universitario\">Universitarios<\/option>\n\t\t\t\t\t\t\t\t\t<option value=\"general\">P\u00fablico general<\/option>\n\t\t\t\t\t\t\t<\/select>\n\t\t<\/div>\n\t\t\t\t\t\t<\/div>\n\t\t\t\t\t\t\t\t<div class=\"elementor-field-type-select elementor-field-group elementor-column elementor-field-group-field_2 elementor-col-100\">\n\t\t\t\t\t\t\t\t\t\t\t\t<label for=\"form-field-field_2\" class=\"elementor-field-label elementor-screen-only\">\n\t\t\t\t\t\t\t\tTipo\t\t\t\t\t\t\t<\/label>\n\t\t\t\t\t\t\t\t<div class=\"elementor-field elementor-select-wrapper \">\n\t\t\t<select name=\"form_fields[field_2]\" id=\"form-field-field_2\" class=\"elementor-field-textual elementor-size-sm\">\n\t\t\t\t\t\t\t\t\t<option value=\"all\">Tipo<\/option>\n\t\t\t\t\t\t\t\t\t<option value=\"exposicion\">Exposici\u00f3n<\/option>\n\t\t\t\t\t\t\t\t\t<option value=\"demostracion\">Demostraci\u00f3n cient\u00edfica o t\u00e9cnica<\/option>\n\t\t\t\t\t\t\t\t\t<option value=\"explicacion\">Explicaci\u00f3n cient\u00edfica o t\u00e9cnica (s\u00f3lo con ayuda de im\u00e1genes o paneles)<\/option>\n\t\t\t\t\t\t\t\t\t<option value=\"taller\">Taller (requiere la participaci\u00f3n activa del p\u00fablico)<\/option>\n\t\t\t\t\t\t\t\t\t<option value=\"representacion\">Representaci\u00f3n teatral o escenificaci\u00f3n<\/option>\n\t\t\t\t\t\t\t\t\t<option value=\"concurso\">Concurso<\/option>\n\t\t\t\t\t\t\t\t\t<option value=\"juego\">Juego<\/option>\n\t\t\t\t\t\t\t\t\t<option value=\"proyeccion\">Proyecci\u00f3n de audiovisual<\/option>\n\t\t\t\t\t\t\t\t\t<option value=\"presentacion\">Presentaci\u00f3n de web o software<\/option>\n\t\t\t\t\t\t\t\t\t<option value=\"visita\">Itinerarios did\u00e1cticos y visitas guiadas<\/option>\n\t\t\t\t\t\t\t\t\t<option value=\"conferencia\">Conferencias<\/option>\n\t\t\t\t\t\t\t\t\t<option value=\"otro\">Otros<\/option>\n\t\t\t\t\t\t\t<\/select>\n\t\t<\/div>\n\t\t\t\t\t\t<\/div>\n\t\t\t\t\t\t\t\t<div class=\"elementor-field-type-select elementor-field-group elementor-column elementor-field-group-field_3 elementor-col-100\">\n\t\t\t\t\t\t\t\t\t\t\t\t<label for=\"form-field-field_3\" class=\"elementor-field-label elementor-screen-only\">\n\t\t\t\t\t\t\t\t\u00c1rea\t\t\t\t\t\t\t<\/label>\n\t\t\t\t\t\t\t\t<div class=\"elementor-field elementor-select-wrapper \">\n\t\t\t<select name=\"form_fields[field_3]\" id=\"form-field-field_3\" class=\"elementor-field-textual elementor-size-sm\">\n\t\t\t\t\t\t\t\t\t<option value=\"all\">\u00c1rea<\/option>\n\t\t\t\t\t\t\t\t\t<option value=\"1\">Ciencias de la Tierra y geograf\u00eda<\/option>\n\t\t\t\t\t\t\t\t\t<option value=\"2\">F\u00edsica y Ciencias del Espacio<\/option>\n\t\t\t\t\t\t\t\t\t<option value=\"3\">Matem\u00e1ticas<\/option>\n\t\t\t\t\t\t\t\t\t<option value=\"4\">Qu\u00edmica y tecnolog\u00edas qu\u00edmicas<\/option>\n\t\t\t\t\t\t\t\t\t<option value=\"5\">Biolog\u00eda Molecular, Celular y Gen\u00e9tica<\/option>\n\t\t\t\t\t\t\t\t\t<option value=\"6\">Biolog\u00eda vegetal y animal<\/option>\n\t\t\t\t\t\t\t\t\t<option value=\"7\">Medicina<\/option>\n\t\t\t\t\t\t\t\t\t<option value=\"8\">Fisiolog\u00eda y farmacolog\u00eda<\/option>\n\t\t\t\t\t\t\t\t\t<option value=\"9\">Agricultura<\/option>\n\t\t\t\t\t\t\t\t\t<option value=\"10\">Ciencia y tecnolog\u00eda de los alimentos<\/option>\n\t\t\t\t\t\t\t\t\t<option value=\"11\">Ganader\u00eda y pesca<\/option>\n\t\t\t\t\t\t\t\t\t<option value=\"12\">Medio ambiente y ecolog\u00eda<\/option>\n\t\t\t\t\t\t\t\t\t<option value=\"13\">Ciencia y tecnolog\u00eda de materiales<\/option>\n\t\t\t\t\t\t\t\t\t<option value=\"14\">Computaci\u00f3n y tecnolog\u00eda inform\u00e1tica<\/option>\n\t\t\t\t\t\t\t\t\t<option value=\"15\">Ingenier\u00eda el\u00e9ctrica, electr\u00f3nica y autom\u00e1tica<\/option>\n\t\t\t\t\t\t\t\t\t<option value=\"16\">Ingenier\u00eda civil y Arquitectura<\/option>\n\t\t\t\t\t\t\t\t\t<option value=\"17\">Ingenier\u00eda mec\u00e1nica, naval y aeron\u00e1utica<\/option>\n\t\t\t\t\t\t\t\t\t<option value=\"18\">Tecnolog\u00eda de las comunicaciones<\/option>\n\t\t\t\t\t\t\t\t\t<option value=\"19\">Ciencias Sociales<\/option>\n\t\t\t\t\t\t\t\t\t<option value=\"20\">Econom\u00eda<\/option>\n\t\t\t\t\t\t\t\t\t<option value=\"21\">Psicolog\u00eda y ciencias de la educaci\u00f3n<\/option>\n\t\t\t\t\t\t\t\t\t<option value=\"22\">Filolog\u00eda y Filosof\u00eda<\/option>\n\t\t\t\t\t\t\t\t\t<option value=\"23\">Historia, Arte y Arqueolog\u00eda<\/option>\n\t\t\t\t\t\t\t\t\t<option value=\"24\">Derecho<\/option>\n\t\t\t\t\t\t\t\t\t<option value=\"25\">Otros<\/option>\n\t\t\t\t\t\t\t<\/select>\n\t\t<\/div>\n\t\t\t\t\t\t<\/div>\n\t\t\t\t\t\t\t\t<div class=\"elementor-field-type-checkbox elementor-field-group elementor-column elementor-field-group-field_4 elementor-col-100\">\n\t\t\t\t\t<div class=\"elementor-field-subgroup  \"><span class=\"elementor-field-option\"><input type=\"checkbox\" value=\"21\" id=\"form-field-field_4-0\" name=\"form_fields[field_4][]\"> <label for=\"form-field-field_4-0\">Viernes 21<\/label><\/span><span class=\"elementor-field-option\"><input type=\"checkbox\" value=\"22\" id=\"form-field-field_4-1\" name=\"form_fields[field_4][]\"> <label for=\"form-field-field_4-1\">S\u00e1bado 22<\/label><\/span><span class=\"elementor-field-option\"><input type=\"checkbox\" value=\"23\" id=\"form-field-field_4-2\" name=\"form_fields[field_4][]\"> <label for=\"form-field-field_4-2\">Domingo 23<\/label><\/span><\/div>\t\t\t\t<\/div>\n\t\t\t\t\t\t\t\t<div class=\"elementor-field-group elementor-column elementor-field-type-submit elementor-col-100 e-form__buttons\">\n\t\t\t\t\t<button type=\"submit\" class=\"elementor-button elementor-size-xs\">\n\t\t\t\t\t\t<span >\n\t\t\t\t\t\t\t\t\t\t\t\t\t\t\t<span class=\" elementor-button-icon\">\n\t\t\t\t\t\t\t\t\t\t\t\t\t\t\t\t\t\t\t\t\t\t\t\t\t\t<\/span>\n\t\t\t\t\t\t\t\t\t\t\t\t\t\t\t\t\t\t\t\t\t\t<span class=\"elementor-button-text\">Ver todas<\/span>\n\t\t\t\t\t\t\t\t\t\t\t\t\t<\/span>\n\t\t\t\t\t<\/button>\n\t\t\t\t<\/div>\n\t\t\t<\/div>\n\t\t<\/form>\n\t\t\t\t<\/div>\n\t\t\t\t<\/div>\n\t\t\t\t\t\t<\/div>\n\t\t\t\t\t<\/div>\n\t\t<\/div>\n\t\t\t\t<div class=\"elementor-column elementor-col-25 elementor-inner-column elementor-element elementor-element-15977ff1\" data-id=\"15977ff1\" data-element_type=\"column\" data-settings=\"{&quot;background_background&quot;:&quot;classic&quot;}\">\n\t\t\t<div class=\"elementor-column-wrap elementor-element-populated\">\n\t\t\t\t\t\t\t<div class=\"elementor-widget-wrap\">\n\t\t\t\t\t\t<div class=\"elementor-element elementor-element-1cd7b648 elementor-widget elementor-widget-shortcode\" data-id=\"1cd7b648\" data-element_type=\"widget\" data-widget_type=\"shortcode.default\">\n\t\t\t\t<div class=\"elementor-widget-container\">\n\t\t\t\t\t<div class=\"elementor-shortcode\"><div class=\"activities filter\"><div class=\"hidden\" data-participante=\"Instituto Murciano de Investigaci\u00f3n Biosanitaria Pascual Parrilla\" data-publico=\"infantil,primaria\" data-tipo=\"taller,juego\" data-area=\"5\" data-day=\"\">\n\t\t\t<a href=\"https:\/\/fseneca.es\/secyt22\/actividad\/haz-tu-llavero-con-la-estructura-del-adn\/\"><strong>\u00a1Haz tu llavero con la estructura del ADN!<\/strong><\/a><p>Instituto Murciano de Investigaci\u00f3n Biosanitaria Pascual Parrilla<\/p><span class=\"date\"><\/span>\n\t\t\t<!--<p><span class=\"\">4<\/span><\/p> -->\n\t\t\t<\/div><div class=\"hidden\" data-participante=\"Agrupaci\u00f3n Astron\u00f3mica de la Regi\u00f3n de Murcia\" data-publico=\"general\" data-tipo=\"demostracion\" data-area=\"2\" data-day=\"22,23\">\n\t\t\t<a href=\"https:\/\/fseneca.es\/secyt22\/actividad\/observacion-del-sol\/\"><strong>Observaci\u00f3n del Sol<\/strong><\/a><p>Agrupaci\u00f3n Astron\u00f3mica de la Regi\u00f3n de Murcia<\/p><span class=\"date\">S\u00e1bado 22 | 13h - Domingo 23 | 13h<\/span>\n\t\t\t<!--<p><span class=\" small\"><\/span><\/p> -->\n\t\t\t<\/div><div class=\"hidden\" data-participante=\"Hospital Universitario Virgen de la Arrixaca\" data-publico=\"primaria,eso,bachiller\" data-tipo=\"taller\" data-area=\"7,25\" data-day=\"21,22,23\">\n\t\t\t<a href=\"https:\/\/fseneca.es\/secyt22\/actividad\/diagnostico-parasitologico\/\"><strong>Diagn\u00f3stico parasitol\u00f3gico<\/strong><\/a><p>Hospital Universitario Virgen de la Arrixaca<\/p><span class=\"date\">Durante todo el horario de la feria<\/span>\n\t\t\t<!--<p><span class=\" small\"><\/span><\/p> -->\n\t\t\t<\/div><div class=\"hidden\" data-participante=\"Centro Tecnol\u00f3gico de la Energ\u00eda y el Medio Ambiente\" data-publico=\"primaria,eso\" data-tipo=\"taller\" data-area=\"2,3,4,5,6,7,8,9,10,12,13,14,15,16,17,18\" data-day=\"21\">\n\t\t\t<a href=\"https:\/\/fseneca.es\/secyt22\/actividad\/eco-stem-looping\/\"><strong>ECO STEM Looping<\/strong><\/a><p>Centro Tecnol\u00f3gico de la Energ\u00eda y el Medio Ambiente<\/p><span class=\"date\">Viernes 21 | 10h<\/span>\n\t\t\t<!--<p><span class=\" small\"><\/span><\/p> -->\n\t\t\t<\/div><div class=\"hidden\" data-participante=\"Asociaci\u00f3n de Divulgaci\u00f3n Cient\u00edfica de la Regi\u00f3n de Murcia\" data-publico=\"eso,bachiller\" data-tipo=\"demostracion,explicacion\" data-area=\"5,6\" data-day=\"21,22,23\">\n\t\t\t<a href=\"https:\/\/fseneca.es\/secyt22\/actividad\/ies-jose-planes\/\"><strong>IES Jos\u00e9 Planes<\/strong><\/a><p>Asociaci\u00f3n de Divulgaci\u00f3n Cient\u00edfica de la Regi\u00f3n de Murcia<\/p><span class=\"date\">Durante todo el horario de la feria<\/span>\n\t\t\t<!--<p><span class=\" small\"><\/span><\/p> -->\n\t\t\t<\/div><div class=\"hidden\" data-participante=\"Universidad Polit\u00e9cnica de Cartagena\" data-publico=\"infantil,primaria,eso,bachiller,universitario,general\" data-tipo=\"exposicion,explicacion\" data-area=\"15,17,25\" data-day=\"21,22\">\n\t\t\t<a href=\"https:\/\/fseneca.es\/secyt22\/actividad\/upct-solar-team-prototipo-electrico-ultraeficiente%ef%bf%bc\/\"><strong>UPCT Solar Team: prototipo el\u00e9ctrico ultraeficiente\ufffc<\/strong><\/a><p>Universidad Polit\u00e9cnica de Cartagena<\/p><span class=\"date\">Viernes 21 | 10h - Viernes 21 | 17h - S\u00e1bado 22 | 11h - S\u00e1bado 22 | 17h<\/span>\n\t\t\t<!--<p><span class=\" small\"><\/span><\/p> -->\n\t\t\t<\/div><div class=\"hidden\" data-participante=\"Centro Tecnol\u00f3gico Naval y del Mar\" data-publico=\"infantil,primaria,eso\" data-tipo=\"explicacion,taller\" data-area=\"6,12,17\" data-day=\"21,22\">\n\t\t\t<a href=\"https:\/\/fseneca.es\/secyt22\/actividad\/gestion-ambiental-de-la-contaminacion-por-ruido-submarino-en-areas-marinas-protegidas\/\"><strong>Gesti\u00f3n ambiental de la contaminaci\u00f3n por ruido submarino en \u00e1reas marinas protegidas<\/strong><\/a><p>Centro Tecnol\u00f3gico Naval y del Mar<\/p><span class=\"date\">Viernes 21 | 10h - S\u00e1bado 22 | 10h<\/span>\n\t\t\t<!--<p><span class=\" small\"><\/span><\/p> -->\n\t\t\t<\/div><div class=\"hidden\" data-participante=\"Iberozoa\" data-publico=\"general\" data-tipo=\"exposicion,demostracion,explicacion,juego,visita,conferencia\" data-area=\"5,6,9,12\" data-day=\"21,22,23\">\n\t\t\t<a href=\"https:\/\/fseneca.es\/secyt22\/actividad\/botanica-fitorremediacion\/\"><strong>Bot\u00e1nica: Fitorremediaci\u00f3n<\/strong><\/a><p>Iberozoa<\/p><span class=\"date\">Durante todo el horario de la feria<\/span>\n\t\t\t<!--<p><span class=\" small\"><\/span><\/p> -->\n\t\t\t<\/div><div class=\"hidden\" data-participante=\"Fundaci\u00f3n Integra\" data-publico=\"general\" data-tipo=\"proyeccion,visita\" data-area=\"1,12,14\" data-day=\"21,22,23\">\n\t\t\t<a href=\"https:\/\/fseneca.es\/secyt22\/actividad\/descubre-la-sima-de-la-higuera-a-traves-de-la-tecnologia-inmersiva\/\"><strong>Descubre la Sima de la Higuera a trav\u00e9s de la tecnolog\u00eda inmersiva<\/strong><\/a><p>Fundaci\u00f3n Integra<\/p><span class=\"date\">Durante todo el horario de la feria<\/span>\n\t\t\t<!--<p><span class=\" small\"><\/span><\/p> -->\n\t\t\t<\/div><div class=\"hidden\" data-participante=\"Fundaci\u00f3n Integra\" data-publico=\"primaria,eso,general\" data-tipo=\"taller\" data-area=\"14,18\" data-day=\"21,22,23\">\n\t\t\t<a href=\"https:\/\/fseneca.es\/secyt22\/actividad\/animales-bionicos\/\"><strong>Animales Bi\u00f3nicos<\/strong><\/a><p>Fundaci\u00f3n Integra<\/p><span class=\"date\">Durante todo el horario de la feria<\/span>\n\t\t\t<!--<p><span class=\" small\"><\/span><\/p> -->\n\t\t\t<\/div><div class=\"hidden\" data-participante=\"Fundaci\u00f3n Integra\" data-publico=\"infantil,primaria,eso,general\" data-tipo=\"demostracion,taller\" data-area=\"14,18\" data-day=\"21,22,23\">\n\t\t\t<a href=\"https:\/\/fseneca.es\/secyt22\/actividad\/realidad-aumentada-3\/\"><strong>Realidad Aumentada<\/strong><\/a><p>Fundaci\u00f3n Integra<\/p><span class=\"date\">Durante todo el horario de la feria<\/span>\n\t\t\t<!--<p><span class=\" small\"><\/span><\/p> -->\n\t\t\t<\/div><div class=\"hidden\" data-participante=\"Centro Tecnol\u00f3gico del Calzado y del Pl\u00e1stico\" data-publico=\"general\" data-tipo=\"exposicion,explicacion,proyeccion\" data-area=\"4,10,12,18\" data-day=\"21,22,23\">\n\t\t\t<a href=\"https:\/\/fseneca.es\/secyt22\/actividad\/el-valor-oculto-de-los-residuos-del-sector-agroalimentario-2\/\"><strong>El valor oculto de los residuos del sector agroalimentario<\/strong><\/a><p>Centro Tecnol\u00f3gico del Calzado y del Pl\u00e1stico<\/p><span class=\"date\">Durante todo el horario de la feria<\/span>\n\t\t\t<!--<p><span class=\" small\"><\/span><\/p> -->\n\t\t\t<\/div><div class=\"hidden\" data-participante=\"Universidad Polit\u00e9cnica de Cartagena\" data-publico=\"infantil,primaria,eso,bachiller,universitario,general\" data-tipo=\"demostracion,explicacion,taller\" data-area=\"9,10,12\" data-day=\"21,22,23\">\n\t\t\t<a href=\"https:\/\/fseneca.es\/secyt22\/actividad\/desarrollo-de-germinados-de-brasicas-mediante-el-uso-de-nuevas-tecnologias-para-su-mejora-nutricional\/\"><strong>Desarrollo de germinados de br\u00e1sicas mediante el uso de nuevas tecnolog\u00edas para su mejora nutricional<\/strong><\/a><p>Universidad Polit\u00e9cnica de Cartagena<\/p><span class=\"date\">Durante todo el horario de la feria<\/span>\n\t\t\t<!--<p><span class=\" small\"><\/span><\/p> -->\n\t\t\t<\/div><div class=\"hidden\" data-participante=\"Universidad Polit\u00e9cnica de Cartagena\" data-publico=\"infantil,primaria,eso,bachiller,universitario,general\" data-tipo=\"exposicion,explicacion,taller\" data-area=\"16\" data-day=\"21,22,23\">\n\t\t\t<a href=\"https:\/\/fseneca.es\/secyt22\/actividad\/luminarias-arquitectura-de-la-luz\/\"><strong>Luminarias. Arquitectura de la luz<\/strong><\/a><p>Universidad Polit\u00e9cnica de Cartagena<\/p><span class=\"date\">Viernes 21 | 10h - S\u00e1bado 22 | 17h - Domingo 23 | 11h<\/span>\n\t\t\t<!--<p><span class=\" small\">40-41<\/span><\/p> -->\n\t\t\t<\/div><div class=\"hidden\" data-participante=\"Centro Tecnol\u00f3gico del Mueble y la Madera\" data-publico=\"general\" data-tipo=\"juego\" data-area=\"13\" data-day=\"21,22,23\">\n\t\t\t<a href=\"https:\/\/fseneca.es\/secyt22\/actividad\/materializa2\/\"><strong>Materializa2<\/strong><\/a><p>Centro Tecnol\u00f3gico del Mueble y la Madera<\/p><span class=\"date\">Durante todo el horario de la feria<\/span>\n\t\t\t<!--<p><span class=\" small\"><\/span><\/p> -->\n\t\t\t<\/div><div class=\"hidden\" data-participante=\"Centro Tecnol\u00f3gico del Mueble y la Madera\" data-publico=\"primaria,eso,bachiller,universitario,general\" data-tipo=\"visita\" data-area=\"4,13,14,15\" data-day=\"21\">\n\t\t\t<a href=\"https:\/\/fseneca.es\/secyt22\/actividad\/semana-de-puertas-abiertas-en-cetem\/\"><strong>Semana de puertas abiertas en CETEM<\/strong><\/a><p>Centro Tecnol\u00f3gico del Mueble y la Madera<\/p><span class=\"date\">Viernes 21 | 09h<\/span>\n\t\t\t<!--<p><span class=\" small\"><\/span><\/p> -->\n\t\t\t<\/div><div class=\"hidden\" data-participante=\"Armada Espa\u00f1ola\" data-publico=\"general\" data-tipo=\"visita\" data-area=\"15,17\" data-day=\"21\">\n\t\t\t<a href=\"https:\/\/fseneca.es\/secyt22\/actividad\/visita-a-la-base-de-submarinos\/\"><strong>Visita a la Base de Submarinos<\/strong><\/a><p>Armada Espa\u00f1ola<\/p><span class=\"date\">Viernes 21 | 10h<\/span>\n\t\t\t<!--<p><span class=\" small\"> Base de Submarinos del Arsenal de Cartagena<\/span><\/p> -->\n\t\t\t<\/div><div class=\"hidden\" data-participante=\"Universidad de Murcia\" data-publico=\"eso,bachiller,universitario,general\" data-tipo=\"concurso\" data-area=\"20\" data-day=\"21,22,23\">\n\t\t\t<a href=\"https:\/\/fseneca.es\/secyt22\/actividad\/play-economics\/\"><strong>Play Economics<\/strong><\/a><p>Universidad de Murcia<\/p><span class=\"date\">Durante todo el horario de la feria<\/span>\n\t\t\t<!--<p><span class=\" small\"><\/span><\/p> -->\n\t\t\t<\/div><div class=\"hidden\" data-participante=\"Universidad de Murcia\" data-publico=\"infantil,primaria,eso,bachiller,universitario,general\" data-tipo=\"exposicion,taller\" data-area=\"20\" data-day=\"21,22,23\">\n\t\t\t<a href=\"https:\/\/fseneca.es\/secyt22\/actividad\/economia-y-salud\/\"><strong>Econom\u00eda y salud<\/strong><\/a><p>Universidad de Murcia<\/p><span class=\"date\">Durante todo el horario de la feria<\/span>\n\t\t\t<!--<p><span class=\" small\"><\/span><\/p> -->\n\t\t\t<\/div><div class=\"hidden\" data-participante=\"Instituto Espa\u00f1ol de Oceanograf\u00eda. Centro Oceanogr\u00e1fico de Murcia\" data-publico=\"general\" data-tipo=\"proyeccion\" data-area=\"6,11,12,25\" data-day=\"21,22,23\">\n\t\t\t<a href=\"https:\/\/fseneca.es\/secyt22\/actividad\/video-centenario-ieo\/\"><strong>V\u00eddeo Centenario IEO<\/strong><\/a><p>Instituto Espa\u00f1ol de Oceanograf\u00eda. Centro Oceanogr\u00e1fico de Murcia<\/p><span class=\"date\">Durante todo el horario de la feria<\/span>\n\t\t\t<!--<p><span class=\" small\"><\/span><\/p> -->\n\t\t\t<\/div><div class=\"hidden\" data-participante=\"Instituto Espa\u00f1ol de Oceanograf\u00eda. Centro Oceanogr\u00e1fico de Murcia\" data-publico=\"general\" data-tipo=\"explicacion,proyeccion\" data-area=\"6,11,12,25\" data-day=\"21,22,23\">\n\t\t\t<a href=\"https:\/\/fseneca.es\/secyt22\/actividad\/contaminacion-marina\/\"><strong>Contaminaci\u00f3n marina<\/strong><\/a><p>Instituto Espa\u00f1ol de Oceanograf\u00eda. Centro Oceanogr\u00e1fico de Murcia<\/p><span class=\"date\">Durante todo el horario de la feria<\/span>\n\t\t\t<!--<p><span class=\" small\"><\/span><\/p> -->\n\t\t\t<\/div><div class=\"hidden\" data-participante=\"Instituto Espa\u00f1ol de Oceanograf\u00eda. Centro Oceanogr\u00e1fico de Murcia\" data-publico=\"general\" data-tipo=\"demostracion\" data-area=\"6,11,12,25\" data-day=\"21,22,23\">\n\t\t\t<a href=\"https:\/\/fseneca.es\/secyt22\/actividad\/oceanografia-fisica-experimiento-de-la-termoclina\/\"><strong>Oceanograf\u00eda f\u00edsica. Experimiento de la termoclina<\/strong><\/a><p>Instituto Espa\u00f1ol de Oceanograf\u00eda. Centro Oceanogr\u00e1fico de Murcia<\/p><span class=\"date\">Durante todo el horario de la feria<\/span>\n\t\t\t<!--<p><span class=\" small\"><\/span><\/p> -->\n\t\t\t<\/div><div class=\"hidden\" data-participante=\"Instituto Espa\u00f1ol de Oceanograf\u00eda. Centro Oceanogr\u00e1fico de Murcia\" data-publico=\"general\" data-tipo=\"demostracion,explicacion\" data-area=\"6,11,12,25\" data-day=\"21,22,23\">\n\t\t\t<a href=\"https:\/\/fseneca.es\/secyt22\/actividad\/tecnicas-de-cultivo-de-peces-marinos\/\"><strong>T\u00e9cnicas de cultivo de peces marinos<\/strong><\/a><p>Instituto Espa\u00f1ol de Oceanograf\u00eda. Centro Oceanogr\u00e1fico de Murcia<\/p><span class=\"date\">Durante todo el horario de la feria<\/span>\n\t\t\t<!--<p><span class=\" small\"><\/span><\/p> -->\n\t\t\t<\/div><div class=\"hidden\" data-participante=\"Instituto Espa\u00f1ol de Oceanograf\u00eda. Centro Oceanogr\u00e1fico de Murcia\" data-publico=\"general\" data-tipo=\"demostracion,explicacion\" data-area=\"6,11,12,25\" data-day=\"21,22,23\">\n\t\t\t<a href=\"https:\/\/fseneca.es\/secyt22\/actividad\/acuario-y-visualizacion-del-cangrejo-azul\/\"><strong>Acuario y visualizaci\u00f3n del cangrejo azul<\/strong><\/a><p>Instituto Espa\u00f1ol de Oceanograf\u00eda. Centro Oceanogr\u00e1fico de Murcia<\/p><span class=\"date\">Durante todo el horario de la feria<\/span>\n\t\t\t<!--<p><span class=\" small\"><\/span><\/p> -->\n\t\t\t<\/div><div class=\"hidden\" data-participante=\"Instituto Espa\u00f1ol de Oceanograf\u00eda. Centro Oceanogr\u00e1fico de Murcia\" data-publico=\"general\" data-tipo=\"demostracion,explicacion\" data-area=\"6,11,12,25\" data-day=\"21,22,23\">\n\t\t\t<a href=\"https:\/\/fseneca.es\/secyt22\/actividad\/desarrollo-actual-de-la-acuicultura\/\"><strong>Desarrollo actual de la acuicultura<\/strong><\/a><p>Instituto Espa\u00f1ol de Oceanograf\u00eda. Centro Oceanogr\u00e1fico de Murcia<\/p><span class=\"date\">Durante todo el horario de la feria<\/span>\n\t\t\t<!--<p><span class=\" small\"><\/span><\/p> -->\n\t\t\t<\/div><div class=\"hidden\" data-participante=\"Instituto Espa\u00f1ol de Oceanograf\u00eda. Centro Oceanogr\u00e1fico de Murcia\" data-publico=\"general\" data-tipo=\"explicacion,proyeccion\" data-area=\"6,11,12,25\" data-day=\"21,22,23\">\n\t\t\t<a href=\"https:\/\/fseneca.es\/secyt22\/actividad\/geologia-marina\/\"><strong>Geolog\u00eda marina<\/strong><\/a><p>Instituto Espa\u00f1ol de Oceanograf\u00eda. Centro Oceanogr\u00e1fico de Murcia<\/p><span class=\"date\">Durante todo el horario de la feria<\/span>\n\t\t\t<!--<p><span class=\" small\"><\/span><\/p> -->\n\t\t\t<\/div><div class=\"hidden\" data-participante=\"Instituto Espa\u00f1ol de Oceanograf\u00eda. Centro Oceanogr\u00e1fico de Murcia\" data-publico=\"general\" data-tipo=\"explicacion,proyeccion\" data-area=\"6,11,12,25\" data-day=\"21,22,23\">\n\t\t\t<a href=\"https:\/\/fseneca.es\/secyt22\/actividad\/ecologia-marina\/\"><strong>Ecolog\u00eda marina<\/strong><\/a><p>Instituto Espa\u00f1ol de Oceanograf\u00eda. Centro Oceanogr\u00e1fico de Murcia<\/p><span class=\"date\">Durante todo el horario de la feria<\/span>\n\t\t\t<!--<p><span class=\" small\"><\/span><\/p> -->\n\t\t\t<\/div><div class=\"hidden\" data-participante=\"Instituto Espa\u00f1ol de Oceanograf\u00eda. Centro Oceanogr\u00e1fico de Murcia\" data-publico=\"general\" data-tipo=\"explicacion\" data-area=\"6,11,12,25\" data-day=\"21,22,23\">\n\t\t\t<a href=\"https:\/\/fseneca.es\/secyt22\/actividad\/paneles-informativos-ieo\/\"><strong>Paneles informativos IEO<\/strong><\/a><p>Instituto Espa\u00f1ol de Oceanograf\u00eda. Centro Oceanogr\u00e1fico de Murcia<\/p><span class=\"date\">Durante todo el horario de la feria<\/span>\n\t\t\t<!--<p><span class=\" small\"><\/span><\/p> -->\n\t\t\t<\/div><div class=\"hidden\" data-participante=\"Iberozoa\" data-publico=\"general\" data-tipo=\"exposicion\" data-area=\"6\" data-day=\"21,22,23\">\n\t\t\t<a href=\"https:\/\/fseneca.es\/secyt22\/actividad\/rastros-marinos\/\"><strong>Rastros marinos<\/strong><\/a><p>Iberozoa<\/p><span class=\"date\">Durante todo el horario de la feria<\/span>\n\t\t\t<!--<p><span class=\" small\">Iberozoa<\/span><\/p> -->\n\t\t\t<\/div><div class=\"hidden\" data-participante=\"Iberozoa\" data-publico=\"general\" data-tipo=\"exposicion,explicacion,visita,conferencia\" data-area=\"6,12\" data-day=\"21,22,23\">\n\t\t\t<a href=\"https:\/\/fseneca.es\/secyt22\/actividad\/entomologia\/\"><strong>Entomolog\u00eda<\/strong><\/a><p>Iberozoa<\/p><span class=\"date\">Durante todo el horario de la feria<\/span>\n\t\t\t<!--<p><span class=\" small\"><\/span><\/p> -->\n\t\t\t<\/div><div class=\"hidden\" data-participante=\"Iberozoa\" data-publico=\"general\" data-tipo=\"exposicion,explicacion\" data-area=\"6,12\" data-day=\"21,22,23\">\n\t\t\t<a href=\"https:\/\/fseneca.es\/secyt22\/actividad\/conoce-a-los-anfibios-y-reptiles-de-la-region-de-murcia\/\"><strong>\u00a1Conoce a los anfibios y reptiles de la Regi\u00f3n de Murcia!<\/strong><\/a><p>Iberozoa<\/p><span class=\"date\">Durante todo el horario de la feria<\/span>\n\t\t\t<!--<p><span class=\" small\">Iberozoa<\/span><\/p> -->\n\t\t\t<\/div><div class=\"hidden\" data-participante=\"ARQVA\" data-publico=\"primaria,general\" data-tipo=\"otro\" data-area=\"23\" data-day=\"23\">\n\t\t\t<a href=\"https:\/\/fseneca.es\/secyt22\/actividad\/cartografia-dibujando-el-mundo\/\"><strong>CARTOGRAF\u00cdA. Dibujando el mundo<\/strong><\/a><p>ARQVA<\/p><span class=\"date\">Domingo 23 | 11h<\/span>\n\t\t\t<!--<p><span class=\" small\"><\/span><\/p> -->\n\t\t\t<\/div><div class=\"hidden\" data-participante=\"ARQVA\" data-publico=\"eso,bachiller,universitario\" data-tipo=\"taller\" data-area=\"23\" data-day=\"21\">\n\t\t\t<a href=\"https:\/\/fseneca.es\/secyt22\/actividad\/practica-la-arqueologia-dentro-y-fuera-del-agua\/\"><strong>\u00a1Practica la Arqueolog\u00eda dentro y fuera del agua!<\/strong><\/a><p>ARQVA<\/p><span class=\"date\">Viernes 21 | 10h<\/span>\n\t\t\t<!--<p><span class=\" small\"><\/span><\/p> -->\n\t\t\t<\/div><div class=\"hidden\" data-participante=\"ARQVA\" data-publico=\"primaria,general\" data-tipo=\"taller\" data-area=\"23\" data-day=\"22\">\n\t\t\t<a href=\"https:\/\/fseneca.es\/secyt22\/actividad\/mar-de-teselas\/\"><strong>Mar de Teselas<\/strong><\/a><p>ARQVA<\/p><span class=\"date\">S\u00e1bado 22 | 11h<\/span>\n\t\t\t<!--<p><span class=\" small\"><\/span><\/p> -->\n\t\t\t<\/div><div class=\"hidden\" data-participante=\"I.E.S. Floridablanca de Murcia\" data-publico=\"primaria,eso\" data-tipo=\"exposicion\" data-area=\"6\" data-day=\"21,22,23\">\n\t\t\t<a href=\"https:\/\/fseneca.es\/secyt22\/actividad\/ventilacion-pulmonar\/\"><strong>Ventilaci\u00f3n pulmonar<\/strong><\/a><p>I.E.S. Floridablanca de Murcia<\/p><span class=\"date\">Durante todo el horario de la feria<\/span>\n\t\t\t<!--<p><span class=\" small\"><\/span><\/p> -->\n\t\t\t<\/div><div class=\"hidden\" data-participante=\"I.E.S. Floridablanca de Murcia\" data-publico=\"primaria,eso\" data-tipo=\"demostracion\" data-area=\"2,4\" data-day=\"21,22,23\">\n\t\t\t<a href=\"https:\/\/fseneca.es\/secyt22\/actividad\/tubo-de-lenz-2\/\"><strong>Tubo de Lenz<\/strong><\/a><p>I.E.S. Floridablanca de Murcia<\/p><span class=\"date\">Durante todo el horario de la feria<\/span>\n\t\t\t<!--<p><span class=\" small\"><\/span><\/p> -->\n\t\t\t<\/div><div class=\"hidden\" data-participante=\"I.E.S. Floridablanca de Murcia\" data-publico=\"primaria,eso\" data-tipo=\"demostracion\" data-area=\"3\" data-day=\"21,22,23\">\n\t\t\t<a href=\"https:\/\/fseneca.es\/secyt22\/actividad\/teorema-de-nicomaco\/\"><strong>Teorema de Nic\u00f3maco<\/strong><\/a><p>I.E.S. Floridablanca de Murcia<\/p><span class=\"date\">Durante todo el horario de la feria<\/span>\n\t\t\t<!--<p><span class=\" small\"><\/span><\/p> -->\n\t\t\t<\/div><div class=\"hidden\" data-participante=\"I.E.S. Floridablanca de Murcia\" data-publico=\"primaria,eso\" data-tipo=\"demostracion\" data-area=\"5,6\" data-day=\"21,22,23\">\n\t\t\t<a href=\"https:\/\/fseneca.es\/secyt22\/actividad\/tornado\/\"><strong>Tornado<\/strong><\/a><p>I.E.S. Floridablanca de Murcia<\/p><span class=\"date\">Durante todo el horario de la feria<\/span>\n\t\t\t<!--<p><span class=\" small\"><\/span><\/p> -->\n\t\t\t<\/div><div class=\"hidden\" data-participante=\"I.E.S. Floridablanca de Murcia\" data-publico=\"primaria,eso\" data-tipo=\"demostracion\" data-area=\"2,17\" data-day=\"21,22,23\">\n\t\t\t<a href=\"https:\/\/fseneca.es\/secyt22\/actividad\/telescopio\/\"><strong>Telescopio<\/strong><\/a><p>I.E.S. Floridablanca de Murcia<\/p><span class=\"date\">Durante todo el horario de la feria<\/span>\n\t\t\t<!--<p><span class=\" small\"><\/span><\/p> -->\n\t\t\t<\/div><div class=\"hidden\" data-participante=\"I.E.S. Floridablanca de Murcia\" data-publico=\"primaria,eso\" data-tipo=\"demostracion\" data-area=\"14\" data-day=\"21,22,23\">\n\t\t\t<a href=\"https:\/\/fseneca.es\/secyt22\/actividad\/radar-impreso-en-3d\/\"><strong>R\u00e1dar impreso en 3D<\/strong><\/a><p>I.E.S. Floridablanca de Murcia<\/p><span class=\"date\">Durante todo el horario de la feria<\/span>\n\t\t\t<!--<p><span class=\" small\"><\/span><\/p> -->\n\t\t\t<\/div><div class=\"hidden\" data-participante=\"I.E.S. Floridablanca de Murcia\" data-publico=\"primaria,eso\" data-tipo=\"juego\" data-area=\"5\" data-day=\"21,22,23\">\n\t\t\t<a href=\"https:\/\/fseneca.es\/secyt22\/actividad\/seleccion-natural-en-accion\/\"><strong>Selecci\u00f3n natural en acci\u00f3n<\/strong><\/a><p>I.E.S. Floridablanca de Murcia<\/p><span class=\"date\">Durante todo el horario de la feria<\/span>\n\t\t\t<!--<p><span class=\" small\"><\/span><\/p> -->\n\t\t\t<\/div><div class=\"hidden\" data-participante=\"I.E.S. Floridablanca de Murcia\" data-publico=\"primaria,eso\" data-tipo=\"demostracion\" data-area=\"2\" data-day=\"21,22,23\">\n\t\t\t<a href=\"https:\/\/fseneca.es\/secyt22\/actividad\/motor-de-faraday\/\"><strong>Motor de Faraday<\/strong><\/a><p>I.E.S. Floridablanca de Murcia<\/p><span class=\"date\">Durante todo el horario de la feria<\/span>\n\t\t\t<!--<p><span class=\" small\"><\/span><\/p> -->\n\t\t\t<\/div><div class=\"hidden\" data-participante=\"I.E.S. Floridablanca de Murcia\" data-publico=\"primaria,eso\" data-tipo=\"demostracion\" data-area=\"2\" data-day=\"21,22,23\">\n\t\t\t<a href=\"https:\/\/fseneca.es\/secyt22\/actividad\/la-jaula-de-faraday\/\"><strong>La jaula de Faraday<\/strong><\/a><p>I.E.S. Floridablanca de Murcia<\/p><span class=\"date\">Durante todo el horario de la feria<\/span>\n\t\t\t<!--<p><span class=\" small\"><\/span><\/p> -->\n\t\t\t<\/div><div class=\"hidden\" data-participante=\"I.E.S. Floridablanca de Murcia\" data-publico=\"primaria,eso\" data-tipo=\"exposicion,demostracion\" data-area=\"14\" data-day=\"21,22,23\">\n\t\t\t<a href=\"https:\/\/fseneca.es\/secyt22\/actividad\/impresora-3d\/\"><strong>Impresora 3D<\/strong><\/a><p>I.E.S. Floridablanca de Murcia<\/p><span class=\"date\">Durante todo el horario de la feria<\/span>\n\t\t\t<!--<p><span class=\" small\"><\/span><\/p> -->\n\t\t\t<\/div><div class=\"hidden\" data-participante=\"I.E.S. Floridablanca de Murcia\" data-publico=\"primaria,eso\" data-tipo=\"exposicion,demostracion\" data-area=\"14,15\" data-day=\"21,22,23\">\n\t\t\t<a href=\"https:\/\/fseneca.es\/secyt22\/actividad\/gato-robotico-opencat\/\"><strong>Gato rob\u00f3tico: OpenCat<\/strong><\/a><p>I.E.S. Floridablanca de Murcia<\/p><span class=\"date\">Durante todo el horario de la feria<\/span>\n\t\t\t<!--<p><span class=\" small\"><\/span><\/p> -->\n\t\t\t<\/div><div class=\"hidden\" data-participante=\"I.E.S. Floridablanca de Murcia\" data-publico=\"primaria,eso\" data-tipo=\"demostracion,juego\" data-area=\"6\" data-day=\"21,22,23\">\n\t\t\t<a href=\"https:\/\/fseneca.es\/secyt22\/actividad\/fondo-marino\/\"><strong>Fondo marino<\/strong><\/a><p>I.E.S. Floridablanca de Murcia<\/p><span class=\"date\">Durante todo el horario de la feria<\/span>\n\t\t\t<!--<p><span class=\" small\"><\/span><\/p> -->\n\t\t\t<\/div><div class=\"hidden\" data-participante=\"I.E.S. Floridablanca de Murcia\" data-publico=\"primaria,eso\" data-tipo=\"demostracion\" data-area=\"2\" data-day=\"21,22,23\">\n\t\t\t<a href=\"https:\/\/fseneca.es\/secyt22\/actividad\/espectroscopio\/\"><strong>Espectroscopio<\/strong><\/a><p>I.E.S. Floridablanca de Murcia<\/p><span class=\"date\">Durante todo el horario de la feria<\/span>\n\t\t\t<!--<p><span class=\" small\"><\/span><\/p> -->\n\t\t\t<\/div><div class=\"hidden\" data-participante=\"I.E.S. Floridablanca de Murcia\" data-publico=\"primaria,eso\" data-tipo=\"demostracion,juego\" data-area=\"3\" data-day=\"21,22,23\">\n\t\t\t<a href=\"https:\/\/fseneca.es\/secyt22\/actividad\/torres-de-hanoi\/\"><strong>Torres de Hanoi<\/strong><\/a><p>I.E.S. Floridablanca de Murcia<\/p><span class=\"date\">Durante todo el horario de la feria<\/span>\n\t\t\t<!--<p><span class=\" small\"><\/span><\/p> -->\n\t\t\t<\/div><div class=\"hidden\" data-participante=\"I.E.S. Floridablanca de Murcia\" data-publico=\"primaria,eso\" data-tipo=\"demostracion\" data-area=\"2\" data-day=\"21,22,23\">\n\t\t\t<a href=\"https:\/\/fseneca.es\/secyt22\/actividad\/efecto-venturi\/\"><strong>Efecto Venturi<\/strong><\/a><p>I.E.S. Floridablanca de Murcia<\/p><span class=\"date\">Durante todo el horario de la feria<\/span>\n\t\t\t<!--<p><span class=\" small\"><\/span><\/p> -->\n\t\t\t<\/div><div class=\"hidden\" data-participante=\"I.E.S. Floridablanca de Murcia\" data-publico=\"primaria,eso\" data-tipo=\"juego\" data-area=\"3\" data-day=\"21,22,23\">\n\t\t\t<a href=\"https:\/\/fseneca.es\/secyt22\/actividad\/dobble-matematico\/\"><strong>Dobble matem\u00e1tico<\/strong><\/a><p>I.E.S. Floridablanca de Murcia<\/p><span class=\"date\">Durante todo el horario de la feria<\/span>\n\t\t\t<!--<p><span class=\" small\"><\/span><\/p> -->\n\t\t\t<\/div><div class=\"hidden\" data-participante=\"I.E.S. Floridablanca de Murcia\" data-publico=\"primaria,eso\" data-tipo=\"juego\" data-area=\"3\" data-day=\"21,22,23\">\n\t\t\t<a href=\"https:\/\/fseneca.es\/secyt22\/actividad\/cubo-de-rubik-cartas-de-adivinacion-domino-matematico\/\"><strong>Cubo de Rubik. Cartas de adivinaci\u00f3n. Domin\u00f3 matem\u00e1tico<\/strong><\/a><p>I.E.S. Floridablanca de Murcia<\/p><span class=\"date\">Durante todo el horario de la feria<\/span>\n\t\t\t<!--<p><span class=\" small\"><\/span><\/p> -->\n\t\t\t<\/div><div class=\"hidden\" data-participante=\"I.E.S. Floridablanca de Murcia\" data-publico=\"primaria,eso\" data-tipo=\"taller\" data-area=\"6\" data-day=\"21,22,23\">\n\t\t\t<a href=\"https:\/\/fseneca.es\/secyt22\/actividad\/construccion-de-una-flor\/\"><strong>Construcci\u00f3n de una flor<\/strong><\/a><p>I.E.S. Floridablanca de Murcia<\/p><span class=\"date\">Durante todo el horario de la feria<\/span>\n\t\t\t<!--<p><span class=\" small\"><\/span><\/p> -->\n\t\t\t<\/div><div class=\"hidden\" data-participante=\"I.E.S. Floridablanca de Murcia\" data-publico=\"primaria,eso\" data-tipo=\"taller\" data-area=\"6\" data-day=\"21,22,23\">\n\t\t\t<a href=\"https:\/\/fseneca.es\/secyt22\/actividad\/desmontando-la-caca\/\"><strong>Desmontando la caca<\/strong><\/a><p>I.E.S. Floridablanca de Murcia<\/p><span class=\"date\">Durante todo el horario de la feria<\/span>\n\t\t\t<!--<p><span class=\" small\"><\/span><\/p> -->\n\t\t\t<\/div><div class=\"hidden\" data-participante=\"I.E.S. Floridablanca de Murcia\" data-publico=\"primaria,eso\" data-tipo=\"demostracion\" data-area=\"5\" data-day=\"21,22,23\">\n\t\t\t<a href=\"https:\/\/fseneca.es\/secyt22\/actividad\/analizando-arenas\/\"><strong>Analizando arenas<\/strong><\/a><p>I.E.S. Floridablanca de Murcia<\/p><span class=\"date\">Durante todo el horario de la feria<\/span>\n\t\t\t<!--<p><span class=\" small\"><\/span><\/p> -->\n\t\t\t<\/div><div class=\"hidden\" data-participante=\"I.E.S. Floridablanca de Murcia\" data-publico=\"primaria,eso\" data-tipo=\"taller\" data-area=\"15\" data-day=\"21,22,23\">\n\t\t\t<a href=\"https:\/\/fseneca.es\/secyt22\/actividad\/carrera-de-leds\/\"><strong>Carrera de LEDs<\/strong><\/a><p>I.E.S. Floridablanca de Murcia<\/p><span class=\"date\">Durante todo el horario de la feria<\/span>\n\t\t\t<!--<p><span class=\" small\"><\/span><\/p> -->\n\t\t\t<\/div><div class=\"hidden\" data-participante=\"I.E.S. Floridablanca de Murcia\" data-publico=\"primaria,eso\" data-tipo=\"exposicion\" data-area=\"2\" data-day=\"21,22,23\">\n\t\t\t<a href=\"https:\/\/fseneca.es\/secyt22\/actividad\/cubo-de-leds\/\"><strong>Cubo de LEDs<\/strong><\/a><p>I.E.S. Floridablanca de Murcia<\/p><span class=\"date\">Durante todo el horario de la feria<\/span>\n\t\t\t<!--<p><span class=\" small\"><\/span><\/p> -->\n\t\t\t<\/div><div class=\"hidden\" data-participante=\"I.E.S. Floridablanca de Murcia\" data-publico=\"primaria,eso,general\" data-tipo=\"exposicion\" data-area=\"5,6\" data-day=\"21,22,23\">\n\t\t\t<a href=\"https:\/\/fseneca.es\/secyt22\/actividad\/interpretacion-de-maquetas\/\"><strong>Interpretaci\u00f3n de maquetas<\/strong><\/a><p>I.E.S. Floridablanca de Murcia<\/p><span class=\"date\">Durante todo el horario de la feria<\/span>\n\t\t\t<!--<p><span class=\" small\"><\/span><\/p> -->\n\t\t\t<\/div><div class=\"hidden\" data-participante=\"I.E.S. Floridablanca de Murcia\" data-publico=\"primaria,eso,general\" data-tipo=\"demostracion\" data-area=\"4\" data-day=\"21,22,23\">\n\t\t\t<a href=\"https:\/\/fseneca.es\/secyt22\/actividad\/reacciones-explosivas\/\"><strong>Reacciones explosivas<\/strong><\/a><p>I.E.S. Floridablanca de Murcia<\/p><span class=\"date\">Durante todo el horario de la feria<\/span>\n\t\t\t<!--<p><span class=\" small\"><\/span><\/p> -->\n\t\t\t<\/div><div class=\"hidden\" data-participante=\"Centro Europeo de Empresas e Innovaci\u00f3n de Cartagena - CEEIC\" data-publico=\"bachiller,universitario,general\" data-tipo=\"exposicion,demostracion,explicacion\" data-area=\"4,5,12,13,14,18,19\" data-day=\"21,22,23\">\n\t\t\t<a href=\"https:\/\/fseneca.es\/secyt22\/actividad\/el-futuro-esta-en-vuestras-manos-demos-de-startups-4-0-y-tecnologias-4-0-aplicadas\/\"><strong>El futuro esta en vuestras manos. Demos de startups 4.0 y tecnologias 4.0 aplicadas<\/strong><\/a><p>Centro Europeo de Empresas e Innovaci\u00f3n de Cartagena - CEEIC<\/p><span class=\"date\">Durante todo el horario de la feria<\/span>\n\t\t\t<!--<p><span class=\" small\"><\/span><\/p> -->\n\t\t\t<\/div><div class=\"hidden\" data-participante=\"Universidad Polit\u00e9cnica de Cartagena\" data-publico=\"general\" data-tipo=\"demostracion,explicacion\" data-area=\"2\" data-day=\"22\">\n\t\t\t<a href=\"https:\/\/fseneca.es\/secyt22\/actividad\/emite-ingenieria-s-l\/\"><strong>Emite Ingenier\u00eda S.L.<\/strong><\/a><p>Universidad Polit\u00e9cnica de Cartagena<\/p><span class=\"date\">S\u00e1bado 22 | 17h<\/span>\n\t\t\t<!--<p><span class=\" small\"><\/span><\/p> -->\n\t\t\t<\/div><div class=\"hidden\" data-participante=\"Universidad Polit\u00e9cnica de Cartagena\" data-publico=\"general\" data-tipo=\"demostracion,explicacion\" data-area=\"2,4\" data-day=\"21\">\n\t\t\t<a href=\"https:\/\/fseneca.es\/secyt22\/actividad\/hydrogreen-energy\/\"><strong>Hydrogreen Energy<\/strong><\/a><p>Universidad Polit\u00e9cnica de Cartagena<\/p><span class=\"date\">Viernes 21 | 17h<\/span>\n\t\t\t<!--<p><span class=\" small\"><\/span><\/p> -->\n\t\t\t<\/div><div class=\"hidden\" data-participante=\"Universidad Polit\u00e9cnica de Cartagena\" data-publico=\"general\" data-tipo=\"demostracion,explicacion\" data-area=\"6\" data-day=\"21,22\">\n\t\t\t<a href=\"https:\/\/fseneca.es\/secyt22\/actividad\/biodiverso-cosmetic\/\"><strong>Biodiverso Cosmetic<\/strong><\/a><p>Universidad Polit\u00e9cnica de Cartagena<\/p><span class=\"date\">Viernes 21 | 10h - S\u00e1bado 22 | 11h<\/span>\n\t\t\t<!--<p><span class=\" small\"><\/span><\/p> -->\n\t\t\t<\/div><div class=\"hidden\" data-participante=\"Universidad Polit\u00e9cnica de Cartagena\" data-publico=\"general\" data-tipo=\"demostracion,explicacion\" data-area=\"2,4\" data-day=\"23\">\n\t\t\t<a href=\"https:\/\/fseneca.es\/secyt22\/actividad\/flowgy\/\"><strong>Flowgy<\/strong><\/a><p>Universidad Polit\u00e9cnica de Cartagena<\/p><span class=\"date\">Domingo 23 | 11h<\/span>\n\t\t\t<!--<p><span class=\" small\"><\/span><\/p> -->\n\t\t\t<\/div><div class=\"hidden\" data-participante=\"Centro Tecnol\u00f3gico del Metal\" data-publico=\"infantil,primaria\" data-tipo=\"demostracion\" data-area=\"17\" data-day=\"21,22,23\">\n\t\t\t<a href=\"https:\/\/fseneca.es\/secyt22\/actividad\/circuito-neumatico\/\"><strong>Circuito neum\u00e1tico<\/strong><\/a><p>Centro Tecnol\u00f3gico del Metal<\/p><span class=\"date\">Durante todo el horario de la feria<\/span>\n\t\t\t<!--<p><span class=\" small\"><\/span><\/p> -->\n\t\t\t<\/div><div class=\"hidden\" data-participante=\"Centro Tecnol\u00f3gico del Metal\" data-publico=\"infantil,primaria\" data-tipo=\"demostracion\" data-area=\"17\" data-day=\"21,22,23\">\n\t\t\t<a href=\"https:\/\/fseneca.es\/secyt22\/actividad\/casa-en-llamas\/\"><strong>Casa en llamas<\/strong><\/a><p>Centro Tecnol\u00f3gico del Metal<\/p><span class=\"date\">Durante todo el horario de la feria<\/span>\n\t\t\t<!--<p><span class=\" small\"><\/span><\/p> -->\n\t\t\t<\/div><div class=\"hidden\" data-participante=\"Armada Espa\u00f1ola\" data-publico=\"general\" data-tipo=\"exposicion\" data-area=\"1,2,16,17,18,19\" data-day=\"21\">\n\t\t\t<a href=\"https:\/\/fseneca.es\/secyt22\/actividad\/visita-guiada-al-museo-naval-de-cartagena\/\"><strong>Visita guiada al Museo Naval de Cartagena<\/strong><\/a><p>Armada Espa\u00f1ola<\/p><span class=\"date\">Viernes 21 | 11h<\/span>\n\t\t\t<!--<p><span class=\" small\"><\/span><\/p> -->\n\t\t\t<\/div><div class=\"hidden\" data-participante=\"Instituto Murciano de Investigaci\u00f3n Biosanitaria Pascual Parrilla\" data-publico=\"primaria,eso,bachiller,universitario,general\" data-tipo=\"taller,representacion,proyeccion\" data-area=\"5,7\" data-day=\"\">\n\t\t\t<a href=\"https:\/\/fseneca.es\/secyt22\/actividad\/trabaja-en-un-laboratorio-de-terapia-celular-o-sala-blanca-video-y-simulacro\/\"><strong>Trabaja en un laboratorio de terapia celular o sala blanca: video y simulacro<\/strong><\/a><p>Instituto Murciano de Investigaci\u00f3n Biosanitaria Pascual Parrilla<\/p><span class=\"date\"><\/span>\n\t\t\t<!--<p><span class=\"\">4<\/span><\/p> -->\n\t\t\t<\/div><div class=\"hidden\" data-participante=\"UCAM Universidad Cat\u00f3lica de Murcia\" data-publico=\"infantil,primaria,eso,bachiller,general\" data-tipo=\"demostracion\" data-area=\"7\" data-day=\"21,22,23\">\n\t\t\t<a href=\"https:\/\/fseneca.es\/secyt22\/actividad\/vive-la-experiencia-medica-de-un-entorno-real-prehospitalario\/\"><strong>Vive la experiencia m\u00e9dica de un entorno real prehospitalario<\/strong><\/a><p>UCAM Universidad Cat\u00f3lica de Murcia<\/p><span class=\"date\">Durante todo el horario de la feria<\/span>\n\t\t\t<!--<p><span class=\" small\"><\/span><\/p> -->\n\t\t\t<\/div><div class=\"hidden\" data-participante=\"AECC - Asociaci\u00f3n Espa\u00f1ola Contra el C\u00e1ncer\" data-publico=\"infantil,primaria\" data-tipo=\"taller\" data-area=\"6,23\" data-day=\"21,22,23\">\n\t\t\t<a href=\"https:\/\/fseneca.es\/secyt22\/actividad\/taller-de-ciencias\/\"><strong>Taller de ciencias<\/strong><\/a><p>AECC - Asociaci\u00f3n Espa\u00f1ola Contra el C\u00e1ncer<\/p><span class=\"date\">Durante todo el horario de la feria<\/span>\n\t\t\t<!--<p><span class=\" small\"><\/span><\/p> -->\n\t\t\t<\/div><div class=\"hidden\" data-participante=\"CESUR\" data-publico=\"eso,bachiller,universitario,general\" data-tipo=\"exposicion,demostracion,explicacion,taller,proyeccion,presentacion\" data-area=\"14\" data-day=\"21,22,23\">\n\t\t\t<a href=\"https:\/\/fseneca.es\/secyt22\/actividad\/viaje-virtual-por-el-cuerpo-humano\/\"><strong>Viaje virtual por el cuerpo humano<\/strong><\/a><p>CESUR<\/p><span class=\"date\">Durante todo el horario de la feria<\/span>\n\t\t\t<!--<p><span class=\" small\">CESUR<\/span><\/p> -->\n\t\t\t<\/div><div class=\"hidden\" data-participante=\"CESUR\" data-publico=\"eso,bachiller,universitario\" data-tipo=\"exposicion,demostracion,explicacion,taller,presentacion\" data-area=\"14\" data-day=\"21,22,23\">\n\t\t\t<a href=\"https:\/\/fseneca.es\/secyt22\/actividad\/creacion-digital-sonora-y-nuevas-tecnologias-musicales\/\"><strong>Creaci\u00f3n digital sonora y nuevas tecnolog\u00edas musicales<\/strong><\/a><p>CESUR<\/p><span class=\"date\">Durante todo el horario de la feria<\/span>\n\t\t\t<!--<p><span class=\" small\">CESUR<\/span><\/p> -->\n\t\t\t<\/div><div class=\"hidden\" data-participante=\"I.E.S. Sanje\" data-publico=\"eso\" data-tipo=\"demostracion,taller\" data-area=\"4\" data-day=\"21,22,23\">\n\t\t\t<a href=\"https:\/\/fseneca.es\/secyt22\/actividad\/la-alquimia-cienica-o-magia\/\"><strong>La alquimia: ciencia o magia<\/strong><\/a><p>I.E.S. Sanje<\/p><span class=\"date\">Durante todo el horario de la feria<\/span>\n\t\t\t<!--<p><span class=\" small\">IES SANJE<\/span><\/p> -->\n\t\t\t<\/div><div class=\"hidden\" data-participante=\"CESUR\" data-publico=\"eso,bachiller,universitario,general\" data-tipo=\"exposicion,demostracion,explicacion,taller\" data-area=\"5\" data-day=\"21,22,23\">\n\t\t\t<a href=\"https:\/\/fseneca.es\/secyt22\/actividad\/sabes-que-bacterias-viven-en-tu-boca\/\"><strong>\u00bfSabes que bacterias viven en tu boca?<\/strong><\/a><p>CESUR<\/p><span class=\"date\">Durante todo el horario de la feria<\/span>\n\t\t\t<!--<p><span class=\" small\"><\/span><\/p> -->\n\t\t\t<\/div><div class=\"hidden\" data-participante=\"CESUR\" data-publico=\"eso,bachiller,universitario,general\" data-tipo=\"exposicion,demostracion,explicacion,taller\" data-area=\"5,7,8\" data-day=\"21,22,23\">\n\t\t\t<a href=\"https:\/\/fseneca.es\/secyt22\/actividad\/a-pleno-pulmon\/\"><strong>A pleno pulm\u00f3n<\/strong><\/a><p>CESUR<\/p><span class=\"date\">Durante todo el horario de la feria<\/span>\n\t\t\t<!--<p><span class=\" small\"><\/span><\/p> -->\n\t\t\t<\/div><div class=\"hidden\" data-participante=\"I.E.S. Sanje\" data-publico=\"general\" data-tipo=\"exposicion,explicacion\" data-area=\"12\" data-day=\"21,22,23\">\n\t\t\t<a href=\"https:\/\/fseneca.es\/secyt22\/actividad\/inspectores-ambientales\/\"><strong>Inspectores Ambientales<\/strong><\/a><p>I.E.S. Sanje<\/p><span class=\"date\">Durante todo el horario de la feria<\/span>\n\t\t\t<!--<p><span class=\" small\"><\/span><\/p> -->\n\t\t\t<\/div><div class=\"hidden\" data-participante=\"I.E.S. Sanje\" data-publico=\"general\" data-tipo=\"exposicion,explicacion,juego\" data-area=\"6,12\" data-day=\"21,22,23\">\n\t\t\t<a href=\"https:\/\/fseneca.es\/secyt22\/actividad\/mosquito-tigre-te-pica-la-curiosidad\/\"><strong>Mosquito Tigre \u00bfte pica la curiosidad?<\/strong><\/a><p>I.E.S. Sanje<\/p><span class=\"date\">Durante todo el horario de la feria<\/span>\n\t\t\t<!--<p><span class=\" small\"><\/span><\/p> -->\n\t\t\t<\/div><div class=\"hidden\" data-participante=\"Museo Arqueologico Municipal de Cartagena\" data-publico=\"general\" data-tipo=\"exposicion\" data-area=\"23\" data-day=\"22\">\n\t\t\t<a href=\"https:\/\/fseneca.es\/secyt22\/actividad\/arte-clasico-estereotipo-y-prejuicio\/\"><strong>Arte Cl\u00e1sico, estereotipo y prejuicio<\/strong><\/a><p>Museo Arqueologico Municipal de Cartagena<\/p><span class=\"date\">S\u00e1bado 22 | 11h<\/span>\n\t\t\t<!--<p><span class=\" small\"><\/span><\/p> -->\n\t\t\t<\/div><div class=\"hidden\" data-participante=\"Museo Arqueologico Municipal de Cartagena\" data-publico=\"general\" data-tipo=\"exposicion\" data-area=\"23\" data-day=\"22\">\n\t\t\t<a href=\"https:\/\/fseneca.es\/secyt22\/actividad\/diosas-dioses-branding-y-marca\/\"><strong>Diosas, Dioses, Branding y Marca<\/strong><\/a><p>Museo Arqueologico Municipal de Cartagena<\/p><span class=\"date\">S\u00e1bado 22 | 11:30 - S\u00e1bado 22 | 12:45<\/span>\n\t\t\t<!--<p><span class=\" small\"><\/span><\/p> -->\n\t\t\t<\/div><div class=\"hidden\" data-participante=\"Armada Espa\u00f1ola\" data-publico=\"general\" data-tipo=\"visita\" data-area=\"15,17\" data-day=\"21\">\n\t\t\t<a href=\"https:\/\/fseneca.es\/secyt22\/actividad\/visita-a-un-buque-de-la-armada\/\"><strong>Visita a un buque de la Armada<\/strong><\/a><p>Armada Espa\u00f1ola<\/p><span class=\"date\">Viernes 21 | 10h<\/span>\n\t\t\t<!--<p><span class=\" small\"><\/span><\/p> -->\n\t\t\t<\/div><div class=\"hidden\" data-participante=\"I.E.S. Sanje\" data-publico=\"eso,bachiller,universitario\" data-tipo=\"exposicion,demostracion,explicacion\" data-area=\"2\" data-day=\"21,22,23\">\n\t\t\t<a href=\"https:\/\/fseneca.es\/secyt22\/actividad\/el-poder-de-la-luz\/\"><strong>El poder de la luz<\/strong><\/a><p>I.E.S. Sanje<\/p><span class=\"date\">Durante todo el horario de la feria<\/span>\n\t\t\t<!--<p><span class=\" small\">IES SANJE<\/span><\/p> -->\n\t\t\t<\/div><div class=\"hidden\" data-participante=\"I.E.S. Sanje\" data-publico=\"general\" data-tipo=\"exposicion,demostracion,juego\" data-area=\"13,16,23\" data-day=\"21,22,23\">\n\t\t\t<a href=\"https:\/\/fseneca.es\/secyt22\/actividad\/imprimiendo-el-patrimonio\/\"><strong>Imprimiendo el patrimonio<\/strong><\/a><p>I.E.S. Sanje<\/p><span class=\"date\">Durante todo el horario de la feria<\/span>\n\t\t\t<!--<p><span class=\" small\">IES SANJE<\/span><\/p> -->\n\t\t\t<\/div><div class=\"hidden\" data-participante=\"I.E.S. Sanje\" data-publico=\"general\" data-tipo=\"exposicion,explicacion,juego\" data-area=\"1,2\" data-day=\"21,22,23\">\n\t\t\t<a href=\"https:\/\/fseneca.es\/secyt22\/actividad\/juntos-bajo-un-mismo-cielo\/\"><strong>Juntos bajo un mismo cielo<\/strong><\/a><p>I.E.S. Sanje<\/p><span class=\"date\">Durante todo el horario de la feria<\/span>\n\t\t\t<!--<p><span class=\" small\">IES SANJE<\/span><\/p> -->\n\t\t\t<\/div><div class=\"hidden\" data-participante=\"Instituto Murciano de Investigaci\u00f3n Biosanitaria Pascual Parrilla\" data-publico=\"primaria,eso,general\" data-tipo=\"exposicion,explicacion,taller\" data-area=\"7\" data-day=\"21,22,23\">\n\t\t\t<a href=\"https:\/\/fseneca.es\/secyt22\/actividad\/sabes-que-se-puede-curar-con-celulas\/\"><strong>\u00bfSabes que se puede curar con c\u00e9lulas?<\/strong><\/a><p>Instituto Murciano de Investigaci\u00f3n Biosanitaria Pascual Parrilla<\/p><span class=\"date\">Durante todo el horario de la feria<\/span>\n\t\t\t<!--<p><span class=\"\">4<\/span><\/p> -->\n\t\t\t<\/div><div class=\"hidden\" data-participante=\"Instituto Murciano de Investigaci\u00f3n Biosanitaria Pascual Parrilla\" data-publico=\"infantil,primaria,eso,general\" data-tipo=\"taller,juego\" data-area=\"7\" data-day=\"21,22,23\">\n\t\t\t<a href=\"https:\/\/fseneca.es\/secyt22\/actividad\/identifica-y-forma-familias-de-celulas-madre-sobre-un-modelo-del-cuerpo-humano\/\"><strong>Identifica y forma familias de c\u00e9lulas madre sobre un modelo del cuerpo humano.<\/strong><\/a><p>Instituto Murciano de Investigaci\u00f3n Biosanitaria Pascual Parrilla<\/p><span class=\"date\">Durante todo el horario de la feria<\/span>\n\t\t\t<!--<p><span class=\"\">4<\/span><\/p> -->\n\t\t\t<\/div><div class=\"hidden\" data-participante=\"Talento STEM\" data-publico=\"primaria,eso\" data-tipo=\"taller\" data-area=\"14\" data-day=\"21,22,23\">\n\t\t\t<a href=\"https:\/\/fseneca.es\/secyt22\/actividad\/talleres-de-inteligencia-artificial\/\"><strong>Talleres de Inteligencia Artificial.<\/strong><\/a><p>Talento STEM<\/p><span class=\"date\">Viernes 21 | 17:20 - S\u00e1bado 22 | 11:20 - Domingo 23 | 11:30<\/span>\n\t\t\t<!--<p><span class=\" small\"><\/span><\/p> -->\n\t\t\t<\/div><div class=\"hidden\" data-participante=\"UCAM Universidad Cat\u00f3lica de Murcia\" data-publico=\"infantil,primaria,eso,bachiller,universitario,general\" data-tipo=\"demostracion,taller\" data-area=\"10\" data-day=\"21,22,23\">\n\t\t\t<a href=\"https:\/\/fseneca.es\/secyt22\/actividad\/conoce-nuestros-alimentos-pon-en-valor-nuestra-tierra\/\"><strong>Conoce nuestros alimentos, pon en valor nuestra tierra<\/strong><\/a><p>UCAM Universidad Cat\u00f3lica de Murcia<\/p><span class=\"date\">Durante todo el horario de la feria<\/span>\n\t\t\t<!--<p><span class=\" small\"><\/span><\/p> -->\n\t\t\t<\/div><div class=\"hidden\" data-participante=\"Universidad Polit\u00e9cnica de Cartagena\" data-publico=\"infantil,primaria,eso,bachiller,universitario,general\" data-tipo=\"taller,juego\" data-area=\"3\" data-day=\"21,22,23\">\n\t\t\t<a href=\"https:\/\/fseneca.es\/secyt22\/actividad\/matematicas-aplicadas-a-la-ingenieria\/\"><strong>Matem\u00e1ticas aplicadas a la ingenier\u00eda<\/strong><\/a><p>Universidad Polit\u00e9cnica de Cartagena<\/p><span class=\"date\">Viernes 21 | 10h - Viernes 21 | 17h - S\u00e1bado 22 | 17h - Domingo 23 | 11h<\/span>\n\t\t\t<!--<p><span class=\" small\"><\/span><\/p> -->\n\t\t\t<\/div><div class=\"hidden\" data-participante=\"Universidad Polit\u00e9cnica de Cartagena\" data-publico=\"infantil,primaria,eso,bachiller,universitario,general\" data-tipo=\"demostracion,taller\" data-area=\"15\" data-day=\"21,22,23\">\n\t\t\t<a href=\"https:\/\/fseneca.es\/secyt22\/actividad\/upct-makers-reciclaje-de-botellas-de-plastico\/\"><strong>UPCT Makers: reciclaje de botellas de pl\u00e1stico<\/strong><\/a><p>Universidad Polit\u00e9cnica de Cartagena<\/p><span class=\"date\">Viernes 21 | 17h - S\u00e1bado 22 | 11h - S\u00e1bado 22 | 17h - Domingo 23 | 11h<\/span>\n\t\t\t<!--<p><span class=\" small\"><\/span><\/p> -->\n\t\t\t<\/div><div class=\"hidden\" data-participante=\"Universidad Polit\u00e9cnica de Cartagena\" data-publico=\"eso,bachiller,universitario,general\" data-tipo=\"demostracion,taller\" data-area=\"14,15\" data-day=\"21,22\">\n\t\t\t<a href=\"https:\/\/fseneca.es\/secyt22\/actividad\/ieee-upct-sb-taller-de-fabricacion-electronica\/\"><strong>IEEE UPCT SB: taller de fabricaci\u00f3n electr\u00f3nica<\/strong><\/a><p>Universidad Polit\u00e9cnica de Cartagena<\/p><span class=\"date\">Viernes 21 | 10h - S\u00e1bado 22 | 11h<\/span>\n\t\t\t<!--<p><span class=\" small\"><\/span><\/p> -->\n\t\t\t<\/div><div class=\"hidden\" data-participante=\"Universidad Polit\u00e9cnica de Cartagena\" data-publico=\"infantil,primaria,eso,bachiller,universitario,general\" data-tipo=\"exposicion,demostracion\" data-area=\"15\" data-day=\"21,22,23\">\n\t\t\t<a href=\"https:\/\/fseneca.es\/secyt22\/actividad\/exposicion-upct-racing-team\/\"><strong>Exposici\u00f3n UPCT Racing Team<\/strong><\/a><p>Universidad Polit\u00e9cnica de Cartagena<\/p><span class=\"date\">Durante todo el horario de la feria<\/span>\n\t\t\t<!--<p><span class=\" small\"><\/span><\/p> -->\n\t\t\t<\/div><div class=\"hidden\" data-participante=\"Universidad Polit\u00e9cnica de Cartagena\" data-publico=\"infantil,primaria,eso,bachiller,universitario,general\" data-tipo=\"demostracion,taller\" data-area=\"15\" data-day=\"21,22,23\">\n\t\t\t<a href=\"https:\/\/fseneca.es\/secyt22\/actividad\/upct-makers-construccion-brazo-bionico-impreso-en-3d\/\"><strong>UPCT Makers: construcci\u00f3n brazo bi\u00f3nico Impreso en 3D<\/strong><\/a><p>Universidad Polit\u00e9cnica de Cartagena<\/p><span class=\"date\">Viernes 21 | 17h - S\u00e1bado 22 | 11h - S\u00e1bado 22 | 17h - Domingo 23 | 11h<\/span>\n\t\t\t<!--<p><span class=\" small\"><\/span><\/p> -->\n\t\t\t<\/div><div class=\"hidden\" data-participante=\"Universidad Polit\u00e9cnica de Cartagena\" data-publico=\"eso,bachiller,universitario,general\" data-tipo=\"demostracion\" data-area=\"14,15,18,25\" data-day=\"21,22\">\n\t\t\t<a href=\"https:\/\/fseneca.es\/secyt22\/actividad\/localizacion-indoor-usando-ble\/\"><strong>Localizaci\u00f3n indoor usando BLE<\/strong><\/a><p>Universidad Polit\u00e9cnica de Cartagena<\/p><span class=\"date\">Viernes 21 | 10h - Viernes 21 | 17h - S\u00e1bado 22 | 11h - S\u00e1bado 22 | 17h<\/span>\n\t\t\t<!--<p><span class=\" small\"><\/span><\/p> -->\n\t\t\t<\/div><div class=\"hidden\" data-participante=\"Universidad Polit\u00e9cnica de Cartagena\" data-publico=\"primaria,eso,bachiller\" data-tipo=\"taller\" data-area=\"9\" data-day=\"21,22,23\">\n\t\t\t<a href=\"https:\/\/fseneca.es\/secyt22\/actividad\/el-aroma-de-los-alimentos-2\/\"><strong>El aroma de los alimentos<\/strong><\/a><p>Universidad Polit\u00e9cnica de Cartagena<\/p><span class=\"date\">Durante todo el horario de la feria<\/span>\n\t\t\t<!--<p><span class=\" small\"><\/span><\/p> -->\n\t\t\t<\/div><div class=\"hidden\" data-participante=\"Universidad Polit\u00e9cnica de Cartagena\" data-publico=\"infantil,primaria,eso,bachiller,universitario,general\" data-tipo=\"taller\" data-area=\"3\" data-day=\"21,22,23\">\n\t\t\t<a href=\"https:\/\/fseneca.es\/secyt22\/actividad\/sabes-que-hacer-antes-durante-y-despues-de-un-terremoto\/\"><strong>\u00bfSabes qu\u00e9 hacer antes, durante y despu\u00e9s de un terremoto?<\/strong><\/a><p>Universidad Polit\u00e9cnica de Cartagena<\/p><span class=\"date\">Durante todo el horario de la feria<\/span>\n\t\t\t<!--<p><span class=\" small\"><\/span><\/p> -->\n\t\t\t<\/div><div class=\"hidden\" data-participante=\"Universidad Polit\u00e9cnica de Cartagena\" data-publico=\"infantil,primaria,eso,bachiller,universitario,general\" data-tipo=\"taller\" data-area=\"16,25\" data-day=\"21,22,23\">\n\t\t\t<a href=\"https:\/\/fseneca.es\/secyt22\/actividad\/canteros-por-un-dia-taller-de-construcciones-medievales-2\/\"><strong>Canteros por un d\u00eda. Taller de construcciones medievales<\/strong><\/a><p>Universidad Polit\u00e9cnica de Cartagena<\/p><span class=\"date\">Viernes 21 | 10h - Viernes 21 | 17h - S\u00e1bado 22 | 11h - Domingo 23 | 11h<\/span>\n\t\t\t<!--<p><span class=\" small\"><\/span><\/p> -->\n\t\t\t<\/div><div class=\"hidden\" data-participante=\"Universidad Polit\u00e9cnica de Cartagena\" data-publico=\"eso,bachiller\" data-tipo=\"taller\" data-area=\"5,9\" data-day=\"21,22,23\">\n\t\t\t<a href=\"https:\/\/fseneca.es\/secyt22\/actividad\/modelos-geneticos-y-la-edicion-de-genes-2\/\"><strong>Modelos gen\u00e9ticos y la edici\u00f3n de genes<\/strong><\/a><p>Universidad Polit\u00e9cnica de Cartagena<\/p><span class=\"date\">Durante todo el horario de la feria<\/span>\n\t\t\t<!--<p><span class=\" small\"><\/span><\/p> -->\n\t\t\t<\/div><div class=\"hidden\" data-participante=\"Universidad Polit\u00e9cnica de Cartagena\" data-publico=\"primaria,eso\" data-tipo=\"demostracion\" data-area=\"9\" data-day=\"21,22,23\">\n\t\t\t<a href=\"https:\/\/fseneca.es\/secyt22\/actividad\/riego-localizado-energias-renovables-2\/\"><strong>Riego localizado &#8211; energ\u00edas renovables<\/strong><\/a><p>Universidad Polit\u00e9cnica de Cartagena<\/p><span class=\"date\">Durante todo el horario de la feria<\/span>\n\t\t\t<!--<p><span class=\" small\"><\/span><\/p> -->\n\t\t\t<\/div><div class=\"hidden\" data-participante=\"Universidad Polit\u00e9cnica de Cartagena\" data-publico=\"primaria,eso,general\" data-tipo=\"demostracion\" data-area=\"9\" data-day=\"21,22,23\">\n\t\t\t<a href=\"https:\/\/fseneca.es\/secyt22\/actividad\/sembradora-mecanica-de-precision\/\"><strong>Sembradora mec\u00e1nica de precisi\u00f3n<\/strong><\/a><p>Universidad Polit\u00e9cnica de Cartagena<\/p><span class=\"date\">Durante todo el horario de la feria<\/span>\n\t\t\t<!--<p><span class=\" small\"><\/span><\/p> -->\n\t\t\t<\/div><div class=\"hidden\" data-participante=\"Universidad Polit\u00e9cnica de Cartagena\" data-publico=\"eso,bachiller\" data-tipo=\"exposicion,taller\" data-area=\"12,16,25\" data-day=\"21\">\n\t\t\t<a href=\"https:\/\/fseneca.es\/secyt22\/actividad\/maquetas-de-sistemas-de-generacion-de-energia-electrica-2\/\"><strong>Maquetas de sistemas de generaci\u00f3n de energ\u00eda el\u00e9ctrica<\/strong><\/a><p>Universidad Polit\u00e9cnica de Cartagena<\/p><span class=\"date\">Viernes 21 | 10h<\/span>\n\t\t\t<!--<p><span class=\" small\"><\/span><\/p> -->\n\t\t\t<\/div><div class=\"hidden\" data-participante=\"Universidad Polit\u00e9cnica de Cartagena\" data-publico=\"general\" data-tipo=\"explicacion\" data-area=\"9\" data-day=\"21,22,23\">\n\t\t\t<a href=\"https:\/\/fseneca.es\/secyt22\/actividad\/el-fitomanejo-como-herramienta-y-su-aplicacion-para-la-proteccion-del-mar-menor\/\"><strong>El fitomanejo como herramienta y su aplicaci\u00f3n para la protecci\u00f3n del Mar Menor<\/strong><\/a><p>Universidad Polit\u00e9cnica de Cartagena<\/p><span class=\"date\">Durante todo el horario de la feria<\/span>\n\t\t\t<!--<p><span class=\" small\"><\/span><\/p> -->\n\t\t\t<\/div><div class=\"hidden\" data-participante=\"Universidad Polit\u00e9cnica de Cartagena\" data-publico=\"primaria,eso\" data-tipo=\"taller,juego\" data-area=\"16,25\" data-day=\"21,22,23\">\n\t\t\t<a href=\"https:\/\/fseneca.es\/secyt22\/actividad\/mus-movilidad-urbana-sostenible\/\"><strong>MUS &#8211; Movilidad Urbana Sostenible<\/strong><\/a><p>Universidad Polit\u00e9cnica de Cartagena<\/p><span class=\"date\">Viernes 21 | 17h - S\u00e1bado 22 | 17h - Domingo 23 | 11h<\/span>\n\t\t\t<!--<p><span class=\" small\"><\/span><\/p> -->\n\t\t\t<\/div><div class=\"hidden\" data-participante=\"Universidad Polit\u00e9cnica de Cartagena\" data-publico=\"eso,bachiller,universitario,general\" data-tipo=\"demostracion\" data-area=\"25\" data-day=\"21\">\n\t\t\t<a href=\"https:\/\/fseneca.es\/secyt22\/actividad\/monitorizacion-de-la-calidad-del-aire-en-tiempo-real\/\"><strong>Monitorizaci\u00f3n de la calidad del aire en tiempo real<\/strong><\/a><p>Universidad Polit\u00e9cnica de Cartagena<\/p><span class=\"date\">Viernes 21 | 10h - Viernes 21 | 17h<\/span>\n\t\t\t<!--<p><span class=\" small\"><\/span><\/p> -->\n\t\t\t<\/div><div class=\"hidden\" data-participante=\"Universidad Polit\u00e9cnica de Cartagena\" data-publico=\"primaria,eso,bachiller\" data-tipo=\"taller\" data-area=\"25\" data-day=\"21,22\">\n\t\t\t<a href=\"https:\/\/fseneca.es\/secyt22\/actividad\/propiedades-de-la-luz-y-su-aplicacion-a-comunicaciones\/\"><strong>Propiedades de la luz y su aplicaci\u00f3n a comunicaciones<\/strong><\/a><p>Universidad Polit\u00e9cnica de Cartagena<\/p><span class=\"date\">Viernes 21 | 10h - Viernes 21 | 17h - S\u00e1bado 22 | 11h - S\u00e1bado 22 | 17h<\/span>\n\t\t\t<!--<p><span class=\" small\"><\/span><\/p> -->\n\t\t\t<\/div><div class=\"hidden\" data-participante=\"Universidad Polit\u00e9cnica de Cartagena\" data-publico=\"general\" data-tipo=\"taller\" data-area=\"9\" data-day=\"21,22,23\">\n\t\t\t<a href=\"https:\/\/fseneca.es\/secyt22\/actividad\/produccion-sostenible-de-hortalizas\/\"><strong>Producci\u00f3n sostenible de hortalizas<\/strong><\/a><p>Universidad Polit\u00e9cnica de Cartagena<\/p><span class=\"date\">Durante todo el horario de la feria<\/span>\n\t\t\t<!--<p><span class=\" small\"><\/span><\/p> -->\n\t\t\t<\/div><div class=\"hidden\" data-participante=\"Universidad Polit\u00e9cnica de Cartagena\" data-publico=\"primaria,eso,bachiller,universitario,general\" data-tipo=\"demostracion,explicacion,taller\" data-area=\"2\" data-day=\"21\">\n\t\t\t<a href=\"https:\/\/fseneca.es\/secyt22\/actividad\/divulgacion-astronomica-y-tecnologica\/\"><strong>Divulgaci\u00f3n astron\u00f3mica y tecnol\u00f3gica<\/strong><\/a><p>Universidad Polit\u00e9cnica de Cartagena<\/p><span class=\"date\">Viernes 21 | 10h<\/span>\n\t\t\t<!--<p><span class=\" small\"><\/span><\/p> -->\n\t\t\t<\/div><div class=\"hidden\" data-participante=\"Cartagena Puerto de Culturas\" data-publico=\"primaria,eso,bachiller,universitario,general\" data-tipo=\"taller\" data-area=\"23\" data-day=\"21\">\n\t\t\t<a href=\"https:\/\/fseneca.es\/secyt22\/actividad\/regreso-al-pasado-realidad-virtual\/\"><strong>Regreso al pasado. Realidad virtual<\/strong><\/a><p>Cartagena Puerto de Culturas<\/p><span class=\"date\">Viernes 21 | 17h<\/span>\n\t\t\t<!--<p><span class=\" small\"><\/span><\/p> -->\n\t\t\t<\/div><div class=\"hidden\" data-participante=\"Museo de la Ciencia y el Agua\" data-publico=\"primaria,eso,bachiller,universitario,general\" data-tipo=\"proyeccion\" data-area=\"2\" data-day=\"22,23\">\n\t\t\t<a href=\"https:\/\/fseneca.es\/secyt22\/actividad\/planetario-explorando-el-sistema-solar-el-cielo-de-otono\/\"><strong>Planetario: \u00abExplorando el sistema solar\u00bb + El cielo de oto\u00f1o<\/strong><\/a><p>Museo de la Ciencia y el Agua<\/p><span class=\"date\">S\u00e1bado 22 | 13h - Domingo 23 | 13h - S\u00e1bado 22 | 18h<\/span>\n\t\t\t<!--<p><span class=\" small\">Museo de la Ciencia y el Agua<\/span><\/p> -->\n\t\t\t<\/div><div class=\"hidden\" data-participante=\"Museo de la Ciencia y el Agua\" data-publico=\"infantil\" data-tipo=\"proyeccion\" data-area=\"2\" data-day=\"22,23\">\n\t\t\t<a href=\"https:\/\/fseneca.es\/secyt22\/actividad\/planetario-pato-y-las-estaciones-el-cielo-de-otono\/\"><strong>Planetario: \u00abPato y las estaciones\u00bb + El cielo de oto\u00f1o<\/strong><\/a><p>Museo de la Ciencia y el Agua<\/p><span class=\"date\">S\u00e1bado 22 | 12h - Domingo 23 | 12h<\/span>\n\t\t\t<!--<p><span class=\" small\">Museo de la Ciencia y el Agua<\/span><\/p> -->\n\t\t\t<\/div><div class=\"hidden\" data-participante=\"Museo de la Ciencia y el Agua\" data-publico=\"primaria,eso,bachiller,universitario,general\" data-tipo=\"proyeccion\" data-area=\"2\" data-day=\"21\">\n\t\t\t<a href=\"https:\/\/fseneca.es\/secyt22\/actividad\/planetario-viajando-con-la-luz\/\"><strong>Planetario: \u00abViajando con la luz\u00bb<\/strong><\/a><p>Museo de la Ciencia y el Agua<\/p><span class=\"date\">Viernes 21 | 18h<\/span>\n\t\t\t<!--<p><span class=\" small\">Museo de la Ciencia y el Agua<\/span><\/p> -->\n\t\t\t<\/div><div class=\"hidden\" data-participante=\"Asociaci\u00f3n de Amigos del Jard\u00edn Bot\u00e1nico de Murcia\" data-publico=\"general\" data-tipo=\"exposicion\" data-area=\"6\" data-day=\"21,22,23\">\n\t\t\t<a href=\"https:\/\/fseneca.es\/secyt22\/actividad\/visita-guiada-al-jardin-botanico-proyecto-de-recuperacion-y-restauracion-del-botanico\/\"><strong>Visita guiada al Jard\u00edn Bot\u00e1nico: proyecto de recuperaci\u00f3n y restauraci\u00f3n del Bot\u00e1nico<\/strong><\/a><p>Asociaci\u00f3n de Amigos del Jard\u00edn Bot\u00e1nico de Murcia<\/p><span class=\"date\">Viernes 21 | 11h - S\u00e1bado 22 | 11h - Domingo 23 | 11h<\/span>\n\t\t\t<!--<p><span class=\" small\"><\/span><\/p> -->\n\t\t\t<\/div><div class=\"hidden\" data-participante=\"Museo del Teatro Romano de Cartagena\" data-publico=\"eso,general\" data-tipo=\"taller\" data-area=\"23\" data-day=\"22\">\n\t\t\t<a href=\"https:\/\/fseneca.es\/secyt22\/actividad\/ven-al-teatro-romano-soy\/\"><strong>Ven al Teatro. Romano soy.<\/strong><\/a><p>Museo del Teatro Romano de Cartagena<\/p><span class=\"date\">S\u00e1bado 22 | 11:30<\/span>\n\t\t\t<!--<p><span class=\" small\"><\/span><\/p> -->\n\t\t\t<\/div><div class=\"hidden\" data-participante=\"Centro Tecnol\u00f3gico Nacional de la Conserva y Alimentaci\u00f3n\" data-publico=\"general\" data-tipo=\"exposicion,explicacion,proyeccion\" data-area=\"4,10,12,13,18\" data-day=\"21,22,23\">\n\t\t\t<a href=\"https:\/\/fseneca.es\/secyt22\/actividad\/el-valor-oculto-de-los-residuos-del-sector-agroalimentario\/\"><strong>El valor oculto de los residuos del sector agroalimentario<\/strong><\/a><p>Centro Tecnol\u00f3gico Nacional de la Conserva y Alimentaci\u00f3n<\/p><span class=\"date\">Durante todo el horario de la feria<\/span>\n\t\t\t<!--<p><span class=\" small\"><\/span><\/p> -->\n\t\t\t<\/div><div class=\"hidden\" data-participante=\"Universidad de Murcia\" data-publico=\"infantil,primaria,general\" data-tipo=\"demostracion,explicacion\" data-area=\"11\" data-day=\"21\">\n\t\t\t<a href=\"https:\/\/fseneca.es\/secyt22\/actividad\/saliva-como-muestra-analitica-no-invasiva\/\"><strong>Saliva como muestra anal\u00edtica no invasiva<\/strong><\/a><p>Universidad de Murcia<\/p><span class=\"date\">Viernes 21 | 18h<\/span>\n\t\t\t<!--<p><span class=\" small\"><\/span><\/p> -->\n\t\t\t<\/div><div class=\"hidden\" data-participante=\"Universidad de Murcia\" data-publico=\"general\" data-tipo=\"demostracion,explicacion\" data-area=\"11\" data-day=\"21\">\n\t\t\t<a href=\"https:\/\/fseneca.es\/secyt22\/actividad\/que-informacion-nos-ofrece-una-gota-de-sangre\/\"><strong>\u00bfQue informaci\u00f3n nos ofrece una gota de sangre?<\/strong><\/a><p>Universidad de Murcia<\/p><span class=\"date\">Viernes 21 | 18h<\/span>\n\t\t\t<!--<p><span class=\" small\"><\/span><\/p> -->\n\t\t\t<\/div><div class=\"hidden\" data-participante=\"Universidad Polit\u00e9cnica de Cartagena\" data-publico=\"infantil,primaria,eso,bachiller,universitario,general\" data-tipo=\"taller\" data-area=\"25\" data-day=\"23\">\n\t\t\t<a href=\"https:\/\/fseneca.es\/secyt22\/actividad\/dron-educacional-controlado-por-pc-con-reconocimiento-de-imagen\/\"><strong>Dron educacional controlado por PC con reconocimiento de imagen<\/strong><\/a><p>Universidad Polit\u00e9cnica de Cartagena<\/p><span class=\"date\">Domingo 23 | 11h<\/span>\n\t\t\t<!--<p><span class=\" small\"><\/span><\/p> -->\n\t\t\t<\/div><div class=\"hidden\" data-participante=\"Universidad Polit\u00e9cnica de Cartagena\" data-publico=\"infantil,primaria,eso,bachiller,universitario,general\" data-tipo=\"exposicion,explicacion\" data-area=\"16,25\" data-day=\"21,22\">\n\t\t\t<a href=\"https:\/\/fseneca.es\/secyt22\/actividad\/analisis-y-documentacion-de-retablos-barrocos\/\"><strong>An\u00e1lisis y documentaci\u00f3n de retablos barrocos<\/strong><\/a><p>Universidad Polit\u00e9cnica de Cartagena<\/p><span class=\"date\">Viernes 21 | 10h - S\u00e1bado 22 | 11h - S\u00e1bado 22 | 17h<\/span>\n\t\t\t<!--<p><span class=\" small\"><\/span><\/p> -->\n\t\t\t<\/div><div class=\"hidden\" data-participante=\"Universidad Polit\u00e9cnica de Cartagena\" data-publico=\"primaria,eso,bachiller,universitario,general\" data-tipo=\"taller\" data-area=\"2,25\" data-day=\"22,23\">\n\t\t\t<a href=\"https:\/\/fseneca.es\/secyt22\/actividad\/computacion-y-juegos-cuanticos\/\"><strong>Computaci\u00f3n y juegos cu\u00e1nticos<\/strong><\/a><p>Universidad Polit\u00e9cnica de Cartagena<\/p><span class=\"date\">S\u00e1bado 22 | 11h - Domingo 23 | 11h<\/span>\n\t\t\t<!--<p><span class=\" small\"><\/span><\/p> -->\n\t\t\t<\/div><div class=\"hidden\" data-participante=\"Universidad Polit\u00e9cnica de Cartagena\" data-publico=\"eso,bachiller\" data-tipo=\"demostracion\" data-area=\"25\" data-day=\"21,22\">\n\t\t\t<a href=\"https:\/\/fseneca.es\/secyt22\/actividad\/uso-de-nuevas-tecnologias-para-el-diseno-de-prototipos-en-ingenieria-naval\/\"><strong>Uso de nuevas tecnolog\u00edas para el dise\u00f1o de prototipos en ingenier\u00eda naval<\/strong><\/a><p>Universidad Polit\u00e9cnica de Cartagena<\/p><span class=\"date\">Viernes 21 | 10h - Viernes 21 | 17h - S\u00e1bado 22 | 11h - S\u00e1bado 22 | 17h<\/span>\n\t\t\t<!--<p><span class=\" small\"><\/span><\/p> -->\n\t\t\t<\/div><div class=\"hidden\" data-participante=\"Universidad Polit\u00e9cnica de Cartagena\" data-publico=\"infantil,primaria,eso,bachiller,universitario,general\" data-tipo=\"taller,juego\" data-area=\"25\" data-day=\"21,22,23\">\n\t\t\t<a href=\"https:\/\/fseneca.es\/secyt22\/actividad\/taller-de-realidad-aumentada-aplicada-a-la-ensenanza-y-la-divulgacion-cientifica\/\"><strong>Taller de realidad aumentada aplicada a la ense\u00f1anza y la divulgaci\u00f3n cient\u00edfica<\/strong><\/a><p>Universidad Polit\u00e9cnica de Cartagena<\/p><span class=\"date\">Durante todo el horario de la feria<\/span>\n\t\t\t<!--<p><span class=\" small\"><\/span><\/p> -->\n\t\t\t<\/div><div class=\"hidden\" data-participante=\"Universidad Polit\u00e9cnica de Cartagena\" data-publico=\"primaria,eso,bachiller,universitario,general\" data-tipo=\"demostracion,taller\" data-area=\"16\" data-day=\"21,22,23\">\n\t\t\t<a href=\"https:\/\/fseneca.es\/secyt22\/actividad\/ingenieria-en-rios-y-canales-conocer-para-conducir\/\"><strong>Ingenier\u00eda en r\u00edos y canales. Conocer para conducir<\/strong><\/a><p>Universidad Polit\u00e9cnica de Cartagena<\/p><span class=\"date\">Durante todo el horario de la feria<\/span>\n\t\t\t<!--<p><span class=\" small\"><\/span><\/p> -->\n\t\t\t<\/div><div class=\"hidden\" data-participante=\"Universidad de Murcia\" data-publico=\"general\" data-tipo=\"exposicion,explicacion\" data-area=\"14,15,17,18\" data-day=\"21,22,23\">\n\t\t\t<a href=\"https:\/\/fseneca.es\/secyt22\/actividad\/proyectos-y-tic-para-energia-y-sostenibilidad\/\"><strong>Proyectos y TIC para energ\u00eda y sostenibilidad<\/strong><\/a><p>Universidad de Murcia<\/p><span class=\"date\">Durante todo el horario de la feria<\/span>\n\t\t\t<!--<p><span class=\"\">43<\/span><\/p> -->\n\t\t\t<\/div><div class=\"hidden\" data-participante=\"Asociaci\u00f3n de Divulgaci\u00f3n Cient\u00edfica de la Regi\u00f3n de Murcia\" data-publico=\"primaria,eso,bachiller\" data-tipo=\"concurso,juego\" data-area=\"2,3,4,5,6,7,12,15,18,19\" data-day=\"\">\n\t\t\t<a href=\"https:\/\/fseneca.es\/secyt22\/actividad\/memo-sci-quiz\/\"><strong>Memo Sci-Quiz<\/strong><\/a><p>Asociaci\u00f3n de Divulgaci\u00f3n Cient\u00edfica de la Regi\u00f3n de Murcia<\/p><span class=\"date\"><\/span>\n\t\t\t<!--<p><span class=\"\">16<\/span><\/p> -->\n\t\t\t<\/div><div class=\"hidden\" data-participante=\"Asociaci\u00f3n de Divulgaci\u00f3n Cient\u00edfica de la Regi\u00f3n de Murcia\" data-publico=\"primaria,eso\" data-tipo=\"juego\" data-area=\"2,4,5\" data-day=\"\">\n\t\t\t<a href=\"https:\/\/fseneca.es\/secyt22\/actividad\/csi-murcia\/\"><strong>CSI Murcia<\/strong><\/a><p>Asociaci\u00f3n de Divulgaci\u00f3n Cient\u00edfica de la Regi\u00f3n de Murcia<\/p><span class=\"date\"><\/span>\n\t\t\t<!--<p><span class=\"\">16<\/span><\/p> -->\n\t\t\t<\/div><div class=\"hidden\" data-participante=\"Asociaci\u00f3n de Divulgaci\u00f3n Cient\u00edfica de la Regi\u00f3n de Murcia\" data-publico=\"primaria\" data-tipo=\"taller\" data-area=\"23\" data-day=\"\">\n\t\t\t<a href=\"https:\/\/fseneca.es\/secyt22\/actividad\/arqueologia-total-de-la-investigacion-a-la-divulgacion-escolar\/\"><strong>Arqueolog\u00eda total: de la  investigaci\u00f3n a la divulgaci\u00f3n escolar<\/strong><\/a><p>Asociaci\u00f3n de Divulgaci\u00f3n Cient\u00edfica de la Regi\u00f3n de Murcia<\/p><span class=\"date\"><\/span>\n\t\t\t<!--<p><span class=\"\">16<\/span><\/p> -->\n\t\t\t<\/div><div class=\"hidden\" data-participante=\"Universidad de Murcia\" data-publico=\"general\" data-tipo=\"demostracion\" data-area=\"7\" data-day=\"21,22,23\">\n\t\t\t<a href=\"https:\/\/fseneca.es\/secyt22\/actividad\/taller-de-reanimacion-cardiopulmonar\/\"><strong>Taller de reanimaci\u00f3n cardiopulmonar<\/strong><\/a><p>Universidad de Murcia<\/p><span class=\"date\">Durante todo el horario de la feria<\/span>\n\t\t\t<!--<p><span class=\" small\">Facultad de Medicina UMU<\/span><\/p> -->\n\t\t\t<\/div><div class=\"hidden\" data-participante=\"Universidad de Murcia\" data-publico=\"general\" data-tipo=\"taller\" data-area=\"7\" data-day=\"21,22,23\">\n\t\t\t<a href=\"https:\/\/fseneca.es\/secyt22\/actividad\/taller-de-los-sentidos\/\"><strong>Taller de los sentidos<\/strong><\/a><p>Universidad de Murcia<\/p><span class=\"date\">Durante todo el horario de la feria<\/span>\n\t\t\t<!--<p><span class=\" small\">Facultad de Medicina UMU<\/span><\/p> -->\n\t\t\t<\/div><div class=\"hidden\" data-participante=\"Universidad de Murcia\" data-publico=\"general\" data-tipo=\"taller\" data-area=\"7\" data-day=\"21,22,23\">\n\t\t\t<a href=\"https:\/\/fseneca.es\/secyt22\/actividad\/taller-de-prevencion-de-riesgo-cardiovascular\/\"><strong>Taller de prevenci\u00f3n de riesgo cardiovascular<\/strong><\/a><p>Universidad de Murcia<\/p><span class=\"date\">Durante todo el horario de la feria<\/span>\n\t\t\t<!--<p><span class=\" small\">Facultad de Medicina UMU<\/span><\/p> -->\n\t\t\t<\/div><div class=\"hidden\" data-participante=\"Universidad de Murcia\" data-publico=\"general\" data-tipo=\"taller\" data-area=\"7\" data-day=\"21,22,23\">\n\t\t\t<a href=\"https:\/\/fseneca.es\/secyt22\/actividad\/lavado-de-manos\/\"><strong>Lavado de manos<\/strong><\/a><p>Universidad de Murcia<\/p><span class=\"date\">Durante todo el horario de la feria<\/span>\n\t\t\t<!--<p><span class=\" small\">Facultad de Medicina UMU<\/span><\/p> -->\n\t\t\t<\/div><div class=\"hidden\" data-participante=\"Universidad de Murcia\" data-publico=\"infantil,primaria\" data-tipo=\"taller\" data-area=\"7\" data-day=\"21,22,23\">\n\t\t\t<a href=\"https:\/\/fseneca.es\/secyt22\/actividad\/actividades-infantiles-sobre-el-cuerpo-humano\/\"><strong>Actividades infantiles sobre el cuerpo humano<\/strong><\/a><p>Universidad de Murcia<\/p><span class=\"date\">Durante todo el horario de la feria<\/span>\n\t\t\t<!--<p><span class=\" small\">Facultad de Medicina UMU<\/span><\/p> -->\n\t\t\t<\/div><div class=\"hidden\" data-participante=\"Universidad de Murcia\" data-publico=\"general\" data-tipo=\"exposicion,juego,proyeccion\" data-area=\"24\" data-day=\"21,22,23\">\n\t\t\t<a href=\"https:\/\/fseneca.es\/secyt22\/actividad\/umu-iuris-y-los-ods-acciones-para-las-personas-y-para-el-planeta\/\"><strong>UMU IURIS y los ODS: acciones para las personas y para el planeta<\/strong><\/a><p>Universidad de Murcia<\/p><span class=\"date\">Durante todo el horario de la feria<\/span>\n\t\t\t<!--<p><span class=\" small\"><\/span><\/p> -->\n\t\t\t<\/div><div class=\"hidden\" data-participante=\"Universidad de Murcia\" data-publico=\"primaria,eso,bachiller,universitario,general\" data-tipo=\"exposicion,taller\" data-area=\"19\" data-day=\"21,22,23\">\n\t\t\t<a href=\"https:\/\/fseneca.es\/secyt22\/actividad\/los-desafios-fisico-cooperativos-como-estrategia-para-fomentar-el-aprendizaje-cooperativo-la-cohesion-grupal-y-la-confianza\/\"><strong>Los desaf\u00edos f\u00edsico-cooperativos como estrategia para fomentar el aprendizaje cooperativo, la cohesi\u00f3n grupal y la confianza<\/strong><\/a><p>Universidad de Murcia<\/p><span class=\"date\">Durante todo el horario de la feria<\/span>\n\t\t\t<!--<p><span class=\" small\"><\/span><\/p> -->\n\t\t\t<\/div><div class=\"hidden\" data-participante=\"Universidad de Murcia\" data-publico=\"primaria,eso,bachiller,universitario,general\" data-tipo=\"exposicion,taller\" data-area=\"19\" data-day=\"21,22,23\">\n\t\t\t<a href=\"https:\/\/fseneca.es\/secyt22\/actividad\/el-uso-de-la-gamificacion-en-educacion-para-aumentar-la-motivacion-y-la-participacion-de-los-estudiantes\/\"><strong>El uso de la gamificaci\u00f3n en educaci\u00f3n para aumentar la motivaci\u00f3n y la participaci\u00f3n de los estudiantes<\/strong><\/a><p>Universidad de Murcia<\/p><span class=\"date\">Durante todo el horario de la feria<\/span>\n\t\t\t<!--<p><span class=\" small\"><\/span><\/p> -->\n\t\t\t<\/div><div class=\"hidden\" data-participante=\"Universidad de Murcia\" data-publico=\"primaria,eso,bachiller,universitario,general\" data-tipo=\"exposicion,taller\" data-area=\"19\" data-day=\"21,22,23\">\n\t\t\t<a href=\"https:\/\/fseneca.es\/secyt22\/actividad\/motivaccion-alimenta-tu-superaccion\/\"><strong>MotivACCI\u00d3N: alimenta tu SuperACCI\u00d3N<\/strong><\/a><p>Universidad de Murcia<\/p><span class=\"date\">Durante todo el horario de la feria<\/span>\n\t\t\t<!--<p><span class=\" small\"><\/span><\/p> -->\n\t\t\t<\/div><div class=\"hidden\" data-participante=\"Universidad de Murcia\" data-publico=\"primaria,eso,bachiller,universitario,general\" data-tipo=\"exposicion,taller\" data-area=\"19\" data-day=\"21,22,23\">\n\t\t\t<a href=\"https:\/\/fseneca.es\/secyt22\/actividad\/descansos-activos-para-reducir-el-sedentarismo-y-aumentar-el-desempeno-cognitivo\/\"><strong>Descansos activos para reducir el sedentarismo y aumentar el desempe\u00f1o cognitivo<\/strong><\/a><p>Universidad de Murcia<\/p><span class=\"date\">Durante todo el horario de la feria<\/span>\n\t\t\t<!--<p><span class=\" small\"><\/span><\/p> -->\n\t\t\t<\/div><div class=\"hidden\" data-participante=\"Instituto Murciano de Investigaci\u00f3n y Desarrollo Agrario y Medio Ambiental - IMIDA\" data-publico=\"infantil,primaria,eso,bachiller,general\" data-tipo=\"demostracion,explicacion,taller,juego\" data-area=\"6,9,10,12\" data-day=\"\">\n\t\t\t<a href=\"https:\/\/fseneca.es\/secyt22\/actividad\/cultivo-in-vitro-de-plantas-2\/\"><strong>Cultivo in vitro  de plantas<\/strong><\/a><p>Instituto Murciano de Investigaci\u00f3n y Desarrollo Agrario y Medio Ambiental - IMIDA<\/p><span class=\"date\"><\/span>\n\t\t\t<!--<p><span class=\" small\"><\/span><\/p> -->\n\t\t\t<\/div><div class=\"hidden\" data-participante=\"UCAM Universidad Cat\u00f3lica de Murcia\" data-publico=\"infantil,primaria,eso,bachiller,universitario,general\" data-tipo=\"demostracion,taller\" data-area=\"4,6\" data-day=\"21,22,23\">\n\t\t\t<a href=\"https:\/\/fseneca.es\/secyt22\/actividad\/aterrizando-en-la-labor-de-un-a-biotecnologo-a\/\"><strong>Aterrizando en la labor de un\/a biotecn\u00f3logo\/a<\/strong><\/a><p>UCAM Universidad Cat\u00f3lica de Murcia<\/p><span class=\"date\">Durante todo el horario de la feria<\/span>\n\t\t\t<!--<p><span class=\" small\"><\/span><\/p> -->\n\t\t\t<\/div><div class=\"hidden\" data-participante=\"Universidad de Murcia\" data-publico=\"primaria,eso,bachiller,universitario,general\" data-tipo=\"taller,juego\" data-area=\"4,6\" data-day=\"21,22,23\">\n\t\t\t<a href=\"https:\/\/fseneca.es\/secyt22\/actividad\/inmunobiologia-para-la-acuicultura\/\"><strong>Inmunobiolog\u00eda para la acuicultura<\/strong><\/a><p>Universidad de Murcia<\/p><span class=\"date\">Durante todo el horario de la feria<\/span>\n\t\t\t<!--<p><span class=\" small\"><\/span><\/p> -->\n\t\t\t<\/div><div class=\"hidden\" data-participante=\"UCAM Universidad Cat\u00f3lica de Murcia\" data-publico=\"eso,bachiller\" data-tipo=\"demostracion,taller\" data-area=\"10\" data-day=\"21,22,23\">\n\t\t\t<a href=\"https:\/\/fseneca.es\/secyt22\/actividad\/gastronomia-e-innovacion-alimentaria\/\"><strong>Gastronom\u00eda e innovaci\u00f3n alimentaria<\/strong><\/a><p>UCAM Universidad Cat\u00f3lica de Murcia<\/p><span class=\"date\">Durante todo el horario de la feria<\/span>\n\t\t\t<!--<p><span class=\" small\"><\/span><\/p> -->\n\t\t\t<\/div><div class=\"hidden\" data-participante=\"UCAM Universidad Cat\u00f3lica de Murcia\" data-publico=\"infantil,primaria,eso,bachiller\" data-tipo=\"demostracion,explicacion\" data-area=\"10\" data-day=\"21,22,23\">\n\t\t\t<a href=\"https:\/\/fseneca.es\/secyt22\/actividad\/dejemos-de-alimentar-los-bulos\/\"><strong>Dejemos de alimentar los bulos<\/strong><\/a><p>UCAM Universidad Cat\u00f3lica de Murcia<\/p><span class=\"date\">Durante todo el horario de la feria<\/span>\n\t\t\t<!--<p><span class=\" small\"><\/span><\/p> -->\n\t\t\t<\/div><div class=\"hidden\" data-participante=\"Universidad de Murcia\" data-publico=\"eso,bachiller,universitario,general\" data-tipo=\"juego\" data-area=\"19\" data-day=\"21,22,23\">\n\t\t\t<a href=\"https:\/\/fseneca.es\/secyt22\/actividad\/trivial-sociologico-4\/\"><strong>Trivial sociol\u00f3gico<\/strong><\/a><p>Universidad de Murcia<\/p><span class=\"date\">Durante todo el horario de la feria<\/span>\n\t\t\t<!--<p><span class=\" small\"><\/span><\/p> -->\n\t\t\t<\/div><div class=\"hidden\" data-participante=\"Universidad de Murcia\" data-publico=\"eso,bachiller,universitario,general\" data-tipo=\"concurso\" data-area=\"19\" data-day=\"21,22,23\">\n\t\t\t<a href=\"https:\/\/fseneca.es\/secyt22\/actividad\/que-ves-aqui-imaginacion-sociologica-al-poder\/\"><strong>\u00bfQu\u00e9 ves aqu\u00ed? \u00a1Imaginaci\u00f3n sociol\u00f3gica al poder!<\/strong><\/a><p>Universidad de Murcia<\/p><span class=\"date\">Durante todo el horario de la feria<\/span>\n\t\t\t<!--<p><span class=\" small\"><\/span><\/p> -->\n\t\t\t<\/div><div class=\"hidden\" data-participante=\"Universidad de Murcia\" data-publico=\"eso,bachiller,universitario,general\" data-tipo=\"explicacion,juego\" data-area=\"19\" data-day=\"21,22,23\">\n\t\t\t<a href=\"https:\/\/fseneca.es\/secyt22\/actividad\/cuanto-sabes-de-las-sociedades-actuales\/\"><strong>\u00bfCu\u00e1nto sabes de las sociedades actuales?<\/strong><\/a><p>Universidad de Murcia<\/p><span class=\"date\">Durante todo el horario de la feria<\/span>\n\t\t\t<!--<p><span class=\" small\"><\/span><\/p> -->\n\t\t\t<\/div><div class=\"hidden\" data-participante=\"Universidad de Murcia\" data-publico=\"eso,bachiller,universitario,general\" data-tipo=\"explicacion\" data-area=\"19\" data-day=\"21,22,23\">\n\t\t\t<a href=\"https:\/\/fseneca.es\/secyt22\/actividad\/sociologia-visual-2\/\"><strong>Sociolog\u00eda visual<\/strong><\/a><p>Universidad de Murcia<\/p><span class=\"date\">Durante todo el horario de la feria<\/span>\n\t\t\t<!--<p><span class=\" small\"><\/span><\/p> -->\n\t\t\t<\/div><div class=\"hidden\" data-participante=\"Universidad de Murcia\" data-publico=\"eso,bachiller\" data-tipo=\"juego\" data-area=\"19\" data-day=\"21,22,23\">\n\t\t\t<a href=\"https:\/\/fseneca.es\/secyt22\/actividad\/sociologo-por-un-dia-3\/\"><strong>Soci\u00f3logo por un d\u00eda<\/strong><\/a><p>Universidad de Murcia<\/p><span class=\"date\">Durante todo el horario de la feria<\/span>\n\t\t\t<!--<p><span class=\" small\"><\/span><\/p> -->\n\t\t\t<\/div><div class=\"hidden\" data-participante=\"Universidad de Murcia\" data-publico=\"primaria,eso,bachiller,universitario,general\" data-tipo=\"demostracion,explicacion,juego\" data-area=\"2,25\" data-day=\"21,22,23\">\n\t\t\t<a href=\"https:\/\/fseneca.es\/secyt22\/actividad\/juega-con-la-refraccion-y-la-reflexion-de-la-luz\/\"><strong>Juega con la refracci\u00f3n y la reflexi\u00f3n de la luz<\/strong><\/a><p>Universidad de Murcia<\/p><span class=\"date\">Durante todo el horario de la feria<\/span>\n\t\t\t<!--<p><span class=\" small\">Facultad de \u00d3ptica y Optometr\u00eda y GTC \"Luz y Visi\u00f3n\"<\/span><\/p> -->\n\t\t\t<\/div><div class=\"hidden\" data-participante=\"Universidad de Murcia\" data-publico=\"primaria,eso,bachiller,universitario,general\" data-tipo=\"exposicion,explicacion,juego\" data-area=\"7,25\" data-day=\"21,22,23\">\n\t\t\t<a href=\"https:\/\/fseneca.es\/secyt22\/actividad\/por-que-es-tan-importante-la-salud-visual\/\"><strong>\u00bfPor qu\u00e9 es tan importante la salud visual?<\/strong><\/a><p>Universidad de Murcia<\/p><span class=\"date\">Durante todo el horario de la feria<\/span>\n\t\t\t<!--<p><span class=\" small\">Facultad de \u00d3ptica y Optometr\u00eda y GTC \"Luz y visi\u00f3n\"<\/span><\/p> -->\n\t\t\t<\/div><div class=\"hidden\" data-participante=\"Universidad de Murcia\" data-publico=\"infantil,primaria\" data-tipo=\"taller\" data-area=\"25\" data-day=\"21,22,23\">\n\t\t\t<a href=\"https:\/\/fseneca.es\/secyt22\/actividad\/pinta-y-colorea-los-ojos\/\"><strong>Pinta y colorea los ojos<\/strong><\/a><p>Universidad de Murcia<\/p><span class=\"date\">Durante todo el horario de la feria<\/span>\n\t\t\t<!--<p><span class=\" small\">Facultad de \u00d3ptica y Optometr\u00eda<\/span><\/p> -->\n\t\t\t<\/div><div class=\"hidden\" data-participante=\"Universidad de Murcia\" data-publico=\"primaria,eso,bachiller,universitario,general\" data-tipo=\"demostracion,explicacion\" data-area=\"7,25\" data-day=\"21,22,23\">\n\t\t\t<a href=\"https:\/\/fseneca.es\/secyt22\/actividad\/vision-al-color-daltonismo\/\"><strong>Visi\u00f3n al color: daltonismo<\/strong><\/a><p>Universidad de Murcia<\/p><span class=\"date\">Durante todo el horario de la feria<\/span>\n\t\t\t<!--<p><span class=\" small\">Facultad de \u00d3ptica y Optometr\u00eda y GTC \"Luz y Visi\u00f3n\"<\/span><\/p> -->\n\t\t\t<\/div><div class=\"hidden\" data-participante=\"Universidad de Murcia\" data-publico=\"primaria,eso,bachiller,universitario,general\" data-tipo=\"explicacion,juego\" data-area=\"2,7,25\" data-day=\"21,22,23\">\n\t\t\t<a href=\"https:\/\/fseneca.es\/secyt22\/actividad\/quien-es-quien-las-partes-del-ojo\/\"><strong>\u00bfQui\u00e9n es qui\u00e9n? Las partes del ojo<\/strong><\/a><p>Universidad de Murcia<\/p><span class=\"date\">Durante todo el horario de la feria<\/span>\n\t\t\t<!--<p><span class=\" small\">Facultad de \u00d3ptica y Optometr\u00eda y GTC \"Luz y Visi\u00f3n\"<\/span><\/p> -->\n\t\t\t<\/div><div class=\"hidden\" data-participante=\"Universidad de Murcia\" data-publico=\"infantil,primaria,eso,bachiller,universitario,general\" data-tipo=\"explicacion,otro\" data-area=\"22\" data-day=\"21,22,23\">\n\t\t\t<a href=\"https:\/\/fseneca.es\/secyt22\/actividad\/en-la-piel-de-curie-y-pasteur\/\"><strong>En la piel de Curie y Pasteur<\/strong><\/a><p>Universidad de Murcia<\/p><span class=\"date\">Durante todo el horario de la feria<\/span>\n\t\t\t<!--<p><span class=\" small\"><\/span><\/p> -->\n\t\t\t<\/div><div class=\"hidden\" data-participante=\"Universidad de Murcia\" data-publico=\"primaria,eso,bachiller,universitario,general\" data-tipo=\"explicacion,juego\" data-area=\"22\" data-day=\"21,22,23\">\n\t\t\t<a href=\"https:\/\/fseneca.es\/secyt22\/actividad\/literatura-y-ciencia-julio-verne-visionario\/\"><strong>Literatura y ciencia: Julio Verne visionario<\/strong><\/a><p>Universidad de Murcia<\/p><span class=\"date\">Durante todo el horario de la feria<\/span>\n\t\t\t<!--<p><span class=\" small\"><\/span><\/p> -->\n\t\t\t<\/div><div class=\"hidden\" data-participante=\"Universidad de Murcia\" data-publico=\"infantil,primaria,eso\" data-tipo=\"juego\" data-area=\"22\" data-day=\"21,22,23\">\n\t\t\t<a href=\"https:\/\/fseneca.es\/secyt22\/actividad\/la-vuelta-al-mundo-en-un-tablero\/\"><strong>La vuelta al mundo en un tablero<\/strong><\/a><p>Universidad de Murcia<\/p><span class=\"date\">Durante todo el horario de la feria<\/span>\n\t\t\t<!--<p><span class=\" small\"><\/span><\/p> -->\n\t\t\t<\/div><div class=\"hidden\" data-participante=\"Universidad de Murcia\" data-publico=\"primaria,eso,bachiller,universitario,general\" data-tipo=\"juego\" data-area=\"22\" data-day=\"21,22,23\">\n\t\t\t<a href=\"https:\/\/fseneca.es\/secyt22\/actividad\/science-en-francais\/\"><strong>Science en fran\u00e7ais<\/strong><\/a><p>Universidad de Murcia<\/p><span class=\"date\">Durante todo el horario de la feria<\/span>\n\t\t\t<!--<p><span class=\" small\"><\/span><\/p> -->\n\t\t\t<\/div><div class=\"hidden\" data-participante=\"Universidad de Murcia\" data-publico=\"primaria,eso,bachiller,universitario,general\" data-tipo=\"explicacion,juego\" data-area=\"22\" data-day=\"21,22,23\">\n\t\t\t<a href=\"https:\/\/fseneca.es\/secyt22\/actividad\/cartografia-de-las-cientificas-y-los-cientificos-italianos-mas-relevantes\/\"><strong>Cartograf\u00eda de las cient\u00edficas y los cient\u00edficos italianos m\u00e1s relevantes<\/strong><\/a><p>Universidad de Murcia<\/p><span class=\"date\">Durante todo el horario de la feria<\/span>\n\t\t\t<!--<p><span class=\" small\"><\/span><\/p> -->\n\t\t\t<\/div><div class=\"hidden\" data-participante=\"Universidad de Murcia\" data-publico=\"primaria,eso,bachiller,universitario,general\" data-tipo=\"explicacion,juego\" data-area=\"22\" data-day=\"21,22,23\">\n\t\t\t<a href=\"https:\/\/fseneca.es\/secyt22\/actividad\/grandes-genios-italianos\/\"><strong>Grandes genios italianos<\/strong><\/a><p>Universidad de Murcia<\/p><span class=\"date\">Durante todo el horario de la feria<\/span>\n\t\t\t<!--<p><span class=\" small\"><\/span><\/p> -->\n\t\t\t<\/div><div class=\"hidden\" data-participante=\"Universidad de Murcia\" data-publico=\"primaria,eso,bachiller,universitario,general\" data-tipo=\"juego\" data-area=\"22\" data-day=\"21,22,23\">\n\t\t\t<a href=\"https:\/\/fseneca.es\/secyt22\/actividad\/kahoot-en-que-pais-se-invento\/\"><strong>\u00a1Kahoot!, \u00bfen qu\u00e9 pa\u00eds se invent\u00f3?<\/strong><\/a><p>Universidad de Murcia<\/p><span class=\"date\">Durante todo el horario de la feria<\/span>\n\t\t\t<!--<p><span class=\" small\"><\/span><\/p> -->\n\t\t\t<\/div><div class=\"hidden\" data-participante=\"Universidad de Murcia\" data-publico=\"primaria,eso,bachiller,universitario,general\" data-tipo=\"explicacion,juego\" data-area=\"22\" data-day=\"21,22,23\">\n\t\t\t<a href=\"https:\/\/fseneca.es\/secyt22\/actividad\/frases-celebres-de-cientificas-y-cientificos-en-ingles-y-sus-correspondencias-en-frances-y-espanol\/\"><strong>Frases c\u00e9lebres de cient\u00edficas y cient\u00edficos en ingl\u00e9s y sus correspondencias en franc\u00e9s y espa\u00f1ol<\/strong><\/a><p>Universidad de Murcia<\/p><span class=\"date\">Durante todo el horario de la feria<\/span>\n\t\t\t<!--<p><span class=\" small\"><\/span><\/p> -->\n\t\t\t<\/div><div class=\"hidden\" data-participante=\"Universidad de Murcia\" data-publico=\"primaria,eso,bachiller,universitario,general\" data-tipo=\"explicacion,juego,proyeccion\" data-area=\"22\" data-day=\"21,22,23\">\n\t\t\t<a href=\"https:\/\/fseneca.es\/secyt22\/actividad\/sabios-y-sabias-de-murcia\/\"><strong>Sabios y sabias de Murcia<\/strong><\/a><p>Universidad de Murcia<\/p><span class=\"date\">Durante todo el horario de la feria<\/span>\n\t\t\t<!--<p><span class=\" small\"><\/span><\/p> -->\n\t\t\t<\/div><div class=\"hidden\" data-participante=\"Universidad de Murcia\" data-publico=\"infantil,primaria,eso,bachiller,universitario,general\" data-tipo=\"exposicion,explicacion,juego\" data-area=\"22\" data-day=\"21,22,23\">\n\t\t\t<a href=\"https:\/\/fseneca.es\/secyt22\/actividad\/no-solo-verne-pasteur-y-curie\/\"><strong>No solo Verne, Pasteur y Curie&#8230;<\/strong><\/a><p>Universidad de Murcia<\/p><span class=\"date\">Durante todo el horario de la feria<\/span>\n\t\t\t<!--<p><span class=\" small\"><\/span><\/p> -->\n\t\t\t<\/div><div class=\"hidden\" data-participante=\"Universidad de Murcia\" data-publico=\"primaria,eso,bachiller,universitario,general\" data-tipo=\"exposicion,explicacion,juego\" data-area=\"22\" data-day=\"21,22,23\">\n\t\t\t<a href=\"https:\/\/fseneca.es\/secyt22\/actividad\/cientificos-por-el-mundo\/\"><strong>Cient\u00edficos por el mundo<\/strong><\/a><p>Universidad de Murcia<\/p><span class=\"date\">Durante todo el horario de la feria<\/span>\n\t\t\t<!--<p><span class=\" small\"><\/span><\/p> -->\n\t\t\t<\/div><div class=\"hidden\" data-participante=\"Universidad de Murcia\" data-publico=\"eso,bachiller,universitario,general\" data-tipo=\"concurso\" data-area=\"22\" data-day=\"21,22,23\">\n\t\t\t<a href=\"https:\/\/fseneca.es\/secyt22\/actividad\/kahoot-cuanto-sabes-de-estos-as-cientificos-as\/\"><strong>\u00a1Kahoot!, \u00bfcu\u00e1nto sabes de estos\/as cient\u00edficos\/as?<\/strong><\/a><p>Universidad de Murcia<\/p><span class=\"date\">Durante todo el horario de la feria<\/span>\n\t\t\t<!--<p><span class=\" small\"><\/span><\/p> -->\n\t\t\t<\/div><div class=\"hidden\" data-participante=\"Universidad de Murcia\" data-publico=\"general\" data-tipo=\"exposicion\" data-area=\"12\" data-day=\"21,22,23\">\n\t\t\t<a href=\"https:\/\/fseneca.es\/secyt22\/actividad\/presentacion-de-la-embarcacion-universitas\/\"><strong>Presentaci\u00f3n de la  embarcaci\u00f3n UNIVERSITAS<\/strong><\/a><p>Universidad de Murcia<\/p><span class=\"date\">Durante todo el horario de la feria<\/span>\n\t\t\t<!--<p><span class=\" small\"><\/span><\/p> -->\n\t\t\t<\/div><div class=\"hidden\" data-participante=\"Universidad de Murcia\" data-publico=\"general\" data-tipo=\"exposicion\" data-area=\"12\" data-day=\"21,22,23\">\n\t\t\t<a href=\"https:\/\/fseneca.es\/secyt22\/actividad\/buceo-cientifico\/\"><strong>Buceo cient\u00edfico<\/strong><\/a><p>Universidad de Murcia<\/p><span class=\"date\">Durante todo el horario de la feria<\/span>\n\t\t\t<!--<p><span class=\" small\"><\/span><\/p> -->\n\t\t\t<\/div><div class=\"hidden\" data-participante=\"Universidad de Murcia\" data-publico=\"general\" data-tipo=\"exposicion\" data-area=\"12\" data-day=\"21,22,23\">\n\t\t\t<a href=\"https:\/\/fseneca.es\/secyt22\/actividad\/exposicion-fotografica\/\"><strong>Exposici\u00f3n fotogr\u00e1fica<\/strong><\/a><p>Universidad de Murcia<\/p><span class=\"date\">Durante todo el horario de la feria<\/span>\n\t\t\t<!--<p><span class=\" small\"><\/span><\/p> -->\n\t\t\t<\/div><div class=\"hidden\" data-participante=\"Universidad de Murcia\" data-publico=\"general\" data-tipo=\"explicacion\" data-area=\"12\" data-day=\"21,22,23\">\n\t\t\t<a href=\"https:\/\/fseneca.es\/secyt22\/actividad\/sedimento-del-mar-menor\/\"><strong>Sedimento del Mar Menor<\/strong><\/a><p>Universidad de Murcia<\/p><span class=\"date\">Durante todo el horario de la feria<\/span>\n\t\t\t<!--<p><span class=\" small\"><\/span><\/p> -->\n\t\t\t<\/div><div class=\"hidden\" data-participante=\"Universidad de Murcia\" data-publico=\"general\" data-tipo=\"explicacion\" data-area=\"12\" data-day=\"21,22,23\">\n\t\t\t<a href=\"https:\/\/fseneca.es\/secyt22\/actividad\/flora-y-fauna-del-mar-menor\/\"><strong>Flora y fauna del Mar Menor<\/strong><\/a><p>Universidad de Murcia<\/p><span class=\"date\">Durante todo el horario de la feria<\/span>\n\t\t\t<!--<p><span class=\" small\"><\/span><\/p> -->\n\t\t\t<\/div><div class=\"hidden\" data-participante=\"Universidad de Murcia\" data-publico=\"general\" data-tipo=\"exposicion\" data-area=\"12\" data-day=\"21,22,23\">\n\t\t\t<a href=\"https:\/\/fseneca.es\/secyt22\/actividad\/seguimiento-mar-menor\/\"><strong>Seguimiento Mar Menor<\/strong><\/a><p>Universidad de Murcia<\/p><span class=\"date\">Durante todo el horario de la feria<\/span>\n\t\t\t<!--<p><span class=\" small\"><\/span><\/p> -->\n\t\t\t<\/div><div class=\"hidden\" data-participante=\"Universidad de Murcia\" data-publico=\"infantil,primaria,eso,bachiller,universitario,general\" data-tipo=\"explicacion,taller,concurso,juego\" data-area=\"21\" data-day=\"21,22,23\">\n\t\t\t<a href=\"https:\/\/fseneca.es\/secyt22\/actividad\/eres-creativo-dinamicas-para-fomentar-el-dominio-verbal-de-la-creatividad\/\"><strong>\u00bfEres creativo? Din\u00e1micas para fomentar el dominio verbal de la creatividad<\/strong><\/a><p>Universidad de Murcia<\/p><span class=\"date\">Durante todo el horario de la feria<\/span>\n\t\t\t<!--<p><span class=\" small\"><\/span><\/p> -->\n\t\t\t<\/div><div class=\"hidden\" data-participante=\"Universidad de Murcia\" data-publico=\"primaria,eso,bachiller\" data-tipo=\"explicacion\" data-area=\"14,15\" data-day=\"21,22,23\">\n\t\t\t<a href=\"https:\/\/fseneca.es\/secyt22\/actividad\/construye-y-juega\/\"><strong>Construye y juega<\/strong><\/a><p>Universidad de Murcia<\/p><span class=\"date\">Durante todo el horario de la feria<\/span>\n\t\t\t<!--<p><span class=\" small\"><\/span><\/p> -->\n\t\t\t<\/div><div class=\"hidden\" data-participante=\"Universidad de Murcia\" data-publico=\"general\" data-tipo=\"juego\" data-area=\"4\" data-day=\"21,22,23\">\n\t\t\t<a href=\"https:\/\/fseneca.es\/secyt22\/actividad\/jugando-con-la-quimica\/\"><strong>Jugando con la qu\u00edmica<\/strong><\/a><p>Universidad de Murcia<\/p><span class=\"date\">Durante todo el horario de la feria<\/span>\n\t\t\t<!--<p><span class=\" small\"><\/span><\/p> -->\n\t\t\t<\/div><div class=\"hidden\" data-participante=\"Universidad de Murcia\" data-publico=\"general\" data-tipo=\"demostracion,explicacion\" data-area=\"4\" data-day=\"21,22,23\">\n\t\t\t<a href=\"https:\/\/fseneca.es\/secyt22\/actividad\/coquet-quim\/\"><strong>Coquet-Quim<\/strong><\/a><p>Universidad de Murcia<\/p><span class=\"date\">Durante todo el horario de la feria<\/span>\n\t\t\t<!--<p><span class=\" small\"><\/span><\/p> -->\n\t\t\t<\/div><div class=\"hidden\" data-participante=\"Universidad de Murcia\" data-publico=\"general\" data-tipo=\"demostracion,explicacion\" data-area=\"4\" data-day=\"21,22,23\">\n\t\t\t<a href=\"https:\/\/fseneca.es\/secyt22\/actividad\/la-quimica-nos-protege-del-sol\/\"><strong>La qu\u00edmica nos protege del sol<\/strong><\/a><p>Universidad de Murcia<\/p><span class=\"date\">Durante todo el horario de la feria<\/span>\n\t\t\t<!--<p><span class=\" small\"><\/span><\/p> -->\n\t\t\t<\/div><div class=\"hidden\" data-participante=\"Universidad de Murcia\" data-publico=\"general\" data-tipo=\"demostracion,explicacion\" data-area=\"4\" data-day=\"21,22,23\">\n\t\t\t<a href=\"https:\/\/fseneca.es\/secyt22\/actividad\/la-quimica-nos-hace-mas-limpios\/\"><strong>La qu\u00edmica nos hace m\u00e1s limpios<\/strong><\/a><p>Universidad de Murcia<\/p><span class=\"date\">Durante todo el horario de la feria<\/span>\n\t\t\t<!--<p><span class=\" small\"><\/span><\/p> -->\n\t\t\t<\/div><div class=\"hidden\" data-participante=\"Universidad de Murcia\" data-publico=\"infantil,primaria,eso,bachiller,universitario,general\" data-tipo=\"taller\" data-area=\"4\" data-day=\"21,22,23\">\n\t\t\t<a href=\"https:\/\/fseneca.es\/secyt22\/actividad\/taller-creativo-de-diseno-de-joyas-mediante-moleculas-quimicas\/\"><strong>Taller creativo de dise\u00f1o de joyas mediante mol\u00e9culas qu\u00edmicas<\/strong><\/a><p>Universidad de Murcia<\/p><span class=\"date\">Durante todo el horario de la feria<\/span>\n\t\t\t<!--<p><span class=\" small\"><\/span><\/p> -->\n\t\t\t<\/div><div class=\"hidden\" data-participante=\"Universidad de Murcia\" data-publico=\"infantil,primaria\" data-tipo=\"juego\" data-area=\"4\" data-day=\"21,22,23\">\n\t\t\t<a href=\"https:\/\/fseneca.es\/secyt22\/actividad\/jugando-con-pompas-de-jabon-y-tintas-invisibles\/\"><strong>Jugando con pompas de jab\u00f3n y tintas invisibles<\/strong><\/a><p>Universidad de Murcia<\/p><span class=\"date\">Durante todo el horario de la feria<\/span>\n\t\t\t<!--<p><span class=\" small\"><\/span><\/p> -->\n\t\t\t<\/div><div class=\"hidden\" data-participante=\"UCAM Universidad Cat\u00f3lica de Murcia\" data-publico=\"infantil,primaria,eso,bachiller,universitario,general\" data-tipo=\"taller\" data-area=\"14,21,25\" data-day=\"21,22,23\">\n\t\t\t<a href=\"https:\/\/fseneca.es\/secyt22\/actividad\/ucam-tokiers-el-equipo-profesional-de-deportes-electronicos-de-la-region-de-murcia\/\"><strong>UCAM Tokiers: el equipo profesional de deportes electr\u00f3nicos de la Regi\u00f3n de Murcia<\/strong><\/a><p>UCAM Universidad Cat\u00f3lica de Murcia<\/p><span class=\"date\">Durante todo el horario de la feria<\/span>\n\t\t\t<!--<p><span class=\" small\"><\/span><\/p> -->\n\t\t\t<\/div><div class=\"hidden\" data-participante=\"UCAM Universidad Cat\u00f3lica de Murcia\" data-publico=\"general\" data-tipo=\"taller\" data-area=\"25\" data-day=\"21,22,23\">\n\t\t\t<a href=\"https:\/\/fseneca.es\/secyt22\/actividad\/salto-vertical-como-indicador-del-rendimiento-deportivo\/\"><strong>Salto vertical como indicador del rendimiento deportivo<\/strong><\/a><p>UCAM Universidad Cat\u00f3lica de Murcia<\/p><span class=\"date\">Durante todo el horario de la feria<\/span>\n\t\t\t<!--<p><span class=\" small\"><\/span><\/p> -->\n\t\t\t<\/div><div class=\"hidden\" data-participante=\"UCAM Universidad Cat\u00f3lica de Murcia\" data-publico=\"eso,bachiller,universitario,general\" data-tipo=\"exposicion,demostracion\" data-area=\"16\" data-day=\"21,22,23\">\n\t\t\t<a href=\"https:\/\/fseneca.es\/secyt22\/actividad\/cargas-y-deformaciones-en-estructuras-e-inestabilidad-elastica\/\"><strong>Cargas y deformaciones en estructuras e inestabilidad el\u00e1stica<\/strong><\/a><p>UCAM Universidad Cat\u00f3lica de Murcia<\/p><span class=\"date\">Durante todo el horario de la feria<\/span>\n\t\t\t<!--<p><span class=\" small\"><\/span><\/p> -->\n\t\t\t<\/div><div class=\"hidden\" data-participante=\"UCAM Universidad Cat\u00f3lica de Murcia\" data-publico=\"infantil,primaria,eso,general\" data-tipo=\"taller\" data-area=\"16\" data-day=\"21,22,23\">\n\t\t\t<a href=\"https:\/\/fseneca.es\/secyt22\/actividad\/taller-mi-ciudad-2\/\"><strong>Taller \u00abMi Ciudad\u00bb<\/strong><\/a><p>UCAM Universidad Cat\u00f3lica de Murcia<\/p><span class=\"date\">Durante todo el horario de la feria<\/span>\n\t\t\t<!--<p><span class=\" small\"><\/span><\/p> -->\n\t\t\t<\/div><div class=\"hidden\" data-participante=\"UCAM Universidad Cat\u00f3lica de Murcia\" data-publico=\"primaria,eso,bachiller,universitario,general\" data-tipo=\"taller\" data-area=\"16\" data-day=\"21,22,23\">\n\t\t\t<a href=\"https:\/\/fseneca.es\/secyt22\/actividad\/reconstruccion-del-patrimonio-arquitectonico-los-modelos-3d-como-herramienta-de-conservacion\/\"><strong>Reconstrucci\u00f3n del patrimonio arquitect\u00f3nico: los modelos 3D como herramienta de conservaci\u00f3n<\/strong><\/a><p>UCAM Universidad Cat\u00f3lica de Murcia<\/p><span class=\"date\">Durante todo el horario de la feria<\/span>\n\t\t\t<!--<p><span class=\" small\"><\/span><\/p> -->\n\t\t\t<\/div><div class=\"hidden\" data-participante=\"UCAM Universidad Cat\u00f3lica de Murcia\" data-publico=\"general\" data-tipo=\"taller\" data-area=\"25\" data-day=\"21,22,23\">\n\t\t\t<a href=\"https:\/\/fseneca.es\/secyt22\/actividad\/biomecanica-y-electromiografia-durante-el-ejercicio\/\"><strong>Biomec\u00e1nica y electromiograf\u00eda durante el ejercicio<\/strong><\/a><p>UCAM Universidad Cat\u00f3lica de Murcia<\/p><span class=\"date\">Durante todo el horario de la feria<\/span>\n\t\t\t<!--<p><span class=\" small\"><\/span><\/p> -->\n\t\t\t<\/div><div class=\"hidden\" data-participante=\"UCAM Universidad Cat\u00f3lica de Murcia\" data-publico=\"general\" data-tipo=\"demostracion,taller\" data-area=\"25\" data-day=\"21,22,23\">\n\t\t\t<a href=\"https:\/\/fseneca.es\/secyt22\/actividad\/condicion-fisica-rendimiento-y-salud\/\"><strong>Condici\u00f3n f\u00edsica, rendimiento y salud<\/strong><\/a><p>UCAM Universidad Cat\u00f3lica de Murcia<\/p><span class=\"date\">Durante todo el horario de la feria<\/span>\n\t\t\t<!--<p><span class=\" small\"><\/span><\/p> -->\n\t\t\t<\/div><div class=\"hidden\" data-participante=\"UCAM Universidad Cat\u00f3lica de Murcia\" data-publico=\"general\" data-tipo=\"demostracion,taller\" data-area=\"25\" data-day=\"21,22,23\">\n\t\t\t<a href=\"https:\/\/fseneca.es\/secyt22\/actividad\/comportamiento-visual-y-actividad-electrica-del-cerebro-de-espectadores-en-conferencias-de-prensa-deportivas\/\"><strong>Comportamiento visual y actividad el\u00e9ctrica del cerebro de espectadores en conferencias de prensa deportivas<\/strong><\/a><p>UCAM Universidad Cat\u00f3lica de Murcia<\/p><span class=\"date\">Durante todo el horario de la feria<\/span>\n\t\t\t<!--<p><span class=\" small\"><\/span><\/p> -->\n\t\t\t<\/div><div class=\"hidden\" data-participante=\"UCAM Universidad Cat\u00f3lica de Murcia\" data-publico=\"general\" data-tipo=\"taller\" data-area=\"25\" data-day=\"21,22,23\">\n\t\t\t<a href=\"https:\/\/fseneca.es\/secyt22\/actividad\/sarcopenia-y-riesgo-de-caidas\/\"><strong>Sarcopenia y riesgo de ca\u00eddas.<\/strong><\/a><p>UCAM Universidad Cat\u00f3lica de Murcia<\/p><span class=\"date\">Durante todo el horario de la feria<\/span>\n\t\t\t<!--<p><span class=\" small\"><\/span><\/p> -->\n\t\t\t<\/div><div class=\"hidden\" data-participante=\"UCAM Universidad Cat\u00f3lica de Murcia\" data-publico=\"general\" data-tipo=\"taller\" data-area=\"25\" data-day=\"21,22,23\">\n\t\t\t<a href=\"https:\/\/fseneca.es\/secyt22\/actividad\/valoracion-de-la-capacidad-funcional-y-fragilidad-en-personas-adultas-y-mayores\/\"><strong>Valoraci\u00f3n de la capacidad funcional y fragilidad en personas adultas y mayores.<\/strong><\/a><p>UCAM Universidad Cat\u00f3lica de Murcia<\/p><span class=\"date\">Durante todo el horario de la feria<\/span>\n\t\t\t<!--<p><span class=\" small\"><\/span><\/p> -->\n\t\t\t<\/div><div class=\"hidden\" data-participante=\"UCAM Universidad Cat\u00f3lica de Murcia\" data-publico=\"general\" data-tipo=\"demostracion,taller\" data-area=\"25\" data-day=\"21,22,23\">\n\t\t\t<a href=\"https:\/\/fseneca.es\/secyt22\/actividad\/ucam-podologia-descubre-tu-pisada\/\"><strong>UCAM Podolog\u00eda: descubre tu pisada<\/strong><\/a><p>UCAM Universidad Cat\u00f3lica de Murcia<\/p><span class=\"date\">Durante todo el horario de la feria<\/span>\n\t\t\t<!--<p><span class=\" small\"><\/span><\/p> -->\n\t\t\t<\/div><div class=\"hidden\" data-participante=\"UCAM Universidad Cat\u00f3lica de Murcia\" data-publico=\"general\" data-tipo=\"taller\" data-area=\"21\" data-day=\"21,22,23\">\n\t\t\t<a href=\"https:\/\/fseneca.es\/secyt22\/actividad\/brain-games\/\"><strong>Brain Games<\/strong><\/a><p>UCAM Universidad Cat\u00f3lica de Murcia<\/p><span class=\"date\">Durante todo el horario de la feria<\/span>\n\t\t\t<!--<p><span class=\" small\"><\/span><\/p> -->\n\t\t\t<\/div><div class=\"hidden\" data-participante=\"UCAM Universidad Cat\u00f3lica de Murcia\" data-publico=\"eso,bachiller,general\" data-tipo=\"demostracion\" data-area=\"13,16,25\" data-day=\"21,22,23\">\n\t\t\t<a href=\"https:\/\/fseneca.es\/secyt22\/actividad\/demostracion-de-dinamica-de-estructuras-con-maqueta-y-mesa-sismica\/\"><strong>Demostraci\u00f3n de din\u00e1mica de estructuras con maqueta y mesa s\u00edsmica<\/strong><\/a><p>UCAM Universidad Cat\u00f3lica de Murcia<\/p><span class=\"date\">Durante todo el horario de la feria<\/span>\n\t\t\t<!--<p><span class=\" small\"><\/span><\/p> -->\n\t\t\t<\/div><div class=\"hidden\" data-participante=\"UCAM Universidad Cat\u00f3lica de Murcia\" data-publico=\"eso,bachiller,general\" data-tipo=\"demostracion\" data-area=\"13,25\" data-day=\"21,22,23\">\n\t\t\t<a href=\"https:\/\/fseneca.es\/secyt22\/actividad\/demostracion-de-dinamica-de-estructuras-con-maquetas\/\"><strong>Demostraci\u00f3n de din\u00e1mica de estructuras con maquetas<\/strong><\/a><p>UCAM Universidad Cat\u00f3lica de Murcia<\/p><span class=\"date\">Durante todo el horario de la feria<\/span>\n\t\t\t<!--<p><span class=\" small\"><\/span><\/p> -->\n\t\t\t<\/div><div class=\"hidden\" data-participante=\"UCAM Universidad Cat\u00f3lica de Murcia\" data-publico=\"eso,bachiller\" data-tipo=\"taller\" data-area=\"14,25\" data-day=\"21,22,23\">\n\t\t\t<a href=\"https:\/\/fseneca.es\/secyt22\/actividad\/taller-de-iniciacion-al-diseno-e-impresion-3d\/\"><strong>Taller de iniciaci\u00f3n al dise\u00f1o e impresi\u00f3n 3D<\/strong><\/a><p>UCAM Universidad Cat\u00f3lica de Murcia<\/p><span class=\"date\">Durante todo el horario de la feria<\/span>\n\t\t\t<!--<p><span class=\" small\"><\/span><\/p> -->\n\t\t\t<\/div><div class=\"hidden\" data-participante=\"UCAM Universidad Cat\u00f3lica de Murcia\" data-publico=\"general\" data-tipo=\"demostracion\" data-area=\"14,15\" data-day=\"21,22,23\">\n\t\t\t<a href=\"https:\/\/fseneca.es\/secyt22\/actividad\/exposicion-de-proyectos-de-alumnos-iot\/\"><strong>Exposici\u00f3n de proyectos de alumnos IoT<\/strong><\/a><p>UCAM Universidad Cat\u00f3lica de Murcia<\/p><span class=\"date\">Durante todo el horario de la feria<\/span>\n\t\t\t<!--<p><span class=\" small\"><\/span><\/p> -->\n\t\t\t<\/div><div class=\"hidden\" data-participante=\"UCAM Universidad Cat\u00f3lica de Murcia\" data-publico=\"general\" data-tipo=\"demostracion,concurso,juego\" data-area=\"14,15,25\" data-day=\"21,22,23\">\n\t\t\t<a href=\"https:\/\/fseneca.es\/secyt22\/actividad\/super-torneo-digital-de-ping-pong\/\"><strong>Super Torneo Digital de Ping Pong<\/strong><\/a><p>UCAM Universidad Cat\u00f3lica de Murcia<\/p><span class=\"date\">Durante todo el horario de la feria<\/span>\n\t\t\t<!--<p><span class=\" small\"><\/span><\/p> -->\n\t\t\t<\/div><div class=\"hidden\" data-participante=\"UCAM Universidad Cat\u00f3lica de Murcia\" data-publico=\"general\" data-tipo=\"demostracion,taller\" data-area=\"14,15\" data-day=\"21,22,23\">\n\t\t\t<a href=\"https:\/\/fseneca.es\/secyt22\/actividad\/realidad-aumentada-y-realidad-virtual\/\"><strong>Realidad Aumentada y Realidad Virtual<\/strong><\/a><p>UCAM Universidad Cat\u00f3lica de Murcia<\/p><span class=\"date\">Durante todo el horario de la feria<\/span>\n\t\t\t<!--<p><span class=\" small\"><\/span><\/p> -->\n\t\t\t<\/div><div class=\"hidden\" data-participante=\"UCAM Universidad Cat\u00f3lica de Murcia\" data-publico=\"eso,bachiller,general\" data-tipo=\"taller\" data-area=\"14,15\" data-day=\"21,22,23\">\n\t\t\t<a href=\"https:\/\/fseneca.es\/secyt22\/actividad\/iocosas-los-objetos-se-vuelven-inteligentes\/\"><strong>IoCosas: Los objetos se vuelven inteligentes<\/strong><\/a><p>UCAM Universidad Cat\u00f3lica de Murcia<\/p><span class=\"date\">Durante todo el horario de la feria<\/span>\n\t\t\t<!--<p><span class=\" small\"><\/span><\/p> -->\n\t\t\t<\/div><div class=\"hidden\" data-participante=\"UCAM Universidad Cat\u00f3lica de Murcia\" data-publico=\"general\" data-tipo=\"demostracion,taller\" data-area=\"7,25\" data-day=\"21,22,23\">\n\t\t\t<a href=\"https:\/\/fseneca.es\/secyt22\/actividad\/alimentacion-equilibrada-y-salud\/\"><strong>Alimentaci\u00f3n equilibrada y salud<\/strong><\/a><p>UCAM Universidad Cat\u00f3lica de Murcia<\/p><span class=\"date\">Durante todo el horario de la feria<\/span>\n\t\t\t<!--<p><span class=\" small\"><\/span><\/p> -->\n\t\t\t<\/div><div class=\"hidden\" data-participante=\"UCAM Universidad Cat\u00f3lica de Murcia\" data-publico=\"general\" data-tipo=\"demostracion,taller\" data-area=\"7,25\" data-day=\"21,22,23\">\n\t\t\t<a href=\"https:\/\/fseneca.es\/secyt22\/actividad\/salva-una-vida\/\"><strong>Salva una vida<\/strong><\/a><p>UCAM Universidad Cat\u00f3lica de Murcia<\/p><span class=\"date\">Durante todo el horario de la feria<\/span>\n\t\t\t<!--<p><span class=\" small\"><\/span><\/p> -->\n\t\t\t<\/div><div class=\"hidden\" data-participante=\"UCAM Universidad Cat\u00f3lica de Murcia\" data-publico=\"general\" data-tipo=\"demostracion,taller\" data-area=\"7,25\" data-day=\"21,22,23\">\n\t\t\t<a href=\"https:\/\/fseneca.es\/secyt22\/actividad\/parto-simulado\/\"><strong>Parto simulado<\/strong><\/a><p>UCAM Universidad Cat\u00f3lica de Murcia<\/p><span class=\"date\">Durante todo el horario de la feria<\/span>\n\t\t\t<!--<p><span class=\" small\"><\/span><\/p> -->\n\t\t\t<\/div><div class=\"hidden\" data-participante=\"UCAM Universidad Cat\u00f3lica de Murcia\" data-publico=\"infantil,primaria,eso,bachiller,universitario,general\" data-tipo=\"demostracion,taller\" data-area=\"25\" data-day=\"21,22,23\">\n\t\t\t<a href=\"https:\/\/fseneca.es\/secyt22\/actividad\/conoce-tu-boca-2\/\"><strong>Conoce tu boca<\/strong><\/a><p>UCAM Universidad Cat\u00f3lica de Murcia<\/p><span class=\"date\">Durante todo el horario de la feria<\/span>\n\t\t\t<!--<p><span class=\" small\"><\/span><\/p> -->\n\t\t\t<\/div><div class=\"hidden\" data-participante=\"UCAM Universidad Cat\u00f3lica de Murcia\" data-publico=\"infantil,primaria,general\" data-tipo=\"demostracion,taller\" data-area=\"23\" data-day=\"21,22,23\">\n\t\t\t<a href=\"https:\/\/fseneca.es\/secyt22\/actividad\/el-arte-de-la-sal\/\"><strong>El arte de la sal<\/strong><\/a><p>UCAM Universidad Cat\u00f3lica de Murcia<\/p><span class=\"date\">Durante todo el horario de la feria<\/span>\n\t\t\t<!--<p><span class=\" small\"><\/span><\/p> -->\n\t\t\t<\/div><div class=\"hidden\" data-participante=\"UCAM Universidad Cat\u00f3lica de Murcia\" data-publico=\"infantil,primaria,general\" data-tipo=\"demostracion\" data-area=\"3,18\" data-day=\"21,22,23\">\n\t\t\t<a href=\"https:\/\/fseneca.es\/secyt22\/actividad\/paseos-matematicos\/\"><strong>Paseos matem\u00e1ticos<\/strong><\/a><p>UCAM Universidad Cat\u00f3lica de Murcia<\/p><span class=\"date\">Durante todo el horario de la feria<\/span>\n\t\t\t<!--<p><span class=\" small\"><\/span><\/p> -->\n\t\t\t<\/div><div class=\"hidden\" data-participante=\"UCAM Universidad Cat\u00f3lica de Murcia\" data-publico=\"primaria,eso,bachiller,general\" data-tipo=\"taller\" data-area=\"8\" data-day=\"21,22,23\">\n\t\t\t<a href=\"https:\/\/fseneca.es\/secyt22\/actividad\/elaboracion-de-gel-hidroalcoholico\/\"><strong>Elaboraci\u00f3n de gel hidroalcoh\u00f3lico<\/strong><\/a><p>UCAM Universidad Cat\u00f3lica de Murcia<\/p><span class=\"date\">Durante todo el horario de la feria<\/span>\n\t\t\t<!--<p><span class=\" small\"><\/span><\/p> -->\n\t\t\t<\/div><div class=\"hidden\" data-participante=\"UCAM Universidad Cat\u00f3lica de Murcia\" data-publico=\"general\" data-tipo=\"demostracion\" data-area=\"14,15,18\" data-day=\"21,22,23\">\n\t\t\t<a href=\"https:\/\/fseneca.es\/secyt22\/actividad\/simulacion-de-vuelo\/\"><strong>Simulaci\u00f3n de vuelo<\/strong><\/a><p>UCAM Universidad Cat\u00f3lica de Murcia<\/p><span class=\"date\">Durante todo el horario de la feria<\/span>\n\t\t\t<!--<p><span class=\" small\"><\/span><\/p> -->\n\t\t\t<\/div><div class=\"hidden\" data-participante=\"UCAM Universidad Cat\u00f3lica de Murcia\" data-publico=\"general\" data-tipo=\"demostracion\" data-area=\"14,15,18\" data-day=\"21,22,23\">\n\t\t\t<a href=\"https:\/\/fseneca.es\/secyt22\/actividad\/el-juego-de-la-vida\/\"><strong>El Juego de la vida.<\/strong><\/a><p>UCAM Universidad Cat\u00f3lica de Murcia<\/p><span class=\"date\">Durante todo el horario de la feria<\/span>\n\t\t\t<!--<p><span class=\" small\"><\/span><\/p> -->\n\t\t\t<\/div><div class=\"hidden\" data-participante=\"UCAM Universidad Cat\u00f3lica de Murcia\" data-publico=\"bachiller,universitario\" data-tipo=\"demostracion\" data-area=\"14\" data-day=\"21,22,23\">\n\t\t\t<a href=\"https:\/\/fseneca.es\/secyt22\/actividad\/protejamos-nuestros-datos\/\"><strong>\u00a1Protejamos nuestros datos!<\/strong><\/a><p>UCAM Universidad Cat\u00f3lica de Murcia<\/p><span class=\"date\">Durante todo el horario de la feria<\/span>\n\t\t\t<!--<p><span class=\" small\"><\/span><\/p> -->\n\t\t\t<\/div><div class=\"hidden\" data-participante=\"UCAM Universidad Cat\u00f3lica de Murcia\" data-publico=\"general\" data-tipo=\"demostracion\" data-area=\"14,15,18\" data-day=\"21,22,23\">\n\t\t\t<a href=\"https:\/\/fseneca.es\/secyt22\/actividad\/sistema-multimedia-de-juegos-retro-en-miniatura\/\"><strong>Sistema multimedia de juegos retro en miniatura.<\/strong><\/a><p>UCAM Universidad Cat\u00f3lica de Murcia<\/p><span class=\"date\">Durante todo el horario de la feria<\/span>\n\t\t\t<!--<p><span class=\" small\"><\/span><\/p> -->\n\t\t\t<\/div><div class=\"hidden\" data-participante=\"UCAM Universidad Cat\u00f3lica de Murcia\" data-publico=\"bachiller,universitario\" data-tipo=\"demostracion\" data-area=\"14\" data-day=\"21,22,23\">\n\t\t\t<a href=\"https:\/\/fseneca.es\/secyt22\/actividad\/los-ordenadores-son-capaces-de-pensar-por-si-solos\/\"><strong>\u00bfLos ordenadores son capaces de pensar por s\u00ed solos?<\/strong><\/a><p>UCAM Universidad Cat\u00f3lica de Murcia<\/p><span class=\"date\">Durante todo el horario de la feria<\/span>\n\t\t\t<!--<p><span class=\" small\"><\/span><\/p> -->\n\t\t\t<\/div><div class=\"hidden\" data-participante=\"UCAM Universidad Cat\u00f3lica de Murcia\" data-publico=\"general\" data-tipo=\"taller\" data-area=\"18,19\" data-day=\"21,22,23\">\n\t\t\t<a href=\"https:\/\/fseneca.es\/secyt22\/actividad\/nos-escuchamos\/\"><strong>\u00bfNos escuchamos?<\/strong><\/a><p>UCAM Universidad Cat\u00f3lica de Murcia<\/p><span class=\"date\">Durante todo el horario de la feria<\/span>\n\t\t\t<!--<p><span class=\" small\"><\/span><\/p> -->\n\t\t\t<\/div><div class=\"hidden\" data-participante=\"Universidad de Murcia\" data-publico=\"general\" data-tipo=\"demostracion,explicacion,taller\" data-area=\"5\" data-day=\"21,22,23\">\n\t\t\t<a href=\"https:\/\/fseneca.es\/secyt22\/actividad\/el-asombroso-mundo-de-los-microorganismos-los-organismos-invisibles-que-dominan-el-planeta\/\"><strong>El asombroso mundo de los microorganismos: los organismos invisibles que dominan el planeta<\/strong><\/a><p>Universidad de Murcia<\/p><span class=\"date\">Durante todo el horario de la feria<\/span>\n\t\t\t<!--<p><span class=\" small\"><\/span><\/p> -->\n\t\t\t<\/div><div class=\"hidden\" data-participante=\"Universidad de Murcia\" data-publico=\"eso,bachiller,universitario,general\" data-tipo=\"taller\" data-area=\"25\" data-day=\"\">\n\t\t\t<a href=\"https:\/\/fseneca.es\/secyt22\/actividad\/el-poder-de-las-emociones-en-la-traduccion-e-interpretacion-conoce-el-proyecto-emotra2\/\"><strong>El poder de las emociones en la traducci\u00f3n e interpretaci\u00f3n: conoce el proyecto EMOTRA2<\/strong><\/a><p>Universidad de Murcia<\/p><span class=\"date\"><\/span>\n\t\t\t<!--<p><span class=\" small\"><\/span><\/p> -->\n\t\t\t<\/div><div class=\"hidden\" data-participante=\"Universidad de Murcia\" data-publico=\"eso,bachiller,universitario,general\" data-tipo=\"explicacion,proyeccion\" data-area=\"25\" data-day=\"21,22,23\">\n\t\t\t<a href=\"https:\/\/fseneca.es\/secyt22\/actividad\/las-tecnologias-de-la-traduccion-en-la-sociedad-del-conocimiento-herramientas-y-recursos\/\"><strong>Las tecnolog\u00edas de la traducci\u00f3n en la sociedad del conocimiento: herramientas y recursos<\/strong><\/a><p>Universidad de Murcia<\/p><span class=\"date\">Durante todo el horario de la feria<\/span>\n\t\t\t<!--<p><span class=\" small\"><\/span><\/p> -->\n\t\t\t<\/div><div class=\"hidden\" data-participante=\"Universidad de Murcia\" data-publico=\"eso,bachiller,universitario,general\" data-tipo=\"explicacion\" data-area=\"25\" data-day=\"21,22,23\">\n\t\t\t<a href=\"https:\/\/fseneca.es\/secyt22\/actividad\/distintas-formas-de-decir-lo-mismo-tipos-de-interpretacion\/\"><strong>Distintas formas de decir lo mismo: tipos de interpretaci\u00f3n<\/strong><\/a><p>Universidad de Murcia<\/p><span class=\"date\">Durante todo el horario de la feria<\/span>\n\t\t\t<!--<p><span class=\" small\"><\/span><\/p> -->\n\t\t\t<\/div><div class=\"hidden\" data-participante=\"Universidad de Murcia\" data-publico=\"eso,bachiller,universitario,general\" data-tipo=\"explicacion\" data-area=\"25\" data-day=\"21,22,23\">\n\t\t\t<a href=\"https:\/\/fseneca.es\/secyt22\/actividad\/parlez-vous-francais-la-interpretacion-del-frances-y-sus-posibilidades\/\"><strong>Parlez-vous fran\u00e7ais? La interpretaci\u00f3n del franc\u00e9s y sus posibilidades<\/strong><\/a><p>Universidad de Murcia<\/p><span class=\"date\">Durante todo el horario de la feria<\/span>\n\t\t\t<!--<p><span class=\" small\"><\/span><\/p> -->\n\t\t\t<\/div><div class=\"hidden\" data-participante=\"Universidad de Murcia\" data-publico=\"eso,bachiller,universitario,general\" data-tipo=\"proyeccion\" data-area=\"25\" data-day=\"21,22,23\">\n\t\t\t<a href=\"https:\/\/fseneca.es\/secyt22\/actividad\/como-hacen-los-interpretes-para-hablar-y-escuchar-a-la-vez-la-interpretacion-y-sus-secretos\/\"><strong>\u00bfC\u00f3mo hacen los int\u00e9rpretes para hablar y escuchar a la vez? La interpretaci\u00f3n y sus secretos<\/strong><\/a><p>Universidad de Murcia<\/p><span class=\"date\">Durante todo el horario de la feria<\/span>\n\t\t\t<!--<p><span class=\" small\"><\/span><\/p> -->\n\t\t\t<\/div><div class=\"hidden\" data-participante=\"Universidad de Murcia\" data-publico=\"eso,bachiller,universitario,general\" data-tipo=\"taller,juego\" data-area=\"25\" data-day=\"\">\n\t\t\t<a href=\"https:\/\/fseneca.es\/secyt22\/actividad\/traducir-audiolibros-el-paso-del-papel-al-audio\/\"><strong>Traducir audiolibros: el paso del papel al audio<\/strong><\/a><p>Universidad de Murcia<\/p><span class=\"date\"><\/span>\n\t\t\t<!--<p><span class=\" small\"><\/span><\/p> -->\n\t\t\t<\/div><div class=\"hidden\" data-participante=\"Universidad de Murcia\" data-publico=\"primaria,eso,bachiller,universitario,general\" data-tipo=\"taller\" data-area=\"25\" data-day=\"\">\n\t\t\t<a href=\"https:\/\/fseneca.es\/secyt22\/actividad\/el-doblaje-y-la-subtitulacion-aprende-a-ponerles-voz-a-los-personajes-de-tus-series-y-peliculas-favoritas\/\"><strong>El doblaje y la subtitulaci\u00f3n: aprende a ponerles voz a los personajes de tus series y pel\u00edculas favoritas<\/strong><\/a><p>Universidad de Murcia<\/p><span class=\"date\"><\/span>\n\t\t\t<!--<p><span class=\" small\"><\/span><\/p> -->\n\t\t\t<\/div><div class=\"hidden\" data-participante=\"Universidad de Murcia\" data-publico=\"bachiller,universitario\" data-tipo=\"taller\" data-area=\"25\" data-day=\"\">\n\t\t\t<a href=\"https:\/\/fseneca.es\/secyt22\/actividad\/traduccion-automatica-y-traduccion-asistida-por-ordenador-las-herramientas-informaticas-acuden-en-ayuda-del-traductor\/\"><strong>Traducci\u00f3n autom\u00e1tica y traducci\u00f3n asistida por ordenador: las herramientas inform\u00e1ticas acuden en ayuda del traductor<\/strong><\/a><p>Universidad de Murcia<\/p><span class=\"date\"><\/span>\n\t\t\t<!--<p><span class=\" small\"><\/span><\/p> -->\n\t\t\t<\/div><div class=\"hidden\" data-participante=\"Universidad de Murcia\" data-publico=\"primaria,eso,bachiller,universitario,general\" data-tipo=\"concurso,juego\" data-area=\"3,4,5,6\" data-day=\"\">\n\t\t\t<a href=\"https:\/\/fseneca.es\/secyt22\/actividad\/r-bingo\/\"><strong>R Bingo<\/strong><\/a><p>Universidad de Murcia<\/p><span class=\"date\"><\/span>\n\t\t\t<!--<p><span class=\" small\"><\/span><\/p> -->\n\t\t\t<\/div><div class=\"hidden\" data-participante=\"Instituto Murciano de Investigaci\u00f3n Biosanitaria Pascual Parrilla\" data-publico=\"infantil,primaria,eso,bachiller,universitario,general\" data-tipo=\"explicacion\" data-area=\"6,7\" data-day=\"\">\n\t\t\t<a href=\"https:\/\/fseneca.es\/secyt22\/actividad\/como-se-ven-nuestros-organos-al-microscopio\/\"><strong>\u00bfC\u00f3mo se ven nuestros \u00f3rganos al microscopio?<\/strong><\/a><p>Instituto Murciano de Investigaci\u00f3n Biosanitaria Pascual Parrilla<\/p><span class=\"date\"><\/span>\n\t\t\t<!--<p><span class=\" small\"><\/span><\/p> -->\n\t\t\t<\/div><div class=\"hidden\" data-participante=\"Instituto Murciano de Investigaci\u00f3n Biosanitaria Pascual Parrilla\" data-publico=\"primaria,eso,bachiller,universitario,general\" data-tipo=\"demostracion\" data-area=\"7\" data-day=\"\">\n\t\t\t<a href=\"https:\/\/fseneca.es\/secyt22\/actividad\/como-nos-vemos-al-microscopio\/\"><strong>\u00bfC\u00f3mo nos vemos al microscopio?<\/strong><\/a><p>Instituto Murciano de Investigaci\u00f3n Biosanitaria Pascual Parrilla<\/p><span class=\"date\"><\/span>\n\t\t\t<!--<p><span class=\" small\"><\/span><\/p> -->\n\t\t\t<\/div><div class=\"hidden\" data-participante=\"Instituto Murciano de Investigaci\u00f3n Biosanitaria Pascual Parrilla\" data-publico=\"primaria,eso,bachiller,universitario,general\" data-tipo=\"explicacion\" data-area=\"5,7\" data-day=\"\">\n\t\t\t<a href=\"https:\/\/fseneca.es\/secyt22\/actividad\/como-se-ve-la-enfermedad-al-microscopio\/\"><strong>\u00bfC\u00f3mo se ve la enfermedad al microscopio?<\/strong><\/a><p>Instituto Murciano de Investigaci\u00f3n Biosanitaria Pascual Parrilla<\/p><span class=\"date\"><\/span>\n\t\t\t<!--<p><span class=\" small\"><\/span><\/p> -->\n\t\t\t<\/div><div class=\"hidden\" data-participante=\"Instituto Murciano de Investigaci\u00f3n Biosanitaria Pascual Parrilla\" data-publico=\"primaria,eso,bachiller,universitario,general\" data-tipo=\"juego,presentacion\" data-area=\"5,7,18\" data-day=\"21,22,23\">\n\t\t\t<a href=\"https:\/\/fseneca.es\/secyt22\/actividad\/olimpiadas-bioinformaticas\/\"><strong>Olimpiadas Bioinform\u00e1ticas<\/strong><\/a><p>Instituto Murciano de Investigaci\u00f3n Biosanitaria Pascual Parrilla<\/p><span class=\"date\">Durante todo el horario de la feria<\/span>\n\t\t\t<!--<p><span class=\" small\"><\/span><\/p> -->\n\t\t\t<\/div><div class=\"hidden\" data-participante=\"Academia de Ciencias de la Regi\u00f3n de Murcia\" data-publico=\"general\" data-tipo=\"explicacion,taller\" data-area=\"2,3\" data-day=\"21,22,23\">\n\t\t\t<a href=\"https:\/\/fseneca.es\/secyt22\/actividad\/fisimola-la-fisica-mola\/\"><strong>Fisimola, la F\u00edsica mola, con Antonio Serrano<\/strong><\/a><p>Academia de Ciencias de la Regi\u00f3n de Murcia<\/p><span class=\"date\">Durante todo el horario de la feria<\/span>\n\t\t\t<!--<p><span class=\" small\">Escenario con mesa y sillas<\/span><\/p> -->\n\t\t\t<\/div><div class=\"hidden\" data-participante=\"Academia de Ciencias de la Regi\u00f3n de Murcia\" data-publico=\"general\" data-tipo=\"demostracion\" data-area=\"2\" data-day=\"\">\n\t\t\t<a href=\"https:\/\/fseneca.es\/secyt22\/actividad\/jugando-con-la-luz\/\"><strong>Jugando con la luz, con Miguel Cabrerizo<\/strong><\/a><p>Academia de Ciencias de la Regi\u00f3n de Murcia<\/p><span class=\"date\"><\/span>\n\t\t\t<!--<p><span class=\" small\">Carpa o escenario<\/span><\/p> -->\n\t\t\t<\/div><div class=\"hidden\" data-participante=\"Academia de Ciencias de la Regi\u00f3n de Murcia\" data-publico=\"general\" data-tipo=\"explicacion,concurso\" data-area=\"2,3,4\" data-day=\"21,22,23\">\n\t\t\t<a href=\"https:\/\/fseneca.es\/secyt22\/actividad\/un-paseo-por-la-ciencia\/\"><strong>Un paseo por la ciencia<\/strong><\/a><p>Academia de Ciencias de la Regi\u00f3n de Murcia<\/p><span class=\"date\">Durante todo el horario de la feria<\/span>\n\t\t\t<!--<p><span class=\" small\"><\/span><\/p> -->\n\t\t\t<\/div><div class=\"hidden\" data-participante=\"Universidad de Murcia\" data-publico=\"eso,bachiller\" data-tipo=\"taller\" data-area=\"14\" data-day=\"21,22,23\">\n\t\t\t<a href=\"https:\/\/fseneca.es\/secyt22\/actividad\/descubre-la-programacion\/\"><strong>Descubre la programaci\u00f3n<\/strong><\/a><p>Universidad de Murcia<\/p><span class=\"date\">Durante todo el horario de la feria<\/span>\n\t\t\t<!--<p><span class=\" small\"><\/span><\/p> -->\n\t\t\t<\/div><div class=\"hidden\" data-participante=\"IES Sierra de Carrascoy de El Palmar\" data-publico=\"primaria,eso,bachiller,universitario,general\" data-tipo=\"exposicion,demostracion,explicacion\" data-area=\"1,2,3,4,6,15,22,23,25\" data-day=\"21,22,23\">\n\t\t\t<a href=\"https:\/\/fseneca.es\/secyt22\/actividad\/el-tiempo\/\"><strong>El tiempo<\/strong><\/a><p>IES Sierra de Carrascoy de El Palmar<\/p><span class=\"date\">Durante todo el horario de la feria<\/span>\n\t\t\t<!--<p><span class=\" small\"><\/span><\/p> -->\n\t\t\t<\/div><div class=\"hidden\" data-participante=\"Universidad de Murcia\" data-publico=\"general\" data-tipo=\"taller\" data-area=\"23\" data-day=\"21,22,23\">\n\t\t\t<a href=\"https:\/\/fseneca.es\/secyt22\/actividad\/tu-nombre-en-4-lenguas-antiguas-jeroglifico-cuneiforme-hebreo-y-griego-cepoat\/\"><strong>Tu nombre en 4 lenguas antiguas: jerogl\u00edfico, cuneiforme, hebreo y griego &#8211; CEPOAT<\/strong><\/a><p>Universidad de Murcia<\/p><span class=\"date\">Durante todo el horario de la feria<\/span>\n\t\t\t<!--<p><span class=\"\">59<\/span><\/p> -->\n\t\t\t<\/div><div class=\"hidden\" data-participante=\"Universidad de Murcia\" data-publico=\"general\" data-tipo=\"explicacion,taller\" data-area=\"23\" data-day=\"21,22,23\">\n\t\t\t<a href=\"https:\/\/fseneca.es\/secyt22\/actividad\/como-trabaja-un-arqueologo-cepoat\/\"><strong>\u00bfC\u00f3mo trabaja un arque\u00f3logo?- CEPOAT<\/strong><\/a><p>Universidad de Murcia<\/p><span class=\"date\">Durante todo el horario de la feria<\/span>\n\t\t\t<!--<p><span class=\"\">59<\/span><\/p> -->\n\t\t\t<\/div><div class=\"hidden\" data-participante=\"I.E.S. Juan de la Cierva y Codorni\u00fa de Totana\" data-publico=\"general\" data-tipo=\"demostracion\" data-area=\"2\" data-day=\"21,22,23\">\n\t\t\t<a href=\"https:\/\/fseneca.es\/secyt22\/actividad\/tubo-de-lenz\/\"><strong>Tubo de Lenz<\/strong><\/a><p>I.E.S. Juan de la Cierva y Codorni\u00fa de Totana<\/p><span class=\"date\">Durante todo el horario de la feria<\/span>\n\t\t\t<!--<p><span class=\" small\"><\/span><\/p> -->\n\t\t\t<\/div><div class=\"hidden\" data-participante=\"I.E.S. Juan de la Cierva y Codorni\u00fa de Totana\" data-publico=\"general\" data-tipo=\"demostracion\" data-area=\"2\" data-day=\"21,22,23\">\n\t\t\t<a href=\"https:\/\/fseneca.es\/secyt22\/actividad\/refraccion-de-la-luz-con-una-moneda-que-desaparece\/\"><strong>Refracci\u00f3n de la luz con una moneda que desaparece<\/strong><\/a><p>I.E.S. Juan de la Cierva y Codorni\u00fa de Totana<\/p><span class=\"date\">Durante todo el horario de la feria<\/span>\n\t\t\t<!--<p><span class=\" small\"><\/span><\/p> -->\n\t\t\t<\/div><div class=\"hidden\" data-participante=\"I.E.S. Juan de la Cierva y Codorni\u00fa de Totana\" data-publico=\"general\" data-tipo=\"demostracion\" data-area=\"2\" data-day=\"21,22,23\">\n\t\t\t<a href=\"https:\/\/fseneca.es\/secyt22\/actividad\/uno-o-dos-objetos-fenomeno-de-refraccion\/\"><strong>Uno o dos objetos: fen\u00f3meno de refracci\u00f3n<\/strong><\/a><p>I.E.S. Juan de la Cierva y Codorni\u00fa de Totana<\/p><span class=\"date\">Durante todo el horario de la feria<\/span>\n\t\t\t<!--<p><span class=\" small\"><\/span><\/p> -->\n\t\t\t<\/div><div class=\"hidden\" data-participante=\"I.E.S. Juan de la Cierva y Codorni\u00fa de Totana\" data-publico=\"general\" data-tipo=\"demostracion\" data-area=\"2\" data-day=\"21,22,23\">\n\t\t\t<a href=\"https:\/\/fseneca.es\/secyt22\/actividad\/presion-atmosferica-con-listones-de-madera-arte-marcial-o-fisica\/\"><strong>Presi\u00f3n atmosf\u00e9rica con listones de madera: \u00bfarte marcial o f\u00edsica?<\/strong><\/a><p>I.E.S. Juan de la Cierva y Codorni\u00fa de Totana<\/p><span class=\"date\">Durante todo el horario de la feria<\/span>\n\t\t\t<!--<p><span class=\" small\"><\/span><\/p> -->\n\t\t\t<\/div><div class=\"hidden\" data-participante=\"I.E.S. Juan de la Cierva y Codorni\u00fa de Totana\" data-publico=\"general\" data-tipo=\"demostracion\" data-area=\"2\" data-day=\"21,22,23\">\n\t\t\t<a href=\"https:\/\/fseneca.es\/secyt22\/actividad\/presion-atmosferica\/\"><strong>Presi\u00f3n atmosf\u00e9rica<\/strong><\/a><p>I.E.S. Juan de la Cierva y Codorni\u00fa de Totana<\/p><span class=\"date\">Durante todo el horario de la feria<\/span>\n\t\t\t<!--<p><span class=\" small\"><\/span><\/p> -->\n\t\t\t<\/div><div class=\"hidden\" data-participante=\"I.E.S. Juan de la Cierva y Codorni\u00fa de Totana\" data-publico=\"general\" data-tipo=\"demostracion\" data-area=\"2\" data-day=\"21,22,23\">\n\t\t\t<a href=\"https:\/\/fseneca.es\/secyt22\/actividad\/placa-solar-movimiento-a-partir-de-energia-luminosa\/\"><strong>Placa solar: movimiento a partir de energ\u00eda luminosa<\/strong><\/a><p>I.E.S. Juan de la Cierva y Codorni\u00fa de Totana<\/p><span class=\"date\">Durante todo el horario de la feria<\/span>\n\t\t\t<!--<p><span class=\" small\"><\/span><\/p> -->\n\t\t\t<\/div><div class=\"hidden\" data-participante=\"I.E.S. Juan de la Cierva y Codorni\u00fa de Totana\" data-publico=\"general\" data-tipo=\"demostracion\" data-area=\"2\" data-day=\"21,22,23\">\n\t\t\t<a href=\"https:\/\/fseneca.es\/secyt22\/actividad\/magnetismo-sin-imanes\/\"><strong>Magnetismo sin imanes<\/strong><\/a><p>I.E.S. Juan de la Cierva y Codorni\u00fa de Totana<\/p><span class=\"date\">Durante todo el horario de la feria<\/span>\n\t\t\t<!--<p><span class=\" small\"><\/span><\/p> -->\n\t\t\t<\/div><div class=\"hidden\" data-participante=\"I.E.S. Juan de la Cierva y Codorni\u00fa de Totana\" data-publico=\"general\" data-tipo=\"demostracion\" data-area=\"2\" data-day=\"21,22,23\">\n\t\t\t<a href=\"https:\/\/fseneca.es\/secyt22\/actividad\/induccion-electromagnetica-electricidad-a-partir-de-energia-mecanica\/\"><strong>Inducci\u00f3n electromagn\u00e9tica: electricidad a partir de energ\u00eda mec\u00e1nica<\/strong><\/a><p>I.E.S. Juan de la Cierva y Codorni\u00fa de Totana<\/p><span class=\"date\">Durante todo el horario de la feria<\/span>\n\t\t\t<!--<p><span class=\" small\"><\/span><\/p> -->\n\t\t\t<\/div><div class=\"hidden\" data-participante=\"I.E.S. Juan de la Cierva y Codorni\u00fa de Totana\" data-publico=\"general\" data-tipo=\"demostracion\" data-area=\"2\" data-day=\"21,22,23\">\n\t\t\t<a href=\"https:\/\/fseneca.es\/secyt22\/actividad\/pila-de-volta-electricidad-a-partir-de-energia-quimica\/\"><strong>Pila de Volta: electricidad a partir de energ\u00eda qu\u00edmica<\/strong><\/a><p>I.E.S. Juan de la Cierva y Codorni\u00fa de Totana<\/p><span class=\"date\">Durante todo el horario de la feria<\/span>\n\t\t\t<!--<p><span class=\" small\"><\/span><\/p> -->\n\t\t\t<\/div><div class=\"hidden\" data-participante=\"I.E.S. Juan de la Cierva y Codorni\u00fa de Totana\" data-publico=\"general\" data-tipo=\"explicacion\" data-area=\"2\" data-day=\"21,22,23\">\n\t\t\t<a href=\"https:\/\/fseneca.es\/secyt22\/actividad\/motor-electrico-generacion-de-movimiento-con-energia-electrica\/\"><strong>Motor el\u00e9ctrico: movimiento a partir de energ\u00eda el\u00e9ctrica<\/strong><\/a><p>I.E.S. Juan de la Cierva y Codorni\u00fa de Totana<\/p><span class=\"date\">Durante todo el horario de la feria<\/span>\n\t\t\t<!--<p><span class=\" small\"><\/span><\/p> -->\n\t\t\t<\/div><div class=\"hidden\" data-participante=\"Instituto Murciano de Investigaci\u00f3n Biosanitaria Pascual Parrilla\" data-publico=\"primaria,eso,bachiller,universitario,general\" data-tipo=\"exposicion,explicacion,proyeccion\" data-area=\"25\" data-day=\"\">\n\t\t\t<a href=\"https:\/\/fseneca.es\/secyt22\/actividad\/captacion-de-muestras-y-datos-clinicos\/\"><strong>Captaci\u00f3n de muestras y datos cl\u00ednicos<\/strong><\/a><p>Instituto Murciano de Investigaci\u00f3n Biosanitaria Pascual Parrilla<\/p><span class=\"date\"><\/span>\n\t\t\t<!--<p><span class=\" small\"><\/span><\/p> -->\n\t\t\t<\/div><div class=\"hidden\" data-participante=\"Instituto Murciano de Investigaci\u00f3n Biosanitaria Pascual Parrilla\" data-publico=\"primaria,eso,bachiller,universitario,general\" data-tipo=\"taller,juego\" data-area=\"25\" data-day=\"\">\n\t\t\t<a href=\"https:\/\/fseneca.es\/secyt22\/actividad\/concurso-de-preguntas-sobre-el-biobanco\/\"><strong>Concurso de preguntas sobre el Biobanco<\/strong><\/a><p>Instituto Murciano de Investigaci\u00f3n Biosanitaria Pascual Parrilla<\/p><span class=\"date\"><\/span>\n\t\t\t<!--<p><span class=\"\">4<\/span><\/p> -->\n\t\t\t<\/div><div class=\"hidden\" data-participante=\"Instituto Murciano de Investigaci\u00f3n Biosanitaria Pascual Parrilla\" data-publico=\"primaria,eso,bachiller,general\" data-tipo=\"exposicion,explicacion,proyeccion\" data-area=\"25\" data-day=\"\">\n\t\t\t<a href=\"https:\/\/fseneca.es\/secyt22\/actividad\/conservacion-de-muestras\/\"><strong>Conservaci\u00f3n de muestras<\/strong><\/a><p>Instituto Murciano de Investigaci\u00f3n Biosanitaria Pascual Parrilla<\/p><span class=\"date\"><\/span>\n\t\t\t<!--<p><span class=\"\">4<\/span><\/p> -->\n\t\t\t<\/div><div class=\"hidden\" data-participante=\"Instituto Murciano de Investigaci\u00f3n Biosanitaria Pascual Parrilla\" data-publico=\"primaria,eso,bachiller,universitario,general\" data-tipo=\"demostracion,taller\" data-area=\"25\" data-day=\"\">\n\t\t\t<a href=\"https:\/\/fseneca.es\/secyt22\/actividad\/transformacion-de-muestras\/\"><strong>Transformaci\u00f3n de muestras<\/strong><\/a><p>Instituto Murciano de Investigaci\u00f3n Biosanitaria Pascual Parrilla<\/p><span class=\"date\"><\/span>\n\t\t\t<!--<p><span class=\" small\"><\/span><\/p> -->\n\t\t\t<\/div><div class=\"hidden\" data-participante=\"I.E.S. Juan de la Cierva y Codorni\u00fa de Totana\" data-publico=\"general\" data-tipo=\"explicacion\" data-area=\"2\" data-day=\"21,22,23\">\n\t\t\t<a href=\"https:\/\/fseneca.es\/secyt22\/actividad\/transformacion-de-energia-termica-en-energia-mecanica\/\"><strong>Transformaci\u00f3n de energ\u00eda t\u00e9rmica en energ\u00eda mec\u00e1nica<\/strong><\/a><p>I.E.S. Juan de la Cierva y Codorni\u00fa de Totana<\/p><span class=\"date\">Durante todo el horario de la feria<\/span>\n\t\t\t<!--<p><span class=\" small\"><\/span><\/p> -->\n\t\t\t<\/div><div class=\"hidden\" data-participante=\"Instituto Murciano de Investigaci\u00f3n Biosanitaria Pascual Parrilla\" data-publico=\"primaria,eso,bachiller,universitario,general\" data-tipo=\"explicacion,proyeccion\" data-area=\"7\" data-day=\"21,22,23\">\n\t\t\t<a href=\"https:\/\/fseneca.es\/secyt22\/actividad\/conoce-los-ensayos-clinicos-con-medicamentos-disponibles-en-tu-entorno\/\"><strong>Conoce los ensayos cl\u00ednicos con medicamentos disponibles en tu entorno.<\/strong><\/a><p>Instituto Murciano de Investigaci\u00f3n Biosanitaria Pascual Parrilla<\/p><span class=\"date\">Durante todo el horario de la feria<\/span>\n\t\t\t<!--<p><span class=\" small\"><\/span><\/p> -->\n\t\t\t<\/div><div class=\"hidden\" data-participante=\"Instituto Murciano de Investigaci\u00f3n Biosanitaria Pascual Parrilla\" data-publico=\"infantil,primaria,eso,bachiller,universitario,general\" data-tipo=\"taller\" data-area=\"7\" data-day=\"21,22,23\">\n\t\t\t<a href=\"https:\/\/fseneca.es\/secyt22\/actividad\/participa-en-un-ensayo-clinico\/\"><strong>Participa en un ensayo cl\u00ednico.<\/strong><\/a><p>Instituto Murciano de Investigaci\u00f3n Biosanitaria Pascual Parrilla<\/p><span class=\"date\">Durante todo el horario de la feria<\/span>\n\t\t\t<!--<p><span class=\" small\"><\/span><\/p> -->\n\t\t\t<\/div><div class=\"hidden\" data-participante=\"Instituto Murciano de Investigaci\u00f3n Biosanitaria Pascual Parrilla\" data-publico=\"infantil,primaria,eso,bachiller,universitario,general\" data-tipo=\"taller\" data-area=\"7\" data-day=\"21,22,23\">\n\t\t\t<a href=\"https:\/\/fseneca.es\/secyt22\/actividad\/fabrica-tu-medicamento\/\"><strong>Fabrica tu medicamento<\/strong><\/a><p>Instituto Murciano de Investigaci\u00f3n Biosanitaria Pascual Parrilla<\/p><span class=\"date\">Durante todo el horario de la feria<\/span>\n\t\t\t<!--<p><span class=\" small\"><\/span><\/p> -->\n\t\t\t<\/div><div class=\"hidden\" data-participante=\"Instituto Murciano de Investigaci\u00f3n Biosanitaria Pascual Parrilla\" data-publico=\"infantil,primaria,eso,bachiller,universitario,general\" data-tipo=\"exposicion\" data-area=\"7\" data-day=\"21,22,23\">\n\t\t\t<a href=\"https:\/\/fseneca.es\/secyt22\/actividad\/fases-de-un-ensayo-clinico-y-tipos-de-investigacion\/\"><strong>Fases de un ensayo cl\u00ednico y tipos de investigaci\u00f3n .<\/strong><\/a><p>Instituto Murciano de Investigaci\u00f3n Biosanitaria Pascual Parrilla<\/p><span class=\"date\">Durante todo el horario de la feria<\/span>\n\t\t\t<!--<p><span class=\" small\"><\/span><\/p> -->\n\t\t\t<\/div><div class=\"hidden\" data-participante=\"Instituto Murciano de Investigaci\u00f3n Biosanitaria Pascual Parrilla\" data-publico=\"infantil,primaria,eso,bachiller,general\" data-tipo=\"explicacion\" data-area=\"7\" data-day=\"21,22,23\">\n\t\t\t<a href=\"https:\/\/fseneca.es\/secyt22\/actividad\/que-es-la-investigacion-clinica\/\"><strong>\u00bfQu\u00e9 es la investigaci\u00f3n cl\u00ednica?<\/strong><\/a><p>Instituto Murciano de Investigaci\u00f3n Biosanitaria Pascual Parrilla<\/p><span class=\"date\">Durante todo el horario de la feria<\/span>\n\t\t\t<!--<p><span class=\" small\"><\/span><\/p> -->\n\t\t\t<\/div><div class=\"hidden\" data-participante=\"Instituto Murciano de Investigaci\u00f3n Biosanitaria Pascual Parrilla\" data-publico=\"infantil,primaria\" data-tipo=\"taller\" data-area=\"7\" data-day=\"21,22,23\">\n\t\t\t<a href=\"https:\/\/fseneca.es\/secyt22\/actividad\/disena-y-prueba-tu-medicamento-en-investigacion\/\"><strong>Dise\u00f1a y prueba tu medicamento en investigaci\u00f3n.<\/strong><\/a><p>Instituto Murciano de Investigaci\u00f3n Biosanitaria Pascual Parrilla<\/p><span class=\"date\">Durante todo el horario de la feria<\/span>\n\t\t\t<!--<p><span class=\" small\"><\/span><\/p> -->\n\t\t\t<\/div><div class=\"hidden\" data-participante=\"Instituto Murciano de Investigaci\u00f3n Biosanitaria Pascual Parrilla\" data-publico=\"infantil,primaria\" data-tipo=\"taller,juego\" data-area=\"5\" data-day=\"\">\n\t\t\t<a href=\"https:\/\/fseneca.es\/secyt22\/actividad\/codifica-tu-nombre-con-el-codigo-genetico\/\"><strong>\u00a1Codifica tu nombre con el c\u00f3digo gen\u00e9tico!<\/strong><\/a><p>Instituto Murciano de Investigaci\u00f3n Biosanitaria Pascual Parrilla<\/p><span class=\"date\"><\/span>\n\t\t\t<!--<p><span class=\"\">4<\/span><\/p> -->\n\t\t\t<\/div><div class=\"hidden\" data-participante=\"Centro Tecnol\u00f3gico de la Energ\u00eda y el Medio Ambiente\" data-publico=\"primaria,general\" data-tipo=\"explicacion,juego\" data-area=\"6,10,11,12\" data-day=\"21,22,23\">\n\t\t\t<a href=\"https:\/\/fseneca.es\/secyt22\/actividad\/restauracion-ambiental-del-medio-marino-y-alimentacion-sostenible-en-la-acuicultura\/\"><strong>Restauraci\u00f3n ambiental del medio marino y alimentaci\u00f3n sostenible en la acuicultura<\/strong><\/a><p>Centro Tecnol\u00f3gico de la Energ\u00eda y el Medio Ambiente<\/p><span class=\"date\">Durante todo el horario de la feria<\/span>\n\t\t\t<!--<p><span class=\" small\"><\/span><\/p> -->\n\t\t\t<\/div><div class=\"hidden\" data-participante=\"Hospital Universitario Virgen de la Arrixaca\" data-publico=\"infantil,primaria,eso,bachiller,universitario,general\" data-tipo=\"proyeccion\" data-area=\"7\" data-day=\"21,22,23\">\n\t\t\t<a href=\"https:\/\/fseneca.es\/secyt22\/actividad\/enfermedad-de-chagas\/\"><strong>Enfermedad de Chagas<\/strong><\/a><p>Hospital Universitario Virgen de la Arrixaca<\/p><span class=\"date\">Durante todo el horario de la feria<\/span>\n\t\t\t<!--<p><span class=\" small\">caseta HCUVA<\/span><\/p> -->\n\t\t\t<\/div><div class=\"hidden\" data-participante=\"Hospital Universitario Virgen de la Arrixaca\" data-publico=\"primaria,eso,bachiller,universitario,general\" data-tipo=\"proyeccion\" data-area=\"5,7\" data-day=\"21,22,23\">\n\t\t\t<a href=\"https:\/\/fseneca.es\/secyt22\/actividad\/resistencias-a-los-antimicrobianos\/\"><strong>Resistencias a los antimicrobianos<\/strong><\/a><p>Hospital Universitario Virgen de la Arrixaca<\/p><span class=\"date\">Durante todo el horario de la feria<\/span>\n\t\t\t<!--<p><span class=\" small\">caseta HCUVA<\/span><\/p> -->\n\t\t\t<\/div><div class=\"hidden\" data-participante=\"Hospital Universitario Virgen de la Arrixaca\" data-publico=\"primaria,eso,bachiller,universitario,general\" data-tipo=\"proyeccion\" data-area=\"5,7\" data-day=\"21,22,23\">\n\t\t\t<a href=\"https:\/\/fseneca.es\/secyt22\/actividad\/diagnostico-microbiologico-del-sars-cov-2\/\"><strong>Diagn\u00f3stico microbiol\u00f3gico del SARS-CoV-2<\/strong><\/a><p>Hospital Universitario Virgen de la Arrixaca<\/p><span class=\"date\">Durante todo el horario de la feria<\/span>\n\t\t\t<!--<p><span class=\" small\">caseta HCUVA<\/span><\/p> -->\n\t\t\t<\/div><div class=\"hidden\" data-participante=\"Hospital Universitario Virgen de la Arrixaca\" data-publico=\"primaria,eso,bachiller,universitario,general\" data-tipo=\"taller\" data-area=\"5,6,7\" data-day=\"\">\n\t\t\t<a href=\"https:\/\/fseneca.es\/secyt22\/actividad\/mundo-bacteriano-y-resistencia-a-los-antibioticos\/\"><strong>Mundo bacteriano y resistencia a los antibi\u00f3ticos<\/strong><\/a><p>Hospital Universitario Virgen de la Arrixaca<\/p><span class=\"date\"><\/span>\n\t\t\t<!--<p><span class=\" small\">caseta HCUVA<\/span><\/p> -->\n\t\t\t<\/div><div class=\"hidden\" data-participante=\"Hospital Universitario Virgen de la Arrixaca\" data-publico=\"primaria,eso,bachiller,universitario\" data-tipo=\"taller\" data-area=\"5,6,7\" data-day=\"\">\n\t\t\t<a href=\"https:\/\/fseneca.es\/secyt22\/actividad\/microbiologia-clinica\/\"><strong>Microbiolog\u00eda cl\u00ednica<\/strong><\/a><p>Hospital Universitario Virgen de la Arrixaca<\/p><span class=\"date\"><\/span>\n\t\t\t<!--<p><span class=\" small\">caseta HCUVA<\/span><\/p> -->\n\t\t\t<\/div><div class=\"hidden\" data-participante=\"Makers of Murcia &#124; CEEIM\" data-publico=\"general\" data-tipo=\"demostracion,juego\" data-area=\"3,14,15,18\" data-day=\"21,22,23\">\n\t\t\t<a href=\"https:\/\/fseneca.es\/secyt22\/actividad\/impresora-3d-que-juega-a-las-3-en-rayas-con-maching-learning\/\"><strong>Impresora 3D que juega a las 3 en rayas con Maching Learning<\/strong><\/a><p>Makers of Murcia &#124; CEEIM<\/p><span class=\"date\">Durante todo el horario de la feria<\/span>\n\t\t\t<!--<p><span class=\" small\">CEEIM<\/span><\/p> -->\n\t\t\t<\/div><div class=\"hidden\" data-participante=\"Centro Tecnol\u00f3gico del M\u00e1rmol, Piedra y Materiales\" data-publico=\"primaria,eso,bachiller,universitario,general\" data-tipo=\"demostracion,explicacion,juego\" data-area=\"14,18\" data-day=\"\">\n\t\t\t<a href=\"https:\/\/fseneca.es\/secyt22\/actividad\/realidad-virtual-en-entornos-laborales\/\"><strong>Realidad Virtual en entornos laborales<\/strong><\/a><p>Centro Tecnol\u00f3gico del M\u00e1rmol, Piedra y Materiales<\/p><span class=\"date\"><\/span>\n\t\t\t<!--<p><span class=\" small\"><\/span><\/p> -->\n\t\t\t<\/div><div class=\"hidden\" data-participante=\"Centro Tecnol\u00f3gico del M\u00e1rmol, Piedra y Materiales\" data-publico=\"primaria,eso,bachiller,universitario,general\" data-tipo=\"demostracion,explicacion\" data-area=\"1,12,13\" data-day=\"21,22,23\">\n\t\t\t<a href=\"https:\/\/fseneca.es\/secyt22\/actividad\/geofisica-utilizada-en-la-investigacion-de-yacimientos-mineros-y-patrimonio-arqueologico\/\"><strong>Geof\u00edsica utilizada en la investigaci\u00f3n de yacimientos mineros y patrimonio arqueol\u00f3gico<\/strong><\/a><p>Centro Tecnol\u00f3gico del M\u00e1rmol, Piedra y Materiales<\/p><span class=\"date\">Durante todo el horario de la feria<\/span>\n\t\t\t<!--<p><span class=\" small\"><\/span><\/p> -->\n\t\t\t<\/div><div class=\"hidden\" data-participante=\"Instituto Murciano de Investigaci\u00f3n Biosanitaria Pascual Parrilla\" data-publico=\"general\" data-tipo=\"taller\" data-area=\"6,7,8\" data-day=\"\">\n\t\t\t<a href=\"https:\/\/fseneca.es\/secyt22\/actividad\/el-corazon-de-un-pez-que-late-como-el-tuyo\/\"><strong>El coraz\u00f3n de un pez que late como el tuyo<\/strong><\/a><p>Instituto Murciano de Investigaci\u00f3n Biosanitaria Pascual Parrilla<\/p><span class=\"date\"><\/span>\n\t\t\t<!--<p><span class=\" small\"><\/span><\/p> -->\n\t\t\t<\/div><div class=\"hidden\" data-participante=\"CSIC - Centro de Edafolog\u00eda y Biolog\u00eda Aplicada del Segura (CEBAS)\" data-publico=\"general\" data-tipo=\"taller\" data-area=\"9\" data-day=\"21,22,23\">\n\t\t\t<a href=\"https:\/\/fseneca.es\/secyt22\/actividad\/portainjertos-y-plantas-parasitas\/\"><strong>Portainjertos y plantas par\u00e1sitas<\/strong><\/a><p>CSIC - Centro de Edafolog\u00eda y Biolog\u00eda Aplicada del Segura (CEBAS)<\/p><span class=\"date\">Durante todo el horario de la feria<\/span>\n\t\t\t<!--<p><span class=\" small\">CEBAS-CSIC<\/span><\/p> -->\n\t\t\t<\/div><div class=\"hidden\" data-participante=\"CSIC - Centro de Edafolog\u00eda y Biolog\u00eda Aplicada del Segura (CEBAS)\" data-publico=\"general\" data-tipo=\"taller\" data-area=\"9\" data-day=\"21,22,23\">\n\t\t\t<a href=\"https:\/\/fseneca.es\/secyt22\/actividad\/como-comen-y-beben-las-plantas\/\"><strong>\u00bfC\u00f3mo comen y beben las plantas?<\/strong><\/a><p>CSIC - Centro de Edafolog\u00eda y Biolog\u00eda Aplicada del Segura (CEBAS)<\/p><span class=\"date\">Durante todo el horario de la feria<\/span>\n\t\t\t<!--<p><span class=\" small\">CEBAS-CSIC<\/span><\/p> -->\n\t\t\t<\/div><div class=\"hidden\" data-participante=\"I.E.S. Saavedra Fajardo de Murcia\" data-publico=\"primaria,eso,bachiller,general\" data-tipo=\"exposicion,demostracion\" data-area=\"23\" data-day=\"21,22,23\">\n\t\t\t<a href=\"https:\/\/fseneca.es\/secyt22\/actividad\/la-divulgacion-de-la-cultura-argarica-a-traves-de-los-yacimientos-de-la-bastida-de-totana-y-la-almoloya-de-pliego\/\"><strong>La divulgaci\u00f3n de la cultura arg\u00e1rica a trav\u00e9s de los yacimientos de La Bastida de Totana y la Almoloya de Pliego<\/strong><\/a><p>I.E.S. Saavedra Fajardo de Murcia<\/p><span class=\"date\">Durante todo el horario de la feria<\/span>\n\t\t\t<!--<p><span class=\" small\"><\/span><\/p> -->\n\t\t\t<\/div><div class=\"hidden\" data-participante=\"I.E.S. Saavedra Fajardo de Murcia\" data-publico=\"primaria,eso,bachiller,universitario,general\" data-tipo=\"exposicion,explicacion,taller\" data-area=\"3,25\" data-day=\"21,22,23\">\n\t\t\t<a href=\"https:\/\/fseneca.es\/secyt22\/actividad\/geometria-con-pompas-de-jabon\/\"><strong>Geometr\u00eda con pompas de jab\u00f3n<\/strong><\/a><p>I.E.S. Saavedra Fajardo de Murcia<\/p><span class=\"date\">Durante todo el horario de la feria<\/span>\n\t\t\t<!--<p><span class=\" small\"><\/span><\/p> -->\n\t\t\t<\/div><div class=\"hidden\" data-participante=\"I.E.S. Saavedra Fajardo de Murcia\" data-publico=\"eso,bachiller,universitario,general\" data-tipo=\"exposicion,explicacion,taller\" data-area=\"3\" data-day=\"21,22,23\">\n\t\t\t<a href=\"https:\/\/fseneca.es\/secyt22\/actividad\/construccion-de-un-fractal\/\"><strong>Construcci\u00f3n de un fractal<\/strong><\/a><p>I.E.S. Saavedra Fajardo de Murcia<\/p><span class=\"date\">Durante todo el horario de la feria<\/span>\n\t\t\t<!--<p><span class=\" small\"><\/span><\/p> -->\n\t\t\t<\/div><div class=\"hidden\" data-participante=\"I.E.S. Saavedra Fajardo de Murcia\" data-publico=\"primaria,eso,bachiller,universitario,general\" data-tipo=\"taller,juego\" data-area=\"3\" data-day=\"21,22,23\">\n\t\t\t<a href=\"https:\/\/fseneca.es\/secyt22\/actividad\/puzzle-geometrico\/\"><strong>Puzzle geom\u00e9trico<\/strong><\/a><p>I.E.S. Saavedra Fajardo de Murcia<\/p><span class=\"date\">Durante todo el horario de la feria<\/span>\n\t\t\t<!--<p><span class=\" small\"><\/span><\/p> -->\n\t\t\t<\/div><div class=\"hidden\" data-participante=\"I.E.S. Saavedra Fajardo de Murcia\" data-publico=\"primaria,eso,bachiller,general\" data-tipo=\"exposicion,explicacion,taller\" data-area=\"6,23\" data-day=\"21,22,23\">\n\t\t\t<a href=\"https:\/\/fseneca.es\/secyt22\/actividad\/la-alimentacion-en-la-medina-de-murcia-taller-gastronomico\/\"><strong>La alimentaci\u00f3n en la medina de Murcia. Taller gastron\u00f3mico<\/strong><\/a><p>I.E.S. Saavedra Fajardo de Murcia<\/p><span class=\"date\">Durante todo el horario de la feria<\/span>\n\t\t\t<!--<p><span class=\" small\"><\/span><\/p> -->\n\t\t\t<\/div><div class=\"hidden\" data-participante=\"I.E.S. Saavedra Fajardo de Murcia\" data-publico=\"eso,bachiller,general\" data-tipo=\"demostracion,explicacion,otro\" data-area=\"3\" data-day=\"21,22,23\">\n\t\t\t<a href=\"https:\/\/fseneca.es\/secyt22\/actividad\/banda-de-mobius\/\"><strong>Banda de M\u00f6bius<\/strong><\/a><p>I.E.S. Saavedra Fajardo de Murcia<\/p><span class=\"date\">Durante todo el horario de la feria<\/span>\n\t\t\t<!--<p><span class=\" small\"><\/span><\/p> -->\n\t\t\t<\/div><div class=\"hidden\" data-participante=\"I.E.S. Saavedra Fajardo de Murcia\" data-publico=\"eso,bachiller,general\" data-tipo=\"demostracion,explicacion,juego\" data-area=\"3\" data-day=\"21,22,23\">\n\t\t\t<a href=\"https:\/\/fseneca.es\/secyt22\/actividad\/principio-de-kruskal-magia-matematica\/\"><strong>Principio de Kruskal. Magia matem\u00e1tica<\/strong><\/a><p>I.E.S. Saavedra Fajardo de Murcia<\/p><span class=\"date\">Durante todo el horario de la feria<\/span>\n\t\t\t<!--<p><span class=\" small\"><\/span><\/p> -->\n\t\t\t<\/div><div class=\"hidden\" data-participante=\"I.E.S. Saavedra Fajardo de Murcia\" data-publico=\"primaria,eso,bachiller,general\" data-tipo=\"taller,juego\" data-area=\"3\" data-day=\"21,22,23\">\n\t\t\t<a href=\"https:\/\/fseneca.es\/secyt22\/actividad\/juegos-matematicos\/\"><strong>Juegos matem\u00e1ticos<\/strong><\/a><p>I.E.S. Saavedra Fajardo de Murcia<\/p><span class=\"date\">Durante todo el horario de la feria<\/span>\n\t\t\t<!--<p><span class=\" small\"><\/span><\/p> -->\n\t\t\t<\/div><div class=\"hidden\" data-participante=\"I.E.S. Saavedra Fajardo de Murcia\" data-publico=\"eso,bachiller,general\" data-tipo=\"demostracion,explicacion,taller\" data-area=\"4,25\" data-day=\"21,22,23\">\n\t\t\t<a href=\"https:\/\/fseneca.es\/secyt22\/actividad\/las-tres-r-en-las-clases-de-fisica-y-quimica\/\"><strong>Las tres R en las clases de f\u00edsica y qu\u00edmica<\/strong><\/a><p>I.E.S. Saavedra Fajardo de Murcia<\/p><span class=\"date\">Durante todo el horario de la feria<\/span>\n\t\t\t<!--<p><span class=\" small\"><\/span><\/p> -->\n\t\t\t<\/div><div class=\"hidden\" data-participante=\"I.E.S. Saavedra Fajardo de Murcia\" data-publico=\"primaria,eso,bachiller,general\" data-tipo=\"demostracion,explicacion\" data-area=\"14,15\" data-day=\"21,22,23\">\n\t\t\t<a href=\"https:\/\/fseneca.es\/secyt22\/actividad\/barrera-automatica-robotica\/\"><strong>Barrera autom\u00e1tica. Rob\u00f3tica<\/strong><\/a><p>I.E.S. Saavedra Fajardo de Murcia<\/p><span class=\"date\">Durante todo el horario de la feria<\/span>\n\t\t\t<!--<p><span class=\" small\"><\/span><\/p> -->\n\t\t\t<\/div><div class=\"hidden\" data-participante=\"I.E.S. Saavedra Fajardo de Murcia\" data-publico=\"primaria,eso,bachiller,general\" data-tipo=\"exposicion,explicacion\" data-area=\"4\" data-day=\"21,22,23\">\n\t\t\t<a href=\"https:\/\/fseneca.es\/secyt22\/actividad\/jardin-quimico\/\"><strong>Jard\u00edn qu\u00edmico<\/strong><\/a><p>I.E.S. Saavedra Fajardo de Murcia<\/p><span class=\"date\">Durante todo el horario de la feria<\/span>\n\t\t\t<!--<p><span class=\" small\"><\/span><\/p> -->\n\t\t\t<\/div><div class=\"hidden\" data-participante=\"I.E.S. Saavedra Fajardo de Murcia\" data-publico=\"primaria,eso,bachiller,general\" data-tipo=\"explicacion,representacion\" data-area=\"4,22,25\" data-day=\"21,22,23\">\n\t\t\t<a href=\"https:\/\/fseneca.es\/secyt22\/actividad\/experimentos-quimicos-con-otras-perspectivas\/\"><strong>Experimentos qu\u00edmicos con otras perspectivas<\/strong><\/a><p>I.E.S. Saavedra Fajardo de Murcia<\/p><span class=\"date\">Durante todo el horario de la feria<\/span>\n\t\t\t<!--<p><span class=\" small\"><\/span><\/p> -->\n\t\t\t<\/div><div class=\"hidden\" data-participante=\"I.E.S. Saavedra Fajardo de Murcia\" data-publico=\"primaria,eso,bachiller,general\" data-tipo=\"demostracion,explicacion\" data-area=\"4,25\" data-day=\"21,22,23\">\n\t\t\t<a href=\"https:\/\/fseneca.es\/secyt22\/actividad\/fisica-y-quimica-recreativas\/\"><strong>F\u00edsica y Qu\u00edmica Recreativas<\/strong><\/a><p>I.E.S. Saavedra Fajardo de Murcia<\/p><span class=\"date\">Durante todo el horario de la feria<\/span>\n\t\t\t<!--<p><span class=\" small\"><\/span><\/p> -->\n\t\t\t<\/div><div class=\"hidden\" data-participante=\"CSIC - Centro de Edafolog\u00eda y Biolog\u00eda Aplicada del Segura (CEBAS)\" data-publico=\"infantil,primaria,eso,bachiller\" data-tipo=\"demostracion\" data-area=\"9\" data-day=\"21,22,23\">\n\t\t\t<a href=\"https:\/\/fseneca.es\/secyt22\/actividad\/el-gran-juego-del-riego\/\"><strong>El Gran Juego del Riego<\/strong><\/a><p>CSIC - Centro de Edafolog\u00eda y Biolog\u00eda Aplicada del Segura (CEBAS)<\/p><span class=\"date\">Durante todo el horario de la feria<\/span>\n\t\t\t<!--<p><span class=\" small\">CEBAS-CSIC<\/span><\/p> -->\n\t\t\t<\/div><div class=\"hidden\" data-participante=\"CSIC - Centro de Edafolog\u00eda y Biolog\u00eda Aplicada del Segura (CEBAS)\" data-publico=\"infantil,primaria,eso,bachiller\" data-tipo=\"demostracion\" data-area=\"9\" data-day=\"21,22,23\">\n\t\t\t<a href=\"https:\/\/fseneca.es\/secyt22\/actividad\/reutilizamos-el-agua\/\"><strong>\u00bfReutilizamos el agua?<\/strong><\/a><p>CSIC - Centro de Edafolog\u00eda y Biolog\u00eda Aplicada del Segura (CEBAS)<\/p><span class=\"date\">Durante todo el horario de la feria<\/span>\n\t\t\t<!--<p><span class=\" small\">CEBAS-CSIC<\/span><\/p> -->\n\t\t\t<\/div><div class=\"hidden\" data-participante=\"CSIC - Centro de Edafolog\u00eda y Biolog\u00eda Aplicada del Segura (CEBAS)\" data-publico=\"infantil,primaria,eso\" data-tipo=\"explicacion\" data-area=\"9\" data-day=\"21,22,23\">\n\t\t\t<a href=\"https:\/\/fseneca.es\/secyt22\/actividad\/mecanismos-de-las-plantas-frente-al-estres-por-calor-y-sequia-acho-que-calor\/\"><strong>Mecanismos de las plantas frente al estr\u00e9s por calor y sequia (acho, que calor)<\/strong><\/a><p>CSIC - Centro de Edafolog\u00eda y Biolog\u00eda Aplicada del Segura (CEBAS)<\/p><span class=\"date\">Durante todo el horario de la feria<\/span>\n\t\t\t<!--<p><span class=\" small\">CEBAS-CSIC<\/span><\/p> -->\n\t\t\t<\/div><div class=\"hidden\" data-participante=\"Instituto Murciano de Investigaci\u00f3n Biosanitaria Pascual Parrilla\" data-publico=\"infantil,primaria,eso,bachiller,universitario,general\" data-tipo=\"demostracion,explicacion,taller\" data-area=\"5,7,13\" data-day=\"21,22,23\">\n\t\t\t<a href=\"https:\/\/fseneca.es\/secyt22\/actividad\/desnaturalizando-proteinas-2\/\"><strong>Desnaturalizando Prote\u00ednas<\/strong><\/a><p>Instituto Murciano de Investigaci\u00f3n Biosanitaria Pascual Parrilla<\/p><span class=\"date\">Durante todo el horario de la feria<\/span>\n\t\t\t<!--<p><span class=\" small\"><\/span><\/p> -->\n\t\t\t<\/div><div class=\"hidden\" data-participante=\"BiotecMur\" data-publico=\"bachiller,universitario\" data-tipo=\"demostracion,explicacion\" data-area=\"5\" data-day=\"21,22,23\">\n\t\t\t<a href=\"https:\/\/fseneca.es\/secyt22\/actividad\/bacterias-fluorescentes\/\"><strong>Bacterias fluorescentes<\/strong><\/a><p>BiotecMur<\/p><span class=\"date\">Durante todo el horario de la feria<\/span>\n\t\t\t<!--<p><span class=\" small\"><\/span><\/p> -->\n\t\t\t<\/div><div class=\"hidden\" data-participante=\"Agrupaci\u00f3n Astron\u00f3mica de la Regi\u00f3n de Murcia\" data-publico=\"infantil,primaria,eso,bachiller,universitario,general\" data-tipo=\"explicacion\" data-area=\"2\" data-day=\"21,22,23\">\n\t\t\t<a href=\"https:\/\/fseneca.es\/secyt22\/actividad\/las-13-constelaciones-zodiacales\/\"><strong>Las 13 constelaciones zodiacales<\/strong><\/a><p>Agrupaci\u00f3n Astron\u00f3mica de la Regi\u00f3n de Murcia<\/p><span class=\"date\">Durante todo el horario de la feria<\/span>\n\t\t\t<!--<p><span class=\" small\"><\/span><\/p> -->\n\t\t\t<\/div><div class=\"hidden\" data-participante=\"Centro Tecnol\u00f3gico del Calzado y del Pl\u00e1stico\" data-publico=\"eso,bachiller,universitario,general\" data-tipo=\"exposicion,demostracion,explicacion\" data-area=\"5,10,12,13\" data-day=\"\">\n\t\t\t<a href=\"https:\/\/fseneca.es\/secyt22\/actividad\/fabricando-plasticos-biodegradables-y-bio-basados-a-partir-de-residuos\/\"><strong>Fabricando pl\u00e1sticos biodegradables y bio-basados a partir de residuos<\/strong><\/a><p>Centro Tecnol\u00f3gico del Calzado y del Pl\u00e1stico<\/p><span class=\"date\"><\/span>\n\t\t\t<!--<p><span class=\" small\"><\/span><\/p> -->\n\t\t\t<\/div><div class=\"hidden\" data-participante=\"Universidad Polit\u00e9cnica de Cartagena\" data-publico=\"general\" data-tipo=\"proyeccion\" data-area=\"15,25\" data-day=\"21,22,23\">\n\t\t\t<a href=\"https:\/\/fseneca.es\/secyt22\/actividad\/taller-de-experiencias-tridimensionales\/\"><strong>Taller de experiencias tridimensionales<\/strong><\/a><p>Universidad Polit\u00e9cnica de Cartagena<\/p><span class=\"date\">Durante todo el horario de la feria<\/span>\n\t\t\t<!--<p><span class=\" small\"><\/span><\/p> -->\n\t\t\t<\/div><div class=\"hidden\" data-participante=\"Instituto Espa\u00f1ol de Oceanograf\u00eda. Centro Oceanogr\u00e1fico de Murcia\" data-publico=\"general\" data-tipo=\"exposicion\" data-area=\"6\" data-day=\"21,22,23\">\n\t\t\t<a href=\"https:\/\/fseneca.es\/secyt22\/actividad\/crecimiento-y-otolitos-de-peces\/\"><strong>Crecimiento y otolitos de peces<\/strong><\/a><p>Instituto Espa\u00f1ol de Oceanograf\u00eda. Centro Oceanogr\u00e1fico de Murcia<\/p><span class=\"date\">Durante todo el horario de la feria<\/span>\n\t\t\t<!--<p><span class=\"\">83<\/span><\/p> -->\n\t\t\t<\/div><div class=\"hidden\" data-participante=\"Instituto Espa\u00f1ol de Oceanograf\u00eda. Centro Oceanogr\u00e1fico de Murcia\" data-publico=\"general\" data-tipo=\"exposicion\" data-area=\"6\" data-day=\"21,22,23\">\n\t\t\t<a href=\"https:\/\/fseneca.es\/secyt22\/actividad\/artes-de-pesca\/\"><strong>Artes de Pesca<\/strong><\/a><p>Instituto Espa\u00f1ol de Oceanograf\u00eda. Centro Oceanogr\u00e1fico de Murcia<\/p><span class=\"date\">Durante todo el horario de la feria<\/span>\n\t\t\t<!--<p><span class=\"\">83<\/span><\/p> -->\n\t\t\t<\/div><div class=\"hidden\" data-participante=\"Instituto Espa\u00f1ol de Oceanograf\u00eda. Centro Oceanogr\u00e1fico de Murcia\" data-publico=\"infantil\" data-tipo=\"concurso\" data-area=\"6\" data-day=\"21,22,23\">\n\t\t\t<a href=\"https:\/\/fseneca.es\/secyt22\/actividad\/concurso-divulgativo-ninos-ieo\/\"><strong>Concurso divulgativo ni\u00f1os IEO<\/strong><\/a><p>Instituto Espa\u00f1ol de Oceanograf\u00eda. Centro Oceanogr\u00e1fico de Murcia<\/p><span class=\"date\">Durante todo el horario de la feria<\/span>\n\t\t\t<!--<p><span class=\"\">83<\/span><\/p> -->\n\t\t\t<\/div><div class=\"hidden\" data-participante=\"Instituto Murciano de Investigaci\u00f3n Biosanitaria Pascual Parrilla\" data-publico=\"eso,bachiller,universitario,general\" data-tipo=\"explicacion\" data-area=\"5\" data-day=\"\">\n\t\t\t<a href=\"https:\/\/fseneca.es\/secyt22\/actividad\/explorando-la-estructura-del-adn\/\"><strong>Explorando la estructura del ADN<\/strong><\/a><p>Instituto Murciano de Investigaci\u00f3n Biosanitaria Pascual Parrilla<\/p><span class=\"date\"><\/span>\n\t\t\t<!--<p><span class=\"\">4<\/span><\/p> -->\n\t\t\t<\/div><div class=\"hidden\" data-participante=\"Instituto Murciano de Investigaci\u00f3n Biosanitaria Pascual Parrilla\" data-publico=\"infantil,primaria\" data-tipo=\"taller,juego\" data-area=\"5\" data-day=\"\">\n\t\t\t<a href=\"https:\/\/fseneca.es\/secyt22\/actividad\/construye-tu-molecula-de-adn\/\"><strong>\u00a1Construye tu mol\u00e9cula de ADN!<\/strong><\/a><p>Instituto Murciano de Investigaci\u00f3n Biosanitaria Pascual Parrilla<\/p><span class=\"date\"><\/span>\n\t\t\t<!--<p><span class=\"\">4<\/span><\/p> -->\n\t\t\t<\/div><div class=\"hidden\" data-participante=\"Instituto Murciano de Investigaci\u00f3n Biosanitaria Pascual Parrilla\" data-publico=\"primaria,eso,bachiller,general\" data-tipo=\"taller\" data-area=\"5\" data-day=\"\">\n\t\t\t<a href=\"https:\/\/fseneca.es\/secyt22\/actividad\/descubre-tu-propio-adn\/\"><strong>Descubre tu propio ADN<\/strong><\/a><p>Instituto Murciano de Investigaci\u00f3n Biosanitaria Pascual Parrilla<\/p><span class=\"date\"><\/span>\n\t\t\t<!--<p><span class=\"\">4<\/span><\/p> -->\n\t\t\t<\/div><div class=\"hidden\" data-participante=\"LA INNOTECA By Ipitec\" data-publico=\"eso,bachiller,general\" data-tipo=\"concurso\" data-area=\"25\" data-day=\"21,22,23\">\n\t\t\t<a href=\"https:\/\/fseneca.es\/secyt22\/actividad\/iv-concurso-de-jovenes-inventores-de-la-region-de-murcia\/\"><strong>IV Concurso de J\u00f3venes Inventores de la Regi\u00f3n de Murcia<\/strong><\/a><p>LA INNOTECA By Ipitec<\/p><span class=\"date\">Durante todo el horario de la feria<\/span>\n\t\t\t<!--<p><span class=\"\">67<\/span><\/p> -->\n\t\t\t<\/div><div class=\"hidden\" data-participante=\"LA INNOTECA By Ipitec\" data-publico=\"general\" data-tipo=\"juego\" data-area=\"25\" data-day=\"21,22,23\">\n\t\t\t<a href=\"https:\/\/fseneca.es\/secyt22\/actividad\/quien-invento-que\/\"><strong>Qui\u00e9n invent\u00f3 qu\u00e9<\/strong><\/a><p>LA INNOTECA By Ipitec<\/p><span class=\"date\">Durante todo el horario de la feria<\/span>\n\t\t\t<!--<p><span class=\"\">67<\/span><\/p> -->\n\t\t\t<\/div><div class=\"hidden\" data-participante=\"Centro Tecnol\u00f3gico Naval y del Mar\" data-publico=\"infantil,primaria,eso,bachiller,universitario,general\" data-tipo=\"exposicion,demostracion,explicacion,taller,proyeccion\" data-area=\"12,13,17\" data-day=\"\">\n\t\t\t<a href=\"https:\/\/fseneca.es\/secyt22\/actividad\/los-oceanos-son-una-gran-fuente-de-energia-descubre-los-tipos-de-energias-renovables-marinas-y-su-funcionamiento\/\"><strong>Los oc\u00e9anos son una gran fuente de energ\u00eda. Descubre los tipos de energ\u00edas renovables marinas y su funcionamiento<\/strong><\/a><p>Centro Tecnol\u00f3gico Naval y del Mar<\/p><span class=\"date\"><\/span>\n\t\t\t<!--<p><span class=\" small\">69-72<\/span><\/p> -->\n\t\t\t<\/div><div class=\"hidden\" data-participante=\"Museo del Teatro Romano de Cartagena\" data-publico=\"primaria,eso,bachiller,universitario,general\" data-tipo=\"taller\" data-area=\"23\" data-day=\"\">\n\t\t\t<a href=\"https:\/\/fseneca.es\/secyt22\/actividad\/visita-virtual-al-teatro-romano-de-cartagena-nuevas-experiencias-2\/\"><strong>Visita Virtual al Teatro Romano de Cartagena: nuevas experiencias.<\/strong><\/a><p>Museo del Teatro Romano de Cartagena<\/p><span class=\"date\"><\/span>\n\t\t\t<!--<p><span class=\" small\"><\/span><\/p> -->\n\t\t\t<\/div><div class=\"hidden\" data-participante=\"Talento STEM\" data-publico=\"primaria,eso\" data-tipo=\"taller\" data-area=\"14\" data-day=\"22\">\n\t\t\t<a href=\"https:\/\/fseneca.es\/secyt22\/actividad\/videojugamos-todos\/\"><strong>Talleres de programaci\u00f3n de videojuegos<\/strong><\/a><p>Talento STEM<\/p><span class=\"date\">S\u00e1bado 22 | 17:20 - S\u00e1bado 22 | 19h<\/span>\n\t\t\t<!--<p><span class=\" small\"><\/span><\/p> -->\n\t\t\t<\/div><div class=\"hidden\" data-participante=\"Talento STEM\" data-publico=\"primaria,eso\" data-tipo=\"demostracion\" data-area=\"14\" data-day=\"21,22,23\">\n\t\t\t<a href=\"https:\/\/fseneca.es\/secyt22\/actividad\/exposicion-proyectos-technovation-girls-2022\/\"><strong>Exposici\u00f3n Proyectos Technovation Girls 2022<\/strong><\/a><p>Talento STEM<\/p><span class=\"date\">Durante todo el horario de la feria<\/span>\n\t\t\t<!--<p><span class=\" small\"><\/span><\/p> -->\n\t\t\t<\/div><div class=\"hidden\" data-participante=\"Colegio Oficial y Asociaci\u00f3n de Qu\u00edmicos de Murcia\" data-publico=\"general\" data-tipo=\"exposicion\" data-area=\"1,2,3,4,5,6,7,8,9,10,11,12,13,14,15,16,17,18,19,20,21,22,23,24\" data-day=\"21,22,23\">\n\t\t\t<a href=\"https:\/\/fseneca.es\/secyt22\/actividad\/crea-tu-propio-gel-hidroalcoholico\/\"><strong>Crea tu propio gel hidroalcoholico<\/strong><\/a><p>Colegio Oficial y Asociaci\u00f3n de Qu\u00edmicos de Murcia<\/p><span class=\"date\">Durante todo el horario de la feria<\/span>\n\t\t\t<!--<p><span class=\"\">58<\/span><\/p> -->\n\t\t\t<\/div><div class=\"hidden\" data-participante=\"Asociaci\u00f3n de Fabricantes de \u00c1ridos de la Regi\u00f3n de Murcia\" data-publico=\"primaria,eso,bachiller,universitario,general\" data-tipo=\"demostracion\" data-area=\"16\" data-day=\"21,22,23\">\n\t\t\t<a href=\"https:\/\/fseneca.es\/secyt22\/actividad\/maquinaria-minera-en-miniatura-radiocontrol\/\"><strong>Maquinaria minera en miniatura radiocontrol<\/strong><\/a><p>Asociaci\u00f3n de Fabricantes de \u00c1ridos de la Regi\u00f3n de Murcia<\/p><span class=\"date\">Durante todo el horario de la feria<\/span>\n\t\t\t<!--<p><span class=\"\">87<\/span><\/p> -->\n\t\t\t<\/div><div class=\"hidden\" data-participante=\"Asociaci\u00f3n de Divulgaci\u00f3n Cient\u00edfica de la Regi\u00f3n de Murcia\" data-publico=\"general\" data-tipo=\"exposicion\" data-area=\"25\" data-day=\"\">\n\t\t\t<a href=\"https:\/\/fseneca.es\/secyt22\/actividad\/exposicion-ls-cientifics-visitan-el-hospital\/\"><strong>Exposici\u00f3n \u00abL@s cient\u00edfic@s visitan el hospital\u00bb<\/strong><\/a><p>Asociaci\u00f3n de Divulgaci\u00f3n Cient\u00edfica de la Regi\u00f3n de Murcia<\/p><span class=\"date\"><\/span>\n\t\t\t<!--<p><span class=\"\">16<\/span><\/p> -->\n\t\t\t<\/div><div class=\"hidden\" data-participante=\"BiotecMur\" data-publico=\"primaria,eso,bachiller,universitario,general\" data-tipo=\"explicacion,juego\" data-area=\"4,5,6\" data-day=\"21,22,23\">\n\t\t\t<a href=\"https:\/\/fseneca.es\/secyt22\/actividad\/los-mitos-de-la-biotecnologia\/\"><strong>Los mitos de la biotecnolog\u00eda<\/strong><\/a><p>BiotecMur<\/p><span class=\"date\">Durante todo el horario de la feria<\/span>\n\t\t\t<!--<p><span class=\"\">17<\/span><\/p> -->\n\t\t\t<\/div><div class=\"hidden\" data-participante=\"BiotecMur\" data-publico=\"general\" data-tipo=\"explicacion,taller\" data-area=\"6\" data-day=\"21,22,23\">\n\t\t\t<a href=\"https:\/\/fseneca.es\/secyt22\/actividad\/el-mundo-microscopico\/\"><strong>El mundo microsc\u00f3pico<\/strong><\/a><p>BiotecMur<\/p><span class=\"date\">Durante todo el horario de la feria<\/span>\n\t\t\t<!--<p><span class=\" small\"><\/span><\/p> -->\n\t\t\t<\/div><div class=\"hidden\" data-participante=\"Universidad de Murcia\" data-publico=\"infantil,primaria\" data-tipo=\"exposicion,explicacion,taller,juego\" data-area=\"4\" data-day=\"21,22,23\">\n\t\t\t<a href=\"https:\/\/fseneca.es\/secyt22\/actividad\/los-metales-que-te-rodean-analisis-de-metales-por-icp\/\"><strong>Los metales que te rodean: an\u00e1lisis de metales por ICP<\/strong><\/a><p>Universidad de Murcia<\/p><span class=\"date\">Durante todo el horario de la feria<\/span>\n\t\t\t<!--<p><span class=\" small\">34-35<\/span><\/p> -->\n\t\t\t<\/div><div class=\"hidden\" data-participante=\"Universidad de Murcia\" data-publico=\"eso,bachiller,universitario,general\" data-tipo=\"explicacion,juego\" data-area=\"4,12,13,17,21\" data-day=\"21,22,23\">\n\t\t\t<a href=\"https:\/\/fseneca.es\/secyt22\/actividad\/energia-y-tabla-periodica\/\"><strong>Energ\u00eda y tabla peri\u00f3dica<\/strong><\/a><p>Universidad de Murcia<\/p><span class=\"date\">Durante todo el horario de la feria<\/span>\n\t\t\t<!--<p><span class=\"\">43<\/span><\/p> -->\n\t\t\t<\/div><div class=\"hidden\" data-participante=\"Universidad de Murcia\" data-publico=\"primaria,eso,bachiller\" data-tipo=\"exposicion,explicacion,taller,juego\" data-area=\"4\" data-day=\"21,22,23\">\n\t\t\t<a href=\"https:\/\/fseneca.es\/secyt22\/actividad\/sabes-que-metales-estas-comiendo-averigualo\/\"><strong>\u00bfSabes qu\u00e9 metales est\u00e1s comiendo? \u00a1Aver\u00edgualo!<\/strong><\/a><p>Universidad de Murcia<\/p><span class=\"date\">Durante todo el horario de la feria<\/span>\n\t\t\t<!--<p><span class=\" small\">34-35<\/span><\/p> -->\n\t\t\t<\/div><div class=\"hidden\" data-participante=\"Universidad de Murcia\" data-publico=\"eso,bachiller,universitario,general\" data-tipo=\"exposicion,explicacion,taller,juego\" data-area=\"4\" data-day=\"21,22,23\">\n\t\t\t<a href=\"https:\/\/fseneca.es\/secyt22\/actividad\/que-sabes-de-tus-vecinos-los-atomos-nos-lo-cuentan\/\"><strong>\u00bfQu\u00e9 sabes de tus vecinos? Los \u00e1tomos nos lo cuentan&#8230;.<\/strong><\/a><p>Universidad de Murcia<\/p><span class=\"date\">Durante todo el horario de la feria<\/span>\n\t\t\t<!--<p><span class=\" small\">34-35<\/span><\/p> -->\n\t\t\t<\/div><div class=\"hidden\" data-participante=\"Universidad de Murcia\" data-publico=\"general\" data-tipo=\"taller\" data-area=\"4,5,6\" data-day=\"21,22,23\">\n\t\t\t<a href=\"https:\/\/fseneca.es\/secyt22\/actividad\/de-la-naturaleza-al-microscopio\/\"><strong>De la naturaleza al microscopio<\/strong><\/a><p>Universidad de Murcia<\/p><span class=\"date\">Durante todo el horario de la feria<\/span>\n\t\t\t<!--<p><span class=\" small\">34-35<\/span><\/p> -->\n\t\t\t<\/div><div class=\"hidden\" data-participante=\"Universidad de Murcia\" data-publico=\"infantil,primaria,eso,bachiller,universitario,general\" data-tipo=\"exposicion,explicacion\" data-area=\"1,6,11,12,23\" data-day=\"21,22,23\">\n\t\t\t<a href=\"https:\/\/fseneca.es\/secyt22\/actividad\/embarca-en-garopa-seguimiento-cientifico-del-mar-menor-y-reservas-marinas-de-cabo-palos-y-cabo-tinoso\/\"><strong>Embarca en \u00abGaropa\u00bb: seguimiento cient\u00edfico del Mar Menor y Reservas Marinas de Cabo Palos y Cabo Ti\u00f1oso.<\/strong><\/a><p>Universidad de Murcia<\/p><span class=\"date\">Durante todo el horario de la feria<\/span>\n\t\t\t<!--<p><span class=\" small\">34-35<\/span><\/p> -->\n\t\t\t<\/div><div class=\"hidden\" data-participante=\"Universidad de Murcia\" data-publico=\"general\" data-tipo=\"explicacion,juego\" data-area=\"1,5,6,12\" data-day=\"21,22,23\">\n\t\t\t<a href=\"https:\/\/fseneca.es\/secyt22\/actividad\/quien-es-quien\/\"><strong>\u00bfQui\u00e9n es qui\u00e9n?<\/strong><\/a><p>Universidad de Murcia<\/p><span class=\"date\">Durante todo el horario de la feria<\/span>\n\t\t\t<!--<p><span class=\" small\">34-35<\/span><\/p> -->\n\t\t\t<\/div><div class=\"hidden\" data-participante=\"Universidad de Murcia\" data-publico=\"eso,bachiller,universitario,general\" data-tipo=\"demostracion,explicacion\" data-area=\"2\" data-day=\"21,22,23\">\n\t\t\t<a href=\"https:\/\/fseneca.es\/secyt22\/actividad\/descubriendo-el-espectro-visible\/\"><strong>Descubriendo el espectro visible<\/strong><\/a><p>Universidad de Murcia<\/p><span class=\"date\">Durante todo el horario de la feria<\/span>\n\t\t\t<!--<p><span class=\" small\">34-35<\/span><\/p> -->\n\t\t\t<\/div><div class=\"hidden\" data-participante=\"Universidad de Murcia\" data-publico=\"primaria,eso,bachiller,universitario,general\" data-tipo=\"explicacion\" data-area=\"4\" data-day=\"21,22,23\">\n\t\t\t<a href=\"https:\/\/fseneca.es\/secyt22\/actividad\/la-radiactividad-en-la-vida-cotidiana\/\"><strong>La radiactividad en la vida cotidiana<\/strong><\/a><p>Universidad de Murcia<\/p><span class=\"date\">Durante todo el horario de la feria<\/span>\n\t\t\t<!--<p><span class=\" small\">34-35<\/span><\/p> -->\n\t\t\t<\/div><div class=\"hidden\" data-participante=\"Universidad de Murcia\" data-publico=\"primaria,eso,bachiller,universitario,general\" data-tipo=\"taller,juego\" data-area=\"4,25\" data-day=\"21,22,23\">\n\t\t\t<a href=\"https:\/\/fseneca.es\/secyt22\/actividad\/juega-con-isotopos\/\"><strong>Juega con is\u00f3topos<\/strong><\/a><p>Universidad de Murcia<\/p><span class=\"date\">Durante todo el horario de la feria<\/span>\n\t\t\t<!--<p><span class=\" small\">34-35<\/span><\/p> -->\n\t\t\t<\/div><div class=\"hidden\" data-participante=\"Universidad de Murcia\" data-publico=\"infantil,primaria,eso,bachiller,universitario,general\" data-tipo=\"exposicion,explicacion\" data-area=\"12\" data-day=\"21,22,23\">\n\t\t\t<a href=\"https:\/\/fseneca.es\/secyt22\/actividad\/medusas-a-la-vista\/\"><strong>Medusas a la vista<\/strong><\/a><p>Universidad de Murcia<\/p><span class=\"date\">Durante todo el horario de la feria<\/span>\n\t\t\t<!--<p><span class=\" small\">34-35<\/span><\/p> -->\n\t\t\t<\/div><div class=\"hidden\" data-participante=\"Universidad de Murcia\" data-publico=\"infantil,primaria,eso,bachiller,universitario,general\" data-tipo=\"demostracion,taller\" data-area=\"6\" data-day=\"21,22,23\">\n\t\t\t<a href=\"https:\/\/fseneca.es\/secyt22\/actividad\/diseccion-de-rana\/\"><strong>Disecci\u00f3n de rana<\/strong><\/a><p>Universidad de Murcia<\/p><span class=\"date\">Durante todo el horario de la feria<\/span>\n\t\t\t<!--<p><span class=\" small\">34-35<\/span><\/p> -->\n\t\t\t<\/div><div class=\"hidden\" data-participante=\"I.E.S. Juan de la Cierva y Codorni\u00fa de Totana\" data-publico=\"general\" data-tipo=\"exposicion,demostracion,explicacion\" data-area=\"5,6\" data-day=\"21,22,23\">\n\t\t\t<a href=\"https:\/\/fseneca.es\/secyt22\/actividad\/observaciones-al-microscopio-y-la-lupa\/\"><strong>Observaciones al microscopio y la lupa<\/strong><\/a><p>I.E.S. Juan de la Cierva y Codorni\u00fa de Totana<\/p><span class=\"date\">Durante todo el horario de la feria<\/span>\n\t\t\t<!--<p><span class=\" small\">56-57<\/span><\/p> -->\n\t\t\t<\/div><div class=\"hidden\" data-participante=\"I.E.S. Juan de la Cierva y Codorni\u00fa de Totana\" data-publico=\"general\" data-tipo=\"demostracion\" data-area=\"6\" data-day=\"21,22,23\">\n\t\t\t<a href=\"https:\/\/fseneca.es\/secyt22\/actividad\/las-plantas-transpiran\/\"><strong>Las plantas transpiran<\/strong><\/a><p>I.E.S. Juan de la Cierva y Codorni\u00fa de Totana<\/p><span class=\"date\">Durante todo el horario de la feria<\/span>\n\t\t\t<!--<p><span class=\" small\">56-57<\/span><\/p> -->\n\t\t\t<\/div><div class=\"hidden\" data-participante=\"I.E.S. Juan de la Cierva y Codorni\u00fa de Totana\" data-publico=\"general\" data-tipo=\"exposicion,explicacion\" data-area=\"5\" data-day=\"21,22,23\">\n\t\t\t<a href=\"https:\/\/fseneca.es\/secyt22\/actividad\/cariogramas-humanos\/\"><strong>Cariogramas humanos<\/strong><\/a><p>I.E.S. Juan de la Cierva y Codorni\u00fa de Totana<\/p><span class=\"date\">Durante todo el horario de la feria<\/span>\n\t\t\t<!--<p><span class=\" small\">56-57<\/span><\/p> -->\n\t\t\t<\/div><div class=\"hidden\" data-participante=\"I.E.S. Juan de la Cierva y Codorni\u00fa de Totana\" data-publico=\"general\" data-tipo=\"exposicion,explicacion\" data-area=\"5\" data-day=\"21,22,23\">\n\t\t\t<a href=\"https:\/\/fseneca.es\/secyt22\/actividad\/representacion-tridimensional-de-la-molecula-de-adn\/\"><strong>Representaci\u00f3n tridimensional de la mol\u00e9cula de ADN<\/strong><\/a><p>I.E.S. Juan de la Cierva y Codorni\u00fa de Totana<\/p><span class=\"date\">Durante todo el horario de la feria<\/span>\n\t\t\t<!--<p><span class=\" small\">56-57<\/span><\/p> -->\n\t\t\t<\/div><div class=\"hidden\" data-participante=\"I.E.S. Juan de la Cierva y Codorni\u00fa de Totana\" data-publico=\"general\" data-tipo=\"demostracion\" data-area=\"2\" data-day=\"21,22,23\">\n\t\t\t<a href=\"https:\/\/fseneca.es\/secyt22\/actividad\/coche-solar-2\/\"><strong>Coche solar<\/strong><\/a><p>I.E.S. Juan de la Cierva y Codorni\u00fa de Totana<\/p><span class=\"date\">Durante todo el horario de la feria<\/span>\n\t\t\t<!--<p><span class=\" small\">56-57<\/span><\/p> -->\n\t\t\t<\/div><div class=\"hidden\" data-participante=\"I.E.S. Saavedra Fajardo de Murcia\" data-publico=\"primaria,eso,bachiller,general\" data-tipo=\"exposicion,explicacion\" data-area=\"12,13\" data-day=\"21,22,23\">\n\t\t\t<a href=\"https:\/\/fseneca.es\/secyt22\/actividad\/coche-solar\/\"><strong>Coche solar<\/strong><\/a><p>I.E.S. Saavedra Fajardo de Murcia<\/p><span class=\"date\">Durante todo el horario de la feria<\/span>\n\t\t\t<!--<p><span class=\" small\"><\/span><\/p> -->\n\t\t\t<\/div><div class=\"hidden\" data-participante=\"CSIC - Centro de Edafolog\u00eda y Biolog\u00eda Aplicada del Segura (CEBAS)\" data-publico=\"general\" data-tipo=\"taller\" data-area=\"9\" data-day=\"21,22,23\">\n\t\t\t<a href=\"https:\/\/fseneca.es\/secyt22\/actividad\/el-rompecabezas-de-la-ciencia-en-tu-mesa\/\"><strong>El rompecabezas de la ciencia en tu mesa<\/strong><\/a><p>CSIC - Centro de Edafolog\u00eda y Biolog\u00eda Aplicada del Segura (CEBAS)<\/p><span class=\"date\">Durante todo el horario de la feria<\/span>\n\t\t\t<!--<p><span class=\" small\">30-33<\/span><\/p> -->\n\t\t\t<\/div><div class=\"hidden\" data-participante=\"CSIC - Centro de Edafolog\u00eda y Biolog\u00eda Aplicada del Segura (CEBAS)\" data-publico=\"general\" data-tipo=\"taller\" data-area=\"9\" data-day=\"21,22,23\">\n\t\t\t<a href=\"https:\/\/fseneca.es\/secyt22\/actividad\/sabes-que-las-plantas-tambien-se-resfrian\/\"><strong>\u00bfSabes que las plantas tambi\u00e9n se resfr\u00edan?<\/strong><\/a><p>CSIC - Centro de Edafolog\u00eda y Biolog\u00eda Aplicada del Segura (CEBAS)<\/p><span class=\"date\">Durante todo el horario de la feria<\/span>\n\t\t\t<!--<p><span class=\" small\">CEBAS-CSIC<\/span><\/p> -->\n\t\t\t<\/div><div class=\"hidden\" data-participante=\"CSIC - Centro de Edafolog\u00eda y Biolog\u00eda Aplicada del Segura (CEBAS)\" data-publico=\"general\" data-tipo=\"taller\" data-area=\"9\" data-day=\"21,22,23\">\n\t\t\t<a href=\"https:\/\/fseneca.es\/secyt22\/actividad\/como-miden-las-plantas-el-tiempo\/\"><strong>\u00bfC\u00f3mo miden las plantas el tiempo?<\/strong><\/a><p>CSIC - Centro de Edafolog\u00eda y Biolog\u00eda Aplicada del Segura (CEBAS)<\/p><span class=\"date\">Durante todo el horario de la feria<\/span>\n\t\t\t<!--<p><span class=\" small\">30-33<\/span><\/p> -->\n\t\t\t<\/div><div class=\"hidden\" data-participante=\"CSIC - Centro de Edafolog\u00eda y Biolog\u00eda Aplicada del Segura (CEBAS)\" data-publico=\"general\" data-tipo=\"juego\" data-area=\"9\" data-day=\"21,22,23\">\n\t\t\t<a href=\"https:\/\/fseneca.es\/secyt22\/actividad\/el-trivial-del-suelo\/\"><strong>El Trivial del suelo<\/strong><\/a><p>CSIC - Centro de Edafolog\u00eda y Biolog\u00eda Aplicada del Segura (CEBAS)<\/p><span class=\"date\">Durante todo el horario de la feria<\/span>\n\t\t\t<!--<p><span class=\" small\">CEBAS-CSIC<\/span><\/p> -->\n\t\t\t<\/div><div class=\"hidden\" data-participante=\"CSIC - Centro de Edafolog\u00eda y Biolog\u00eda Aplicada del Segura (CEBAS)\" data-publico=\"general\" data-tipo=\"taller\" data-area=\"10\" data-day=\"21,22,23\">\n\t\t\t<a href=\"https:\/\/fseneca.es\/secyt22\/actividad\/cuanto-sabes-sobre-la-seguridad-de-los-alimentos\/\"><strong>\u00bfCu\u00e1nto sabes sobre la seguridad de los alimentos?<\/strong><\/a><p>CSIC - Centro de Edafolog\u00eda y Biolog\u00eda Aplicada del Segura (CEBAS)<\/p><span class=\"date\">Durante todo el horario de la feria<\/span>\n\t\t\t<!--<p><span class=\" small\">CEBAS-CSIC<\/span><\/p> -->\n\t\t\t<\/div><div class=\"hidden\" data-participante=\"Universidad de Murcia\" data-publico=\"general\" data-tipo=\"explicacion\" data-area=\"6,9,12\" data-day=\"21,22,23\">\n\t\t\t<a href=\"https:\/\/fseneca.es\/secyt22\/actividad\/cultivo-hidroponico-como-cultivar-sin-suelo\/\"><strong>Cultivo hidrop\u00f3nico: c\u00f3mo cultivar sin suelo<\/strong><\/a><p>Universidad de Murcia<\/p><span class=\"date\">Durante todo el horario de la feria<\/span>\n\t\t\t<!--<p><span class=\" small\">34-35<\/span><\/p> -->\n\t\t\t<\/div><div class=\"hidden\" data-participante=\"Universidad de Murcia\" data-publico=\"general\" data-tipo=\"demostracion,juego,presentacion\" data-area=\"25\" data-day=\"\">\n\t\t\t<a href=\"https:\/\/fseneca.es\/secyt22\/actividad\/nuevas-tecnologias-aplicadas-a-la-investigacion-y-la-docencia\/\"><strong>Nuevas tecnolog\u00edas aplicadas a la investigaci\u00f3n y la docencia<\/strong><\/a><p>Universidad de Murcia<\/p><span class=\"date\"><\/span>\n\t\t\t<!--<p><span class=\" small\">34-35<\/span><\/p> -->\n\t\t\t<\/div><div class=\"hidden\" data-participante=\"Universidad de Murcia\" data-publico=\"primaria,eso,bachiller,universitario,general\" data-tipo=\"juego\" data-area=\"7,18,19,21\" data-day=\"\">\n\t\t\t<a href=\"https:\/\/fseneca.es\/secyt22\/actividad\/tu-cara-es-un-cuadro-de-emociones\/\"><strong>Tu cara es un cuadro de emociones<\/strong><\/a><p>Universidad de Murcia<\/p><span class=\"date\"><\/span>\n\t\t\t<!--<p><span class=\" small\">34-35<\/span><\/p> -->\n\t\t\t<\/div><div class=\"hidden\" data-participante=\"Universidad de Murcia\" data-publico=\"primaria,eso,bachiller,universitario,general\" data-tipo=\"explicacion,taller,juego\" data-area=\"3,19,20\" data-day=\"21,22,23\">\n\t\t\t<a href=\"https:\/\/fseneca.es\/secyt22\/actividad\/el-dilema-del-prisionero\/\"><strong>El dilema del prisionero<\/strong><\/a><p>Universidad de Murcia<\/p><span class=\"date\">Durante todo el horario de la feria<\/span>\n\t\t\t<!--<p><span class=\"\">79<\/span><\/p> -->\n\t\t\t<\/div><div class=\"hidden\" data-participante=\"Talento STEM\" data-publico=\"primaria,eso\" data-tipo=\"concurso,otro\" data-area=\"14\" data-day=\"21,22,23\">\n\t\t\t<a href=\"https:\/\/fseneca.es\/secyt22\/actividad\/sorteo-de-un-taller-de-app-inventor-para-10-ninas\/\"><strong>Sorteo de un Taller de APP-Inventor para 10 ni\u00f1as.<\/strong><\/a><p>Talento STEM<\/p><span class=\"date\">Durante todo el horario de la feria<\/span>\n\t\t\t<!--<p><span class=\" small\"><\/span><\/p> -->\n\t\t\t<\/div><div class=\"hidden\" data-participante=\"Universidad de Murcia\" data-publico=\"eso,bachiller,universitario,general\" data-tipo=\"demostracion\" data-area=\"13,14,15,17\" data-day=\"21,22,23\">\n\t\t\t<a href=\"https:\/\/fseneca.es\/secyt22\/actividad\/impresion-3d-para-energia-y-tecnologia\/\"><strong>Impresi\u00f3n 3D para energ\u00eda y tecnolog\u00eda<\/strong><\/a><p>Universidad de Murcia<\/p><span class=\"date\">Durante todo el horario de la feria<\/span>\n\t\t\t<!--<p><span class=\"\">43<\/span><\/p> -->\n\t\t\t<\/div><div class=\"hidden\" data-participante=\"Museo del Teatro Romano de Cartagena\" data-publico=\"primaria,eso,general\" data-tipo=\"taller\" data-area=\"23\" data-day=\"\">\n\t\t\t<a href=\"https:\/\/fseneca.es\/secyt22\/actividad\/visita-virtual-al-teatro-romano-de-cartagena-nuevas-experiencias\/\"><strong>Visita virtual al Teatro Romano de Cartagena: nuevas experiencias<\/strong><\/a><p>Museo del Teatro Romano de Cartagena<\/p><span class=\"date\"><\/span>\n\t\t\t<!--<p><span class=\" small\"><\/span><\/p> -->\n\t\t\t<\/div><div class=\"hidden\" data-participante=\"Asociaci\u00f3n de Fabricantes de \u00c1ridos de la Regi\u00f3n de Murcia\" data-publico=\"general\" data-tipo=\"exposicion\" data-area=\"16\" data-day=\"21,22,23\">\n\t\t\t<a href=\"https:\/\/fseneca.es\/secyt22\/actividad\/maquinaria-gigante\/\"><strong>Maquinaria gigante<\/strong><\/a><p>Asociaci\u00f3n de Fabricantes de \u00c1ridos de la Regi\u00f3n de Murcia<\/p><span class=\"date\">Durante todo el horario de la feria<\/span>\n\t\t\t<!--<p><span class=\"\">87<\/span><\/p> -->\n\t\t\t<\/div><div class=\"hidden\" data-participante=\"Asociaci\u00f3n de Fabricantes de \u00c1ridos de la Regi\u00f3n de Murcia\" data-publico=\"general\" data-tipo=\"exposicion,demostracion,explicacion\" data-area=\"13,16\" data-day=\"21,22,23\">\n\t\t\t<a href=\"https:\/\/fseneca.es\/secyt22\/actividad\/voladuras-con-explosivos-simulados\/\"><strong>Voladuras con explosivos simulados<\/strong><\/a><p>Asociaci\u00f3n de Fabricantes de \u00c1ridos de la Regi\u00f3n de Murcia<\/p><span class=\"date\">Durante todo el horario de la feria<\/span>\n\t\t\t<!--<p><span class=\"\">87<\/span><\/p> -->\n\t\t\t<\/div><div class=\"hidden\" data-participante=\"Asociaci\u00f3n de Fabricantes de \u00c1ridos de la Regi\u00f3n de Murcia\" data-publico=\"infantil,primaria\" data-tipo=\"taller\" data-area=\"1\" data-day=\"21,22,23\">\n\t\t\t<a href=\"https:\/\/fseneca.es\/secyt22\/actividad\/pinta-los-aridos-de-tu-vida\/\"><strong>Pinta los \u00e1ridos de tu vida<\/strong><\/a><p>Asociaci\u00f3n de Fabricantes de \u00c1ridos de la Regi\u00f3n de Murcia<\/p><span class=\"date\">Durante todo el horario de la feria<\/span>\n\t\t\t<!--<p><span class=\"\">87<\/span><\/p> -->\n\t\t\t<\/div><div class=\"hidden\" data-participante=\"I.E.S. Juan de la Cierva y Codorni\u00fa de Totana\" data-publico=\"general\" data-tipo=\"demostracion\" data-area=\"4\" data-day=\"21,22,23\">\n\t\t\t<a href=\"https:\/\/fseneca.es\/secyt22\/actividad\/fuego-mezclando-liquidos\/\"><strong>Fuego mezclando l\u00edquidos<\/strong><\/a><p>I.E.S. Juan de la Cierva y Codorni\u00fa de Totana<\/p><span class=\"date\">Durante todo el horario de la feria<\/span>\n\t\t\t<!--<p><span class=\" small\">52-53<\/span><\/p> -->\n\t\t\t<\/div><div class=\"hidden\" data-participante=\"I.E.S. Juan de la Cierva y Codorni\u00fa de Totana\" data-publico=\"general\" data-tipo=\"demostracion\" data-area=\"2\" data-day=\"21,22,23\">\n\t\t\t<a href=\"https:\/\/fseneca.es\/secyt22\/actividad\/la-lata-magica-boomerang\/\"><strong>La lata m\u00e1gica boomerang<\/strong><\/a><p>I.E.S. Juan de la Cierva y Codorni\u00fa de Totana<\/p><span class=\"date\">Durante todo el horario de la feria<\/span>\n\t\t\t<!--<p><span class=\" small\">56-57<\/span><\/p> -->\n\t\t\t<\/div><div class=\"hidden\" data-participante=\"Colegio Oficial y Asociaci\u00f3n de Qu\u00edmicos de Murcia\" data-publico=\"general\" data-tipo=\"exposicion\" data-area=\"1,2,3,4,5,6,7,8,9,10,11,12,13,14,15,16,17,18,19,20,21,22,23,24\" data-day=\"\">\n\t\t\t<a href=\"https:\/\/fseneca.es\/secyt22\/actividad\/la-quimica-esta-en-todo-lo-que-nos-rodea-tienes-quimica-tienes-vida\/\"><strong>La qu\u00edmica est\u00e1 en todo lo que nos rodea: tienes qu\u00edmica, tienes vida<\/strong><\/a><p>Colegio Oficial y Asociaci\u00f3n de Qu\u00edmicos de Murcia<\/p><span class=\"date\"><\/span>\n\t\t\t<!--<p><span class=\"\">58<\/span><\/p> -->\n\t\t\t<\/div><div class=\"hidden\" data-participante=\"Colegio Oficial y Asociaci\u00f3n de Qu\u00edmicos de Murcia\" data-publico=\"general\" data-tipo=\"proyeccion\" data-area=\"1,4,12\" data-day=\"21,22,23\">\n\t\t\t<a href=\"https:\/\/fseneca.es\/secyt22\/actividad\/ciencia-en-un-minuto\/\"><strong>Ciencia en un minuto<\/strong><\/a><p>Colegio Oficial y Asociaci\u00f3n de Qu\u00edmicos de Murcia<\/p><span class=\"date\">Durante todo el horario de la feria<\/span>\n\t\t\t<!--<p><span class=\"\">58<\/span><\/p> -->\n\t\t\t<\/div><div class=\"hidden\" data-participante=\"Asociaci\u00f3n de Divulgaci\u00f3n Cient\u00edfica de la Regi\u00f3n de Murcia\" data-publico=\"eso,bachiller\" data-tipo=\"exposicion,demostracion,explicacion\" data-area=\"2,4\" data-day=\"\">\n\t\t\t<a href=\"https:\/\/fseneca.es\/secyt22\/actividad\/fisica-y-quimica-con-el-ies-jose-planes\/\"><strong>F\u00edsica y qu\u00edmica con el IES Jos\u00e9 Planes<\/strong><\/a><p>Asociaci\u00f3n de Divulgaci\u00f3n Cient\u00edfica de la Regi\u00f3n de Murcia<\/p><span class=\"date\"><\/span>\n\t\t\t<!--<p><span class=\"\">16<\/span><\/p> -->\n\t\t\t<\/div><div class=\"hidden\" data-participante=\"Asociaci\u00f3n de Divulgaci\u00f3n Cient\u00edfica de la Regi\u00f3n de Murcia\" data-publico=\"general\" data-tipo=\"demostracion\" data-area=\"10\" data-day=\"\">\n\t\t\t<a href=\"https:\/\/fseneca.es\/secyt22\/actividad\/equipo-ciencia-cierta-ies-jose-planes\/\"><strong>Equipo Ciencia Cierta IES Jos\u00e9 Planes<\/strong><\/a><p>Asociaci\u00f3n de Divulgaci\u00f3n Cient\u00edfica de la Regi\u00f3n de Murcia<\/p><span class=\"date\"><\/span>\n\t\t\t<!--<p><span class=\"\">62<\/span><\/p> -->\n\t\t\t<\/div><div class=\"hidden\" data-participante=\"Asociaci\u00f3n de Divulgaci\u00f3n Cient\u00edfica de la Regi\u00f3n de Murcia\" data-publico=\"eso,bachiller\" data-tipo=\"demostracion\" data-area=\"5\" data-day=\"\">\n\t\t\t<a href=\"https:\/\/fseneca.es\/secyt22\/actividad\/biologia-y-geologia-con-el-ies-jose-planes\/\"><strong>Biolog\u00eda y geolog\u00eda con el IES Jos\u00e9 Planes<\/strong><\/a><p>Asociaci\u00f3n de Divulgaci\u00f3n Cient\u00edfica de la Regi\u00f3n de Murcia<\/p><span class=\"date\"><\/span>\n\t\t\t<!--<p><span class=\"\">16<\/span><\/p> -->\n\t\t\t<\/div><div class=\"hidden\" data-participante=\"Asociaci\u00f3n de Divulgaci\u00f3n Cient\u00edfica de la Regi\u00f3n de Murcia\" data-publico=\"general\" data-tipo=\"exposicion\" data-area=\"23\" data-day=\"\">\n\t\t\t<a href=\"https:\/\/fseneca.es\/secyt22\/actividad\/exposicion-de-aviones-hechos-en-tiza\/\"><strong>Exposici\u00f3n de aviones hechos en tiza<\/strong><\/a><p>Asociaci\u00f3n de Divulgaci\u00f3n Cient\u00edfica de la Regi\u00f3n de Murcia<\/p><span class=\"date\"><\/span>\n\t\t\t<!--<p><span class=\"\">16<\/span><\/p> -->\n\t\t\t<\/div><div class=\"hidden\" data-participante=\"Agrupaci\u00f3n Astron\u00f3mica de la Regi\u00f3n de Murcia\" data-publico=\"primaria,eso,general\" data-tipo=\"explicacion\" data-area=\"2\" data-day=\"21,22,23\">\n\t\t\t<a href=\"https:\/\/fseneca.es\/secyt22\/actividad\/el-sistema-solar\/\"><strong>El Sistema Solar<\/strong><\/a><p>Agrupaci\u00f3n Astron\u00f3mica de la Regi\u00f3n de Murcia<\/p><span class=\"date\">Durante todo el horario de la feria<\/span>\n\t\t\t<!--<p><span class=\" small\"><\/span><\/p> -->\n\t\t\t<\/div><div class=\"hidden\" data-participante=\"INFO - Instituto de Fomento de la Regi\u00f3n de Murcia\" data-publico=\"infantil,primaria,eso,bachiller,universitario,general\" data-tipo=\"demostracion,explicacion,taller,representacion,concurso,juego,proyeccion,presentacion\" data-area=\"1,4,9,10,12,13,14,15,16,17,18,20\" data-day=\"21,22,23\">\n\t\t\t<a href=\"https:\/\/fseneca.es\/secyt22\/actividad\/impulsando-la-innovacion-y-la-transformacion-digital-de-las-empresas-para-mejorar-nuestra-sociedad\/\"><strong>Impulsando la innovaci\u00f3n y la transformaci\u00f3n digital de las empresas para mejorar nuestra sociedad<\/strong><\/a><p>INFO - Instituto de Fomento de la Regi\u00f3n de Murcia<\/p><span class=\"date\">Durante todo el horario de la feria<\/span>\n\t\t\t<!--<p><span class=\" small\">66-70<\/span><\/p> -->\n\t\t\t<\/div><div class=\"hidden\" data-participante=\"Universidad de Murcia\" data-publico=\"eso,bachiller,universitario,general\" data-tipo=\"exposicion,demostracion,explicacion\" data-area=\"17\" data-day=\"21,22,23\">\n\t\t\t<a href=\"https:\/\/fseneca.es\/secyt22\/actividad\/energia-solar-limpia-y-diversa\/\"><strong>Energ\u00eda solar: limpia y diversa<\/strong><\/a><p>Universidad de Murcia<\/p><span class=\"date\">Durante todo el horario de la feria<\/span>\n\t\t\t<!--<p><span class=\"\">43<\/span><\/p> -->\n\t\t\t<\/div><div class=\"hidden\" data-participante=\"I.E.S. Juan de la Cierva y Codorni\u00fa de Totana\" data-publico=\"general\" data-tipo=\"demostracion\" data-area=\"4\" data-day=\"21,22,23\">\n\t\t\t<a href=\"https:\/\/fseneca.es\/secyt22\/actividad\/camaleon-quimico\/\"><strong>Camale\u00f3n qu\u00edmico<\/strong><\/a><p>I.E.S. Juan de la Cierva y Codorni\u00fa de Totana<\/p><span class=\"date\">Durante todo el horario de la feria<\/span>\n\t\t\t<!--<p><span class=\" small\"><\/span><\/p> -->\n\t\t\t<\/div><div class=\"hidden\" data-participante=\"I.E.S. Juan de la Cierva y Codorni\u00fa de Totana\" data-publico=\"general\" data-tipo=\"demostracion\" data-area=\"4\" data-day=\"21,22,23\">\n\t\t\t<a href=\"https:\/\/fseneca.es\/secyt22\/actividad\/combustion-sin-fuente-de-calor\/\"><strong>Combusti\u00f3n sin fuente de calor<\/strong><\/a><p>I.E.S. Juan de la Cierva y Codorni\u00fa de Totana<\/p><span class=\"date\">Durante todo el horario de la feria<\/span>\n\t\t\t<!--<p><span class=\" small\"><\/span><\/p> -->\n\t\t\t<\/div><div class=\"hidden\" data-participante=\"CSIC - Centro de Edafolog\u00eda y Biolog\u00eda Aplicada del Segura (CEBAS)\" data-publico=\"general\" data-tipo=\"taller\" data-area=\"9\" data-day=\"21,22,23\">\n\t\t\t<a href=\"https:\/\/fseneca.es\/secyt22\/actividad\/taller-sobre-compostaje-domestico\/\"><strong>Taller sobre compostaje dom\u00e9stico<\/strong><\/a><p>CSIC - Centro de Edafolog\u00eda y Biolog\u00eda Aplicada del Segura (CEBAS)<\/p><span class=\"date\">Durante todo el horario de la feria<\/span>\n\t\t\t<!--<p><span class=\" small\">30-33<\/span><\/p> -->\n\t\t\t<\/div><div class=\"hidden\" data-participante=\"I.E.S. Juan de la Cierva y Codorni\u00fa de Totana\" data-publico=\"general\" data-tipo=\"demostracion\" data-area=\"4\" data-day=\"21,22,23\">\n\t\t\t<a href=\"https:\/\/fseneca.es\/secyt22\/actividad\/canon-quimico\/\"><strong>Ca\u00f1\u00f3n qu\u00edmico<\/strong><\/a><p>I.E.S. Juan de la Cierva y Codorni\u00fa de Totana<\/p><span class=\"date\">Durante todo el horario de la feria<\/span>\n\t\t\t<!--<p><span class=\" small\"><\/span><\/p> -->\n\t\t\t<\/div><div class=\"hidden\" data-participante=\"I.E.S. Juan de la Cierva y Codorni\u00fa de Totana\" data-publico=\"general\" data-tipo=\"demostracion\" data-area=\"2\" data-day=\"21,22,23\">\n\t\t\t<a href=\"https:\/\/fseneca.es\/secyt22\/actividad\/puede-soportar-los-vasos-de-plastico-nuestro-peso\/\"><strong>\u00bfPuede soportar los vasos de plastico nuestro peso?<\/strong><\/a><p>I.E.S. Juan de la Cierva y Codorni\u00fa de Totana<\/p><span class=\"date\">Durante todo el horario de la feria<\/span>\n\t\t\t<!--<p><span class=\" small\">52-53<\/span><\/p> -->\n\t\t\t<\/div><div class=\"hidden\" data-participante=\"Centro Tecnol\u00f3gico Naval y del Mar\" data-publico=\"infantil,primaria,eso,general\" data-tipo=\"explicacion,concurso,juego\" data-area=\"6,12,17\" data-day=\"21,22,23\">\n\t\t\t<a href=\"https:\/\/fseneca.es\/secyt22\/actividad\/llamadas-de-cetaceos\/\"><strong>Llamadas de cet\u00e1ceos<\/strong><\/a><p>Centro Tecnol\u00f3gico Naval y del Mar<\/p><span class=\"date\">Durante todo el horario de la feria<\/span>\n\t\t\t<!--<p><span class=\" small\">66-70<\/span><\/p> -->\n\t\t\t<\/div><div class=\"hidden\" data-participante=\"BiotecMur\" data-publico=\"bachiller,universitario\" data-tipo=\"demostracion\" data-area=\"4,5,6,10\" data-day=\"\">\n\t\t\t<a href=\"https:\/\/fseneca.es\/secyt22\/actividad\/deteccion-de-vitamina-c-en-alimentos\/\"><strong>Detecci\u00f3n de vitamina C en alimentos<\/strong><\/a><p>BiotecMur<\/p><span class=\"date\"><\/span>\n\t\t\t<!--<p><span class=\" small\"><\/span><\/p> -->\n\t\t\t<\/div><div class=\"hidden\" data-participante=\"Agrupaci\u00f3n Astron\u00f3mica de la Regi\u00f3n de Murcia\" data-publico=\"general\" data-tipo=\"exposicion,explicacion\" data-area=\"2\" data-day=\"21,22,23\">\n\t\t\t<a href=\"https:\/\/fseneca.es\/secyt22\/actividad\/meteoritos-tocando-materia-extraterrestre\/\"><strong>Meteoritos, tocando materia extraterrestre.<\/strong><\/a><p>Agrupaci\u00f3n Astron\u00f3mica de la Regi\u00f3n de Murcia<\/p><span class=\"date\">Viernes 21 | 18h - S\u00e1bado 22 | 11h - S\u00e1bado 22 | 18h - Domingo 23 | 11h<\/span>\n\t\t\t<!--<p><span class=\" small\"><\/span><\/p> -->\n\t\t\t<\/div><div class=\"hidden\" data-participante=\"Agrupaci\u00f3n Astron\u00f3mica de la Regi\u00f3n de Murcia\" data-publico=\"general\" data-tipo=\"explicacion\" data-area=\"2\" data-day=\"21,22,23\">\n\t\t\t<a href=\"https:\/\/fseneca.es\/secyt22\/actividad\/esfera-celeste\/\"><strong>Esfera celeste<\/strong><\/a><p>Agrupaci\u00f3n Astron\u00f3mica de la Regi\u00f3n de Murcia<\/p><span class=\"date\">Durante todo el horario de la feria<\/span>\n\t\t\t<!--<p><span class=\" small\"><\/span><\/p> -->\n\t\t\t<\/div><div class=\"hidden\" data-participante=\"CSIC - Centro de Edafolog\u00eda y Biolog\u00eda Aplicada del Segura (CEBAS)\" data-publico=\"general\" data-tipo=\"demostracion\" data-area=\"9\" data-day=\"21,22,23\">\n\t\t\t<a href=\"https:\/\/fseneca.es\/secyt22\/actividad\/cultivo-in-vitro-y-plantas-transgenicas-en-la-mejora-vegetal\/\"><strong>Cultivo in vitro y plantas transg\u00e9nicas en la mejora vegetal<\/strong><\/a><p>CSIC - Centro de Edafolog\u00eda y Biolog\u00eda Aplicada del Segura (CEBAS)<\/p><span class=\"date\">Durante todo el horario de la feria<\/span>\n\t\t\t<!--<p><span class=\" small\">30-33<\/span><\/p> -->\n\t\t\t<\/div><div class=\"hidden\" data-participante=\"BiotecMur\" data-publico=\"primaria,eso,bachiller,general\" data-tipo=\"exposicion,taller\" data-area=\"5,6\" data-day=\"\">\n\t\t\t<a href=\"https:\/\/fseneca.es\/secyt22\/actividad\/extraccion-de-adn\/\"><strong>Extracci\u00f3n de ADN<\/strong><\/a><p>BiotecMur<\/p><span class=\"date\"><\/span>\n\t\t\t<!--<p><span class=\" small\"><\/span><\/p> -->\n\t\t\t<\/div><div class=\"hidden\" data-participante=\"BiotecMur\" data-publico=\"eso,bachiller,universitario\" data-tipo=\"exposicion,demostracion,explicacion,taller\" data-area=\"5,6,10\" data-day=\"\">\n\t\t\t<a href=\"https:\/\/fseneca.es\/secyt22\/actividad\/la-enzima-catalasa-como-antioxidante\/\"><strong>La enzima catalasa como antioxidante<\/strong><\/a><p>BiotecMur<\/p><span class=\"date\"><\/span>\n\t\t\t<!--<p><span class=\" small\"><\/span><\/p> -->\n\t\t\t<\/div><div class=\"hidden\" data-participante=\"Universidad de Murcia\" data-publico=\"primaria,eso,bachiller,general\" data-tipo=\"exposicion,demostracion,explicacion,taller\" data-area=\"10,17\" data-day=\"21,22,23\">\n\t\t\t<a href=\"https:\/\/fseneca.es\/secyt22\/actividad\/cocinas-solares-y-ecoagricultura-solidaria\/\"><strong>Cocinas solares y ecoagricultura solidaria<\/strong><\/a><p>Universidad de Murcia<\/p><span class=\"date\">Durante todo el horario de la feria<\/span>\n\t\t\t<!--<p><span class=\"\">43<\/span><\/p> -->\n\t\t\t<\/div><div class=\"hidden\" data-participante=\"Universidad de Murcia\" data-publico=\"infantil,primaria\" data-tipo=\"juego\" data-area=\"12,15\" data-day=\"21,22,23\">\n\t\t\t<a href=\"https:\/\/fseneca.es\/secyt22\/actividad\/que-sabes-de-las-energias-renovables\/\"><strong>\u00bfQu\u00e9 sabes de las energ\u00edas renovables?<\/strong><\/a><p>Universidad de Murcia<\/p><span class=\"date\">Durante todo el horario de la feria<\/span>\n\t\t\t<!--<p><span class=\"\">43<\/span><\/p> -->\n\t\t\t<\/div><div class=\"hidden\" data-participante=\"Universidad de Murcia\" data-publico=\"eso,bachiller,universitario\" data-tipo=\"explicacion,taller,juego\" data-area=\"5,6,7,8,9,10,11,12\" data-day=\"21,22,23\">\n\t\t\t<a href=\"https:\/\/fseneca.es\/secyt22\/actividad\/identifica-la-especie-por-su-codigo-de-barras\/\"><strong>Identifica la especie por su c\u00f3digo de barras<\/strong><\/a><p>Universidad de Murcia<\/p><span class=\"date\">Durante todo el horario de la feria<\/span>\n\t\t\t<!--<p><span class=\" small\">34-35<\/span><\/p> -->\n\t\t\t<\/div><div class=\"hidden\" data-participante=\"Universidad de Murcia\" data-publico=\"infantil,primaria\" data-tipo=\"taller,representacion,juego\" data-area=\"4,10\" data-day=\"21,22,23\">\n\t\t\t<a href=\"https:\/\/fseneca.es\/secyt22\/actividad\/juega-con-colores\/\"><strong>Juega con colores<\/strong><\/a><p>Universidad de Murcia<\/p><span class=\"date\">Durante todo el horario de la feria<\/span>\n\t\t\t<!--<p><span class=\" small\">34-35<\/span><\/p> -->\n\t\t\t<\/div><div class=\"hidden\" data-participante=\"Universidad de Murcia\" data-publico=\"general\" data-tipo=\"exposicion,explicacion\" data-area=\"9,12\" data-day=\"21,22,23\">\n\t\t\t<a href=\"https:\/\/fseneca.es\/secyt22\/actividad\/cultivo-in-vitro-de-plantas\/\"><strong>Cultivo in vitro de plantas<\/strong><\/a><p>Universidad de Murcia<\/p><span class=\"date\">Durante todo el horario de la feria<\/span>\n\t\t\t<!--<p><span class=\" small\">34-35<\/span><\/p> -->\n\t\t\t<\/div><div class=\"hidden\" data-participante=\"Universidad de Murcia\" data-publico=\"eso,bachiller,universitario,general\" data-tipo=\"exposicion,demostracion,explicacion\" data-area=\"5,6\" data-day=\"21,22,23\">\n\t\t\t<a href=\"https:\/\/fseneca.es\/secyt22\/actividad\/construye-tu-microscopio-casero\/\"><strong>Construye tu microscopio casero<\/strong><\/a><p>Universidad de Murcia<\/p><span class=\"date\">Durante todo el horario de la feria<\/span>\n\t\t\t<!--<p><span class=\" small\">34-35<\/span><\/p> -->\n\t\t\t<\/div><div class=\"hidden\" data-participante=\"Universidad de Murcia\" data-publico=\"infantil,primaria,eso,bachiller,general\" data-tipo=\"demostracion\" data-area=\"4\" data-day=\"21,22,23\">\n\t\t\t<a href=\"https:\/\/fseneca.es\/secyt22\/actividad\/busca-el-almidon\/\"><strong>Busca el almid\u00f3n<\/strong><\/a><p>Universidad de Murcia<\/p><span class=\"date\">Durante todo el horario de la feria<\/span>\n\t\t\t<!--<p><span class=\" small\">34-35<\/span><\/p> -->\n\t\t\t<\/div><div class=\"hidden\" data-participante=\"I.E.S. Saavedra Fajardo de Murcia\" data-publico=\"primaria,eso,bachiller,general\" data-tipo=\"exposicion,taller\" data-area=\"1,12\" data-day=\"21,22,23\">\n\t\t\t<a href=\"https:\/\/fseneca.es\/secyt22\/actividad\/depuradora-de-agua-casera\/\"><strong>Depuradora de agua casera<\/strong><\/a><p>I.E.S. Saavedra Fajardo de Murcia<\/p><span class=\"date\">Durante todo el horario de la feria<\/span>\n\t\t\t<!--<p><span class=\" small\"><\/span><\/p> -->\n\t\t\t<\/div><div class=\"hidden\" data-participante=\"Agrupaci\u00f3n Astron\u00f3mica de la Regi\u00f3n de Murcia\" data-publico=\"primaria,eso,general\" data-tipo=\"demostracion\" data-area=\"2\" data-day=\"21,22,23\">\n\t\t\t<a href=\"https:\/\/fseneca.es\/secyt22\/actividad\/telurio-sol-tierra-luna\/\"><strong>Telurio (Sol, Tierra, Luna)<\/strong><\/a><p>Agrupaci\u00f3n Astron\u00f3mica de la Regi\u00f3n de Murcia<\/p><span class=\"date\">Durante todo el horario de la feria<\/span>\n\t\t\t<!--<p><span class=\"\">15<\/span><\/p> -->\n\t\t\t<\/div><div class=\"hidden\" data-participante=\"Colegio Oficial y Asociaci\u00f3n de Qu\u00edmicos de Murcia\" data-publico=\"eso,bachiller\" data-tipo=\"exposicion,demostracion\" data-area=\"2,3,4,5,6,7,8,9,10,12\" data-day=\"21,22,23\">\n\t\t\t<a href=\"https:\/\/fseneca.es\/secyt22\/actividad\/eduquim-practicas-de-quimica-sin-riesgo\/\"><strong>Eduquim. Pr\u00e1cticas de qu\u00edmica sin riesgo<\/strong><\/a><p>Colegio Oficial y Asociaci\u00f3n de Qu\u00edmicos de Murcia<\/p><span class=\"date\">Durante todo el horario de la feria<\/span>\n\t\t\t<!--<p><span class=\"\">58<\/span><\/p> -->\n\t\t\t<\/div><div class=\"hidden\" data-participante=\"Colegio Oficial y Asociaci\u00f3n de Qu\u00edmicos de Murcia\" data-publico=\"general\" data-tipo=\"taller,otro\" data-area=\"1,4,13,25\" data-day=\"21,22,23\">\n\t\t\t<a href=\"https:\/\/fseneca.es\/secyt22\/actividad\/taller-de-economia-circular-de-los-plasticos-y-vidrios\/\"><strong>Taller de Econom\u00eda Circular de los pl\u00e1sticos y vidrios<\/strong><\/a><p>Colegio Oficial y Asociaci\u00f3n de Qu\u00edmicos de Murcia<\/p><span class=\"date\">Durante todo el horario de la feria<\/span>\n\t\t\t<!--<p><span class=\"\">58<\/span><\/p> -->\n\t\t\t<\/div><div class=\"hidden\" data-participante=\"Universidad de Murcia\" data-publico=\"infantil,primaria,eso,bachiller,universitario,general\" data-tipo=\"exposicion\" data-area=\"4,5,6,7,8,9,10,12\" data-day=\"21,22,23\">\n\t\t\t<a href=\"https:\/\/fseneca.es\/secyt22\/actividad\/photocall-cientifico-por-un-dia\/\"><strong>Photocall. Cient\u00edfico por un d\u00eda<\/strong><\/a><p>Universidad de Murcia<\/p><span class=\"date\">Durante todo el horario de la feria<\/span>\n\t\t\t<!--<p><span class=\" small\">34-35<\/span><\/p> -->\n\t\t\t<\/div><div class=\"hidden\" data-participante=\"Universidad de Murcia\" data-publico=\"infantil,primaria,eso,bachiller,universitario,general\" data-tipo=\"demostracion,taller\" data-area=\"5\" data-day=\"21,22,23\">\n\t\t\t<a href=\"https:\/\/fseneca.es\/secyt22\/actividad\/extrae-el-adn\/\"><strong>Extrae el ADN<\/strong><\/a><p>Universidad de Murcia<\/p><span class=\"date\">Durante todo el horario de la feria<\/span>\n\t\t\t<!--<p><span class=\" small\">34-35<\/span><\/p> -->\n\t\t\t<\/div><div class=\"hidden\" data-participante=\"Universidad de Murcia\" data-publico=\"primaria,eso,bachiller,universitario,general\" data-tipo=\"explicacion,taller,juego\" data-area=\"5\" data-day=\"21,22,23\">\n\t\t\t<a href=\"https:\/\/fseneca.es\/secyt22\/actividad\/identifica-al-culpable\/\"><strong>Identifica al culpable<\/strong><\/a><p>Universidad de Murcia<\/p><span class=\"date\">Durante todo el horario de la feria<\/span>\n\t\t\t<!--<p><span class=\" small\">34-35<\/span><\/p> -->\n\t\t\t<\/div><div class=\"hidden\" data-participante=\"Universidad de Murcia\" data-publico=\"primaria,eso,general\" data-tipo=\"taller\" data-area=\"5,6\" data-day=\"21,22,23\">\n\t\t\t<a href=\"https:\/\/fseneca.es\/secyt22\/actividad\/modelando-celulas\/\"><strong>Modelando c\u00e9lulas<\/strong><\/a><p>Universidad de Murcia<\/p><span class=\"date\">Durante todo el horario de la feria<\/span>\n\t\t\t<!--<p><span class=\" small\">34-35<\/span><\/p> -->\n\t\t\t<\/div><div class=\"hidden\" data-participante=\"Universidad de Murcia\" data-publico=\"general\" data-tipo=\"exposicion,demostracion,explicacion,proyeccion\" data-area=\"5,6,7,8\" data-day=\"21,22,23\">\n\t\t\t<a href=\"https:\/\/fseneca.es\/secyt22\/actividad\/mira-como-es-una-celula\/\"><strong>Mira c\u00f3mo es una c\u00e9lula<\/strong><\/a><p>Universidad de Murcia<\/p><span class=\"date\">Durante todo el horario de la feria<\/span>\n\t\t\t<!--<p><span class=\" small\">34-35<\/span><\/p> -->\n\t\t\t<\/div><div class=\"hidden\" data-participante=\"I.E.S. Saavedra Fajardo de Murcia\" data-publico=\"primaria,eso,bachiller,general\" data-tipo=\"explicacion\" data-area=\"5,6\" data-day=\"21,22,23\">\n\t\t\t<a href=\"https:\/\/fseneca.es\/secyt22\/actividad\/observacion-de-protozoos-de-agua-dulce\/\"><strong>Observaci\u00f3n de protozoos de agua dulce<\/strong><\/a><p>I.E.S. Saavedra Fajardo de Murcia<\/p><span class=\"date\">Durante todo el horario de la feria<\/span>\n\t\t\t<!--<p><span class=\" small\"><\/span><\/p> -->\n\t\t\t<\/div><div class=\"hidden\" data-participante=\"I.E.S. Saavedra Fajardo de Murcia\" data-publico=\"eso,bachiller,general\" data-tipo=\"exposicion,demostracion\" data-area=\"2,12\" data-day=\"21,22,23\">\n\t\t\t<a href=\"https:\/\/fseneca.es\/secyt22\/actividad\/ariete-hidraulico\/\"><strong>Ariete hidr\u00e1ulico<\/strong><\/a><p>I.E.S. Saavedra Fajardo de Murcia<\/p><span class=\"date\">Durante todo el horario de la feria<\/span>\n\t\t\t<!--<p><span class=\" small\"><\/span><\/p> -->\n\t\t\t<\/div><div class=\"hidden\" data-participante=\"Agencia Estatal de Meteorolog\u00eda (AEMET). Delegaci\u00f3n Territorial en la Regi\u00f3n de Murcia\" data-publico=\"general\" data-tipo=\"explicacion\" data-area=\"1,12\" data-day=\"21,22,23\">\n\t\t\t<a href=\"https:\/\/fseneca.es\/secyt22\/actividad\/la-observacion-meteorologica\/\"><strong>La observaci\u00f3n meteorol\u00f3gica<\/strong><\/a><p>Agencia Estatal de Meteorolog\u00eda (AEMET). Delegaci\u00f3n Territorial en la Regi\u00f3n de Murcia<\/p><span class=\"date\">Durante todo el horario de la feria<\/span>\n\t\t\t<!--<p><span class=\"\">73<\/span><\/p> -->\n\t\t\t<\/div><div class=\"hidden\" data-participante=\"Agencia Estatal de Meteorolog\u00eda (AEMET). Delegaci\u00f3n Territorial en la Regi\u00f3n de Murcia\" data-publico=\"general\" data-tipo=\"exposicion\" data-area=\"1,12\" data-day=\"21,22,23\">\n\t\t\t<a href=\"https:\/\/fseneca.es\/secyt22\/actividad\/instrumentos-meteorologicos\/\"><strong>Instrumentos meteorol\u00f3gicos<\/strong><\/a><p>Agencia Estatal de Meteorolog\u00eda (AEMET). Delegaci\u00f3n Territorial en la Regi\u00f3n de Murcia<\/p><span class=\"date\">Durante todo el horario de la feria<\/span>\n\t\t\t<!--<p><span class=\"\">73<\/span><\/p> -->\n\t\t\t<\/div><div class=\"hidden\" data-participante=\"I.E.S. Juan de la Cierva y Codorni\u00fa de Totana\" data-publico=\"general\" data-tipo=\"demostracion\" data-area=\"2\" data-day=\"21,22,23\">\n\t\t\t<a href=\"https:\/\/fseneca.es\/secyt22\/actividad\/levitacion-en-un-fluido\/\"><strong>Levitaci\u00f3n en un fluido<\/strong><\/a><p>I.E.S. Juan de la Cierva y Codorni\u00fa de Totana<\/p><span class=\"date\">Durante todo el horario de la feria<\/span>\n\t\t\t<!--<p><span class=\" small\">56-57<\/span><\/p> -->\n\t\t\t<\/div><div class=\"hidden\" data-participante=\"I.E.S. Juan de la Cierva y Codorni\u00fa de Totana\" data-publico=\"general\" data-tipo=\"demostracion\" data-area=\"2\" data-day=\"21,22,23\">\n\t\t\t<a href=\"https:\/\/fseneca.es\/secyt22\/actividad\/presion-dentro-del-agua\/\"><strong>Presi\u00f3n dentro del agua<\/strong><\/a><p>I.E.S. Juan de la Cierva y Codorni\u00fa de Totana<\/p><span class=\"date\">Durante todo el horario de la feria<\/span>\n\t\t\t<!--<p><span class=\" small\">56-57<\/span><\/p> -->\n\t\t\t<\/div><div class=\"hidden\" data-participante=\"I.E.S. Floridablanca de Murcia\" data-publico=\"primaria,eso\" data-tipo=\"exposicion,demostracion\" data-area=\"14,15\" data-day=\"21,22,23\">\n\t\t\t<a href=\"https:\/\/fseneca.es\/secyt22\/actividad\/robotica-divertida\/\"><strong>Rob\u00f3tica divertida<\/strong><\/a><p>I.E.S. Floridablanca de Murcia<\/p><span class=\"date\">Durante todo el horario de la feria<\/span>\n\t\t\t<!--<p><span class=\" small\">50-51<\/span><\/p> -->\n\t\t\t<\/div><div class=\"hidden\" data-participante=\"Colegio Oficial y Asociaci\u00f3n de Qu\u00edmicos de Murcia\" data-publico=\"general\" data-tipo=\"exposicion\" data-area=\"1,2,3,4,5,6,7,8,9,10,11,12,13,14,15,16,17,18,19,20,21,22,23,24\" data-day=\"21,22,23\">\n\t\t\t<a href=\"https:\/\/fseneca.es\/secyt22\/actividad\/taller-de-experimentos-de-quimica-los-objetivos-de-desarrollo-sostenible\/\"><strong>Taller de experimentos de qu\u00edmica. Los Objetivos de Desarrollo Sostenible<\/strong><\/a><p>Colegio Oficial y Asociaci\u00f3n de Qu\u00edmicos de Murcia<\/p><span class=\"date\">Durante todo el horario de la feria<\/span>\n\t\t\t<!--<p><span class=\"\">58<\/span><\/p> -->\n\t\t\t<\/div><div class=\"hidden\" data-participante=\"Colegio Oficial y Asociaci\u00f3n de Qu\u00edmicos de Murcia\" data-publico=\"infantil,primaria,eso,bachiller,universitario,general\" data-tipo=\"exposicion,proyeccion,presentacion\" data-area=\"1,4,9,10,12\" data-day=\"21,22,23\">\n\t\t\t<a href=\"https:\/\/fseneca.es\/secyt22\/actividad\/disena-tu-crema-de-manos-y-perfumala-a-tu-gusto\/\"><strong>Dise\u00f1a tu crema de manos y perf\u00famala a tu gusto<\/strong><\/a><p>Colegio Oficial y Asociaci\u00f3n de Qu\u00edmicos de Murcia<\/p><span class=\"date\">Durante todo el horario de la feria<\/span>\n\t\t\t<!--<p><span class=\"\">58<\/span><\/p> -->\n\t\t\t<\/div><div class=\"hidden\" data-participante=\"I.E.S. Juan de la Cierva y Codorni\u00fa de Totana\" data-publico=\"general\" data-tipo=\"demostracion\" data-area=\"2\" data-day=\"21,22,23\">\n\t\t\t<a href=\"https:\/\/fseneca.es\/secyt22\/actividad\/como-ver-las-ondas-sonoras\/\"><strong>C\u00f3mo ver las ondas sonoras<\/strong><\/a><p>I.E.S. Juan de la Cierva y Codorni\u00fa de Totana<\/p><span class=\"date\">Durante todo el horario de la feria<\/span>\n\t\t\t<!--<p><span class=\" small\">56-57<\/span><\/p> -->\n\t\t\t<\/div><div class=\"hidden\" data-participante=\"I.E.S. Juan de la Cierva y Codorni\u00fa de Totana\" data-publico=\"general\" data-tipo=\"demostracion\" data-area=\"2\" data-day=\"21,22,23\">\n\t\t\t<a href=\"https:\/\/fseneca.es\/secyt22\/actividad\/el-sonido-se-transmite-por-ondas\/\"><strong>El sonido se transmite por ondas<\/strong><\/a><p>I.E.S. Juan de la Cierva y Codorni\u00fa de Totana<\/p><span class=\"date\">Durante todo el horario de la feria<\/span>\n\t\t\t<!--<p><span class=\" small\">56-57<\/span><\/p> -->\n\t\t\t<\/div><div class=\"hidden\" data-participante=\"I.E.S. Juan de la Cierva y Codorni\u00fa de Totana\" data-publico=\"general\" data-tipo=\"demostracion\" data-area=\"2\" data-day=\"21,22,23\">\n\t\t\t<a href=\"https:\/\/fseneca.es\/secyt22\/actividad\/optica-del-ojo-miopia-e-hipermetropia\/\"><strong>\u00d3ptica del ojo: miop\u00eda e hipermetrop\u00eda<\/strong><\/a><p>I.E.S. Juan de la Cierva y Codorni\u00fa de Totana<\/p><span class=\"date\">Durante todo el horario de la feria<\/span>\n\t\t\t<!--<p><span class=\" small\">56-57<\/span><\/p> -->\n\t\t\t<\/div><\/div><\/div>\n\t\t\t\t<\/div>\n\t\t\t\t<\/div>\n\t\t\t\t\t\t<\/div>\n\t\t\t\t\t<\/div>\n\t\t<\/div>\n\t\t\t\t<div class=\"elementor-column elementor-col-50 elementor-inner-column elementor-element elementor-element-6137b373\" data-id=\"6137b373\" data-element_type=\"column\" data-settings=\"{&quot;background_background&quot;:&quot;classic&quot;}\">\n\t\t\t<div class=\"elementor-column-wrap elementor-element-populated\">\n\t\t\t\t\t\t\t<div class=\"elementor-widget-wrap\">\n\t\t\t\t\t\t<div class=\"elementor-element elementor-element-1a19661f elementor-widget elementor-widget-heading\" data-id=\"1a19661f\" data-element_type=\"widget\" data-widget_type=\"heading.default\">\n\t\t\t\t<div class=\"elementor-widget-container\">\n\t\t\t<h2 class=\"elementor-heading-title elementor-size-default\">Actividades por horario espec\u00edfico<\/h2>\t\t<\/div>\n\t\t\t\t<\/div>\n\t\t\t\t<div class=\"elementor-element elementor-element-641bc96d elementor-widget elementor-widget-shortcode\" data-id=\"641bc96d\" data-element_type=\"widget\" data-widget_type=\"shortcode.default\">\n\t\t\t\t<div class=\"elementor-widget-container\">\n\t\t\t\t\t<div class=\"elementor-shortcode\"><div class=\"accordion\"><div><strong>Viernes 21<\/strong><div><div class=\"ac-header\">9:00<\/div><div><div><a href=\"https:\/\/fseneca.es\/secyt22\/actividad\/semana-de-puertas-abiertas-en-cetem\/\"><strong>Semana de puertas abiertas en CETEM<\/strong><\/a><p>Centro Tecnol\u00f3gico del Mueble y la Madera<\/p><span class=\"date\">Viernes 21 | 09:00<\/span><\/div><\/div><\/div><div><div class=\"ac-header\">10:00<\/div><div><div><a href=\"https:\/\/fseneca.es\/secyt22\/actividad\/eco-stem-looping\/\"><strong>ECO STEM Looping<\/strong><\/a><p>Centro Tecnol\u00f3gico de la Energ\u00eda y el Medio Ambiente<\/p><span class=\"date\">Viernes 21 | 10:00<\/span><\/div><div><a href=\"https:\/\/fseneca.es\/secyt22\/actividad\/upct-solar-team-prototipo-electrico-ultraeficiente%ef%bf%bc\/\"><strong>UPCT Solar Team: prototipo el\u00e9ctrico ultraeficiente\ufffc<\/strong><\/a><p>Universidad Polit\u00e9cnica de Cartagena<\/p><span class=\"date\">Viernes 21 | 10:00<\/span><\/div><div><a href=\"https:\/\/fseneca.es\/secyt22\/actividad\/gestion-ambiental-de-la-contaminacion-por-ruido-submarino-en-areas-marinas-protegidas\/\"><strong>Gesti\u00f3n ambiental de la contaminaci\u00f3n por ruido submarino en \u00e1reas marinas protegidas<\/strong><\/a><p>Centro Tecnol\u00f3gico Naval y del Mar<\/p><span class=\"date\">Viernes 21 | 10:00<\/span><\/div><div><a href=\"https:\/\/fseneca.es\/secyt22\/actividad\/luminarias-arquitectura-de-la-luz\/\"><strong>Luminarias. Arquitectura de la luz<\/strong><\/a><p>Universidad Polit\u00e9cnica de Cartagena<\/p><span class=\"date\">Viernes 21 | 10:00<\/span><\/div><div><a href=\"https:\/\/fseneca.es\/secyt22\/actividad\/visita-a-la-base-de-submarinos\/\"><strong>Visita a la Base de Submarinos<\/strong><\/a><p>Armada Espa\u00f1ola<\/p><span class=\"date\">Viernes 21 | 10:00<\/span><\/div><div><a href=\"https:\/\/fseneca.es\/secyt22\/actividad\/practica-la-arqueologia-dentro-y-fuera-del-agua\/\"><strong>\u00a1Practica la Arqueolog\u00eda dentro y fuera del agua!<\/strong><\/a><p>ARQVA<\/p><span class=\"date\">Viernes 21 | 10:00<\/span><\/div><div><a href=\"https:\/\/fseneca.es\/secyt22\/actividad\/biodiverso-cosmetic\/\"><strong>Biodiverso Cosmetic<\/strong><\/a><p>Universidad Polit\u00e9cnica de Cartagena<\/p><span class=\"date\">Viernes 21 | 10:00<\/span><\/div><div><a href=\"https:\/\/fseneca.es\/secyt22\/actividad\/visita-a-un-buque-de-la-armada\/\"><strong>Visita a un buque de la Armada<\/strong><\/a><p>Armada Espa\u00f1ola<\/p><span class=\"date\">Viernes 21 | 10:00<\/span><\/div><div><a href=\"https:\/\/fseneca.es\/secyt22\/actividad\/matematicas-aplicadas-a-la-ingenieria\/\"><strong>Matem\u00e1ticas aplicadas a la ingenier\u00eda<\/strong><\/a><p>Universidad Polit\u00e9cnica de Cartagena<\/p><span class=\"date\">Viernes 21 | 10:00<\/span><\/div><div><a href=\"https:\/\/fseneca.es\/secyt22\/actividad\/ieee-upct-sb-taller-de-fabricacion-electronica\/\"><strong>IEEE UPCT SB: taller de fabricaci\u00f3n electr\u00f3nica<\/strong><\/a><p>Universidad Polit\u00e9cnica de Cartagena<\/p><span class=\"date\">Viernes 21 | 10:00<\/span><\/div><div><a href=\"https:\/\/fseneca.es\/secyt22\/actividad\/localizacion-indoor-usando-ble\/\"><strong>Localizaci\u00f3n indoor usando BLE<\/strong><\/a><p>Universidad Polit\u00e9cnica de Cartagena<\/p><span class=\"date\">Viernes 21 | 10:00<\/span><\/div><div><a href=\"https:\/\/fseneca.es\/secyt22\/actividad\/canteros-por-un-dia-taller-de-construcciones-medievales-2\/\"><strong>Canteros por un d\u00eda. Taller de construcciones medievales<\/strong><\/a><p>Universidad Polit\u00e9cnica de Cartagena<\/p><span class=\"date\">Viernes 21 | 10:00<\/span><\/div><div><a href=\"https:\/\/fseneca.es\/secyt22\/actividad\/maquetas-de-sistemas-de-generacion-de-energia-electrica-2\/\"><strong>Maquetas de sistemas de generaci\u00f3n de energ\u00eda el\u00e9ctrica<\/strong><\/a><p>Universidad Polit\u00e9cnica de Cartagena<\/p><span class=\"date\">Viernes 21 | 10:00<\/span><\/div><div><a href=\"https:\/\/fseneca.es\/secyt22\/actividad\/monitorizacion-de-la-calidad-del-aire-en-tiempo-real\/\"><strong>Monitorizaci\u00f3n de la calidad del aire en tiempo real<\/strong><\/a><p>Universidad Polit\u00e9cnica de Cartagena<\/p><span class=\"date\">Viernes 21 | 10:00<\/span><\/div><div><a href=\"https:\/\/fseneca.es\/secyt22\/actividad\/propiedades-de-la-luz-y-su-aplicacion-a-comunicaciones\/\"><strong>Propiedades de la luz y su aplicaci\u00f3n a comunicaciones<\/strong><\/a><p>Universidad Polit\u00e9cnica de Cartagena<\/p><span class=\"date\">Viernes 21 | 10:00<\/span><\/div><div><a href=\"https:\/\/fseneca.es\/secyt22\/actividad\/divulgacion-astronomica-y-tecnologica\/\"><strong>Divulgaci\u00f3n astron\u00f3mica y tecnol\u00f3gica<\/strong><\/a><p>Universidad Polit\u00e9cnica de Cartagena<\/p><span class=\"date\">Viernes 21 | 10:00<\/span><\/div><div><a href=\"https:\/\/fseneca.es\/secyt22\/actividad\/analisis-y-documentacion-de-retablos-barrocos\/\"><strong>An\u00e1lisis y documentaci\u00f3n de retablos barrocos<\/strong><\/a><p>Universidad Polit\u00e9cnica de Cartagena<\/p><span class=\"date\">Viernes 21 | 10:00<\/span><\/div><div><a href=\"https:\/\/fseneca.es\/secyt22\/actividad\/uso-de-nuevas-tecnologias-para-el-diseno-de-prototipos-en-ingenieria-naval\/\"><strong>Uso de nuevas tecnolog\u00edas para el dise\u00f1o de prototipos en ingenier\u00eda naval<\/strong><\/a><p>Universidad Polit\u00e9cnica de Cartagena<\/p><span class=\"date\">Viernes 21 | 10:00<\/span><\/div><\/div><\/div><div><div class=\"ac-header\">11:00<\/div><div><div><a href=\"https:\/\/fseneca.es\/secyt22\/actividad\/visita-guiada-al-museo-naval-de-cartagena\/\"><strong>Visita guiada al Museo Naval de Cartagena<\/strong><\/a><p>Armada Espa\u00f1ola<\/p><span class=\"date\">Viernes 21 | 11:00<\/span><\/div><div><a href=\"https:\/\/fseneca.es\/secyt22\/actividad\/visita-guiada-al-jardin-botanico-proyecto-de-recuperacion-y-restauracion-del-botanico\/\"><strong>Visita guiada al Jard\u00edn Bot\u00e1nico: proyecto de recuperaci\u00f3n y restauraci\u00f3n del Bot\u00e1nico<\/strong><\/a><p>Asociaci\u00f3n de Amigos del Jard\u00edn Bot\u00e1nico de Murcia<\/p><span class=\"date\">Viernes 21 | 11:00<\/span><\/div><\/div><\/div><div><div class=\"ac-header\">17:00<\/div><div><div><a href=\"https:\/\/fseneca.es\/secyt22\/actividad\/upct-solar-team-prototipo-electrico-ultraeficiente%ef%bf%bc\/\"><strong>UPCT Solar Team: prototipo el\u00e9ctrico ultraeficiente\ufffc<\/strong><\/a><p>Universidad Polit\u00e9cnica de Cartagena<\/p><span class=\"date\">Viernes 21 | 17:00<\/span><\/div><div><a href=\"https:\/\/fseneca.es\/secyt22\/actividad\/hydrogreen-energy\/\"><strong>Hydrogreen Energy<\/strong><\/a><p>Universidad Polit\u00e9cnica de Cartagena<\/p><span class=\"date\">Viernes 21 | 17:00<\/span><\/div><div><a href=\"https:\/\/fseneca.es\/secyt22\/actividad\/talleres-de-inteligencia-artificial\/\"><strong>Talleres de Inteligencia Artificial.<\/strong><\/a><p>Talento STEM<\/p><span class=\"date\">Viernes 21 | 17:20<\/span><\/div><div><a href=\"https:\/\/fseneca.es\/secyt22\/actividad\/matematicas-aplicadas-a-la-ingenieria\/\"><strong>Matem\u00e1ticas aplicadas a la ingenier\u00eda<\/strong><\/a><p>Universidad Polit\u00e9cnica de Cartagena<\/p><span class=\"date\">Viernes 21 | 17:00<\/span><\/div><div><a href=\"https:\/\/fseneca.es\/secyt22\/actividad\/upct-makers-reciclaje-de-botellas-de-plastico\/\"><strong>UPCT Makers: reciclaje de botellas de pl\u00e1stico<\/strong><\/a><p>Universidad Polit\u00e9cnica de Cartagena<\/p><span class=\"date\">Viernes 21 | 17:00<\/span><\/div><div><a href=\"https:\/\/fseneca.es\/secyt22\/actividad\/upct-makers-construccion-brazo-bionico-impreso-en-3d\/\"><strong>UPCT Makers: construcci\u00f3n brazo bi\u00f3nico Impreso en 3D<\/strong><\/a><p>Universidad Polit\u00e9cnica de Cartagena<\/p><span class=\"date\">Viernes 21 | 17:00<\/span><\/div><div><a href=\"https:\/\/fseneca.es\/secyt22\/actividad\/localizacion-indoor-usando-ble\/\"><strong>Localizaci\u00f3n indoor usando BLE<\/strong><\/a><p>Universidad Polit\u00e9cnica de Cartagena<\/p><span class=\"date\">Viernes 21 | 17:00<\/span><\/div><div><a href=\"https:\/\/fseneca.es\/secyt22\/actividad\/canteros-por-un-dia-taller-de-construcciones-medievales-2\/\"><strong>Canteros por un d\u00eda. Taller de construcciones medievales<\/strong><\/a><p>Universidad Polit\u00e9cnica de Cartagena<\/p><span class=\"date\">Viernes 21 | 17:00<\/span><\/div><div><a href=\"https:\/\/fseneca.es\/secyt22\/actividad\/mus-movilidad-urbana-sostenible\/\"><strong>MUS &#8211; Movilidad Urbana Sostenible<\/strong><\/a><p>Universidad Polit\u00e9cnica de Cartagena<\/p><span class=\"date\">Viernes 21 | 17:00<\/span><\/div><div><a href=\"https:\/\/fseneca.es\/secyt22\/actividad\/monitorizacion-de-la-calidad-del-aire-en-tiempo-real\/\"><strong>Monitorizaci\u00f3n de la calidad del aire en tiempo real<\/strong><\/a><p>Universidad Polit\u00e9cnica de Cartagena<\/p><span class=\"date\">Viernes 21 | 17:00<\/span><\/div><div><a href=\"https:\/\/fseneca.es\/secyt22\/actividad\/propiedades-de-la-luz-y-su-aplicacion-a-comunicaciones\/\"><strong>Propiedades de la luz y su aplicaci\u00f3n a comunicaciones<\/strong><\/a><p>Universidad Polit\u00e9cnica de Cartagena<\/p><span class=\"date\">Viernes 21 | 17:00<\/span><\/div><div><a href=\"https:\/\/fseneca.es\/secyt22\/actividad\/regreso-al-pasado-realidad-virtual\/\"><strong>Regreso al pasado. Realidad virtual<\/strong><\/a><p>Cartagena Puerto de Culturas<\/p><span class=\"date\">Viernes 21 | 17:00<\/span><\/div><div><a href=\"https:\/\/fseneca.es\/secyt22\/actividad\/uso-de-nuevas-tecnologias-para-el-diseno-de-prototipos-en-ingenieria-naval\/\"><strong>Uso de nuevas tecnolog\u00edas para el dise\u00f1o de prototipos en ingenier\u00eda naval<\/strong><\/a><p>Universidad Polit\u00e9cnica de Cartagena<\/p><span class=\"date\">Viernes 21 | 17:00<\/span><\/div><\/div><\/div><div><div class=\"ac-header\">18:00<\/div><div><div><a href=\"https:\/\/fseneca.es\/secyt22\/actividad\/planetario-viajando-con-la-luz\/\"><strong>Planetario: \u00abViajando con la luz\u00bb<\/strong><\/a><p>Museo de la Ciencia y el Agua<\/p><span class=\"date\">Viernes 21 | 18:00<\/span><\/div><div><a href=\"https:\/\/fseneca.es\/secyt22\/actividad\/saliva-como-muestra-analitica-no-invasiva\/\"><strong>Saliva como muestra anal\u00edtica no invasiva<\/strong><\/a><p>Universidad de Murcia<\/p><span class=\"date\">Viernes 21 | 18:00<\/span><\/div><div><a href=\"https:\/\/fseneca.es\/secyt22\/actividad\/que-informacion-nos-ofrece-una-gota-de-sangre\/\"><strong>\u00bfQue informaci\u00f3n nos ofrece una gota de sangre?<\/strong><\/a><p>Universidad de Murcia<\/p><span class=\"date\">Viernes 21 | 18:00<\/span><\/div><div><a href=\"https:\/\/fseneca.es\/secyt22\/actividad\/meteoritos-tocando-materia-extraterrestre\/\"><strong>Meteoritos, tocando materia extraterrestre.<\/strong><\/a><p>Agrupaci\u00f3n Astron\u00f3mica de la Regi\u00f3n de Murcia<\/p><span class=\"date\">Viernes 21 | 18:00<\/span><\/div><\/div><\/div><\/div><div><strong>S\u00e1bado 22<\/strong><div><div class=\"ac-header\">10:00<\/div><div><div><a href=\"https:\/\/fseneca.es\/secyt22\/actividad\/gestion-ambiental-de-la-contaminacion-por-ruido-submarino-en-areas-marinas-protegidas\/\"><strong>Gesti\u00f3n ambiental de la contaminaci\u00f3n por ruido submarino en \u00e1reas marinas protegidas<\/strong><\/a><p>Centro Tecnol\u00f3gico Naval y del Mar<\/p><span class=\"date\">S\u00e1bado 22 | 10:00<\/span><\/div><\/div><\/div><div><div class=\"ac-header\">11:00<\/div><div><div><a href=\"https:\/\/fseneca.es\/secyt22\/actividad\/upct-solar-team-prototipo-electrico-ultraeficiente%ef%bf%bc\/\"><strong>UPCT Solar Team: prototipo el\u00e9ctrico ultraeficiente\ufffc<\/strong><\/a><p>Universidad Polit\u00e9cnica de Cartagena<\/p><span class=\"date\">S\u00e1bado 22 | 11:00<\/span><\/div><div><a href=\"https:\/\/fseneca.es\/secyt22\/actividad\/mar-de-teselas\/\"><strong>Mar de Teselas<\/strong><\/a><p>ARQVA<\/p><span class=\"date\">S\u00e1bado 22 | 11:00<\/span><\/div><div><a href=\"https:\/\/fseneca.es\/secyt22\/actividad\/biodiverso-cosmetic\/\"><strong>Biodiverso Cosmetic<\/strong><\/a><p>Universidad Polit\u00e9cnica de Cartagena<\/p><span class=\"date\">S\u00e1bado 22 | 11:00<\/span><\/div><div><a href=\"https:\/\/fseneca.es\/secyt22\/actividad\/arte-clasico-estereotipo-y-prejuicio\/\"><strong>Arte Cl\u00e1sico, estereotipo y prejuicio<\/strong><\/a><p>Museo Arqueologico Municipal de Cartagena<\/p><span class=\"date\">S\u00e1bado 22 | 11:00<\/span><\/div><div><a href=\"https:\/\/fseneca.es\/secyt22\/actividad\/diosas-dioses-branding-y-marca\/\"><strong>Diosas, Dioses, Branding y Marca<\/strong><\/a><p>Museo Arqueologico Municipal de Cartagena<\/p><span class=\"date\">S\u00e1bado 22 | 11:30<\/span><\/div><div><a href=\"https:\/\/fseneca.es\/secyt22\/actividad\/talleres-de-inteligencia-artificial\/\"><strong>Talleres de Inteligencia Artificial.<\/strong><\/a><p>Talento STEM<\/p><span class=\"date\">S\u00e1bado 22 | 11:20<\/span><\/div><div><a href=\"https:\/\/fseneca.es\/secyt22\/actividad\/upct-makers-reciclaje-de-botellas-de-plastico\/\"><strong>UPCT Makers: reciclaje de botellas de pl\u00e1stico<\/strong><\/a><p>Universidad Polit\u00e9cnica de Cartagena<\/p><span class=\"date\">S\u00e1bado 22 | 11:00<\/span><\/div><div><a href=\"https:\/\/fseneca.es\/secyt22\/actividad\/ieee-upct-sb-taller-de-fabricacion-electronica\/\"><strong>IEEE UPCT SB: taller de fabricaci\u00f3n electr\u00f3nica<\/strong><\/a><p>Universidad Polit\u00e9cnica de Cartagena<\/p><span class=\"date\">S\u00e1bado 22 | 11:00<\/span><\/div><div><a href=\"https:\/\/fseneca.es\/secyt22\/actividad\/upct-makers-construccion-brazo-bionico-impreso-en-3d\/\"><strong>UPCT Makers: construcci\u00f3n brazo bi\u00f3nico Impreso en 3D<\/strong><\/a><p>Universidad Polit\u00e9cnica de Cartagena<\/p><span class=\"date\">S\u00e1bado 22 | 11:00<\/span><\/div><div><a href=\"https:\/\/fseneca.es\/secyt22\/actividad\/localizacion-indoor-usando-ble\/\"><strong>Localizaci\u00f3n indoor usando BLE<\/strong><\/a><p>Universidad Polit\u00e9cnica de Cartagena<\/p><span class=\"date\">S\u00e1bado 22 | 11:00<\/span><\/div><div><a href=\"https:\/\/fseneca.es\/secyt22\/actividad\/canteros-por-un-dia-taller-de-construcciones-medievales-2\/\"><strong>Canteros por un d\u00eda. Taller de construcciones medievales<\/strong><\/a><p>Universidad Polit\u00e9cnica de Cartagena<\/p><span class=\"date\">S\u00e1bado 22 | 11:00<\/span><\/div><div><a href=\"https:\/\/fseneca.es\/secyt22\/actividad\/propiedades-de-la-luz-y-su-aplicacion-a-comunicaciones\/\"><strong>Propiedades de la luz y su aplicaci\u00f3n a comunicaciones<\/strong><\/a><p>Universidad Polit\u00e9cnica de Cartagena<\/p><span class=\"date\">S\u00e1bado 22 | 11:00<\/span><\/div><div><a href=\"https:\/\/fseneca.es\/secyt22\/actividad\/visita-guiada-al-jardin-botanico-proyecto-de-recuperacion-y-restauracion-del-botanico\/\"><strong>Visita guiada al Jard\u00edn Bot\u00e1nico: proyecto de recuperaci\u00f3n y restauraci\u00f3n del Bot\u00e1nico<\/strong><\/a><p>Asociaci\u00f3n de Amigos del Jard\u00edn Bot\u00e1nico de Murcia<\/p><span class=\"date\">S\u00e1bado 22 | 11:00<\/span><\/div><div><a href=\"https:\/\/fseneca.es\/secyt22\/actividad\/ven-al-teatro-romano-soy\/\"><strong>Ven al Teatro. Romano soy.<\/strong><\/a><p>Museo del Teatro Romano de Cartagena<\/p><span class=\"date\">S\u00e1bado 22 | 11:30<\/span><\/div><div><a href=\"https:\/\/fseneca.es\/secyt22\/actividad\/analisis-y-documentacion-de-retablos-barrocos\/\"><strong>An\u00e1lisis y documentaci\u00f3n de retablos barrocos<\/strong><\/a><p>Universidad Polit\u00e9cnica de Cartagena<\/p><span class=\"date\">S\u00e1bado 22 | 11:00<\/span><\/div><div><a href=\"https:\/\/fseneca.es\/secyt22\/actividad\/computacion-y-juegos-cuanticos\/\"><strong>Computaci\u00f3n y juegos cu\u00e1nticos<\/strong><\/a><p>Universidad Polit\u00e9cnica de Cartagena<\/p><span class=\"date\">S\u00e1bado 22 | 11:00<\/span><\/div><div><a href=\"https:\/\/fseneca.es\/secyt22\/actividad\/uso-de-nuevas-tecnologias-para-el-diseno-de-prototipos-en-ingenieria-naval\/\"><strong>Uso de nuevas tecnolog\u00edas para el dise\u00f1o de prototipos en ingenier\u00eda naval<\/strong><\/a><p>Universidad Polit\u00e9cnica de Cartagena<\/p><span class=\"date\">S\u00e1bado 22 | 11:00<\/span><\/div><div><a href=\"https:\/\/fseneca.es\/secyt22\/actividad\/meteoritos-tocando-materia-extraterrestre\/\"><strong>Meteoritos, tocando materia extraterrestre.<\/strong><\/a><p>Agrupaci\u00f3n Astron\u00f3mica de la Regi\u00f3n de Murcia<\/p><span class=\"date\">S\u00e1bado 22 | 11:00<\/span><\/div><\/div><\/div><div><div class=\"ac-header\">12:00<\/div><div><div><a href=\"https:\/\/fseneca.es\/secyt22\/actividad\/diosas-dioses-branding-y-marca\/\"><strong>Diosas, Dioses, Branding y Marca<\/strong><\/a><p>Museo Arqueologico Municipal de Cartagena<\/p><span class=\"date\">S\u00e1bado 22 | 12:45<\/span><\/div><div><a href=\"https:\/\/fseneca.es\/secyt22\/actividad\/planetario-pato-y-las-estaciones-el-cielo-de-otono\/\"><strong>Planetario: \u00abPato y las estaciones\u00bb + El cielo de oto\u00f1o<\/strong><\/a><p>Museo de la Ciencia y el Agua<\/p><span class=\"date\">S\u00e1bado 22 | 12:00<\/span><\/div><\/div><\/div><div><div class=\"ac-header\">13:00<\/div><div><div><a href=\"https:\/\/fseneca.es\/secyt22\/actividad\/observacion-del-sol\/\"><strong>Observaci\u00f3n del Sol<\/strong><\/a><p>Agrupaci\u00f3n Astron\u00f3mica de la Regi\u00f3n de Murcia<\/p><span class=\"date\">S\u00e1bado 22 | 13:00<\/span><\/div><div><a href=\"https:\/\/fseneca.es\/secyt22\/actividad\/planetario-explorando-el-sistema-solar-el-cielo-de-otono\/\"><strong>Planetario: \u00abExplorando el sistema solar\u00bb + El cielo de oto\u00f1o<\/strong><\/a><p>Museo de la Ciencia y el Agua<\/p><span class=\"date\">S\u00e1bado 22 | 13:00<\/span><\/div><\/div><\/div><div><div class=\"ac-header\">17:00<\/div><div><div><a href=\"https:\/\/fseneca.es\/secyt22\/actividad\/upct-solar-team-prototipo-electrico-ultraeficiente%ef%bf%bc\/\"><strong>UPCT Solar Team: prototipo el\u00e9ctrico ultraeficiente\ufffc<\/strong><\/a><p>Universidad Polit\u00e9cnica de Cartagena<\/p><span class=\"date\">S\u00e1bado 22 | 17:00<\/span><\/div><div><a href=\"https:\/\/fseneca.es\/secyt22\/actividad\/luminarias-arquitectura-de-la-luz\/\"><strong>Luminarias. Arquitectura de la luz<\/strong><\/a><p>Universidad Polit\u00e9cnica de Cartagena<\/p><span class=\"date\">S\u00e1bado 22 | 17:00<\/span><\/div><div><a href=\"https:\/\/fseneca.es\/secyt22\/actividad\/emite-ingenieria-s-l\/\"><strong>Emite Ingenier\u00eda S.L.<\/strong><\/a><p>Universidad Polit\u00e9cnica de Cartagena<\/p><span class=\"date\">S\u00e1bado 22 | 17:00<\/span><\/div><div><a href=\"https:\/\/fseneca.es\/secyt22\/actividad\/matematicas-aplicadas-a-la-ingenieria\/\"><strong>Matem\u00e1ticas aplicadas a la ingenier\u00eda<\/strong><\/a><p>Universidad Polit\u00e9cnica de Cartagena<\/p><span class=\"date\">S\u00e1bado 22 | 17:00<\/span><\/div><div><a href=\"https:\/\/fseneca.es\/secyt22\/actividad\/upct-makers-reciclaje-de-botellas-de-plastico\/\"><strong>UPCT Makers: reciclaje de botellas de pl\u00e1stico<\/strong><\/a><p>Universidad Polit\u00e9cnica de Cartagena<\/p><span class=\"date\">S\u00e1bado 22 | 17:00<\/span><\/div><div><a href=\"https:\/\/fseneca.es\/secyt22\/actividad\/upct-makers-construccion-brazo-bionico-impreso-en-3d\/\"><strong>UPCT Makers: construcci\u00f3n brazo bi\u00f3nico Impreso en 3D<\/strong><\/a><p>Universidad Polit\u00e9cnica de Cartagena<\/p><span class=\"date\">S\u00e1bado 22 | 17:00<\/span><\/div><div><a href=\"https:\/\/fseneca.es\/secyt22\/actividad\/localizacion-indoor-usando-ble\/\"><strong>Localizaci\u00f3n indoor usando BLE<\/strong><\/a><p>Universidad Polit\u00e9cnica de Cartagena<\/p><span class=\"date\">S\u00e1bado 22 | 17:00<\/span><\/div><div><a href=\"https:\/\/fseneca.es\/secyt22\/actividad\/mus-movilidad-urbana-sostenible\/\"><strong>MUS &#8211; Movilidad Urbana Sostenible<\/strong><\/a><p>Universidad Polit\u00e9cnica de Cartagena<\/p><span class=\"date\">S\u00e1bado 22 | 17:00<\/span><\/div><div><a href=\"https:\/\/fseneca.es\/secyt22\/actividad\/propiedades-de-la-luz-y-su-aplicacion-a-comunicaciones\/\"><strong>Propiedades de la luz y su aplicaci\u00f3n a comunicaciones<\/strong><\/a><p>Universidad Polit\u00e9cnica de Cartagena<\/p><span class=\"date\">S\u00e1bado 22 | 17:00<\/span><\/div><div><a href=\"https:\/\/fseneca.es\/secyt22\/actividad\/analisis-y-documentacion-de-retablos-barrocos\/\"><strong>An\u00e1lisis y documentaci\u00f3n de retablos barrocos<\/strong><\/a><p>Universidad Polit\u00e9cnica de Cartagena<\/p><span class=\"date\">S\u00e1bado 22 | 17:00<\/span><\/div><div><a href=\"https:\/\/fseneca.es\/secyt22\/actividad\/uso-de-nuevas-tecnologias-para-el-diseno-de-prototipos-en-ingenieria-naval\/\"><strong>Uso de nuevas tecnolog\u00edas para el dise\u00f1o de prototipos en ingenier\u00eda naval<\/strong><\/a><p>Universidad Polit\u00e9cnica de Cartagena<\/p><span class=\"date\">S\u00e1bado 22 | 17:00<\/span><\/div><div><a href=\"https:\/\/fseneca.es\/secyt22\/actividad\/videojugamos-todos\/\"><strong>Talleres de programaci\u00f3n de videojuegos<\/strong><\/a><p>Talento STEM<\/p><span class=\"date\">S\u00e1bado 22 | 17:20<\/span><\/div><\/div><\/div><div><div class=\"ac-header\">18:00<\/div><div><div><a href=\"https:\/\/fseneca.es\/secyt22\/actividad\/planetario-explorando-el-sistema-solar-el-cielo-de-otono\/\"><strong>Planetario: \u00abExplorando el sistema solar\u00bb + El cielo de oto\u00f1o<\/strong><\/a><p>Museo de la Ciencia y el Agua<\/p><span class=\"date\">S\u00e1bado 22 | 18:00<\/span><\/div><div><a href=\"https:\/\/fseneca.es\/secyt22\/actividad\/meteoritos-tocando-materia-extraterrestre\/\"><strong>Meteoritos, tocando materia extraterrestre.<\/strong><\/a><p>Agrupaci\u00f3n Astron\u00f3mica de la Regi\u00f3n de Murcia<\/p><span class=\"date\">S\u00e1bado 22 | 18:00<\/span><\/div><\/div><\/div><div><div class=\"ac-header\">19:00<\/div><div><div><a href=\"https:\/\/fseneca.es\/secyt22\/actividad\/videojugamos-todos\/\"><strong>Talleres de programaci\u00f3n de videojuegos<\/strong><\/a><p>Talento STEM<\/p><span class=\"date\">S\u00e1bado 22 | 19:00<\/span><\/div><\/div><\/div><\/div><div><strong>Domingo 23<\/strong><div><div class=\"ac-header\">11:00<\/div><div><div><a href=\"https:\/\/fseneca.es\/secyt22\/actividad\/luminarias-arquitectura-de-la-luz\/\"><strong>Luminarias. Arquitectura de la luz<\/strong><\/a><p>Universidad Polit\u00e9cnica de Cartagena<\/p><span class=\"date\">Domingo 23 | 11:00<\/span><\/div><div><a href=\"https:\/\/fseneca.es\/secyt22\/actividad\/cartografia-dibujando-el-mundo\/\"><strong>CARTOGRAF\u00cdA. Dibujando el mundo<\/strong><\/a><p>ARQVA<\/p><span class=\"date\">Domingo 23 | 11:00<\/span><\/div><div><a href=\"https:\/\/fseneca.es\/secyt22\/actividad\/flowgy\/\"><strong>Flowgy<\/strong><\/a><p>Universidad Polit\u00e9cnica de Cartagena<\/p><span class=\"date\">Domingo 23 | 11:00<\/span><\/div><div><a href=\"https:\/\/fseneca.es\/secyt22\/actividad\/talleres-de-inteligencia-artificial\/\"><strong>Talleres de Inteligencia Artificial.<\/strong><\/a><p>Talento STEM<\/p><span class=\"date\">Domingo 23 | 11:30<\/span><\/div><div><a href=\"https:\/\/fseneca.es\/secyt22\/actividad\/matematicas-aplicadas-a-la-ingenieria\/\"><strong>Matem\u00e1ticas aplicadas a la ingenier\u00eda<\/strong><\/a><p>Universidad Polit\u00e9cnica de Cartagena<\/p><span class=\"date\">Domingo 23 | 11:00<\/span><\/div><div><a href=\"https:\/\/fseneca.es\/secyt22\/actividad\/upct-makers-reciclaje-de-botellas-de-plastico\/\"><strong>UPCT Makers: reciclaje de botellas de pl\u00e1stico<\/strong><\/a><p>Universidad Polit\u00e9cnica de Cartagena<\/p><span class=\"date\">Domingo 23 | 11:00<\/span><\/div><div><a href=\"https:\/\/fseneca.es\/secyt22\/actividad\/upct-makers-construccion-brazo-bionico-impreso-en-3d\/\"><strong>UPCT Makers: construcci\u00f3n brazo bi\u00f3nico Impreso en 3D<\/strong><\/a><p>Universidad Polit\u00e9cnica de Cartagena<\/p><span class=\"date\">Domingo 23 | 11:00<\/span><\/div><div><a href=\"https:\/\/fseneca.es\/secyt22\/actividad\/canteros-por-un-dia-taller-de-construcciones-medievales-2\/\"><strong>Canteros por un d\u00eda. Taller de construcciones medievales<\/strong><\/a><p>Universidad Polit\u00e9cnica de Cartagena<\/p><span class=\"date\">Domingo 23 | 11:00<\/span><\/div><div><a href=\"https:\/\/fseneca.es\/secyt22\/actividad\/mus-movilidad-urbana-sostenible\/\"><strong>MUS &#8211; Movilidad Urbana Sostenible<\/strong><\/a><p>Universidad Polit\u00e9cnica de Cartagena<\/p><span class=\"date\">Domingo 23 | 11:00<\/span><\/div><div><a href=\"https:\/\/fseneca.es\/secyt22\/actividad\/visita-guiada-al-jardin-botanico-proyecto-de-recuperacion-y-restauracion-del-botanico\/\"><strong>Visita guiada al Jard\u00edn Bot\u00e1nico: proyecto de recuperaci\u00f3n y restauraci\u00f3n del Bot\u00e1nico<\/strong><\/a><p>Asociaci\u00f3n de Amigos del Jard\u00edn Bot\u00e1nico de Murcia<\/p><span class=\"date\">Domingo 23 | 11:00<\/span><\/div><div><a href=\"https:\/\/fseneca.es\/secyt22\/actividad\/dron-educacional-controlado-por-pc-con-reconocimiento-de-imagen\/\"><strong>Dron educacional controlado por PC con reconocimiento de imagen<\/strong><\/a><p>Universidad Polit\u00e9cnica de Cartagena<\/p><span class=\"date\">Domingo 23 | 11:00<\/span><\/div><div><a href=\"https:\/\/fseneca.es\/secyt22\/actividad\/computacion-y-juegos-cuanticos\/\"><strong>Computaci\u00f3n y juegos cu\u00e1nticos<\/strong><\/a><p>Universidad Polit\u00e9cnica de Cartagena<\/p><span class=\"date\">Domingo 23 | 11:00<\/span><\/div><div><a href=\"https:\/\/fseneca.es\/secyt22\/actividad\/meteoritos-tocando-materia-extraterrestre\/\"><strong>Meteoritos, tocando materia extraterrestre.<\/strong><\/a><p>Agrupaci\u00f3n Astron\u00f3mica de la Regi\u00f3n de Murcia<\/p><span class=\"date\">Domingo 23 | 11:00<\/span><\/div><\/div><\/div><div><div class=\"ac-header\">12:00<\/div><div><div><a href=\"https:\/\/fseneca.es\/secyt22\/actividad\/planetario-pato-y-las-estaciones-el-cielo-de-otono\/\"><strong>Planetario: \u00abPato y las estaciones\u00bb + El cielo de oto\u00f1o<\/strong><\/a><p>Museo de la Ciencia y el Agua<\/p><span class=\"date\">Domingo 23 | 12:00<\/span><\/div><\/div><\/div><div><div class=\"ac-header\">13:00<\/div><div><div><a href=\"https:\/\/fseneca.es\/secyt22\/actividad\/observacion-del-sol\/\"><strong>Observaci\u00f3n del Sol<\/strong><\/a><p>Agrupaci\u00f3n Astron\u00f3mica de la Regi\u00f3n de Murcia<\/p><span class=\"date\">Domingo 23 | 13:00<\/span><\/div><div><a href=\"https:\/\/fseneca.es\/secyt22\/actividad\/planetario-explorando-el-sistema-solar-el-cielo-de-otono\/\"><strong>Planetario: \u00abExplorando el sistema solar\u00bb + El cielo de oto\u00f1o<\/strong><\/a><p>Museo de la Ciencia y el Agua<\/p><span class=\"date\">Domingo 23 | 13:00<\/span><\/div><\/div><\/div><\/div><\/div><\/div>\n\t\t\t\t<\/div>\n\t\t\t\t<\/div>\n\t\t\t\t<div class=\"elementor-element elementor-element-6eaf5470 elementor-widget__width-auto elementor-widget elementor-widget-text-editor\" data-id=\"6eaf5470\" data-element_type=\"widget\" data-widget_type=\"text-editor.default\">\n\t\t\t\t<div class=\"elementor-widget-container\">\n\t\t\t\t\t\t\t\t<div class=\"elementor-text-editor elementor-clearfix\">\n\t\t\t\t<p>+ <a href=\"http:\/\/fseneca.es\/secyt22\/wp-content\/uploads\/2022\/10\/Plano-adjunto-SECYT-web.pdf\">Plano<\/a><\/p><p><a href=\"http:\/\/fseneca.es\/secyt22\/wp-content\/uploads\/2022\/10\/Programa-Secyt-2022-.pdf\">+ Programa Secyt22<\/a><\/p><p><a href=\"http:\/\/fseneca.es\/secyt22\/wp-content\/uploads\/2022\/10\/Programacion-streaming-1.pdf\">+ Programa streaming<\/a><\/p>\t\t\t\t\t<\/div>\n\t\t\t\t\t\t<\/div>\n\t\t\t\t<\/div>\n\t\t\t\t\t\t<\/div>\n\t\t\t\t\t<\/div>\n\t\t<\/div>\n\t\t\t\t\t\t\t\t<\/div>\n\t\t\t\t\t<\/div>\n\t\t<\/section>\n\t\t\t\t\t\t<\/div>\n\t\t\t\t\t<\/div>\n\t\t<\/div>\n\t\t\t\t\t\t\t\t<\/div>\n\t\t\t\t\t<\/div>\n\t\t<\/section>\n\t\t\t\t<section class=\"elementor-section elementor-top-section elementor-element elementor-element-68690891 elementor-section-full_width elementor-section-height-default elementor-section-height-default\" data-id=\"68690891\" data-element_type=\"section\">\n\t\t\t\t\t\t<div class=\"elementor-container elementor-column-gap-no\">\n\t\t\t\t\t\t\t<div class=\"elementor-row\">\n\t\t\t\t\t<div class=\"elementor-column elementor-col-50 elementor-top-column elementor-element elementor-element-1f7d66a3 elementor-hidden-phone\" data-id=\"1f7d66a3\" data-element_type=\"column\">\n\t\t\t<div class=\"elementor-column-wrap elementor-element-populated\">\n\t\t\t\t\t\t\t<div class=\"elementor-widget-wrap\">\n\t\t\t\t\t\t<div class=\"elementor-element elementor-element-4bff4ec2 elementor-widget elementor-widget-html\" data-id=\"4bff4ec2\" data-element_type=\"widget\" data-widget_type=\"html.default\">\n\t\t\t\t<div class=\"elementor-widget-container\">\n\t\t\t<a class=\"twitter-timeline\" data-lang=\"es\" data-width=\"500\" data-height=\"600\" data-dnt=\"true\" data-link-color=\"#38d430\" href=\"https:\/\/twitter.com\/FundacionSeneca?ref_src=twsrc%5Etfw\">Tweets by FundacionSeneca<\/a> <script async src=\"https:\/\/platform.twitter.com\/widgets.js\" charset=\"utf-8\"><\/script>\t\t<\/div>\n\t\t\t\t<\/div>\n\t\t\t\t\t\t<\/div>\n\t\t\t\t\t<\/div>\n\t\t<\/div>\n\t\t\t\t<div class=\"elementor-column elementor-col-25 elementor-top-column elementor-element elementor-element-29a10c71\" data-id=\"29a10c71\" data-element_type=\"column\">\n\t\t\t<div class=\"elementor-column-wrap elementor-element-populated\">\n\t\t\t\t\t\t\t<div class=\"elementor-widget-wrap\">\n\t\t\t\t\t\t<div class=\"elementor-element elementor-element-ede7ab9 elementor-cta--skin-cover elementor-animated-content elementor-bg-transform elementor-bg-transform-zoom-in elementor-widget elementor-widget-call-to-action\" data-id=\"ede7ab9\" data-element_type=\"widget\" data-widget_type=\"call-to-action.default\">\n\t\t\t\t<div class=\"elementor-widget-container\">\n\t\t\t\t\t<a class=\"elementor-cta\" href=\"https:\/\/fseneca.es\/secyt22\/talleres\/\">\n\t\t\t\t\t<div class=\"elementor-cta__bg-wrapper\">\n\t\t\t\t<div class=\"elementor-cta__bg elementor-bg\" style=\"background-image: url(https:\/\/fseneca.es\/secyt22\/wp-content\/uploads\/2022\/10\/AlfonsoDuran-Secyt-2019_DSC8165-1024x683.jpg);\"><\/div>\n\t\t\t\t<div class=\"elementor-cta__bg-overlay\"><\/div>\n\t\t\t<\/div>\n\t\t\t\t\t\t\t<div class=\"elementor-cta__content\">\n\t\t\t\t\n\t\t\t\t<h2 class=\"elementor-cta__title elementor-cta__content-item elementor-content-item elementor-animated-item--grow\">TALLERES S\u00c9NECA<\/h2>\n\t\t\t\t\n\t\t\t\t\t\t\t<\/div>\n\t\t\t\t\t\t<\/a>\n\t\t\t\t<\/div>\n\t\t\t\t<\/div>\n\t\t\t\t<div class=\"elementor-element elementor-element-9769d2a elementor-cta--skin-cover elementor-animated-content elementor-bg-transform elementor-bg-transform-zoom-in elementor-widget elementor-widget-call-to-action\" data-id=\"9769d2a\" data-element_type=\"widget\" data-widget_type=\"call-to-action.default\">\n\t\t\t\t<div class=\"elementor-widget-container\">\n\t\t\t\t\t<a class=\"elementor-cta\" href=\"https:\/\/fseneca.es\/secyt22\/shows\/\">\n\t\t\t\t\t<div class=\"elementor-cta__bg-wrapper\">\n\t\t\t\t<div class=\"elementor-cta__bg elementor-bg\" style=\"background-image: url(https:\/\/fseneca.es\/secyt22\/wp-content\/uploads\/2022\/10\/Secyt2018-AlfonsoDuran_DSC1102-1024x683.jpg);\"><\/div>\n\t\t\t\t<div class=\"elementor-cta__bg-overlay\"><\/div>\n\t\t\t<\/div>\n\t\t\t\t\t\t\t<div class=\"elementor-cta__content\">\n\t\t\t\t\n\t\t\t\t<h2 class=\"elementor-cta__title elementor-cta__content-item elementor-content-item elementor-animated-item--grow\">SHOWS EN EL ESCENARIO<\/h2>\n\t\t\t\t\n\t\t\t\t\t\t\t<\/div>\n\t\t\t\t\t\t<\/a>\n\t\t\t\t<\/div>\n\t\t\t\t<\/div>\n\t\t\t\t\t\t<\/div>\n\t\t\t\t\t<\/div>\n\t\t<\/div>\n\t\t\t\t<div class=\"elementor-column elementor-col-25 elementor-top-column elementor-element elementor-element-3ef778fd\" data-id=\"3ef778fd\" data-element_type=\"column\">\n\t\t\t<div class=\"elementor-column-wrap elementor-element-populated\">\n\t\t\t\t\t\t\t<div class=\"elementor-widget-wrap\">\n\t\t\t\t\t\t<div class=\"elementor-element elementor-element-f6e2e4c elementor-cta--skin-cover elementor-animated-content elementor-bg-transform elementor-bg-transform-zoom-in elementor-widget elementor-widget-call-to-action\" data-id=\"f6e2e4c\" data-element_type=\"widget\" data-widget_type=\"call-to-action.default\">\n\t\t\t\t<div class=\"elementor-widget-container\">\n\t\t\t\t\t<a class=\"elementor-cta\" href=\"https:\/\/fseneca.es\/secyt22\/ingenium-nostrum-exposicion\/\">\n\t\t\t\t\t<div class=\"elementor-cta__bg-wrapper\">\n\t\t\t\t<div class=\"elementor-cta__bg elementor-bg\" style=\"background-image: url(https:\/\/fseneca.es\/secyt22\/wp-content\/uploads\/2022\/10\/Ingenium-Nostrum-740x453-1.jpg);\"><\/div>\n\t\t\t\t<div class=\"elementor-cta__bg-overlay\"><\/div>\n\t\t\t<\/div>\n\t\t\t\t\t\t\t<div class=\"elementor-cta__content\">\n\t\t\t\t\n\t\t\t\t<h2 class=\"elementor-cta__title elementor-cta__content-item elementor-content-item elementor-animated-item--grow\">EXPOSICI\u00d3N<br>INGENIUM NOSTRUM<\/h2>\n\t\t\t\t\n\t\t\t\t\t\t\t<\/div>\n\t\t\t\t\t\t<\/a>\n\t\t\t\t<\/div>\n\t\t\t\t<\/div>\n\t\t\t\t<div class=\"elementor-element elementor-element-adad336 elementor-cta--skin-cover elementor-animated-content elementor-bg-transform elementor-bg-transform-zoom-in elementor-widget elementor-widget-call-to-action\" data-id=\"adad336\" data-element_type=\"widget\" data-widget_type=\"call-to-action.default\">\n\t\t\t\t<div class=\"elementor-widget-container\">\n\t\t\t\t\t<a class=\"elementor-cta\" href=\"https:\/\/fseneca.es\/secyt22\/improteatro\/\">\n\t\t\t\t\t<div class=\"elementor-cta__bg-wrapper\">\n\t\t\t\t<div class=\"elementor-cta__bg elementor-bg\" style=\"background-image: url(https:\/\/fseneca.es\/secyt22\/wp-content\/uploads\/2022\/10\/IMG_20210515_140028_281-1024x768.jpg);\"><\/div>\n\t\t\t\t<div class=\"elementor-cta__bg-overlay\"><\/div>\n\t\t\t<\/div>\n\t\t\t\t\t\t\t<div class=\"elementor-cta__content\">\n\t\t\t\t\n\t\t\t\t<h2 class=\"elementor-cta__title elementor-cta__content-item elementor-content-item elementor-animated-item--grow\">IMPROTEATRO<\/h2>\n\t\t\t\t\n\t\t\t\t\t\t\t<\/div>\n\t\t\t\t\t\t<\/a>\n\t\t\t\t<\/div>\n\t\t\t\t<\/div>\n\t\t\t\t\t\t<\/div>\n\t\t\t\t\t<\/div>\n\t\t<\/div>\n\t\t\t\t\t\t\t\t<\/div>\n\t\t\t\t\t<\/div>\n\t\t<\/section>\n\t\t\t\t<section class=\"elementor-section elementor-top-section elementor-element elementor-element-2ab06b54 elementor-section-height-full elementor-section-boxed elementor-section-height-default elementor-section-items-middle\" data-id=\"2ab06b54\" data-element_type=\"section\" data-settings=\"{&quot;background_background&quot;:&quot;classic&quot;}\">\n\t\t\t\t\t\t<div class=\"elementor-container elementor-column-gap-default\">\n\t\t\t\t\t\t\t<div class=\"elementor-row\">\n\t\t\t\t\t<div class=\"elementor-column elementor-col-100 elementor-top-column elementor-element elementor-element-77adee3\" data-id=\"77adee3\" data-element_type=\"column\">\n\t\t\t<div class=\"elementor-column-wrap elementor-element-populated\">\n\t\t\t\t\t\t\t<div class=\"elementor-widget-wrap\">\n\t\t\t\t\t\t<div class=\"elementor-element elementor-element-26303ebc elementor-widget elementor-widget-heading\" data-id=\"26303ebc\" data-element_type=\"widget\" data-widget_type=\"heading.default\">\n\t\t\t\t<div class=\"elementor-widget-container\">\n\t\t\t<h4 class=\"elementor-heading-title elementor-size-default\">Conoce a nuestros participantes<\/h4>\t\t<\/div>\n\t\t\t\t<\/div>\n\t\t\t\t<div class=\"elementor-element elementor-element-510915d7 elementor-widget elementor-widget-text-editor\" data-id=\"510915d7\" data-element_type=\"widget\" data-widget_type=\"text-editor.default\">\n\t\t\t\t<div class=\"elementor-widget-container\">\n\t\t\t\t\t\t\t\t<div class=\"elementor-text-editor elementor-clearfix\">\n\t\t\t\t<p><strong>Academia de las ciencias de la Regi\u00f3n de Murcia<\/strong> \u00b7 Agencia Estatal de Meteorolog\u00eda (AEMET). Delegaci\u00f3n Territorial en la Regi\u00f3n de Murcia \u00b7 <strong>Agrupaci\u00f3n Astron\u00f3mica de la Regi\u00f3n de Murcia<\/strong> \u00b7 Antonio Serrano \u00b7\u00a0<strong>Armada Espa\u00f1ola<\/strong> \u00b7 ARQUA-Museo nacional de arqueolog\u00eda subacu\u00e1tica \u00b7 <strong>Arthropotech s.l.<\/strong>\u00a0 \u00b7 Asociaci\u00f3n de Amigos del Jard\u00edn Bot\u00e1nico de Murcia \u00b7 <strong>Asociaci\u00f3n de Divulgaci\u00f3n Cient\u00edfica de la Regi\u00f3n de Murcia<\/strong> \u00b7 Asociaci\u00f3n Espa\u00f1ola Contra el C\u00e1ncer \u00b7 <strong>Asociaci\u00f3n de Fabricantes de \u00c1ridos de la Regi\u00f3n de Murcia (AFAREM)<\/strong> \u00b7 Biodiverso Cosmetic\u00a0\u00b7 <strong>BiotecMur<\/strong> \u00b7 Cadena Cope \u00b7 <strong>Centro Europeo de Empresas e Innovaci\u00f3n de Murcia-CEEIM<\/strong> \u00b7 Centro Europeo de Empresas e Innovaci\u00f3n de Murcia-CEEIC \u00b7 <strong>Centro Tecnol\u00f3gico del metal<\/strong> \u00b7 Centro tecnol\u00f3gico naval y del mar \u00b7 <strong>Centro tecnol\u00f3gico del calzado y del pl\u00e1stico<\/strong> \u00b7 Centro tecnol\u00f3gico de la energ\u00eda y el medio ambiente \u00b7 <strong>Centro tecnol\u00f3gico del mueble y la madera<\/strong> \u00b7 Centro tecnol\u00f3gico nacional de la conserva y alimentaci\u00f3n \u00b7 <strong>Centro tecnol\u00f3gico del m\u00e1rmol, piedra y materiales<\/strong> \u00b7 CESUR \u00b7 <strong>Convientoafavor<\/strong> \u00b7 Cocina Kids \u00b7<strong>\u00a0Conectados<\/strong> \u00b7 Colegio oficial y asociaci\u00f3n de qu\u00edmicos de murcia \u00b7 <strong>CSIC-Centro de edafalog\u00eda y biolog\u00eda aplicada del segura (CEBAS)<\/strong> \u00b7 David Meseguer \u00b7 <strong>EducaCiencia <\/strong>\u00b7 Emite \u00b7 <strong>Flowgy<\/strong> \u00b7 Fundaci\u00f3n integra \u00b7<strong> Hidrogreen Energy S.L.<\/strong> \u00b7 Hospital universitario virgen de la arrixaca \u00b7 <strong>Iberozoa<\/strong> \u00b7<strong>\u00a0<\/strong>IES floridablanca de Murcia \u00b7 <strong>IES Juan de la Cierva y Codorni\u00fa de Totana<\/strong> \u00b7 IES Luis manzanares de Torre Pacheco \u00b7 <strong>IES Saavedra Fajardo de Murcia<\/strong> \u00b7 Ies Sanje de Alcantarilla \u00b7 <strong>IES Carrascoy de El Palmar<\/strong> \u00b7 Impromurcia \u00b7 <strong>Instituto Murciano de Investigaci\u00f3n Biosanitaria PASCUAL PARRILLA<\/strong>\u00a0\u00b7 Instituto Espa\u00f1ol de Oceanograf\u00eda. Centro oceanogr\u00e1fico de Murcia \u00b7 <strong>Instituto de Fomento de la Regi\u00f3n de Murcia<\/strong> \u00b7 Instituto Murciano de Investigaci\u00f3n y desarrollo agrario y medioambiental-IMIDA \u00b7 <strong>International Dental Dexterity<\/strong>\u00a0\u00b7 La 7 Regi\u00f3n de Murcia \u00b7 <strong>Lyceum de Ciencias de murcia<\/strong> \u00b7 Investigaci\u00f3n, tecnolog\u00eda y formaci\u00f3n SL \u00a0<b>\u00b7<\/b> <strong>Makers of Murcia<\/strong> \u00b7 <strong>MMMacademy<\/strong> \u00b7 Museo arqueol\u00f3gico municipal de Cartagena \u00b7 <strong>Museo del Teatro Romano de Cartagena<\/strong> \u00b7 Museo del foro romano El Molinete \u00b7 <strong>Museo de la Ciencia y el Agua<\/strong> \u00b7 Onda Regional \u00b7 <strong>Pa<em>ciencia<\/em>lanuestra<\/strong> \u00b7 Santi Garc\u00eda Cremades \u00b7 <strong>Talento STEM<\/strong> \u00b7 UCAM Universidad Cat\u00f3lica de Murcia \u00b7 <strong>Universidad de Murcia<\/strong> \u00b7 Universidad Polit\u00e9cnica de Cartagena<\/p>\t\t\t\t\t<\/div>\n\t\t\t\t\t\t<\/div>\n\t\t\t\t<\/div>\n\t\t\t\t\t\t<\/div>\n\t\t\t\t\t<\/div>\n\t\t<\/div>\n\t\t\t\t\t\t\t\t<\/div>\n\t\t\t\t\t<\/div>\n\t\t<\/section>\n\t\t\t\t<section class=\"elementor-section elementor-top-section elementor-element elementor-element-916163c elementor-section-stretched elementor-section-full_width elementor-section-height-min-height elementor-section-items-stretch elementor-section-content-middle elementor-reverse-mobile elementor-section-height-default\" data-id=\"916163c\" data-element_type=\"section\" id=\"jardin-botanico\" data-settings=\"{&quot;stretch_section&quot;:&quot;section-stretched&quot;}\">\n\t\t\t\t\t\t<div class=\"elementor-container elementor-column-gap-default\">\n\t\t\t\t\t\t\t<div class=\"elementor-row\">\n\t\t\t\t\t<div class=\"elementor-column elementor-col-50 elementor-top-column elementor-element elementor-element-4dfd703f\" data-id=\"4dfd703f\" data-element_type=\"column\" data-settings=\"{&quot;background_background&quot;:&quot;slideshow&quot;,&quot;background_slideshow_gallery&quot;:[{&quot;id&quot;:12721,&quot;url&quot;:&quot;http:\\\/\\\/fseneca.es\\\/secyt22\\\/wp-content\\\/uploads\\\/2022\\\/10\\\/jardin-del-malecon.jpg&quot;},{&quot;id&quot;:12704,&quot;url&quot;:&quot;http:\\\/\\\/fseneca.es\\\/secyt22\\\/wp-content\\\/uploads\\\/2022\\\/10\\\/paseo-jardines-del-malecon_5c6fad4a.jpg&quot;},{&quot;id&quot;:12698,&quot;url&quot;:&quot;http:\\\/\\\/fseneca.es\\\/secyt22\\\/wp-content\\\/uploads\\\/2022\\\/10\\\/Jardin_Botanico_de_Murcia-scaled.jpg&quot;}],&quot;background_slideshow_loop&quot;:&quot;yes&quot;,&quot;background_slideshow_slide_duration&quot;:5000,&quot;background_slideshow_slide_transition&quot;:&quot;fade&quot;,&quot;background_slideshow_transition_duration&quot;:500}\">\n\t\t\t<div class=\"elementor-column-wrap elementor-element-populated\">\n\t\t\t\t\t\t\t<div class=\"elementor-widget-wrap\">\n\t\t\t\t\t\t<div class=\"elementor-element elementor-element-9b1624c elementor-widget elementor-widget-spacer\" data-id=\"9b1624c\" data-element_type=\"widget\" data-widget_type=\"spacer.default\">\n\t\t\t\t<div class=\"elementor-widget-container\">\n\t\t\t\t\t<div class=\"elementor-spacer\">\n\t\t\t<div class=\"elementor-spacer-inner\"><\/div>\n\t\t<\/div>\n\t\t\t\t<\/div>\n\t\t\t\t<\/div>\n\t\t\t\t\t\t<\/div>\n\t\t\t\t\t<\/div>\n\t\t<\/div>\n\t\t\t\t<div class=\"elementor-column elementor-col-50 elementor-top-column elementor-element elementor-element-d999975\" data-id=\"d999975\" data-element_type=\"column\">\n\t\t\t<div class=\"elementor-column-wrap elementor-element-populated\">\n\t\t\t\t\t\t\t<div class=\"elementor-widget-wrap\">\n\t\t\t\t\t\t<div class=\"elementor-element elementor-element-c287ff0 elementor-widget elementor-widget-heading\" data-id=\"c287ff0\" data-element_type=\"widget\" data-widget_type=\"heading.default\">\n\t\t\t\t<div class=\"elementor-widget-container\">\n\t\t\t<h5 class=\"elementor-heading-title elementor-size-default\">Jard\u00edn Bot\u00e1nico<br>del Malec\u00f3n<\/h5>\t\t<\/div>\n\t\t\t\t<\/div>\n\t\t\t\t<div class=\"elementor-element elementor-element-16ba7a9a elementor-widget elementor-widget-text-editor\" data-id=\"16ba7a9a\" data-element_type=\"widget\" data-widget_type=\"text-editor.default\">\n\t\t\t\t<div class=\"elementor-widget-container\">\n\t\t\t\t\t\t\t\t<div class=\"elementor-text-editor elementor-clearfix\">\n\t\t\t\t<p>El Jard\u00edn Bot\u00e1nico surge en el siglo XIX, en principio como un peque\u00f1o huerto asociado a las clases de Jos\u00e9 Echegaray en 1835, para despu\u00e9s depender del Instituto Provincial de Murcia y servir de jard\u00edn educativo, haciendo sus pr\u00e1cticas de bot\u00e1nica los alumnos de Historia Natural junto con los de Agricultura.<\/p><p>Con las mejoras y la sabia direcci\u00f3n de profesores y naturalistas como \u00c1ngel Guir\u00e1o y C\u00e1novas Cobe\u00f1o se convirti\u00f3 en uno de los jardines educativos m\u00e1s completos de Espa\u00f1a. Lleg\u00f3 a tener invernaderos de cristal, umbr\u00e1culos, lago de plantas acu\u00e1ticas y pabell\u00f3n docente. Se adquirieron plantas y semillas facilitadas por el Jard\u00edn Bot\u00e1nico de Valencia y el Real Jard\u00edn Bot\u00e1nico de Madrid, aclimat\u00e1ndose especies de otras latitudes.<\/p><p>El Jard\u00edn en parte conserva algunos ejemplares testigos de principio de siglo XX, as\u00ed como la antigua puerta que daba acceso desde el Paseo del Malec\u00f3n. En los a\u00f1os setenta se plante\u00f3 su ampliaci\u00f3n y uso como parque manteniendo su funci\u00f3n did\u00e1ctica con las placas identificativas. Hoy en d\u00eda su historia se desconoce y su funci\u00f3n did\u00e1ctica ha sido relegada por lo que se hace necesario recuperar este patrimonio cient\u00edfico e hist\u00f3rico.<\/p>\t\t\t\t\t<\/div>\n\t\t\t\t\t\t<\/div>\n\t\t\t\t<\/div>\n\t\t\t\t\t\t<\/div>\n\t\t\t\t\t<\/div>\n\t\t<\/div>\n\t\t\t\t\t\t\t\t<\/div>\n\t\t\t\t\t<\/div>\n\t\t<\/section>\n\t\t\t\t\t\t\t\t\t<\/div>\n\t\t\t<\/div>\n\t\t\t\t\t<\/div>\n\t\t","protected":false},"excerpt":{"rendered":"<p>Semana de la ciencia y la tecnolog\u00eda de la Regi\u00f3n de Murcia 2022 | 21, 22 y 23 de octubre | Jard\u00edn bot\u00e1nico del Malec\u00f3n | #Secyt22 Reproducir v\u00eddeo ACTIVIDADES EN CARTAGENA + FUN WITH MATHS CON DAVID MESEGUER + CIENCIA SOLIDARIA + STREAMING SECYT22 + Actividades Actividades por horario espec\u00edfico + Plano + Programa [&hellip;]<\/p>\n","protected":false},"author":168,"featured_media":0,"parent":0,"menu_order":0,"comment_status":"closed","ping_status":"closed","template":"","meta":[],"acf":[],"yoast_head":"<!-- This site is optimized with the Yoast SEO plugin v19.7.1 - https:\/\/yoast.com\/wordpress\/plugins\/seo\/ -->\n<title>Inicio - SeCyT&#039;22<\/title>\n<meta name=\"robots\" content=\"index, follow, max-snippet:-1, max-image-preview:large, max-video-preview:-1\" \/>\n<link rel=\"canonical\" href=\"https:\/\/fseneca.es\/secyt22\/\" \/>\n<meta property=\"og:locale\" content=\"es_ES\" \/>\n<meta property=\"og:type\" content=\"article\" \/>\n<meta property=\"og:title\" content=\"Inicio - SeCyT&#039;22\" \/>\n<meta property=\"og:description\" content=\"Semana de la ciencia y la tecnolog\u00eda de la Regi\u00f3n de Murcia 2022 | 21, 22 y 23 de octubre | Jard\u00edn bot\u00e1nico del Malec\u00f3n | #Secyt22 Reproducir v\u00eddeo ACTIVIDADES EN CARTAGENA + FUN WITH MATHS CON DAVID MESEGUER + CIENCIA SOLIDARIA + STREAMING SECYT22 + Actividades Actividades por horario espec\u00edfico + Plano + Programa [&hellip;]\" \/>\n<meta property=\"og:url\" content=\"https:\/\/fseneca.es\/secyt22\/\" \/>\n<meta property=\"og:site_name\" content=\"SeCyT&#039;22\" \/>\n<meta property=\"article:modified_time\" content=\"2022-10-20T10:56:21+00:00\" \/>\n<meta property=\"og:image\" content=\"http:\/\/fseneca.es\/secyt19\/wp-content\/plugins\/elementor\/assets\/images\/placeholder.png\" \/>\n<meta name=\"twitter:card\" content=\"summary_large_image\" \/>\n<meta name=\"twitter:label1\" content=\"Tiempo de lectura\" \/>\n\t<meta name=\"twitter:data1\" content=\"43 minutos\" \/>\n<script type=\"application\/ld+json\" class=\"yoast-schema-graph\">{\"@context\":\"https:\/\/schema.org\",\"@graph\":[{\"@type\":\"WebPage\",\"@id\":\"https:\/\/fseneca.es\/secyt22\/\",\"url\":\"https:\/\/fseneca.es\/secyt22\/\",\"name\":\"Inicio - SeCyT&#039;22\",\"isPartOf\":{\"@id\":\"https:\/\/fseneca.es\/secyt22\/#website\"},\"datePublished\":\"2019-10-08T11:26:09+00:00\",\"dateModified\":\"2022-10-20T10:56:21+00:00\",\"breadcrumb\":{\"@id\":\"https:\/\/fseneca.es\/secyt22\/#breadcrumb\"},\"inLanguage\":\"es\",\"potentialAction\":[{\"@type\":\"ReadAction\",\"target\":[\"https:\/\/fseneca.es\/secyt22\/\"]}]},{\"@type\":\"BreadcrumbList\",\"@id\":\"https:\/\/fseneca.es\/secyt22\/#breadcrumb\",\"itemListElement\":[{\"@type\":\"ListItem\",\"position\":1,\"name\":\"Portada\",\"item\":\"https:\/\/fseneca.es\/secyt22\/\"},{\"@type\":\"ListItem\",\"position\":2,\"name\":\"Inicio\"}]},{\"@type\":\"WebSite\",\"@id\":\"https:\/\/fseneca.es\/secyt22\/#website\",\"url\":\"https:\/\/fseneca.es\/secyt22\/\",\"name\":\"SeCyT&#039;22\",\"description\":\"Semana de la Ciencia y la Tecnolog\u00eda 2022\",\"potentialAction\":[{\"@type\":\"SearchAction\",\"target\":{\"@type\":\"EntryPoint\",\"urlTemplate\":\"https:\/\/fseneca.es\/secyt22\/?s={search_term_string}\"},\"query-input\":\"required name=search_term_string\"}],\"inLanguage\":\"es\"}]}<\/script>\n<!-- \/ Yoast SEO plugin. -->","yoast_head_json":{"title":"Inicio - SeCyT&#039;22","robots":{"index":"index","follow":"follow","max-snippet":"max-snippet:-1","max-image-preview":"max-image-preview:large","max-video-preview":"max-video-preview:-1"},"canonical":"https:\/\/fseneca.es\/secyt22\/","og_locale":"es_ES","og_type":"article","og_title":"Inicio - SeCyT&#039;22","og_description":"Semana de la ciencia y la tecnolog\u00eda de la Regi\u00f3n de Murcia 2022 | 21, 22 y 23 de octubre | Jard\u00edn bot\u00e1nico del Malec\u00f3n | #Secyt22 Reproducir v\u00eddeo ACTIVIDADES EN CARTAGENA + FUN WITH MATHS CON DAVID MESEGUER + CIENCIA SOLIDARIA + STREAMING SECYT22 + Actividades Actividades por horario espec\u00edfico + Plano + Programa [&hellip;]","og_url":"https:\/\/fseneca.es\/secyt22\/","og_site_name":"SeCyT&#039;22","article_modified_time":"2022-10-20T10:56:21+00:00","og_image":[{"url":"http:\/\/fseneca.es\/secyt19\/wp-content\/plugins\/elementor\/assets\/images\/placeholder.png"}],"twitter_card":"summary_large_image","twitter_misc":{"Tiempo de lectura":"43 minutos"},"schema":{"@context":"https:\/\/schema.org","@graph":[{"@type":"WebPage","@id":"https:\/\/fseneca.es\/secyt22\/","url":"https:\/\/fseneca.es\/secyt22\/","name":"Inicio - SeCyT&#039;22","isPartOf":{"@id":"https:\/\/fseneca.es\/secyt22\/#website"},"datePublished":"2019-10-08T11:26:09+00:00","dateModified":"2022-10-20T10:56:21+00:00","breadcrumb":{"@id":"https:\/\/fseneca.es\/secyt22\/#breadcrumb"},"inLanguage":"es","potentialAction":[{"@type":"ReadAction","target":["https:\/\/fseneca.es\/secyt22\/"]}]},{"@type":"BreadcrumbList","@id":"https:\/\/fseneca.es\/secyt22\/#breadcrumb","itemListElement":[{"@type":"ListItem","position":1,"name":"Portada","item":"https:\/\/fseneca.es\/secyt22\/"},{"@type":"ListItem","position":2,"name":"Inicio"}]},{"@type":"WebSite","@id":"https:\/\/fseneca.es\/secyt22\/#website","url":"https:\/\/fseneca.es\/secyt22\/","name":"SeCyT&#039;22","description":"Semana de la Ciencia y la Tecnolog\u00eda 2022","potentialAction":[{"@type":"SearchAction","target":{"@type":"EntryPoint","urlTemplate":"https:\/\/fseneca.es\/secyt22\/?s={search_term_string}"},"query-input":"required name=search_term_string"}],"inLanguage":"es"}]}},"_links":{"self":[{"href":"https:\/\/fseneca.es\/secyt22\/wp-json\/wp\/v2\/pages\/9895"}],"collection":[{"href":"https:\/\/fseneca.es\/secyt22\/wp-json\/wp\/v2\/pages"}],"about":[{"href":"https:\/\/fseneca.es\/secyt22\/wp-json\/wp\/v2\/types\/page"}],"author":[{"embeddable":true,"href":"https:\/\/fseneca.es\/secyt22\/wp-json\/wp\/v2\/users\/168"}],"replies":[{"embeddable":true,"href":"https:\/\/fseneca.es\/secyt22\/wp-json\/wp\/v2\/comments?post=9895"}],"version-history":[{"count":349,"href":"https:\/\/fseneca.es\/secyt22\/wp-json\/wp\/v2\/pages\/9895\/revisions"}],"predecessor-version":[{"id":14352,"href":"https:\/\/fseneca.es\/secyt22\/wp-json\/wp\/v2\/pages\/9895\/revisions\/14352"}],"wp:attachment":[{"href":"https:\/\/fseneca.es\/secyt22\/wp-json\/wp\/v2\/media?parent=9895"}],"curies":[{"name":"wp","href":"https:\/\/api.w.org\/{rel}","templated":true}]}}